{"id":3787,"date":"2022-07-21T10:49:07","date_gmt":"2022-07-21T10:49:07","guid":{"rendered":"https:\/\/curell.com\/historia-curell-sunol\/"},"modified":"2024-12-20T09:37:10","modified_gmt":"2024-12-20T09:37:10","slug":"historia-curell-sunol","status":"publish","type":"page","link":"https:\/\/curell.com\/ca\/historia-curell-sunol\/","title":{"rendered":"Hist\u00f2ria"},"content":{"rendered":"<div class=\"wpb-content-wrapper\"><p>[vc_row css_animation=&#8221;&#8221; row_type=&#8221;row&#8221; use_row_as_full_screen_section=&#8221;no&#8221; type=&#8221;full_width&#8221; angled_section=&#8221;no&#8221; text_align=&#8221;left&#8221; background_image_as_pattern=&#8221;without_pattern&#8221; css=&#8221;.vc_custom_1658483590564{background-image: url(https:\/\/curell.com\/wp-content\/uploads\/2022\/01\/30.jpg?id=550) !important;background-position: center !important;background-repeat: no-repeat !important;background-size: cover !important;}&#8221; z_index=&#8221;&#8221;][vc_column offset=&#8221;vc_hidden-xs&#8221;][vc_empty_space height=&#8221;170&#8243;][vc_column_text]<\/p>\n<h1 style=\"text-align: center;\"><span style=\"color: #ffffff;\">Hist\u00f2ria<\/span><\/h1>\n<p>[\/vc_column_text][vc_empty_space height=&#8221;140&#8243;][\/vc_column][\/vc_row][vc_row css_animation=&#8221;&#8221; row_type=&#8221;row&#8221; use_row_as_full_screen_section=&#8221;no&#8221; type=&#8221;full_width&#8221; angled_section=&#8221;no&#8221; text_align=&#8221;left&#8221; background_image_as_pattern=&#8221;without_pattern&#8221; css=&#8221;.vc_custom_1658483590564{background-image: url(https:\/\/curell.com\/wp-content\/uploads\/2022\/01\/30.jpg?id=550) !important;background-position: center !important;background-repeat: no-repeat !important;background-size: cover !important;}&#8221; z_index=&#8221;&#8221;][vc_column offset=&#8221;vc_hidden-lg vc_hidden-md vc_hidden-sm&#8221;][vc_empty_space height=&#8221;120&#8243;][vc_column_text]<\/p>\n<h1 style=\"text-align: center;\"><span style=\"color: #ffffff;\">Hist\u00f2ria<\/span><\/h1>\n<p>[\/vc_column_text][vc_empty_space height=&#8221;90&#8243;][\/vc_column][\/vc_row][vc_row css_animation=&#8221;&#8221; row_type=&#8221;row&#8221; use_row_as_full_screen_section=&#8221;no&#8221; type=&#8221;full_width&#8221; angled_section=&#8221;no&#8221; text_align=&#8221;left&#8221; background_image_as_pattern=&#8221;without_pattern&#8221;][vc_column][vc_empty_space height=&#8221;50px&#8221;][\/vc_column][\/vc_row][vc_row css_animation=&#8221;&#8221; row_type=&#8221;row&#8221; use_row_as_full_screen_section=&#8221;no&#8221; type=&#8221;full_width&#8221; angled_section=&#8221;no&#8221; text_align=&#8221;left&#8221; background_image_as_pattern=&#8221;without_pattern&#8221;][vc_column offset=&#8221;vc_hidden-xs&#8221;]<div class=\"qode-workflow \">\n    <span class=\"main-line\" style=\"background-color:#5a7288;\"><\/span>\n    <div class=\"qode-workflow-item\">\n    <span class=\"line\" style=\"\"><\/span>\n    <div class=\"qode-workflow-item-inner \">\n        <div class=\"qode-workflow-image left\">\n            <img loading=\"lazy\" decoding=\"async\" width=\"1200\" height=\"879\" src=\"https:\/\/curell.com\/wp-content\/uploads\/2022\/09\/1946-r.jpg\" class=\"attachment-full size-full\" alt=\"\" srcset=\"https:\/\/curell.com\/wp-content\/uploads\/2022\/09\/1946-r.jpg 1200w, https:\/\/curell.com\/wp-content\/uploads\/2022\/09\/1946-r-300x220.jpg 300w, https:\/\/curell.com\/wp-content\/uploads\/2022\/09\/1946-r-1024x750.jpg 1024w, https:\/\/curell.com\/wp-content\/uploads\/2022\/09\/1946-r-768x563.jpg 768w, https:\/\/curell.com\/wp-content\/uploads\/2022\/09\/1946-r-700x513.jpg 700w\" sizes=\"auto, (max-width: 1200px) 100vw, 1200px\" \/>        <\/div>\n        <div class=\"qode-workflow-text\">\n            <span class=\"circle\" style=\"border-color:#bda45d;\"><\/span>\n                            <h3>1946<\/h3>\n                                                    <p class=\"text\">Marcel\u00b7l\u00ed Curell Su\u00f1ol, doctor enginyer industrial i professor de l\u2019Escola d\u2019Enginyeria de Barcelona, funda la firma Dr. Ing. M. Curell Su\u00f1ol, amb el prop\u00f2sit de dedicar-se a l\u2019assessorament en l\u2019\u00e0mbit de la t\u00e8cnica i a la gesti\u00f3 de drets de Propietat Industrial.<\/p>\n                    <\/div>\n    <\/div>\n<\/div><div class=\"qode-workflow-item\">\n    <span class=\"line\" style=\"\"><\/span>\n    <div class=\"qode-workflow-item-inner reverse\">\n        <div class=\"qode-workflow-image right\">\n            <img loading=\"lazy\" decoding=\"async\" width=\"1200\" height=\"803\" src=\"https:\/\/curell.com\/wp-content\/uploads\/2022\/09\/1959-2-r.jpg\" class=\"attachment-full size-full\" alt=\"\" srcset=\"https:\/\/curell.com\/wp-content\/uploads\/2022\/09\/1959-2-r.jpg 1200w, https:\/\/curell.com\/wp-content\/uploads\/2022\/09\/1959-2-r-300x201.jpg 300w, https:\/\/curell.com\/wp-content\/uploads\/2022\/09\/1959-2-r-1024x685.jpg 1024w, https:\/\/curell.com\/wp-content\/uploads\/2022\/09\/1959-2-r-768x514.jpg 768w, https:\/\/curell.com\/wp-content\/uploads\/2022\/09\/1959-2-r-700x468.jpg 700w\" sizes=\"auto, (max-width: 1200px) 100vw, 1200px\" \/>        <\/div>\n        <div class=\"qode-workflow-text\">\n            <span class=\"circle\" style=\"border-color:#bda45d;\"><\/span>\n                            <h3>1959<\/h3>\n                                                    <p class=\"text\">L\u2019activitat del despatx, centrada des dels seus or\u00edgens en temes de patents, marques, models, dibuixos i dissenys, creix i Dr. Ing. M. Curell Su\u00f1ol, ja reconeguda com Ag\u00e8ncia Oficial de la Propietat Industrial, es trasllada a unes oficines m\u00e9s espaioses al Passeig de Gr\u00e0cia, cor i districte de negoci de Barcelona.<\/p>\n                    <\/div>\n    <\/div>\n<\/div><div class=\"qode-workflow-item\">\n    <span class=\"line\" style=\"\"><\/span>\n    <div class=\"qode-workflow-item-inner \">\n        <div class=\"qode-workflow-image left\">\n            <img loading=\"lazy\" decoding=\"async\" width=\"1200\" height=\"803\" src=\"https:\/\/curell.com\/wp-content\/uploads\/2022\/09\/1965-r1.jpg\" class=\"attachment-full size-full\" alt=\"\" srcset=\"https:\/\/curell.com\/wp-content\/uploads\/2022\/09\/1965-r1.jpg 1200w, https:\/\/curell.com\/wp-content\/uploads\/2022\/09\/1965-r1-300x201.jpg 300w, https:\/\/curell.com\/wp-content\/uploads\/2022\/09\/1965-r1-1024x685.jpg 1024w, https:\/\/curell.com\/wp-content\/uploads\/2022\/09\/1965-r1-768x514.jpg 768w, https:\/\/curell.com\/wp-content\/uploads\/2022\/09\/1965-r1-700x468.jpg 700w\" sizes=\"auto, (max-width: 1200px) 100vw, 1200px\" \/>        <\/div>\n        <div class=\"qode-workflow-text\">\n            <span class=\"circle\" style=\"border-color:#bda45d;\"><\/span>\n                            <h3>1965<\/h3>\n                                                    <p class=\"text\">Dr. Ing. M. Curell Su\u00f1ol s\u2019expandeix i obre una oficina a Madrid per a contactes directes i gesti\u00f3 d\u2019expedients de Propietat Industrial prop de l\u2019Oficina Espanyola de Patents i Marques, que en aquella \u00e8poca es deia Registro de la Propiedad Industrial.<\/p>\n                    <\/div>\n    <\/div>\n<\/div><div class=\"qode-workflow-item\">\n    <span class=\"line\" style=\"\"><\/span>\n    <div class=\"qode-workflow-item-inner reverse\">\n        <div class=\"qode-workflow-image right\">\n            <img loading=\"lazy\" decoding=\"async\" width=\"1200\" height=\"688\" src=\"https:\/\/curell.com\/wp-content\/uploads\/2022\/09\/1977.jpg\" class=\"attachment-full size-full\" alt=\"\" srcset=\"https:\/\/curell.com\/wp-content\/uploads\/2022\/09\/1977.jpg 1200w, https:\/\/curell.com\/wp-content\/uploads\/2022\/09\/1977-300x172.jpg 300w, https:\/\/curell.com\/wp-content\/uploads\/2022\/09\/1977-1024x587.jpg 1024w, https:\/\/curell.com\/wp-content\/uploads\/2022\/09\/1977-768x440.jpg 768w, https:\/\/curell.com\/wp-content\/uploads\/2022\/09\/1977-345x198.jpg 345w, https:\/\/curell.com\/wp-content\/uploads\/2022\/09\/1977-700x401.jpg 700w\" sizes=\"auto, (max-width: 1200px) 100vw, 1200px\" \/>        <\/div>\n        <div class=\"qode-workflow-text\">\n            <span class=\"circle\" style=\"border-color:#bda45d;\"><\/span>\n                            <h3>1977<\/h3>\n                                                    <p class=\"text\">La firma es converteix en una societat limitada formada per tres socis, amb el nom Dr. Ing. M. Curell Su\u00f1ol I.I. S.L. Arriba la Patent Europea i el despatx incorpora nous col\u00b7laboradors especialitzats amb el nou t\u00edtol d\u2019agent de Patents Europees, entre ells l\u2019enginyer industrial Jordi Curell Sunyol.<\/p>\n                    <\/div>\n    <\/div>\n<\/div><div class=\"qode-workflow-item\">\n    <span class=\"line\" style=\"\"><\/span>\n    <div class=\"qode-workflow-item-inner \">\n        <div class=\"qode-workflow-image left\">\n            <img loading=\"lazy\" decoding=\"async\" width=\"1200\" height=\"803\" src=\"https:\/\/curell.com\/wp-content\/uploads\/2022\/09\/1987-2-r.jpg\" class=\"attachment-full size-full\" alt=\"\" srcset=\"https:\/\/curell.com\/wp-content\/uploads\/2022\/09\/1987-2-r.jpg 1200w, https:\/\/curell.com\/wp-content\/uploads\/2022\/09\/1987-2-r-300x201.jpg 300w, https:\/\/curell.com\/wp-content\/uploads\/2022\/09\/1987-2-r-1024x685.jpg 1024w, https:\/\/curell.com\/wp-content\/uploads\/2022\/09\/1987-2-r-768x514.jpg 768w, https:\/\/curell.com\/wp-content\/uploads\/2022\/09\/1987-2-r-700x468.jpg 700w\" sizes=\"auto, (max-width: 1200px) 100vw, 1200px\" \/>        <\/div>\n        <div class=\"qode-workflow-text\">\n            <span class=\"circle\" style=\"border-color:#bda45d;\"><\/span>\n                            <h3>1987-89<\/h3>\n                                                    <p class=\"text\">La societat s\u2019amplia amb tres nous socis, agents de la Propietat Industrial, Mireia Curell Aguil\u00e0, Marcel\u00b7l\u00ed Curell Aguil\u00e0 i Oscar P\u00edrez Tar\u00edn. Comen\u00e7a el relleu generacional de la firma.<\/p>\n                    <\/div>\n    <\/div>\n<\/div><div class=\"qode-workflow-item\">\n    <span class=\"line\" style=\"\"><\/span>\n    <div class=\"qode-workflow-item-inner reverse\">\n        <div class=\"qode-workflow-image right\">\n            <img loading=\"lazy\" decoding=\"async\" width=\"1200\" height=\"803\" src=\"https:\/\/curell.com\/wp-content\/uploads\/2022\/09\/1987-r-1-.jpg\" class=\"attachment-full size-full\" alt=\"\" srcset=\"https:\/\/curell.com\/wp-content\/uploads\/2022\/09\/1987-r-1-.jpg 1200w, https:\/\/curell.com\/wp-content\/uploads\/2022\/09\/1987-r-1--300x201.jpg 300w, https:\/\/curell.com\/wp-content\/uploads\/2022\/09\/1987-r-1--1024x685.jpg 1024w, https:\/\/curell.com\/wp-content\/uploads\/2022\/09\/1987-r-1--768x514.jpg 768w, https:\/\/curell.com\/wp-content\/uploads\/2022\/09\/1987-r-1--700x468.jpg 700w\" sizes=\"auto, (max-width: 1200px) 100vw, 1200px\" \/>        <\/div>\n        <div class=\"qode-workflow-text\">\n            <span class=\"circle\" style=\"border-color:#bda45d;\"><\/span>\n                            <h3>1996<\/h3>\n                                                    <p class=\"text\">Arriba la Marca Comunit\u00e0ria i, amb ella, una nova oficina a Alacant per a poder gestionar sol\u00b7licituds, oposicions i recursos de forma directa, aix\u00ed com mantenir reunions i contacte personal amb examinadors i lletrats de l\u2019OAMI, sigles de l\u2019oficina que ara coneixem com EUIPO.<\/p>\n                    <\/div>\n    <\/div>\n<\/div><div class=\"qode-workflow-item\">\n    <span class=\"line\" style=\"\"><\/span>\n    <div class=\"qode-workflow-item-inner \">\n        <div class=\"qode-workflow-image left\">\n            <img loading=\"lazy\" decoding=\"async\" width=\"1200\" height=\"803\" src=\"https:\/\/curell.com\/wp-content\/uploads\/2022\/09\/2008.jpg\" class=\"attachment-full size-full\" alt=\"\" srcset=\"https:\/\/curell.com\/wp-content\/uploads\/2022\/09\/2008.jpg 1200w, https:\/\/curell.com\/wp-content\/uploads\/2022\/09\/2008-300x201.jpg 300w, https:\/\/curell.com\/wp-content\/uploads\/2022\/09\/2008-1024x685.jpg 1024w, https:\/\/curell.com\/wp-content\/uploads\/2022\/09\/2008-768x514.jpg 768w, https:\/\/curell.com\/wp-content\/uploads\/2022\/09\/2008-700x468.jpg 700w\" sizes=\"auto, (max-width: 1200px) 100vw, 1200px\" \/>        <\/div>\n        <div class=\"qode-workflow-text\">\n            <span class=\"circle\" style=\"border-color:#bda45d;\"><\/span>\n                            <h3>2008<\/h3>\n                                                    <p class=\"text\">La firma es converteix en una societat limitada professional d\u2019agents de la Propietat Industrial i canvia el seu nom a CURELL SU\u00d1OL S.L.P. L\u2019enginyer, agent de la Propietat Industrial i agent de Patents Europees, Santiago Jord\u00e1 Petersen, s\u2019incorpora com a nou soci de la firma.<\/p>\n                    <\/div>\n    <\/div>\n<\/div><div class=\"qode-workflow-item\">\n    <span class=\"line\" style=\"\"><\/span>\n    <div class=\"qode-workflow-item-inner reverse\">\n        <div class=\"qode-workflow-image right\">\n            <img loading=\"lazy\" decoding=\"async\" width=\"2560\" height=\"1700\" src=\"https:\/\/curell.com\/wp-content\/uploads\/2022\/09\/AB_10102013_078-26-scaled.jpg\" class=\"attachment-full size-full\" alt=\"\" srcset=\"https:\/\/curell.com\/wp-content\/uploads\/2022\/09\/AB_10102013_078-26-scaled.jpg 2560w, https:\/\/curell.com\/wp-content\/uploads\/2022\/09\/AB_10102013_078-26-300x199.jpg 300w, https:\/\/curell.com\/wp-content\/uploads\/2022\/09\/AB_10102013_078-26-1024x680.jpg 1024w, https:\/\/curell.com\/wp-content\/uploads\/2022\/09\/AB_10102013_078-26-768x510.jpg 768w, https:\/\/curell.com\/wp-content\/uploads\/2022\/09\/AB_10102013_078-26-1536x1020.jpg 1536w, https:\/\/curell.com\/wp-content\/uploads\/2022\/09\/AB_10102013_078-26-2048x1360.jpg 2048w, https:\/\/curell.com\/wp-content\/uploads\/2022\/09\/AB_10102013_078-26-700x465.jpg 700w\" sizes=\"auto, (max-width: 2560px) 100vw, 2560px\" \/>        <\/div>\n        <div class=\"qode-workflow-text\">\n            <span class=\"circle\" style=\"border-color:#bda45d;\"><\/span>\n                            <h3>2013<\/h3>\n                                                    <p class=\"text\">Els enginyers, agents de la Propietat Industrial i agents de Patents Europees, Robert Roser i N\u00e8stor Corominas, passen a ser socis del despatx. Un nou relleu generacional es posa en marxa.<\/p>\n                    <\/div>\n    <\/div>\n<\/div><div class=\"qode-workflow-item\">\n    <span class=\"line\" style=\"\"><\/span>\n    <div class=\"qode-workflow-item-inner \">\n        <div class=\"qode-workflow-image left\">\n            <img loading=\"lazy\" decoding=\"async\" width=\"2560\" height=\"1700\" src=\"https:\/\/curell.com\/wp-content\/uploads\/2022\/09\/AB_10102013_078-8___-scaled.jpg\" class=\"attachment-full size-full\" alt=\"\" srcset=\"https:\/\/curell.com\/wp-content\/uploads\/2022\/09\/AB_10102013_078-8___-scaled.jpg 2560w, https:\/\/curell.com\/wp-content\/uploads\/2022\/09\/AB_10102013_078-8___-300x199.jpg 300w, https:\/\/curell.com\/wp-content\/uploads\/2022\/09\/AB_10102013_078-8___-1024x680.jpg 1024w, https:\/\/curell.com\/wp-content\/uploads\/2022\/09\/AB_10102013_078-8___-768x510.jpg 768w, https:\/\/curell.com\/wp-content\/uploads\/2022\/09\/AB_10102013_078-8___-1536x1020.jpg 1536w, https:\/\/curell.com\/wp-content\/uploads\/2022\/09\/AB_10102013_078-8___-2048x1360.jpg 2048w, https:\/\/curell.com\/wp-content\/uploads\/2022\/09\/AB_10102013_078-8___-700x465.jpg 700w\" sizes=\"auto, (max-width: 2560px) 100vw, 2560px\" \/>        <\/div>\n        <div class=\"qode-workflow-text\">\n            <span class=\"circle\" style=\"border-color:#bda45d;\"><\/span>\n                            <h3>2022<\/h3>\n                                                    <p class=\"text\">L\u2019oficina principal de Barcelona es trasllada al carrer de Muntaner cantonada amb Diagonal. L\u2019advocada i agent de la Propietat Industrial, Mar\u00eda Ceballos, passa a ser s\u00f2cia del despatx, essent la responsable de l\u2019oficina de Madrid.<\/p>\n                    <\/div>\n    <\/div>\n<\/div><div class=\"qode-workflow-item\">\n    <span class=\"line\" style=\"\"><\/span>\n    <div class=\"qode-workflow-item-inner reverse\">\n        <div class=\"qode-workflow-image right\">\n            <img loading=\"lazy\" decoding=\"async\" width=\"1920\" height=\"1080\" src=\"https:\/\/curell.com\/wp-content\/uploads\/2022\/09\/Actualmente-ok.jpg\" class=\"attachment-full size-full\" alt=\"\" srcset=\"https:\/\/curell.com\/wp-content\/uploads\/2022\/09\/Actualmente-ok.jpg 1920w, https:\/\/curell.com\/wp-content\/uploads\/2022\/09\/Actualmente-ok-300x169.jpg 300w, https:\/\/curell.com\/wp-content\/uploads\/2022\/09\/Actualmente-ok-1024x576.jpg 1024w, https:\/\/curell.com\/wp-content\/uploads\/2022\/09\/Actualmente-ok-768x432.jpg 768w, https:\/\/curell.com\/wp-content\/uploads\/2022\/09\/Actualmente-ok-1536x864.jpg 1536w, https:\/\/curell.com\/wp-content\/uploads\/2022\/09\/Actualmente-ok-700x394.jpg 700w, https:\/\/curell.com\/wp-content\/uploads\/2022\/09\/Actualmente-ok-539x303.jpg 539w\" sizes=\"auto, (max-width: 1920px) 100vw, 1920px\" \/>        <\/div>\n        <div class=\"qode-workflow-text\">\n            <span class=\"circle\" style=\"border-color:#bda45d;\"><\/span>\n                            <h3>Actualment<\/h3>\n                                                    <p class=\"text\">CURELL SU\u00d1OL, amb seu a Barcelona i oficines de gesti\u00f3 a Madrid i Alacant, \u00e9s una societat limitada professional d\u2019agents de la Propietat Industrial i advocats, amb set socis professionals: Santiago Jord\u00e1, Robert Roser, N\u00e8stor Corominas, Mar\u00eda Ceballos, Isabela Robledo, Merc\u00e8 Hern\u00e1ndez i Emil Edissonov. L\u2019any 2024 Mireia Curell va passar a ser la Presidenta d\u2019Honor del despatx. La firma compta amb un gran equip multidisciplinari de professionals especialitzats: enginyers industrials, enginyers de telecomunicacions, biotecn\u00f2legs, advocats especialistes en Propietat Industrial i Intel\u00b7lectual, llicenciats en lletres i en ci\u00e8ncies, traductors, inform\u00e0tics, aix\u00ed com paralegals i personal administratiu altament qualificat.<\/p>\n                    <\/div>\n    <\/div>\n<\/div><\/div>[\/vc_column][\/vc_row][vc_row css_animation=&#8221;&#8221; row_type=&#8221;row&#8221; use_row_as_full_screen_section=&#8221;no&#8221; type=&#8221;grid&#8221; angled_section=&#8221;no&#8221; text_align=&#8221;left&#8221; background_image_as_pattern=&#8221;without_pattern&#8221; z_index=&#8221;&#8221;][vc_column offset=&#8221;vc_hidden-lg vc_hidden-md vc_hidden-sm&#8221; css=&#8221;.vc_custom_1663246230879{margin-top: -25px !important;}&#8221;]<div class=\"qode-workflow \">\n    <span class=\"main-line\" style=\"background-color:#5a7288;\"><\/span>\n    <div class=\"qode-workflow-item\">\n    <span class=\"line\" style=\"\"><\/span>\n    <div class=\"qode-workflow-item-inner reverse\">\n        <div class=\"qode-workflow-image left\">\n            <img loading=\"lazy\" decoding=\"async\" width=\"1200\" height=\"879\" src=\"https:\/\/curell.com\/wp-content\/uploads\/2022\/09\/1946-r.jpg\" class=\"attachment-full size-full\" alt=\"\" srcset=\"https:\/\/curell.com\/wp-content\/uploads\/2022\/09\/1946-r.jpg 1200w, https:\/\/curell.com\/wp-content\/uploads\/2022\/09\/1946-r-300x220.jpg 300w, https:\/\/curell.com\/wp-content\/uploads\/2022\/09\/1946-r-1024x750.jpg 1024w, https:\/\/curell.com\/wp-content\/uploads\/2022\/09\/1946-r-768x563.jpg 768w, https:\/\/curell.com\/wp-content\/uploads\/2022\/09\/1946-r-700x513.jpg 700w\" sizes=\"auto, (max-width: 1200px) 100vw, 1200px\" \/>        <\/div>\n        <div class=\"qode-workflow-text\">\n            <span class=\"circle\" style=\"border-color:#bda45d;\"><\/span>\n                            <h3>1946<\/h3>\n                                                    <p class=\"text\">Marcel\u00b7l\u00ed Curell Su\u00f1ol, doctor enginyer industrial i professor de l\u2019Escola d\u2019Enginyeria de Barcelona, funda la firma Dr. Ing. M. Curell Su\u00f1ol, amb el prop\u00f2sit de dedicar-se a l\u2019assessorament en l\u2019\u00e0mbit de la t\u00e8cnica i a la gesti\u00f3 de drets de Propietat Industrial.<\/p>\n                    <\/div>\n    <\/div>\n<\/div><div class=\"qode-workflow-item\">\n    <span class=\"line\" style=\"\"><\/span>\n    <div class=\"qode-workflow-item-inner \">\n        <div class=\"qode-workflow-image left\">\n            <img loading=\"lazy\" decoding=\"async\" width=\"1200\" height=\"803\" src=\"https:\/\/curell.com\/wp-content\/uploads\/2022\/09\/1959-2-r.jpg\" class=\"attachment-full size-full\" alt=\"\" srcset=\"https:\/\/curell.com\/wp-content\/uploads\/2022\/09\/1959-2-r.jpg 1200w, https:\/\/curell.com\/wp-content\/uploads\/2022\/09\/1959-2-r-300x201.jpg 300w, https:\/\/curell.com\/wp-content\/uploads\/2022\/09\/1959-2-r-1024x685.jpg 1024w, https:\/\/curell.com\/wp-content\/uploads\/2022\/09\/1959-2-r-768x514.jpg 768w, https:\/\/curell.com\/wp-content\/uploads\/2022\/09\/1959-2-r-700x468.jpg 700w\" sizes=\"auto, (max-width: 1200px) 100vw, 1200px\" \/>        <\/div>\n        <div class=\"qode-workflow-text\">\n            <span class=\"circle\" style=\"border-color:#bda45d;\"><\/span>\n                            <h3>1959<\/h3>\n                                                    <p class=\"text\">L\u2019activitat del despatx, centrada des dels seus or\u00edgens en temes de patents, marques, models, dibuixos i dissenys, creix i Dr. Ing. M. Curell Su\u00f1ol, ja reconeguda com Ag\u00e8ncia Oficial de la Propietat Industrial, es trasllada a unes oficines m\u00e9s espaioses al Passeig de Gr\u00e0cia, cor i districte de negoci de Barcelona.<\/p>\n                    <\/div>\n    <\/div>\n<\/div><div class=\"qode-workflow-item\">\n    <span class=\"line\" style=\"\"><\/span>\n    <div class=\"qode-workflow-item-inner \">\n        <div class=\"qode-workflow-image left\">\n            <img loading=\"lazy\" decoding=\"async\" width=\"1200\" height=\"803\" src=\"https:\/\/curell.com\/wp-content\/uploads\/2022\/09\/1965-r1.jpg\" class=\"attachment-full size-full\" alt=\"\" srcset=\"https:\/\/curell.com\/wp-content\/uploads\/2022\/09\/1965-r1.jpg 1200w, https:\/\/curell.com\/wp-content\/uploads\/2022\/09\/1965-r1-300x201.jpg 300w, https:\/\/curell.com\/wp-content\/uploads\/2022\/09\/1965-r1-1024x685.jpg 1024w, https:\/\/curell.com\/wp-content\/uploads\/2022\/09\/1965-r1-768x514.jpg 768w, https:\/\/curell.com\/wp-content\/uploads\/2022\/09\/1965-r1-700x468.jpg 700w\" sizes=\"auto, (max-width: 1200px) 100vw, 1200px\" \/>        <\/div>\n        <div class=\"qode-workflow-text\">\n            <span class=\"circle\" style=\"border-color:#bda45d;\"><\/span>\n                            <h3>1965<\/h3>\n                                                    <p class=\"text\">Dr. Ing. M. Curell Su\u00f1ol s\u2019expandeix i obre una oficina a Madrid per a contactes directes i gesti\u00f3 d\u2019expedients de Propietat Industrial prop de l\u2019Oficina Espanyola de Patents i Marques, que en aquella \u00e8poca es deia Registro de la Propiedad Industrial.<\/p>\n                    <\/div>\n    <\/div>\n<\/div><div class=\"qode-workflow-item\">\n    <span class=\"line\" style=\"\"><\/span>\n    <div class=\"qode-workflow-item-inner \">\n        <div class=\"qode-workflow-image left\">\n            <img loading=\"lazy\" decoding=\"async\" width=\"1200\" height=\"688\" src=\"https:\/\/curell.com\/wp-content\/uploads\/2022\/09\/1977.jpg\" class=\"attachment-full size-full\" alt=\"\" srcset=\"https:\/\/curell.com\/wp-content\/uploads\/2022\/09\/1977.jpg 1200w, https:\/\/curell.com\/wp-content\/uploads\/2022\/09\/1977-300x172.jpg 300w, https:\/\/curell.com\/wp-content\/uploads\/2022\/09\/1977-1024x587.jpg 1024w, https:\/\/curell.com\/wp-content\/uploads\/2022\/09\/1977-768x440.jpg 768w, https:\/\/curell.com\/wp-content\/uploads\/2022\/09\/1977-345x198.jpg 345w, https:\/\/curell.com\/wp-content\/uploads\/2022\/09\/1977-700x401.jpg 700w\" sizes=\"auto, (max-width: 1200px) 100vw, 1200px\" \/>        <\/div>\n        <div class=\"qode-workflow-text\">\n            <span class=\"circle\" style=\"border-color:#bda45d;\"><\/span>\n                            <h3>1977<\/h3>\n                                                    <p class=\"text\">La firma es converteix en una societat limitada formada per tres socis, amb el nom Dr. Ing. M. Curell Su\u00f1ol I.I. S.L. Arriba la Patent Europea i el despatx incorpora nous col\u00b7laboradors especialitzats amb el nou t\u00edtol d\u2019agent de Patents Europees, entre ells l\u2019enginyer industrial Jordi Curell Sunyol.<\/p>\n                    <\/div>\n    <\/div>\n<\/div><div class=\"qode-workflow-item\">\n    <span class=\"line\" style=\"\"><\/span>\n    <div class=\"qode-workflow-item-inner \">\n        <div class=\"qode-workflow-image left\">\n            <img loading=\"lazy\" decoding=\"async\" width=\"1200\" height=\"803\" src=\"https:\/\/curell.com\/wp-content\/uploads\/2022\/09\/1987-2-r.jpg\" class=\"attachment-full size-full\" alt=\"\" srcset=\"https:\/\/curell.com\/wp-content\/uploads\/2022\/09\/1987-2-r.jpg 1200w, https:\/\/curell.com\/wp-content\/uploads\/2022\/09\/1987-2-r-300x201.jpg 300w, https:\/\/curell.com\/wp-content\/uploads\/2022\/09\/1987-2-r-1024x685.jpg 1024w, https:\/\/curell.com\/wp-content\/uploads\/2022\/09\/1987-2-r-768x514.jpg 768w, https:\/\/curell.com\/wp-content\/uploads\/2022\/09\/1987-2-r-700x468.jpg 700w\" sizes=\"auto, (max-width: 1200px) 100vw, 1200px\" \/>        <\/div>\n        <div class=\"qode-workflow-text\">\n            <span class=\"circle\" style=\"border-color:#bda45d;\"><\/span>\n                            <h3>1987-89<\/h3>\n                                                    <p class=\"text\">La societat s\u2019amplia amb tres nous socis, agents de la Propietat Industrial, Mireia Curell Aguil\u00e0, Marcel\u00b7l\u00ed Curell Aguil\u00e0 i Oscar P\u00edrez Tar\u00edn. Comen\u00e7a el relleu generacional de la firma.<\/p>\n                    <\/div>\n    <\/div>\n<\/div><div class=\"qode-workflow-item\">\n    <span class=\"line\" style=\"\"><\/span>\n    <div class=\"qode-workflow-item-inner \">\n        <div class=\"qode-workflow-image left\">\n            <img loading=\"lazy\" decoding=\"async\" width=\"1200\" height=\"803\" src=\"https:\/\/curell.com\/wp-content\/uploads\/2022\/09\/1987-r-1-.jpg\" class=\"attachment-full size-full\" alt=\"\" srcset=\"https:\/\/curell.com\/wp-content\/uploads\/2022\/09\/1987-r-1-.jpg 1200w, https:\/\/curell.com\/wp-content\/uploads\/2022\/09\/1987-r-1--300x201.jpg 300w, https:\/\/curell.com\/wp-content\/uploads\/2022\/09\/1987-r-1--1024x685.jpg 1024w, https:\/\/curell.com\/wp-content\/uploads\/2022\/09\/1987-r-1--768x514.jpg 768w, https:\/\/curell.com\/wp-content\/uploads\/2022\/09\/1987-r-1--700x468.jpg 700w\" sizes=\"auto, (max-width: 1200px) 100vw, 1200px\" \/>        <\/div>\n        <div class=\"qode-workflow-text\">\n            <span class=\"circle\" style=\"border-color:#bda45d;\"><\/span>\n                            <h3>1996<\/h3>\n                                                    <p class=\"text\">Arriba la Marca Comunit\u00e0ria i, amb ella, una nova oficina a Alacant per a poder gestionar sol\u00b7licituds, oposicions i recursos de forma directa, aix\u00ed com mantenir reunions i contacte directe amb examinadors i lletrats de l\u2019OAMI, sigles de l\u2019oficina que ara coneixem com EUIPO.<\/p>\n                    <\/div>\n    <\/div>\n<\/div><div class=\"qode-workflow-item\">\n    <span class=\"line\" style=\"\"><\/span>\n    <div class=\"qode-workflow-item-inner \">\n        <div class=\"qode-workflow-image left\">\n            <img loading=\"lazy\" decoding=\"async\" width=\"1200\" height=\"803\" src=\"https:\/\/curell.com\/wp-content\/uploads\/2022\/09\/2008.jpg\" class=\"attachment-full size-full\" alt=\"\" srcset=\"https:\/\/curell.com\/wp-content\/uploads\/2022\/09\/2008.jpg 1200w, https:\/\/curell.com\/wp-content\/uploads\/2022\/09\/2008-300x201.jpg 300w, https:\/\/curell.com\/wp-content\/uploads\/2022\/09\/2008-1024x685.jpg 1024w, https:\/\/curell.com\/wp-content\/uploads\/2022\/09\/2008-768x514.jpg 768w, https:\/\/curell.com\/wp-content\/uploads\/2022\/09\/2008-700x468.jpg 700w\" sizes=\"auto, (max-width: 1200px) 100vw, 1200px\" \/>        <\/div>\n        <div class=\"qode-workflow-text\">\n            <span class=\"circle\" style=\"border-color:#bda45d;\"><\/span>\n                            <h3>2008<\/h3>\n                                                    <p class=\"text\">La firma es converteix en una societat limitada professional d\u2019agents de Propietat Industrial i canvia el seu nom a CURELL SU\u00d1OL S.L.P. L\u2019enginyer, agent de la Propietat Industrial i agent de Patents Europees, Santiago Jord\u00e1 Petersen s\u2019incorpora com a nou soci de la firma.<\/p>\n                    <\/div>\n    <\/div>\n<\/div><div class=\"qode-workflow-item\">\n    <span class=\"line\" style=\"\"><\/span>\n    <div class=\"qode-workflow-item-inner reverse\">\n        <div class=\"qode-workflow-image right\">\n            <img loading=\"lazy\" decoding=\"async\" width=\"2560\" height=\"1700\" src=\"https:\/\/curell.com\/wp-content\/uploads\/2022\/09\/AB_10102013_078-26-scaled.jpg\" class=\"attachment-full size-full\" alt=\"\" srcset=\"https:\/\/curell.com\/wp-content\/uploads\/2022\/09\/AB_10102013_078-26-scaled.jpg 2560w, https:\/\/curell.com\/wp-content\/uploads\/2022\/09\/AB_10102013_078-26-300x199.jpg 300w, https:\/\/curell.com\/wp-content\/uploads\/2022\/09\/AB_10102013_078-26-1024x680.jpg 1024w, https:\/\/curell.com\/wp-content\/uploads\/2022\/09\/AB_10102013_078-26-768x510.jpg 768w, https:\/\/curell.com\/wp-content\/uploads\/2022\/09\/AB_10102013_078-26-1536x1020.jpg 1536w, https:\/\/curell.com\/wp-content\/uploads\/2022\/09\/AB_10102013_078-26-2048x1360.jpg 2048w, https:\/\/curell.com\/wp-content\/uploads\/2022\/09\/AB_10102013_078-26-700x465.jpg 700w\" sizes=\"auto, (max-width: 2560px) 100vw, 2560px\" \/>        <\/div>\n        <div class=\"qode-workflow-text\">\n            <span class=\"circle\" style=\"border-color:#bda45d;\"><\/span>\n                            <h3>2013<\/h3>\n                                                    <p class=\"text\">Els enginyers, agents de la Propietat Industrial i agents de Patents Europees, Robert Roser i N\u00e8stor Corominas passen a ser socis del despatx. Un nou relleu generacional es posa en marxa.<\/p>\n                    <\/div>\n    <\/div>\n<\/div><div class=\"qode-workflow-item\">\n    <span class=\"line\" style=\"\"><\/span>\n    <div class=\"qode-workflow-item-inner \">\n        <div class=\"qode-workflow-image left\">\n            <img loading=\"lazy\" decoding=\"async\" width=\"2560\" height=\"1700\" src=\"https:\/\/curell.com\/wp-content\/uploads\/2022\/09\/AB_10102013_078-8___-scaled.jpg\" class=\"attachment-full size-full\" alt=\"\" srcset=\"https:\/\/curell.com\/wp-content\/uploads\/2022\/09\/AB_10102013_078-8___-scaled.jpg 2560w, https:\/\/curell.com\/wp-content\/uploads\/2022\/09\/AB_10102013_078-8___-300x199.jpg 300w, https:\/\/curell.com\/wp-content\/uploads\/2022\/09\/AB_10102013_078-8___-1024x680.jpg 1024w, https:\/\/curell.com\/wp-content\/uploads\/2022\/09\/AB_10102013_078-8___-768x510.jpg 768w, https:\/\/curell.com\/wp-content\/uploads\/2022\/09\/AB_10102013_078-8___-1536x1020.jpg 1536w, https:\/\/curell.com\/wp-content\/uploads\/2022\/09\/AB_10102013_078-8___-2048x1360.jpg 2048w, https:\/\/curell.com\/wp-content\/uploads\/2022\/09\/AB_10102013_078-8___-700x465.jpg 700w\" sizes=\"auto, (max-width: 2560px) 100vw, 2560px\" \/>        <\/div>\n        <div class=\"qode-workflow-text\">\n            <span class=\"circle\" style=\"border-color:#bda45d;\"><\/span>\n                            <h3>2022<\/h3>\n                                                    <p class=\"text\">L\u2019oficina principal de Barcelona es trasllada al carrer de de Muntaner cantonada amb Diagonal. L\u2019advocada i agent de la Propietat Industrial, Mar\u00eda Ceballos, passa a ser s\u00f2cia del despatx, essent la responsable de l\u2019oficina de Madrid.<\/p>\n                    <\/div>\n    <\/div>\n<\/div><div class=\"qode-workflow-item\">\n    <span class=\"line\" style=\"\"><\/span>\n    <div class=\"qode-workflow-item-inner reverse\">\n        <div class=\"qode-workflow-image right\">\n            <img loading=\"lazy\" decoding=\"async\" width=\"1920\" height=\"1080\" src=\"https:\/\/curell.com\/wp-content\/uploads\/2022\/09\/Actualmente-ok.jpg\" class=\"attachment-full size-full\" alt=\"\" srcset=\"https:\/\/curell.com\/wp-content\/uploads\/2022\/09\/Actualmente-ok.jpg 1920w, https:\/\/curell.com\/wp-content\/uploads\/2022\/09\/Actualmente-ok-300x169.jpg 300w, https:\/\/curell.com\/wp-content\/uploads\/2022\/09\/Actualmente-ok-1024x576.jpg 1024w, https:\/\/curell.com\/wp-content\/uploads\/2022\/09\/Actualmente-ok-768x432.jpg 768w, https:\/\/curell.com\/wp-content\/uploads\/2022\/09\/Actualmente-ok-1536x864.jpg 1536w, https:\/\/curell.com\/wp-content\/uploads\/2022\/09\/Actualmente-ok-700x394.jpg 700w, https:\/\/curell.com\/wp-content\/uploads\/2022\/09\/Actualmente-ok-539x303.jpg 539w\" sizes=\"auto, (max-width: 1920px) 100vw, 1920px\" \/>        <\/div>\n        <div class=\"qode-workflow-text\">\n            <span class=\"circle\" style=\"border-color:#bda45d;\"><\/span>\n                            <h3>Actualment<\/h3>\n                                                    <p class=\"text\">CURELL SU\u00d1OL, amb seu a Barcelona i oficines de gesti\u00f3 a Madrid i Alacant, \u00e9s una societat limitada professional d\u2019agents de la Propietat Industrial i advocats, amb set socis professionals: Santiago Jord\u00e1, Robert Roser, N\u00e8stor Corominas, Mar\u00eda Ceballos, Isabela Robledo, Merc\u00e8 Hern\u00e1ndez i Emil Edissonov. L\u2019any 2024 Mireia Curell va passar a ser la Presidenta d\u2019Honor del despatx. La firma compta amb un gran equip multidisciplinari de professionals especialitzats: enginyers industrials, enginyers de telecomunicacions, biotecn\u00f2legs, advocats especialistes en Propietat Industrial i Intel\u00b7lectual, llicenciats en lletres i en ci\u00e8ncies, traductors, inform\u00e0tics, aix\u00ed com paralegals i personal administratiu altament qualificat.<\/p>\n                    <\/div>\n    <\/div>\n<\/div><\/div>[\/vc_column][\/vc_row][vc_row css_animation=&#8221;&#8221; row_type=&#8221;row&#8221; use_row_as_full_screen_section=&#8221;no&#8221; type=&#8221;full_width&#8221; angled_section=&#8221;no&#8221; text_align=&#8221;left&#8221; background_image_as_pattern=&#8221;without_pattern&#8221;][vc_column][vc_empty_space height=&#8221;65px&#8221;][\/vc_column][\/vc_row]<\/p>\n<\/div>","protected":false},"excerpt":{"rendered":"<p>[vc_row css_animation=&#8221;&#8221; row_type=&#8221;row&#8221; use_row_as_full_screen_section=&#8221;no&#8221; type=&#8221;full_width&#8221; angled_section=&#8221;no&#8221; text_align=&#8221;left&#8221; background_image_as_pattern=&#8221;without_pattern&#8221; css=&#8221;.vc_custom_1658483590564{background-image: url(https:\/\/curell.com\/wp-content\/uploads\/2022\/01\/30.jpg?id=550) !important;background-position: center !important;background-repeat: no-repeat !important;background-size: cover !important;}&#8221; z_index=&#8221;&#8221;][vc_column offset=&#8221;vc_hidden-xs&#8221;][vc_empty_space height=&#8221;170&#8243;][vc_column_text] Hist\u00f2ria [\/vc_column_text][vc_empty_space height=&#8221;140&#8243;][\/vc_column][\/vc_row][vc_row css_animation=&#8221;&#8221; row_type=&#8221;row&#8221; use_row_as_full_screen_section=&#8221;no&#8221; type=&#8221;full_width&#8221; angled_section=&#8221;no&#8221; text_align=&#8221;left&#8221; background_image_as_pattern=&#8221;without_pattern&#8221; css=&#8221;.vc_custom_1658483590564{background-image: url(https:\/\/curell.com\/wp-content\/uploads\/2022\/01\/30.jpg?id=550) !important;background-position: center !important;background-repeat: no-repeat !important;background-size: cover !important;}&#8221; z_index=&#8221;&#8221;][vc_column offset=&#8221;vc_hidden-lg vc_hidden-md vc_hidden-sm&#8221;][vc_empty_space height=&#8221;120&#8243;][vc_column_text] Hist\u00f2ria&#8230;<\/p>\n","protected":false},"author":2,"featured_media":2431,"parent":0,"menu_order":0,"comment_status":"closed","ping_status":"closed","template":"full_width.php","meta":{"footnotes":""},"class_list":["post-3787","page","type-page","status-publish","has-post-thumbnail","hentry"],"yoast_head":"<!-- This site is optimized with the Yoast SEO plugin v27.1.1 - https:\/\/yoast.com\/product\/yoast-seo-wordpress\/ -->\n<title>Hist\u00f2ria | Curell Su\u00f1ol<\/title>\n<meta name=\"robots\" content=\"index, follow, max-snippet:-1, max-image-preview:large, max-video-preview:-1\" \/>\n<link rel=\"canonical\" href=\"https:\/\/curell.com\/ca\/historia-curell-sunol\/\" \/>\n<meta property=\"og:locale\" content=\"ca_ES\" \/>\n<meta property=\"og:type\" content=\"article\" \/>\n<meta property=\"og:title\" content=\"Hist\u00f2ria | Curell Su\u00f1ol\" \/>\n<meta property=\"og:description\" content=\"[vc_row css_animation=&#8221;&#8221; row_type=&#8221;row&#8221; use_row_as_full_screen_section=&#8221;no&#8221; type=&#8221;full_width&#8221; angled_section=&#8221;no&#8221; text_align=&#8221;left&#8221; background_image_as_pattern=&#8221;without_pattern&#8221; css=&#8221;.vc_custom_1658483590564{background-image: url(https:\/\/curell.com\/wp-content\/uploads\/2022\/01\/30.jpg?id=550) !important;background-position: center !important;background-repeat: no-repeat !important;background-size: cover !important;}&#8221; z_index=&#8221;&#8221;][vc_column offset=&#8221;vc_hidden-xs&#8221;][vc_empty_space height=&#8221;170&#8243;][vc_column_text] Hist\u00f2ria [\/vc_column_text][vc_empty_space height=&#8221;140&#8243;][\/vc_column][\/vc_row][vc_row css_animation=&#8221;&#8221; row_type=&#8221;row&#8221; use_row_as_full_screen_section=&#8221;no&#8221; type=&#8221;full_width&#8221; angled_section=&#8221;no&#8221; text_align=&#8221;left&#8221; background_image_as_pattern=&#8221;without_pattern&#8221; css=&#8221;.vc_custom_1658483590564{background-image: url(https:\/\/curell.com\/wp-content\/uploads\/2022\/01\/30.jpg?id=550) !important;background-position: center !important;background-repeat: no-repeat !important;background-size: cover !important;}&#8221; z_index=&#8221;&#8221;][vc_column offset=&#8221;vc_hidden-lg vc_hidden-md vc_hidden-sm&#8221;][vc_empty_space height=&#8221;120&#8243;][vc_column_text] Hist\u00f2ria...\" \/>\n<meta property=\"og:url\" content=\"https:\/\/curell.com\/ca\/historia-curell-sunol\/\" \/>\n<meta property=\"og:site_name\" content=\"Curell Su\u00f1ol\" \/>\n<meta property=\"article:modified_time\" content=\"2024-12-20T09:37:10+00:00\" \/>\n<meta property=\"og:image\" content=\"https:\/\/curell.com\/wp-content\/uploads\/2022\/01\/30.jpg\" \/>\n\t<meta property=\"og:image:width\" content=\"2300\" \/>\n\t<meta property=\"og:image:height\" content=\"1466\" \/>\n\t<meta property=\"og:image:type\" content=\"image\/jpeg\" \/>\n<meta name=\"twitter:card\" content=\"summary_large_image\" \/>\n<meta name=\"twitter:label1\" content=\"Temps estimat de lectura\" \/>\n\t<meta name=\"twitter:data1\" content=\"10 minuts\" \/>\n<script type=\"application\/ld+json\" class=\"yoast-schema-graph\">{\"@context\":\"https:\/\/schema.org\",\"@graph\":[{\"@type\":\"WebPage\",\"@id\":\"https:\/\/curell.com\/ca\/historia-curell-sunol\/\",\"url\":\"https:\/\/curell.com\/ca\/historia-curell-sunol\/\",\"name\":\"Hist\u00f2ria | Curell Su\u00f1ol\",\"isPartOf\":{\"@id\":\"https:\/\/curell.com\/#website\"},\"primaryImageOfPage\":{\"@id\":\"https:\/\/curell.com\/ca\/historia-curell-sunol\/#primaryimage\"},\"image\":{\"@id\":\"https:\/\/curell.com\/ca\/historia-curell-sunol\/#primaryimage\"},\"thumbnailUrl\":\"https:\/\/curell.com\/wp-content\/uploads\/2022\/01\/30.jpg\",\"datePublished\":\"2022-07-21T10:49:07+00:00\",\"dateModified\":\"2024-12-20T09:37:10+00:00\",\"breadcrumb\":{\"@id\":\"https:\/\/curell.com\/ca\/historia-curell-sunol\/#breadcrumb\"},\"inLanguage\":\"ca\",\"potentialAction\":[{\"@type\":\"ReadAction\",\"target\":[\"https:\/\/curell.com\/ca\/historia-curell-sunol\/\"]}]},{\"@type\":\"ImageObject\",\"inLanguage\":\"ca\",\"@id\":\"https:\/\/curell.com\/ca\/historia-curell-sunol\/#primaryimage\",\"url\":\"https:\/\/curell.com\/wp-content\/uploads\/2022\/01\/30.jpg\",\"contentUrl\":\"https:\/\/curell.com\/wp-content\/uploads\/2022\/01\/30.jpg\",\"width\":2300,\"height\":1466},{\"@type\":\"BreadcrumbList\",\"@id\":\"https:\/\/curell.com\/ca\/historia-curell-sunol\/#breadcrumb\",\"itemListElement\":[{\"@type\":\"ListItem\",\"position\":1,\"name\":\"Portada\",\"item\":\"https:\/\/curell.com\/ca\/\"},{\"@type\":\"ListItem\",\"position\":2,\"name\":\"Hist\u00f2ria\"}]},{\"@type\":\"WebSite\",\"@id\":\"https:\/\/curell.com\/#website\",\"url\":\"https:\/\/curell.com\/\",\"name\":\"Curell Su\u00f1ol\",\"description\":\"Patentes, Marcas y Dise\u00f1os desde 1946\",\"publisher\":{\"@id\":\"https:\/\/curell.com\/#organization\"},\"potentialAction\":[{\"@type\":\"SearchAction\",\"target\":{\"@type\":\"EntryPoint\",\"urlTemplate\":\"https:\/\/curell.com\/?s={search_term_string}\"},\"query-input\":{\"@type\":\"PropertyValueSpecification\",\"valueRequired\":true,\"valueName\":\"search_term_string\"}}],\"inLanguage\":\"ca\"},{\"@type\":\"Organization\",\"@id\":\"https:\/\/curell.com\/#organization\",\"name\":\"Curell Su\u00f1ol\",\"url\":\"https:\/\/curell.com\/\",\"logo\":{\"@type\":\"ImageObject\",\"inLanguage\":\"ca\",\"@id\":\"https:\/\/curell.com\/#\/schema\/logo\/image\/\",\"url\":\"https:\/\/curell.com\/wp-content\/uploads\/2022\/10\/curell-3.png\",\"contentUrl\":\"https:\/\/curell.com\/wp-content\/uploads\/2022\/10\/curell-3.png\",\"width\":300,\"height\":70,\"caption\":\"Curell Su\u00f1ol\"},\"image\":{\"@id\":\"https:\/\/curell.com\/#\/schema\/logo\/image\/\"},\"sameAs\":[\"https:\/\/es.linkedin.com\/company\/curell-su-ol\",\"https:\/\/www.instagram.com\/curell.sunol\/\"]}]}<\/script>\n<!-- \/ Yoast SEO plugin. -->","yoast_head_json":{"title":"Hist\u00f2ria | Curell Su\u00f1ol","robots":{"index":"index","follow":"follow","max-snippet":"max-snippet:-1","max-image-preview":"max-image-preview:large","max-video-preview":"max-video-preview:-1"},"canonical":"https:\/\/curell.com\/ca\/historia-curell-sunol\/","og_locale":"ca_ES","og_type":"article","og_title":"Hist\u00f2ria | Curell Su\u00f1ol","og_description":"[vc_row css_animation=&#8221;&#8221; row_type=&#8221;row&#8221; use_row_as_full_screen_section=&#8221;no&#8221; type=&#8221;full_width&#8221; angled_section=&#8221;no&#8221; text_align=&#8221;left&#8221; background_image_as_pattern=&#8221;without_pattern&#8221; css=&#8221;.vc_custom_1658483590564{background-image: url(https:\/\/curell.com\/wp-content\/uploads\/2022\/01\/30.jpg?id=550) !important;background-position: center !important;background-repeat: no-repeat !important;background-size: cover !important;}&#8221; z_index=&#8221;&#8221;][vc_column offset=&#8221;vc_hidden-xs&#8221;][vc_empty_space height=&#8221;170&#8243;][vc_column_text] Hist\u00f2ria [\/vc_column_text][vc_empty_space height=&#8221;140&#8243;][\/vc_column][\/vc_row][vc_row css_animation=&#8221;&#8221; row_type=&#8221;row&#8221; use_row_as_full_screen_section=&#8221;no&#8221; type=&#8221;full_width&#8221; angled_section=&#8221;no&#8221; text_align=&#8221;left&#8221; background_image_as_pattern=&#8221;without_pattern&#8221; css=&#8221;.vc_custom_1658483590564{background-image: url(https:\/\/curell.com\/wp-content\/uploads\/2022\/01\/30.jpg?id=550) !important;background-position: center !important;background-repeat: no-repeat !important;background-size: cover !important;}&#8221; z_index=&#8221;&#8221;][vc_column offset=&#8221;vc_hidden-lg vc_hidden-md vc_hidden-sm&#8221;][vc_empty_space height=&#8221;120&#8243;][vc_column_text] Hist\u00f2ria...","og_url":"https:\/\/curell.com\/ca\/historia-curell-sunol\/","og_site_name":"Curell Su\u00f1ol","article_modified_time":"2024-12-20T09:37:10+00:00","og_image":[{"width":2300,"height":1466,"url":"https:\/\/curell.com\/wp-content\/uploads\/2022\/01\/30.jpg","type":"image\/jpeg"}],"twitter_card":"summary_large_image","twitter_misc":{"Temps estimat de lectura":"10 minuts"},"schema":{"@context":"https:\/\/schema.org","@graph":[{"@type":"WebPage","@id":"https:\/\/curell.com\/ca\/historia-curell-sunol\/","url":"https:\/\/curell.com\/ca\/historia-curell-sunol\/","name":"Hist\u00f2ria | Curell Su\u00f1ol","isPartOf":{"@id":"https:\/\/curell.com\/#website"},"primaryImageOfPage":{"@id":"https:\/\/curell.com\/ca\/historia-curell-sunol\/#primaryimage"},"image":{"@id":"https:\/\/curell.com\/ca\/historia-curell-sunol\/#primaryimage"},"thumbnailUrl":"https:\/\/curell.com\/wp-content\/uploads\/2022\/01\/30.jpg","datePublished":"2022-07-21T10:49:07+00:00","dateModified":"2024-12-20T09:37:10+00:00","breadcrumb":{"@id":"https:\/\/curell.com\/ca\/historia-curell-sunol\/#breadcrumb"},"inLanguage":"ca","potentialAction":[{"@type":"ReadAction","target":["https:\/\/curell.com\/ca\/historia-curell-sunol\/"]}]},{"@type":"ImageObject","inLanguage":"ca","@id":"https:\/\/curell.com\/ca\/historia-curell-sunol\/#primaryimage","url":"https:\/\/curell.com\/wp-content\/uploads\/2022\/01\/30.jpg","contentUrl":"https:\/\/curell.com\/wp-content\/uploads\/2022\/01\/30.jpg","width":2300,"height":1466},{"@type":"BreadcrumbList","@id":"https:\/\/curell.com\/ca\/historia-curell-sunol\/#breadcrumb","itemListElement":[{"@type":"ListItem","position":1,"name":"Portada","item":"https:\/\/curell.com\/ca\/"},{"@type":"ListItem","position":2,"name":"Hist\u00f2ria"}]},{"@type":"WebSite","@id":"https:\/\/curell.com\/#website","url":"https:\/\/curell.com\/","name":"Curell Su\u00f1ol","description":"Patentes, Marcas y Dise\u00f1os desde 1946","publisher":{"@id":"https:\/\/curell.com\/#organization"},"potentialAction":[{"@type":"SearchAction","target":{"@type":"EntryPoint","urlTemplate":"https:\/\/curell.com\/?s={search_term_string}"},"query-input":{"@type":"PropertyValueSpecification","valueRequired":true,"valueName":"search_term_string"}}],"inLanguage":"ca"},{"@type":"Organization","@id":"https:\/\/curell.com\/#organization","name":"Curell Su\u00f1ol","url":"https:\/\/curell.com\/","logo":{"@type":"ImageObject","inLanguage":"ca","@id":"https:\/\/curell.com\/#\/schema\/logo\/image\/","url":"https:\/\/curell.com\/wp-content\/uploads\/2022\/10\/curell-3.png","contentUrl":"https:\/\/curell.com\/wp-content\/uploads\/2022\/10\/curell-3.png","width":300,"height":70,"caption":"Curell Su\u00f1ol"},"image":{"@id":"https:\/\/curell.com\/#\/schema\/logo\/image\/"},"sameAs":["https:\/\/es.linkedin.com\/company\/curell-su-ol","https:\/\/www.instagram.com\/curell.sunol\/"]}]}},"_links":{"self":[{"href":"https:\/\/curell.com\/ca\/wp-json\/wp\/v2\/pages\/3787","targetHints":{"allow":["GET"]}}],"collection":[{"href":"https:\/\/curell.com\/ca\/wp-json\/wp\/v2\/pages"}],"about":[{"href":"https:\/\/curell.com\/ca\/wp-json\/wp\/v2\/types\/page"}],"author":[{"embeddable":true,"href":"https:\/\/curell.com\/ca\/wp-json\/wp\/v2\/users\/2"}],"replies":[{"embeddable":true,"href":"https:\/\/curell.com\/ca\/wp-json\/wp\/v2\/comments?post=3787"}],"version-history":[{"count":11,"href":"https:\/\/curell.com\/ca\/wp-json\/wp\/v2\/pages\/3787\/revisions"}],"predecessor-version":[{"id":27190,"href":"https:\/\/curell.com\/ca\/wp-json\/wp\/v2\/pages\/3787\/revisions\/27190"}],"wp:featuredmedia":[{"embeddable":true,"href":"https:\/\/curell.com\/ca\/wp-json\/wp\/v2\/media\/2431"}],"wp:attachment":[{"href":"https:\/\/curell.com\/ca\/wp-json\/wp\/v2\/media?parent=3787"}],"curies":[{"name":"wp","href":"https:\/\/api.w.org\/{rel}","templated":true}]}}