{"id":3797,"date":"2022-09-12T09:30:54","date_gmt":"2022-09-12T09:30:54","guid":{"rendered":"https:\/\/curell.com\/?page_id=3797"},"modified":"2023-06-26T10:53:29","modified_gmt":"2023-06-26T10:53:29","slug":"noves-tecnologies-internet-i-xarxes-socials","status":"publish","type":"page","link":"https:\/\/curell.com\/ca\/defensa-legal\/noves-tecnologies-internet-i-xarxes-socials\/","title":{"rendered":"Noves tecnologies, Internet i xarxes socials"},"content":{"rendered":"<div class=\"wpb-content-wrapper\"><p>[vc_row css_animation=&#8221;&#8221; row_type=&#8221;row&#8221; use_row_as_full_screen_section=&#8221;no&#8221; type=&#8221;full_width&#8221; angled_section=&#8221;no&#8221; text_align=&#8221;left&#8221; background_image_as_pattern=&#8221;without_pattern&#8221; css=&#8221;.vc_custom_1663596501405{background-image: url(https:\/\/curell.com\/wp-content\/uploads\/2022\/08\/nuevas-tecnologias-e1663596407293.jpg?id=1158) !important;background-position: center !important;background-repeat: no-repeat !important;background-size: cover !important;}&#8221; z_index=&#8221;&#8221;][vc_column offset=&#8221;vc_hidden-xs&#8221;][vc_empty_space height=&#8221;170&#8243;][vc_column_text]<\/p>\n<h1 style=\"text-align: center;\"><span style=\"color: #ffffff;\">Noves tecnologies, Internet<br \/>\ni xarxes socials<\/span><\/h1>\n<p>[\/vc_column_text][vc_empty_space height=&#8221;160&#8243;][\/vc_column][\/vc_row][vc_row css_animation=&#8221;&#8221; row_type=&#8221;row&#8221; use_row_as_full_screen_section=&#8221;no&#8221; type=&#8221;full_width&#8221; angled_section=&#8221;no&#8221; text_align=&#8221;left&#8221; background_image_as_pattern=&#8221;without_pattern&#8221; css=&#8221;.vc_custom_1662985562866{background-image: url(https:\/\/curell.com\/wp-content\/uploads\/2022\/08\/nuevas-tecnologias.jpg?id=1158) !important;background-position: center !important;background-repeat: no-repeat !important;background-size: cover !important;}&#8221; z_index=&#8221;&#8221;][vc_column offset=&#8221;vc_hidden-lg vc_hidden-md vc_hidden-sm&#8221;][vc_empty_space height=&#8221;100&#8243;][vc_column_text]<\/p>\n<h1 style=\"text-align: center;\"><span style=\"color: #ffffff;\">Noves tecnologies, Internet i xarxes socials<\/span><\/h1>\n<p>[\/vc_column_text][vc_empty_space height=&#8221;90&#8243;][\/vc_column][\/vc_row][vc_row css_animation=&#8221;&#8221; row_type=&#8221;row&#8221; use_row_as_full_screen_section=&#8221;no&#8221; type=&#8221;full_width&#8221; angled_section=&#8221;no&#8221; text_align=&#8221;left&#8221; background_image_as_pattern=&#8221;without_pattern&#8221;][vc_column][vc_empty_space height=&#8221;70px&#8221;][\/vc_column][\/vc_row][vc_row css_animation=&#8221;&#8221; row_type=&#8221;row&#8221; use_row_as_full_screen_section=&#8221;no&#8221; type=&#8221;grid&#8221; angled_section=&#8221;no&#8221; text_align=&#8221;left&#8221; background_image_as_pattern=&#8221;without_pattern&#8221; z_index=&#8221;&#8221;][vc_column][vc_column_text]<\/p>\n<h2>Qu\u00e8 s\u00f3n les noves tecnologies?<\/h2>\n<p>Les noves tecnologies s\u00f3n aquells corrents tecnol\u00f2gics que estan marcant un canvi en el model industrial i social en l&#8217;economia global. Els canvis s\u00f3n tan revolucionaris que algunes publicacions parlen de la \u201cquarta revoluci\u00f3 industrial\u201d.<\/p>\n<p>Podr\u00edem destacar-ne les seg\u00fcents:<\/p>\n<p>\u25cf Intel\u00b7lig\u00e8ncia artificial (IA): tecnologia que implica replicar o imitar raonaments, processos o accions considerades fins ara exclusivament d&#8217;origen hum\u00e0.<\/p>\n<p>\u25cf Cadena de blocs (Blockchain): tecnologia que possibilita l&#8217;intercanvi d&#8217;informaci\u00f3 i dades de manera an\u00f2nima i ineludible, podent ser aplicada a criptomonedes, contractes intel\u00b7ligents, entre altres aplicacions.<\/p>\n<p>\u25cf Internet de les coses (IoT): tecnologia que conjumina totes aquelles tecnologies que afavoreixen la connectivitat entre dispositius, sent la dom\u00f2tica un dels camps on m\u00e9s s&#8217;ha aplicat. Un exemple de l&#8217;avan\u00e7 en aquest sector tecnol\u00f2gic \u00e9s l&#8217;auge de la Internet de generacions, com ara el 4G, 5G o 6G.<\/p>\n<p>\u25cf Realitat augmentada i virtual (VR): tecnologia que permet portar les experi\u00e8ncies sensorials fins al seu m\u00e0xim exponent de manera artificial. Ens porta a l&#8217;anomenat metavers i constitueix una de les grans bases de la revoluci\u00f3 digital. Un exemple de les possibilitats d&#8217;aquesta tecnologia \u00e9s la seva aplicaci\u00f3 en cirurgia, que permet realitzar una operaci\u00f3 a dist\u00e0ncia mitjan\u00e7ant la combinaci\u00f3 de rob\u00f2tica i realitat augmentada.<\/p>\n<p>\u25cf Impressi\u00f3 3D, Autom\u00f2bils autom\u00e0tics, Drons\u2026<\/p>\n<p>Es tracta de tecnologies de car\u00e0cter multidisciplinari l&#8217;\u00fas de les quals pot aplicar-se a diferents sectors empresarials i cient\u00edfics.[\/vc_column_text][vc_empty_space height=&#8221;40px&#8221;][vc_column_text]<\/p>\n<h2>En qu\u00e8 ens afecten Internet i les xarxes socials?<\/h2>\n<p>La pres\u00e8ncia de dispositius tecnol\u00f2gics en la nostra vida quotidiana, els nous canals de comunicaci\u00f3 en l\u00ednia, les noves formes de consum de contingut audiovisual i les xarxes socials aporten innegables beneficis a la societat: milloren la comunicaci\u00f3, faciliten noves formes d&#8217;aprenentatge i afavoreixen l\u2019acc\u00e9s al coneixement. No obstant aix\u00f2, el seu mal \u00fas pot comportar importants perjudicis.<\/p>\n<p>Amb independ\u00e8ncia del ciberdelicte i el ciberassetjament que poden derivar-se de l&#8217;\u00fas d&#8217;Internet i les xarxes socials, en l&#8217;actualitat, el m\u00e0rqueting de xarxes socials \u00e9s una de les principals eines de comunicaci\u00f3 d&#8217;empreses i organitzacions. Els continguts que aquestes difonen en les seves p\u00e0gines web i xarxes socials s\u00f3n un motor de desenvolupament de negoci, reflecteixen la vostra imatge i valors i contribueixen a la construcci\u00f3 de la seva marca. En general, existeix la falsa percepci\u00f3 que tot aquell contingut que circula per internet \u00e9s l\u00edcit o de lliure acc\u00e9s i aix\u00f2 no \u00e9s aix\u00ed.<\/p>\n<p>El nostre paper aqu\u00ed \u00e9s doble: assegurar-nos que els continguts del client estiguin ben protegits per a fer front a c\u00f2pies i infraccions i defensar els seus drets quan aix\u00f2 ocorre.<\/p>\n<p>Els continguts protegibles a Internet i les xarxes socials poden comprendre fotografies o altres imatges, literatura, disseny, marques i altres signes distintius, tots ells susceptibles de protecci\u00f3 per dret d&#8217;autor, disseny industrial, marca o compet\u00e8ncia deslleial.[\/vc_column_text][\/vc_column][\/vc_row][vc_row css_animation=&#8221;&#8221; row_type=&#8221;row&#8221; use_row_as_full_screen_section=&#8221;no&#8221; type=&#8221;full_width&#8221; angled_section=&#8221;no&#8221; text_align=&#8221;left&#8221; background_image_as_pattern=&#8221;without_pattern&#8221;][vc_column][vc_empty_space height=&#8221;70px&#8221;][\/vc_column][\/vc_row][vc_row css_animation=&#8221;&#8221; row_type=&#8221;row&#8221; use_row_as_full_screen_section=&#8221;no&#8221; type=&#8221;grid&#8221; angled_section=&#8221;no&#8221; text_align=&#8221;left&#8221; background_image_as_pattern=&#8221;without_pattern&#8221; z_index=&#8221;&#8221;][vc_column offset=&#8221;vc_hidden-xs&#8221;][vc_row_inner row_type=&#8221;row&#8221; type=&#8221;full_width&#8221; text_align=&#8221;left&#8221; css_animation=&#8221;&#8221;][vc_column_inner width=&#8221;2\/3&#8243;][vc_column_text]<\/p>\n<h2 style=\"text-align: left;\">Com us podem ajudar?<\/h2>\n<p>[\/vc_column_text][\/vc_column_inner][vc_column_inner width=&#8221;1\/3&#8243;][\/vc_column_inner][\/vc_row_inner][vc_empty_space height=&#8221;30&#8243;][\/vc_column][\/vc_row][vc_row css_animation=&#8221;&#8221; row_type=&#8221;row&#8221; use_row_as_full_screen_section=&#8221;no&#8221; type=&#8221;grid&#8221; angled_section=&#8221;no&#8221; text_align=&#8221;left&#8221; background_image_as_pattern=&#8221;without_pattern&#8221; z_index=&#8221;&#8221;][vc_column css=&#8221;.vc_custom_1662972767626{border-top-width: 20px !important;border-right-width: 20px !important;border-bottom-width: 20px !important;border-left-width: 20px !important;background-color: #506378 !important;border-left-color: #ffffff !important;border-left-style: solid !important;border-right-color: #ffffff !important;border-right-style: solid !important;border-top-color: #ffffff !important;border-top-style: solid !important;border-bottom-color: #ffffff !important;border-bottom-style: solid !important;}&#8221; offset=&#8221;vc_hidden-xs&#8221;][vc_row_inner row_type=&#8221;row&#8221; type=&#8221;full_width&#8221; text_align=&#8221;left&#8221; css_animation=&#8221;&#8221; css=&#8221;.vc_custom_1662396439791{margin-top: -32px !important;}&#8221;][vc_column_inner width=&#8221;1\/2&#8243; css=&#8221;.vc_custom_1662395934189{padding: 40px !important;}&#8221;][vc_column_text]<\/p>\n<ul>\n<li>Aquestes tecnologies impliquen nous horitzons i reptes que afecten tamb\u00e9 l&#8217;\u00e0mbit jur\u00eddic. Les noves realitats comporten nous marcs legals amb els quals ens confrontem dia a dia. La IA i les patents, les infraccions de drets de Propietat Industrial i Intel\u00b7lectual en el metavers\u2026 sense descartar la tipificaci\u00f3 de nous ciberdelictes.<\/li>\n<\/ul>\n<p>[\/vc_column_text][\/vc_column_inner][vc_column_inner width=&#8221;1\/2&#8243; css=&#8221;.vc_custom_1662973810488{padding: 40px !important;}&#8221;][vc_column_text]<\/p>\n<ul>\n<li>Ens trobem davant un proc\u00e9s que pot canviar la concepci\u00f3 de la nostra societat, la nostra vida di\u00e0ria i, com sol oc\u00f3rrer en els processos de canvi i desenvolupament sociocultural i cient\u00edfic-tecnol\u00f2gic, la nostra manera d&#8217;entendre el dret. Per aix\u00f2 treballem en aquests nous camps, adaptant-nos i transformant-nos per a poder respondre a aquests nous reptes.<\/li>\n<\/ul>\n<p>[\/vc_column_text][\/vc_column_inner][\/vc_row_inner][\/vc_column][\/vc_row][vc_row css_animation=&#8221;&#8221; row_type=&#8221;row&#8221; use_row_as_full_screen_section=&#8221;no&#8221; type=&#8221;full_width&#8221; angled_section=&#8221;no&#8221; text_align=&#8221;left&#8221; background_image_as_pattern=&#8221;without_pattern&#8221;][vc_column offset=&#8221;vc_hidden-xs&#8221;][vc_empty_space height=&#8221;75px&#8221;][\/vc_column][\/vc_row][vc_row css_animation=&#8221;&#8221; row_type=&#8221;row&#8221; use_row_as_full_screen_section=&#8221;no&#8221; type=&#8221;grid&#8221; angled_section=&#8221;no&#8221; text_align=&#8221;left&#8221; background_image_as_pattern=&#8221;without_pattern&#8221; z_index=&#8221;&#8221;][vc_column offset=&#8221;vc_hidden-lg vc_hidden-md vc_hidden-sm&#8221;][vc_column_text]<\/p>\n<h2 style=\"text-align: left;\">Com us podem ajudar?<\/h2>\n<p>[\/vc_column_text][vc_empty_space height=&#8221;60px&#8221;][\/vc_column][\/vc_row][vc_row css_animation=&#8221;&#8221; row_type=&#8221;row&#8221; use_row_as_full_screen_section=&#8221;no&#8221; type=&#8221;grid&#8221; angled_section=&#8221;no&#8221; text_align=&#8221;left&#8221; background_image_as_pattern=&#8221;without_pattern&#8221; z_index=&#8221;&#8221;][vc_column css=&#8221;.vc_custom_1662972517386{padding-left: 20px !important;background-color: #506378 !important;}&#8221; offset=&#8221;vc_hidden-lg vc_hidden-md vc_hidden-sm&#8221;][vc_column_text css=&#8221;.vc_custom_1666627757122{padding-left: 20px !important;}&#8221;]<\/p>\n<ul>\n<li>Aquestes tecnologies impliquen nous horitzons i reptes que afecten tamb\u00e9 l&#8217;\u00e0mbit jur\u00eddic. Les noves realitats comporten nous marcs legals amb els quals ens confrontem dia a dia. La IA i les patents, les infraccions de drets de Propietat Industrial i Intel\u00b7lectual en el metavers\u2026 sense descartar la tipificaci\u00f3 de nous ciberdelictes.<\/li>\n<li>Ens trobem davant un proc\u00e9s que pot canviar la concepci\u00f3 de la nostra societat, la nostra vida di\u00e0ria i, com sol oc\u00f3rrer en els processos de canvi i desenvolupament sociocultural i cient\u00edfic-tecnol\u00f2gic, la nostra manera d&#8217;entendre el dret. Per aix\u00f2 treballem en aquests nous camps, adaptant-nos i transformant-nos per a poder respondre a aquests nous reptes.<\/li>\n<\/ul>\n<p>[\/vc_column_text][vc_empty_space height=&#8221;35px&#8221;][\/vc_column][\/vc_row][vc_row css_animation=&#8221;&#8221; row_type=&#8221;row&#8221; use_row_as_full_screen_section=&#8221;no&#8221; type=&#8221;full_width&#8221; angled_section=&#8221;no&#8221; text_align=&#8221;center&#8221; background_image_as_pattern=&#8221;without_pattern&#8221; css=&#8221;.vc_custom_1643624105316{background-color: #bda45d !important;}&#8221; z_index=&#8221;&#8221;][vc_column][vc_empty_space height=&#8221;35px&#8221;][vc_column_text]<\/p>\n<h2 style=\"text-align: center;\"><span style=\"color: #ffffff;\">Envieu la vostra consulta i us respondrem el m\u00e9s aviat possible.<\/span><\/h2>\n<p>[\/vc_column_text][vc_empty_space height=&#8221;20px&#8221;][vc_column_text]<\/p>\n<h4 style=\"text-align: center;\"><span style=\"color: #ffffff;\">Sabem com acompanyar-vos en aquest proc\u00e9s.<\/span><\/h4>\n<p>[\/vc_column_text][vc_empty_space height=&#8221;35px&#8221;]<a  itemprop=\"url\" href=\"https:\/\/curell.com\/ca\/contacte\/\" target=\"_self\" data-hover-background-color=\"#ffffff\" data-hover-border-color=\"#ffffff\" data-hover-color=\"#bda45d\" class=\"qbutton  default\" style=\"color: #ffffff; border-color: #ffffff; background-color:#bda45d;\">CONTACTAR<\/a>[vc_empty_space height=&#8221;35px&#8221;][\/vc_column][\/vc_row][vc_row css_animation=&#8221;&#8221; row_type=&#8221;row&#8221; use_row_as_full_screen_section=&#8221;no&#8221; type=&#8221;full_width&#8221; angled_section=&#8221;no&#8221; text_align=&#8221;left&#8221; background_image_as_pattern=&#8221;without_pattern&#8221; z_index=&#8221;&#8221;][vc_column css=&#8221;.vc_custom_1663327194926{background-color: rgba(153,167,181,0.21) !important;*background-color: rgb(153,167,181) !important;}&#8221; offset=&#8221;vc_hidden-xs&#8221;][vc_empty_space height=&#8221;35px&#8221;][vc_column_text]<\/p>\n<h2 style=\"text-align: center;\">Serveis relacionats<\/h2>\n<p>[\/vc_column_text][vc_empty_space height=&#8221;45px&#8221;][vc_row_inner row_type=&#8221;row&#8221; type=&#8221;full_width&#8221; text_align=&#8221;center&#8221; css_animation=&#8221;&#8221; css=&#8221;.vc_custom_1663577127467{padding-right: 20% !important;padding-left: 20% !important;}&#8221;][vc_column_inner width=&#8221;1\/2&#8243;][vc_single_image image=&#8221;2010&#8243; img_size=&#8221;full&#8221; onclick=&#8221;custom_link&#8221; qode_css_animation=&#8221;&#8221; qode_hover_animation=&#8221;zoom_in&#8221; link=&#8221;https:\/\/curell.com\/ca\/estrategia-de-proteccio\/nom-de-domini\/&#8221;][vc_empty_space height=&#8221;15&#8243;][vc_column_text]<\/p>\n<h3 style=\"text-align: center;\"><a href=\"https:\/\/curell.com\/ca\/estrategia-de-proteccio\/nom-de-domini\/\">Noms de domini<\/a><\/h3>\n<p>[\/vc_column_text][\/vc_column_inner][vc_column_inner width=&#8221;1\/2&#8243;][vc_single_image image=&#8221;1831&#8243; img_size=&#8221;full&#8221; onclick=&#8221;custom_link&#8221; qode_css_animation=&#8221;&#8221; qode_hover_animation=&#8221;zoom_in&#8221; link=&#8221;https:\/\/curell.com\/ca\/defensa-legal\/dret-de-la-publicitat\/&#8221;][vc_empty_space height=&#8221;15&#8243;][vc_column_text]<\/p>\n<h3 style=\"text-align: center;\"><a href=\"https:\/\/curell.com\/ca\/defensa-legal\/dret-de-la-publicitat\/\">Dret de la publicitat<\/a><\/h3>\n<p>[\/vc_column_text][\/vc_column_inner][\/vc_row_inner][vc_empty_space height=&#8221;55&#8243;][\/vc_column][\/vc_row][vc_row css_animation=&#8221;&#8221; row_type=&#8221;row&#8221; use_row_as_full_screen_section=&#8221;no&#8221; type=&#8221;full_width&#8221; angled_section=&#8221;no&#8221; text_align=&#8221;left&#8221; background_image_as_pattern=&#8221;without_pattern&#8221; z_index=&#8221;&#8221; css=&#8221;.vc_custom_1662480760515{padding-right: 40px !important;padding-left: 40px !important;}&#8221;][vc_column offset=&#8221;vc_hidden-lg vc_hidden-md vc_hidden-sm&#8221;][vc_empty_space height=&#8221;85&#8243;][vc_column_text]<\/p>\n<h2 style=\"text-align: center;\">Serveis relacionats<\/h2>\n<p>[\/vc_column_text][vc_empty_space height=&#8221;50&#8243;][vc_single_image image=&#8221;2010&#8243; img_size=&#8221;full&#8221; onclick=&#8221;custom_link&#8221; qode_css_animation=&#8221;&#8221; qode_hover_animation=&#8221;zoom_in&#8221; link=&#8221;https:\/\/curell.com\/ca\/estrategia-de-proteccio\/nom-de-domini\/&#8221;][vc_column_text]<\/p>\n<p style=\"text-align: center;\"><strong><a href=\"https:\/\/curell.com\/ca\/estrategia-de-proteccio\/nom-de-domini\/\">Noms de domini<\/a><\/strong><\/p>\n<p>[\/vc_column_text][vc_empty_space height=&#8221;50&#8243;][vc_single_image image=&#8221;1831&#8243; img_size=&#8221;full&#8221; onclick=&#8221;custom_link&#8221; qode_css_animation=&#8221;&#8221; qode_hover_animation=&#8221;zoom_in&#8221; link=&#8221;https:\/\/curell.com\/ca\/defensa-legal\/dret-de-la-publicitat\/&#8221;][vc_column_text]<\/p>\n<p style=\"text-align: center;\"><strong><a href=\"https:\/\/curell.com\/ca\/defensa-legal\/dret-de-la-publicitat\/\">Dret de la publicitat<\/a><\/strong><\/p>\n<p>[\/vc_column_text][vc_empty_space height=&#8221;50&#8243;][vc_empty_space height=&#8221;50&#8243;][\/vc_column][\/vc_row][vc_row css_animation=&#8221;&#8221; row_type=&#8221;row&#8221; use_row_as_full_screen_section=&#8221;no&#8221; type=&#8221;grid&#8221; angled_section=&#8221;no&#8221; text_align=&#8221;center&#8221; background_image_as_pattern=&#8221;without_pattern&#8221; z_index=&#8221;&#8221;][vc_column][vc_empty_space height=&#8221;45px&#8221;][vc_column_text]<\/p>\n<h2 style=\"text-align: center;\">Not\u00edcies relacionades<\/h2>\n<p>[\/vc_column_text][vc_empty_space height=&#8221;45px&#8221;]\n<div class='latest_post_holder boxes two_columns one_row' >\n    <ul>\n    \n        <li class=\"clearfix\">\n            <div class=\"boxes_image\">\n                                <a itemprop=\"url\" href=\"https:\/\/curell.com\/ca\/recorrer-per-complet-a-la-ia-no-es-la-solucio\/\"><img loading=\"lazy\" decoding=\"async\" width=\"539\" height=\"303\" src=\"https:\/\/curell.com\/wp-content\/uploads\/2025\/01\/ia-penguin-539x303.png\" class=\"attachment-latest_post_boxes size-latest_post_boxes wp-post-image\" alt=\"\" \/><\/a>\n            <\/div>\n            <div class=\"latest_post\"  >\n                <div class=\"latest_post_text\">\n                    <div class=\"latest_post_inner\">\n                        <div class=\"latest_post_text_inner\">\n                            <h4 itemprop=\"name\" class=\"latest_post_title entry_title\"><a itemprop=\"url\" href=\"https:\/\/curell.com\/ca\/recorrer-per-complet-a-la-ia-no-es-la-solucio\/\">Rec\u00f3rrer per complet a la IA no \u00e9s la soluci\u00f3<\/a><\/h4>\n                            \n                            <span class=\"post_infos\">\n                                                                                                \n                                \n                                                            <\/span>\n                        <\/div>\n                    <\/div>\n                <\/div>\n            <\/div>\n        <\/li>\n    \n        <li class=\"clearfix\">\n            <div class=\"boxes_image\">\n                                <a itemprop=\"url\" href=\"https:\/\/curell.com\/ca\/ia-act-de-la-unio-europea\/\"><img loading=\"lazy\" decoding=\"async\" width=\"539\" height=\"303\" src=\"https:\/\/curell.com\/wp-content\/uploads\/2024\/10\/ia-act-union-europea-539x303.png\" class=\"attachment-latest_post_boxes size-latest_post_boxes wp-post-image\" alt=\"\" \/><\/a>\n            <\/div>\n            <div class=\"latest_post\"  >\n                <div class=\"latest_post_text\">\n                    <div class=\"latest_post_inner\">\n                        <div class=\"latest_post_text_inner\">\n                            <h4 itemprop=\"name\" class=\"latest_post_title entry_title\"><a itemprop=\"url\" href=\"https:\/\/curell.com\/ca\/ia-act-de-la-unio-europea\/\">IA Act de la Uni\u00f3 Europea<\/a><\/h4>\n                            \n                            <span class=\"post_infos\">\n                                                                                                \n                                \n                                                            <\/span>\n                        <\/div>\n                    <\/div>\n                <\/div>\n            <\/div>\n        <\/li>\n        <\/ul>\n<\/div>[vc_empty_space height=&#8221;45px&#8221;][vc_empty_space height=&#8221;55&#8243;][\/vc_column][\/vc_row][vc_row css_animation=&#8221;&#8221; row_type=&#8221;row&#8221; use_row_as_full_screen_section=&#8221;no&#8221; type=&#8221;grid&#8221; angled_section=&#8221;no&#8221; text_align=&#8221;center&#8221; background_image_as_pattern=&#8221;without_pattern&#8221; z_index=&#8221;&#8221;][vc_column css=&#8221;.vc_custom_1685616307532{background-color: rgba(255,255,255,0.21) !important;*background-color: rgb(255,255,255) !important;}&#8221; offset=&#8221;vc_hidden-lg vc_hidden-md vc_hidden-sm&#8221;][vc_empty_space height=&#8221;20px&#8221;][vc_column_text]<\/p>\n<h2 style=\"text-align: center;\">Not\u00edcies relacionades<\/h2>\n<p>[\/vc_column_text][vc_empty_space height=&#8221;45px&#8221;]\n<div class='latest_post_holder boxes two_columns one_row' >\n    <ul>\n    \n        <li class=\"clearfix\">\n            <div class=\"boxes_image\">\n                                <a itemprop=\"url\" href=\"https:\/\/curell.com\/ca\/recorrer-per-complet-a-la-ia-no-es-la-solucio\/\"><img loading=\"lazy\" decoding=\"async\" width=\"539\" height=\"303\" src=\"https:\/\/curell.com\/wp-content\/uploads\/2025\/01\/ia-penguin-539x303.png\" class=\"attachment-latest_post_boxes size-latest_post_boxes wp-post-image\" alt=\"\" \/><\/a>\n            <\/div>\n            <div class=\"latest_post\"  >\n                <div class=\"latest_post_text\">\n                    <div class=\"latest_post_inner\">\n                        <div class=\"latest_post_text_inner\">\n                            <h4 itemprop=\"name\" class=\"latest_post_title entry_title\"><a itemprop=\"url\" href=\"https:\/\/curell.com\/ca\/recorrer-per-complet-a-la-ia-no-es-la-solucio\/\">Rec\u00f3rrer per complet a la IA no \u00e9s la soluci\u00f3<\/a><\/h4>\n                            \n                            <span class=\"post_infos\">\n                                                                    <span class=\"date_hour_holder\">\n                                        <span itemprop=\"dateCreated\" class=\"date entry_date updated\">14 gener, 2025 <meta itemprop=\"interactionCount\" content=\"UserComments: 0\"\/><\/span>\n                                    <\/span>\n                                                                                                \n                                \n                                                            <\/span>\n                        <\/div>\n                    <\/div>\n                <\/div>\n            <\/div>\n        <\/li>\n    \n        <li class=\"clearfix\">\n            <div class=\"boxes_image\">\n                                <a itemprop=\"url\" href=\"https:\/\/curell.com\/ca\/ia-act-de-la-unio-europea\/\"><img loading=\"lazy\" decoding=\"async\" width=\"539\" height=\"303\" src=\"https:\/\/curell.com\/wp-content\/uploads\/2024\/10\/ia-act-union-europea-539x303.png\" class=\"attachment-latest_post_boxes size-latest_post_boxes wp-post-image\" alt=\"\" \/><\/a>\n            <\/div>\n            <div class=\"latest_post\"  >\n                <div class=\"latest_post_text\">\n                    <div class=\"latest_post_inner\">\n                        <div class=\"latest_post_text_inner\">\n                            <h4 itemprop=\"name\" class=\"latest_post_title entry_title\"><a itemprop=\"url\" href=\"https:\/\/curell.com\/ca\/ia-act-de-la-unio-europea\/\">IA Act de la Uni\u00f3 Europea<\/a><\/h4>\n                            \n                            <span class=\"post_infos\">\n                                                                    <span class=\"date_hour_holder\">\n                                        <span itemprop=\"dateCreated\" class=\"date entry_date updated\">04 octubre, 2024 <meta itemprop=\"interactionCount\" content=\"UserComments: 0\"\/><\/span>\n                                    <\/span>\n                                                                                                \n                                \n                                                            <\/span>\n                        <\/div>\n                    <\/div>\n                <\/div>\n            <\/div>\n        <\/li>\n        <\/ul>\n<\/div>[vc_empty_space height=&#8221;45px&#8221;][vc_empty_space height=&#8221;20&#8243;][\/vc_column][\/vc_row]<\/p>\n<\/div>","protected":false},"excerpt":{"rendered":"<p>[vc_row css_animation=&#8221;&#8221; row_type=&#8221;row&#8221; use_row_as_full_screen_section=&#8221;no&#8221; type=&#8221;full_width&#8221; angled_section=&#8221;no&#8221; text_align=&#8221;left&#8221; background_image_as_pattern=&#8221;without_pattern&#8221; css=&#8221;.vc_custom_1663596501405{background-image: url(https:\/\/curell.com\/wp-content\/uploads\/2022\/08\/nuevas-tecnologias-e1663596407293.jpg?id=1158) !important;background-position: center !important;background-repeat: no-repeat !important;background-size: cover !important;}&#8221; z_index=&#8221;&#8221;][vc_column offset=&#8221;vc_hidden-xs&#8221;][vc_empty_space height=&#8221;170&#8243;][vc_column_text] Noves tecnologies, Internet i xarxes socials [\/vc_column_text][vc_empty_space height=&#8221;160&#8243;][\/vc_column][\/vc_row][vc_row css_animation=&#8221;&#8221; row_type=&#8221;row&#8221; use_row_as_full_screen_section=&#8221;no&#8221; type=&#8221;full_width&#8221; angled_section=&#8221;no&#8221; text_align=&#8221;left&#8221; background_image_as_pattern=&#8221;without_pattern&#8221; css=&#8221;.vc_custom_1662985562866{background-image: url(https:\/\/curell.com\/wp-content\/uploads\/2022\/08\/nuevas-tecnologias.jpg?id=1158) !important;background-position: center !important;background-repeat: no-repeat !important;background-size: cover !important;}&#8221; z_index=&#8221;&#8221;][vc_column&#8230;<\/p>\n","protected":false},"author":2,"featured_media":2683,"parent":3807,"menu_order":0,"comment_status":"closed","ping_status":"closed","template":"full_width.php","meta":{"footnotes":""},"class_list":["post-3797","page","type-page","status-publish","has-post-thumbnail","hentry"],"yoast_head":"<!-- This site is optimized with the Yoast SEO plugin v27.1.1 - https:\/\/yoast.com\/product\/yoast-seo-wordpress\/ -->\n<title>Noves tecnologies, Internet i xarxes socials | Curell Su\u00f1ol<\/title>\n<meta name=\"robots\" content=\"index, follow, max-snippet:-1, max-image-preview:large, max-video-preview:-1\" \/>\n<link rel=\"canonical\" href=\"https:\/\/curell.com\/ca\/defensa-legal\/noves-tecnologies-internet-i-xarxes-socials\/\" \/>\n<meta property=\"og:locale\" content=\"ca_ES\" \/>\n<meta property=\"og:type\" content=\"article\" \/>\n<meta property=\"og:title\" content=\"Noves tecnologies, Internet i xarxes socials | Curell Su\u00f1ol\" \/>\n<meta property=\"og:description\" content=\"[vc_row css_animation=&#8221;&#8221; row_type=&#8221;row&#8221; use_row_as_full_screen_section=&#8221;no&#8221; type=&#8221;full_width&#8221; angled_section=&#8221;no&#8221; text_align=&#8221;left&#8221; background_image_as_pattern=&#8221;without_pattern&#8221; css=&#8221;.vc_custom_1663596501405{background-image: url(https:\/\/curell.com\/wp-content\/uploads\/2022\/08\/nuevas-tecnologias-e1663596407293.jpg?id=1158) !important;background-position: center !important;background-repeat: no-repeat !important;background-size: cover !important;}&#8221; z_index=&#8221;&#8221;][vc_column offset=&#8221;vc_hidden-xs&#8221;][vc_empty_space height=&#8221;170&#8243;][vc_column_text] Noves tecnologies, Internet i xarxes socials [\/vc_column_text][vc_empty_space height=&#8221;160&#8243;][\/vc_column][\/vc_row][vc_row css_animation=&#8221;&#8221; row_type=&#8221;row&#8221; use_row_as_full_screen_section=&#8221;no&#8221; type=&#8221;full_width&#8221; angled_section=&#8221;no&#8221; text_align=&#8221;left&#8221; background_image_as_pattern=&#8221;without_pattern&#8221; css=&#8221;.vc_custom_1662985562866{background-image: url(https:\/\/curell.com\/wp-content\/uploads\/2022\/08\/nuevas-tecnologias.jpg?id=1158) !important;background-position: center !important;background-repeat: no-repeat !important;background-size: cover !important;}&#8221; z_index=&#8221;&#8221;][vc_column...\" \/>\n<meta property=\"og:url\" content=\"https:\/\/curell.com\/ca\/defensa-legal\/noves-tecnologies-internet-i-xarxes-socials\/\" \/>\n<meta property=\"og:site_name\" content=\"Curell Su\u00f1ol\" \/>\n<meta property=\"article:modified_time\" content=\"2023-06-26T10:53:29+00:00\" \/>\n<meta property=\"og:image\" content=\"https:\/\/curell.com\/wp-content\/uploads\/2022\/08\/nuevas-tecnologias-e1663596407293.jpg\" \/>\n\t<meta property=\"og:image:width\" content=\"2300\" \/>\n\t<meta property=\"og:image:height\" content=\"1027\" \/>\n\t<meta property=\"og:image:type\" content=\"image\/jpeg\" \/>\n<meta name=\"twitter:card\" content=\"summary_large_image\" \/>\n<meta name=\"twitter:label1\" content=\"Temps estimat de lectura\" \/>\n\t<meta name=\"twitter:data1\" content=\"5 minuts\" \/>\n<script type=\"application\/ld+json\" class=\"yoast-schema-graph\">{\"@context\":\"https:\/\/schema.org\",\"@graph\":[{\"@type\":\"WebPage\",\"@id\":\"https:\/\/curell.com\/ca\/defensa-legal\/noves-tecnologies-internet-i-xarxes-socials\/\",\"url\":\"https:\/\/curell.com\/ca\/defensa-legal\/noves-tecnologies-internet-i-xarxes-socials\/\",\"name\":\"Noves tecnologies, Internet i xarxes socials | Curell Su\u00f1ol\",\"isPartOf\":{\"@id\":\"https:\/\/curell.com\/#website\"},\"primaryImageOfPage\":{\"@id\":\"https:\/\/curell.com\/ca\/defensa-legal\/noves-tecnologies-internet-i-xarxes-socials\/#primaryimage\"},\"image\":{\"@id\":\"https:\/\/curell.com\/ca\/defensa-legal\/noves-tecnologies-internet-i-xarxes-socials\/#primaryimage\"},\"thumbnailUrl\":\"https:\/\/curell.com\/wp-content\/uploads\/2022\/08\/nuevas-tecnologias-e1663596407293.jpg\",\"datePublished\":\"2022-09-12T09:30:54+00:00\",\"dateModified\":\"2023-06-26T10:53:29+00:00\",\"breadcrumb\":{\"@id\":\"https:\/\/curell.com\/ca\/defensa-legal\/noves-tecnologies-internet-i-xarxes-socials\/#breadcrumb\"},\"inLanguage\":\"ca\",\"potentialAction\":[{\"@type\":\"ReadAction\",\"target\":[\"https:\/\/curell.com\/ca\/defensa-legal\/noves-tecnologies-internet-i-xarxes-socials\/\"]}]},{\"@type\":\"ImageObject\",\"inLanguage\":\"ca\",\"@id\":\"https:\/\/curell.com\/ca\/defensa-legal\/noves-tecnologies-internet-i-xarxes-socials\/#primaryimage\",\"url\":\"https:\/\/curell.com\/wp-content\/uploads\/2022\/08\/nuevas-tecnologias-e1663596407293.jpg\",\"contentUrl\":\"https:\/\/curell.com\/wp-content\/uploads\/2022\/08\/nuevas-tecnologias-e1663596407293.jpg\",\"width\":2300,\"height\":1027,\"caption\":\"Businesswoman laptop using ,Social, media, Marketing concept \/ blue tone\"},{\"@type\":\"BreadcrumbList\",\"@id\":\"https:\/\/curell.com\/ca\/defensa-legal\/noves-tecnologies-internet-i-xarxes-socials\/#breadcrumb\",\"itemListElement\":[{\"@type\":\"ListItem\",\"position\":1,\"name\":\"Portada\",\"item\":\"https:\/\/curell.com\/ca\/\"},{\"@type\":\"ListItem\",\"position\":2,\"name\":\"Defensa Legal\",\"item\":\"https:\/\/curell.com\/ca\/defensa-legal\/\"},{\"@type\":\"ListItem\",\"position\":3,\"name\":\"Noves tecnologies, Internet i xarxes socials\"}]},{\"@type\":\"WebSite\",\"@id\":\"https:\/\/curell.com\/#website\",\"url\":\"https:\/\/curell.com\/\",\"name\":\"Curell Su\u00f1ol\",\"description\":\"Patentes, Marcas y Dise\u00f1os desde 1946\",\"publisher\":{\"@id\":\"https:\/\/curell.com\/#organization\"},\"potentialAction\":[{\"@type\":\"SearchAction\",\"target\":{\"@type\":\"EntryPoint\",\"urlTemplate\":\"https:\/\/curell.com\/?s={search_term_string}\"},\"query-input\":{\"@type\":\"PropertyValueSpecification\",\"valueRequired\":true,\"valueName\":\"search_term_string\"}}],\"inLanguage\":\"ca\"},{\"@type\":\"Organization\",\"@id\":\"https:\/\/curell.com\/#organization\",\"name\":\"Curell Su\u00f1ol\",\"url\":\"https:\/\/curell.com\/\",\"logo\":{\"@type\":\"ImageObject\",\"inLanguage\":\"ca\",\"@id\":\"https:\/\/curell.com\/#\/schema\/logo\/image\/\",\"url\":\"https:\/\/curell.com\/wp-content\/uploads\/2022\/10\/curell-3.png\",\"contentUrl\":\"https:\/\/curell.com\/wp-content\/uploads\/2022\/10\/curell-3.png\",\"width\":300,\"height\":70,\"caption\":\"Curell Su\u00f1ol\"},\"image\":{\"@id\":\"https:\/\/curell.com\/#\/schema\/logo\/image\/\"},\"sameAs\":[\"https:\/\/es.linkedin.com\/company\/curell-su-ol\",\"https:\/\/www.instagram.com\/curell.sunol\/\"]}]}<\/script>\n<!-- \/ Yoast SEO plugin. -->","yoast_head_json":{"title":"Noves tecnologies, Internet i xarxes socials | Curell Su\u00f1ol","robots":{"index":"index","follow":"follow","max-snippet":"max-snippet:-1","max-image-preview":"max-image-preview:large","max-video-preview":"max-video-preview:-1"},"canonical":"https:\/\/curell.com\/ca\/defensa-legal\/noves-tecnologies-internet-i-xarxes-socials\/","og_locale":"ca_ES","og_type":"article","og_title":"Noves tecnologies, Internet i xarxes socials | Curell Su\u00f1ol","og_description":"[vc_row css_animation=&#8221;&#8221; row_type=&#8221;row&#8221; use_row_as_full_screen_section=&#8221;no&#8221; type=&#8221;full_width&#8221; angled_section=&#8221;no&#8221; text_align=&#8221;left&#8221; background_image_as_pattern=&#8221;without_pattern&#8221; css=&#8221;.vc_custom_1663596501405{background-image: url(https:\/\/curell.com\/wp-content\/uploads\/2022\/08\/nuevas-tecnologias-e1663596407293.jpg?id=1158) !important;background-position: center !important;background-repeat: no-repeat !important;background-size: cover !important;}&#8221; z_index=&#8221;&#8221;][vc_column offset=&#8221;vc_hidden-xs&#8221;][vc_empty_space height=&#8221;170&#8243;][vc_column_text] Noves tecnologies, Internet i xarxes socials [\/vc_column_text][vc_empty_space height=&#8221;160&#8243;][\/vc_column][\/vc_row][vc_row css_animation=&#8221;&#8221; row_type=&#8221;row&#8221; use_row_as_full_screen_section=&#8221;no&#8221; type=&#8221;full_width&#8221; angled_section=&#8221;no&#8221; text_align=&#8221;left&#8221; background_image_as_pattern=&#8221;without_pattern&#8221; css=&#8221;.vc_custom_1662985562866{background-image: url(https:\/\/curell.com\/wp-content\/uploads\/2022\/08\/nuevas-tecnologias.jpg?id=1158) !important;background-position: center !important;background-repeat: no-repeat !important;background-size: cover !important;}&#8221; z_index=&#8221;&#8221;][vc_column...","og_url":"https:\/\/curell.com\/ca\/defensa-legal\/noves-tecnologies-internet-i-xarxes-socials\/","og_site_name":"Curell Su\u00f1ol","article_modified_time":"2023-06-26T10:53:29+00:00","og_image":[{"width":2300,"height":1027,"url":"https:\/\/curell.com\/wp-content\/uploads\/2022\/08\/nuevas-tecnologias-e1663596407293.jpg","type":"image\/jpeg"}],"twitter_card":"summary_large_image","twitter_misc":{"Temps estimat de lectura":"5 minuts"},"schema":{"@context":"https:\/\/schema.org","@graph":[{"@type":"WebPage","@id":"https:\/\/curell.com\/ca\/defensa-legal\/noves-tecnologies-internet-i-xarxes-socials\/","url":"https:\/\/curell.com\/ca\/defensa-legal\/noves-tecnologies-internet-i-xarxes-socials\/","name":"Noves tecnologies, Internet i xarxes socials | Curell Su\u00f1ol","isPartOf":{"@id":"https:\/\/curell.com\/#website"},"primaryImageOfPage":{"@id":"https:\/\/curell.com\/ca\/defensa-legal\/noves-tecnologies-internet-i-xarxes-socials\/#primaryimage"},"image":{"@id":"https:\/\/curell.com\/ca\/defensa-legal\/noves-tecnologies-internet-i-xarxes-socials\/#primaryimage"},"thumbnailUrl":"https:\/\/curell.com\/wp-content\/uploads\/2022\/08\/nuevas-tecnologias-e1663596407293.jpg","datePublished":"2022-09-12T09:30:54+00:00","dateModified":"2023-06-26T10:53:29+00:00","breadcrumb":{"@id":"https:\/\/curell.com\/ca\/defensa-legal\/noves-tecnologies-internet-i-xarxes-socials\/#breadcrumb"},"inLanguage":"ca","potentialAction":[{"@type":"ReadAction","target":["https:\/\/curell.com\/ca\/defensa-legal\/noves-tecnologies-internet-i-xarxes-socials\/"]}]},{"@type":"ImageObject","inLanguage":"ca","@id":"https:\/\/curell.com\/ca\/defensa-legal\/noves-tecnologies-internet-i-xarxes-socials\/#primaryimage","url":"https:\/\/curell.com\/wp-content\/uploads\/2022\/08\/nuevas-tecnologias-e1663596407293.jpg","contentUrl":"https:\/\/curell.com\/wp-content\/uploads\/2022\/08\/nuevas-tecnologias-e1663596407293.jpg","width":2300,"height":1027,"caption":"Businesswoman laptop using ,Social, media, Marketing concept \/ blue tone"},{"@type":"BreadcrumbList","@id":"https:\/\/curell.com\/ca\/defensa-legal\/noves-tecnologies-internet-i-xarxes-socials\/#breadcrumb","itemListElement":[{"@type":"ListItem","position":1,"name":"Portada","item":"https:\/\/curell.com\/ca\/"},{"@type":"ListItem","position":2,"name":"Defensa Legal","item":"https:\/\/curell.com\/ca\/defensa-legal\/"},{"@type":"ListItem","position":3,"name":"Noves tecnologies, Internet i xarxes socials"}]},{"@type":"WebSite","@id":"https:\/\/curell.com\/#website","url":"https:\/\/curell.com\/","name":"Curell Su\u00f1ol","description":"Patentes, Marcas y Dise\u00f1os desde 1946","publisher":{"@id":"https:\/\/curell.com\/#organization"},"potentialAction":[{"@type":"SearchAction","target":{"@type":"EntryPoint","urlTemplate":"https:\/\/curell.com\/?s={search_term_string}"},"query-input":{"@type":"PropertyValueSpecification","valueRequired":true,"valueName":"search_term_string"}}],"inLanguage":"ca"},{"@type":"Organization","@id":"https:\/\/curell.com\/#organization","name":"Curell Su\u00f1ol","url":"https:\/\/curell.com\/","logo":{"@type":"ImageObject","inLanguage":"ca","@id":"https:\/\/curell.com\/#\/schema\/logo\/image\/","url":"https:\/\/curell.com\/wp-content\/uploads\/2022\/10\/curell-3.png","contentUrl":"https:\/\/curell.com\/wp-content\/uploads\/2022\/10\/curell-3.png","width":300,"height":70,"caption":"Curell Su\u00f1ol"},"image":{"@id":"https:\/\/curell.com\/#\/schema\/logo\/image\/"},"sameAs":["https:\/\/es.linkedin.com\/company\/curell-su-ol","https:\/\/www.instagram.com\/curell.sunol\/"]}]}},"_links":{"self":[{"href":"https:\/\/curell.com\/ca\/wp-json\/wp\/v2\/pages\/3797","targetHints":{"allow":["GET"]}}],"collection":[{"href":"https:\/\/curell.com\/ca\/wp-json\/wp\/v2\/pages"}],"about":[{"href":"https:\/\/curell.com\/ca\/wp-json\/wp\/v2\/types\/page"}],"author":[{"embeddable":true,"href":"https:\/\/curell.com\/ca\/wp-json\/wp\/v2\/users\/2"}],"replies":[{"embeddable":true,"href":"https:\/\/curell.com\/ca\/wp-json\/wp\/v2\/comments?post=3797"}],"version-history":[{"count":11,"href":"https:\/\/curell.com\/ca\/wp-json\/wp\/v2\/pages\/3797\/revisions"}],"predecessor-version":[{"id":7217,"href":"https:\/\/curell.com\/ca\/wp-json\/wp\/v2\/pages\/3797\/revisions\/7217"}],"up":[{"embeddable":true,"href":"https:\/\/curell.com\/ca\/wp-json\/wp\/v2\/pages\/3807"}],"wp:featuredmedia":[{"embeddable":true,"href":"https:\/\/curell.com\/ca\/wp-json\/wp\/v2\/media\/2683"}],"wp:attachment":[{"href":"https:\/\/curell.com\/ca\/wp-json\/wp\/v2\/media?parent=3797"}],"curies":[{"name":"wp","href":"https:\/\/api.w.org\/{rel}","templated":true}]}}