{"id":3824,"date":"2022-01-27T19:46:12","date_gmt":"2022-01-27T19:46:12","guid":{"rendered":"https:\/\/curell.com\/?page_id=3824"},"modified":"2024-04-26T09:51:41","modified_gmt":"2024-04-26T09:51:41","slug":"responsabilitat-social-corporativa","status":"publish","type":"page","link":"https:\/\/curell.com\/ca\/responsabilitat-social-corporativa\/","title":{"rendered":"Responsabilitat social corporativa"},"content":{"rendered":"<div class=\"wpb-content-wrapper\"><p>[vc_row css_animation=&#8221;&#8221; row_type=&#8221;row&#8221; use_row_as_full_screen_section=&#8221;no&#8221; type=&#8221;full_width&#8221; angled_section=&#8221;no&#8221; text_align=&#8221;left&#8221; background_image_as_pattern=&#8221;without_pattern&#8221; css=&#8221;.vc_custom_1663170360019{background-image: url(https:\/\/curell.com\/wp-content\/uploads\/2022\/09\/estacio.jpg?id=1773) !important;background-position: center !important;background-repeat: no-repeat !important;background-size: cover !important;}&#8221; z_index=&#8221;&#8221;][vc_column][vc_empty_space height=&#8221;150&#8243;][vc_column_text]<\/p>\n<h1 style=\"text-align: center;\"><span style=\"color: #ffffff;\">Responsabilitat social corporativa<\/span><\/h1>\n<p>[\/vc_column_text][vc_empty_space height=&#8221;20&#8243;][vc_column_text]<\/p>\n<h2 style=\"text-align: center;\"><span style=\"color: #ffffff;\">Estem compromesos amb\u2026<\/span><\/h2>\n<p>[\/vc_column_text][vc_empty_space height=&#8221;150&#8243;][\/vc_column][\/vc_row][vc_row css_animation=&#8221;&#8221; row_type=&#8221;row&#8221; use_row_as_full_screen_section=&#8221;no&#8221; type=&#8221;full_width&#8221; angled_section=&#8221;no&#8221; text_align=&#8221;left&#8221; background_image_as_pattern=&#8221;without_pattern&#8221;][vc_column offset=&#8221;vc_hidden-xs&#8221;][vc_empty_space height=&#8221;50px&#8221;][\/vc_column][\/vc_row][vc_row css_animation=&#8221;&#8221; row_type=&#8221;row&#8221; use_row_as_full_screen_section=&#8221;no&#8221; type=&#8221;full_width&#8221; angled_section=&#8221;no&#8221; text_align=&#8221;left&#8221; background_image_as_pattern=&#8221;without_pattern&#8221;][vc_column][vc_empty_space height=&#8221;50px&#8221;][\/vc_column][\/vc_row][vc_row css_animation=&#8221;&#8221; row_type=&#8221;row&#8221; use_row_as_full_screen_section=&#8221;no&#8221; type=&#8221;grid&#8221; angled_section=&#8221;no&#8221; text_align=&#8221;left&#8221; background_image_as_pattern=&#8221;without_pattern&#8221; z_index=&#8221;&#8221;][vc_column offset=&#8221;vc_hidden-xs&#8221;][qode_elements_holder number_of_columns=&#8221;two_columns&#8221;][qode_elements_holder_item cover=&#8221;yes&#8221; advanced_animations=&#8221;no&#8221; background_image=&#8221;1126&#8243;][vc_empty_space height=&#8221;400px&#8221;][\/qode_elements_holder_item][qode_elements_holder_item vertical_alignment=&#8221;top&#8221; advanced_animations=&#8221;no&#8221; item_padding=&#8221;70px 80px 60px 70px&#8221; background_color=&#8221;#f7f7f7&#8243;][vc_column_text]<\/p>\n<h2>El nostre equip<\/h2>\n<p>[\/vc_column_text][vc_column_text]Considerem la igualtat, la diversitat i la inclusi\u00f3 una prioritat perqu\u00e8 creiem fermament en el valor de la interculturalitat dins l\u2019equip. Promovem la salut i el benestar de les persones a la feina per tal que pugui gaudir d\u2019un ritme de vida equilibrat. Facilitem el teletreball i oferim un horari flexible per a permetre la conciliaci\u00f3 familiar i la disposici\u00f3 de temps personal. Apliquem pol\u00edtiques de prevenci\u00f3 de riscos laborals i duem a terme peri\u00f2dicament avaluacions i activitats de formaci\u00f3 i prevenci\u00f3 en aspectes psicosocials i ergon\u00f2mics. Tamb\u00e9 oferim formaci\u00f3 cont\u00ednua en l\u2019aprenentatge de lleng\u00fces estrangeres i ofim\u00e0tica.[\/vc_column_text][\/qode_elements_holder_item][\/qode_elements_holder][\/vc_column][\/vc_row][vc_row css_animation=&#8221;&#8221; row_type=&#8221;row&#8221; use_row_as_full_screen_section=&#8221;no&#8221; type=&#8221;full_width&#8221; angled_section=&#8221;no&#8221; text_align=&#8221;left&#8221; background_image_as_pattern=&#8221;without_pattern&#8221; z_index=&#8221;&#8221; css=&#8221;.vc_custom_1663751269720{margin-right: 15px !important;margin-left: 15px !important;}&#8221;][vc_column css=&#8221;.vc_custom_1663751722578{background-color: #f7f7f7 !important;}&#8221; offset=&#8221;vc_hidden-lg vc_hidden-md vc_hidden-sm&#8221;][vc_single_image image=&#8221;1126&#8243; img_size=&#8221;full&#8221; qode_css_animation=&#8221;&#8221;][vc_empty_space height=&#8221;10&#8243;][vc_empty_space height=&#8221;10&#8243;][vc_column_text css=&#8221;.vc_custom_1666947805871{padding-left: 20px !important;}&#8221;]<\/p>\n<h2>El nostre equip<\/h2>\n<p>[\/vc_column_text][vc_column_text css=&#8221;.vc_custom_1667383520562{padding-left: 20px !important;}&#8221;]Considerem la igualtat, la diversitat i la inclusi\u00f3 una prioritat perqu\u00e8 creiem fermament en el valor de la interculturalitat dins l\u2019equip. Promovem la salut i el benestar de les persones a la feina per tal que pugui gaudir d\u2019un ritme de vida equilibrat. Facilitem el teletreball i oferim un horari flexible per a permetre la conciliaci\u00f3 familiar i la disposici\u00f3 de temps personal. Apliquem pol\u00edtiques de prevenci\u00f3 de riscos laborals i duem a terme peri\u00f2dicament avaluacions i activitats de formaci\u00f3 i prevenci\u00f3 en aspectes psicosocials i ergon\u00f2mics. Tamb\u00e9 oferim formaci\u00f3 cont\u00ednua en l\u2019aprenentatge de lleng\u00fces estrangeres i ofim\u00e0tica.[\/vc_column_text][vc_empty_space height=&#8221;35px&#8221;][\/vc_column][\/vc_row][vc_row css_animation=&#8221;&#8221; row_type=&#8221;row&#8221; use_row_as_full_screen_section=&#8221;no&#8221; type=&#8221;full_width&#8221; angled_section=&#8221;no&#8221; text_align=&#8221;left&#8221; background_image_as_pattern=&#8221;without_pattern&#8221;][vc_column][vc_empty_space height=&#8221;65px&#8221;][\/vc_column][\/vc_row][vc_row css_animation=&#8221;&#8221; row_type=&#8221;row&#8221; use_row_as_full_screen_section=&#8221;no&#8221; type=&#8221;full_width&#8221; angled_section=&#8221;no&#8221; text_align=&#8221;left&#8221; background_image_as_pattern=&#8221;without_pattern&#8221; z_index=&#8221;&#8221; css=&#8221;.vc_custom_1663751269720{margin-right: 15px !important;margin-left: 15px !important;}&#8221;][vc_column css=&#8221;.vc_custom_1663751782227{background-color: rgba(153,167,181,0.36) !important;*background-color: rgb(153,167,181) !important;}&#8221; offset=&#8221;vc_hidden-lg vc_hidden-md vc_hidden-sm&#8221;][vc_single_image image=&#8221;1343&#8243; img_size=&#8221;full&#8221; qode_css_animation=&#8221;&#8221;][vc_empty_space height=&#8221;10&#8243;][vc_empty_space height=&#8221;10&#8243;][vc_column_text css=&#8221;.vc_custom_1666610132197{padding-left: 20px !important;}&#8221;]<\/p>\n<h2>Causes solidaries<\/h2>\n<p>[\/vc_column_text][vc_column_text css=&#8221;.vc_custom_1714125074721{padding-left: 20px !important;}&#8221;]La junta de socis de CURELL SU\u00d1OL va decidir donar el 3% de la xifra de resultats anual a organitzacions socials. Col\u00b7laborem de forma permanent amb la FUNDACI\u00d3 ARRELS (entitat que assisteix i orienta persones sense llar que viuen als carrers de Barcelona), OXFAM INTERMON (ONG que treballa en projectes de cooperaci\u00f3 per al desenvolupament, acci\u00f3 humanit\u00e0ria, campanyes de mobilitzaci\u00f3 social i comer\u00e7 just) i puntualment amb altres organitzacions, com per exemple l\u2019ASSOCIACI\u00d3 ALBA (El Rosal, taller per a la inserci\u00f3 social, T\u00e0rrega), Can Cun\u00ed (Centre educatiu, Banyoles), CREU ROJA, OPEN ARMS (ONG destinada a salvar vides humanes al mar) i GhanABC (Projecte educatiu, Kofor\u00eddua, Ghana).[\/vc_column_text][vc_empty_space height=&#8221;35px&#8221;][\/vc_column][\/vc_row][vc_row css_animation=&#8221;&#8221; row_type=&#8221;row&#8221; use_row_as_full_screen_section=&#8221;no&#8221; type=&#8221;grid&#8221; angled_section=&#8221;no&#8221; text_align=&#8221;left&#8221; background_image_as_pattern=&#8221;without_pattern&#8221; z_index=&#8221;&#8221;][vc_column offset=&#8221;vc_hidden-xs&#8221;][qode_elements_holder number_of_columns=&#8221;two_columns&#8221;][qode_elements_holder_item vertical_alignment=&#8221;top&#8221; advanced_animations=&#8221;no&#8221; item_padding=&#8221;80px 80px 80px 60px&#8221; background_color=&#8221;rgba(153,167,181,0.36)&#8221;][vc_empty_space height=&#8221;15px&#8221;][vc_column_text]<\/p>\n<h2>Causes solid\u00e0ries<\/h2>\n<p>[\/vc_column_text][vc_column_text]La junta de socis de CURELL SU\u00d1OL va decidir donar el 3% de la xifra de resultats anual a organitzacions socials. Col\u00b7laborem de forma permanent amb la FUNDACI\u00d3 ARRELS (entitat que assisteix i orienta persones sense llar que viuen als carrers de Barcelona), OXFAM INTERMON (ONG que treballa en projectes de cooperaci\u00f3 per al desenvolupament, acci\u00f3 humanit\u00e0ria, campanyes de mobilitzaci\u00f3 social i comer\u00e7 just) i puntualment amb altres organitzacions, com per exemple l\u2019ASSOCIACI\u00d3 ALBA (El Rosal, taller per a la inserci\u00f3 social, T\u00e0rrega), Can Cun\u00ed (Centre educatiu, Banyoles), CREU ROJA, OPEN ARMS (ONG destinada a salvar vides humanes al mar) i GhanABC (Projecte educatiu, Kofor\u00eddua, Ghana).[\/vc_column_text][vc_empty_space height=&#8221;15px&#8221;][\/qode_elements_holder_item][qode_elements_holder_item cover=&#8221;yes&#8221; advanced_animations=&#8221;no&#8221; background_image=&#8221;1343&#8243;][vc_empty_space height=&#8221;400px&#8221;][\/qode_elements_holder_item][\/qode_elements_holder][\/vc_column][\/vc_row][vc_row css_animation=&#8221;&#8221; row_type=&#8221;row&#8221; use_row_as_full_screen_section=&#8221;no&#8221; type=&#8221;full_width&#8221; angled_section=&#8221;no&#8221; text_align=&#8221;left&#8221; background_image_as_pattern=&#8221;without_pattern&#8221;][vc_column][vc_empty_space height=&#8221;65px&#8221;][\/vc_column][\/vc_row][vc_row css_animation=&#8221;&#8221; row_type=&#8221;row&#8221; use_row_as_full_screen_section=&#8221;no&#8221; type=&#8221;full_width&#8221; angled_section=&#8221;no&#8221; text_align=&#8221;left&#8221; background_image_as_pattern=&#8221;without_pattern&#8221; z_index=&#8221;&#8221; css=&#8221;.vc_custom_1663751269720{margin-right: 15px !important;margin-left: 15px !important;}&#8221;][vc_column css=&#8221;.vc_custom_1663751923757{background-color: #bda45d !important;}&#8221; offset=&#8221;vc_hidden-lg vc_hidden-md vc_hidden-sm&#8221;][vc_single_image image=&#8221;1133&#8243; img_size=&#8221;full&#8221; qode_css_animation=&#8221;&#8221;][vc_empty_space height=&#8221;10&#8243;][vc_empty_space height=&#8221;10&#8243;][vc_column_text css=&#8221;.vc_custom_1666947870756{padding-left: 20px !important;}&#8221;]<\/p>\n<h2><span style=\"color: #ffffff;\">Treball pro bono<\/span><\/h2>\n<p>[\/vc_column_text][vc_column_text css=&#8221;.vc_custom_1667383562103{padding-left: 20px !important;}&#8221;]<span style=\"color: #ffffff;\">A m\u00e9s, treballem pro bono, entre altres, per a la FUNDACI\u00d3 ARRELS, assessorant en mat\u00e8ria de drets d\u2019autor i llic\u00e8ncies en els seus projectes Homeless Commons i Homeless Fonts, aix\u00ed com en altres iniciatives liter\u00e0ries o art\u00edstiques. Les fotografies utilitzades en els apartats \u201cCauses solid\u00e0ries\u201d, \u201cTreball pro bono\u201d i la de cap\u00e7alera d\u2019aquesta p\u00e0gina s\u00f3n del projecte Homeless Commons.<\/span>[\/vc_column_text][vc_empty_space height=&#8221;35px&#8221;][\/vc_column][\/vc_row][vc_row css_animation=&#8221;&#8221; row_type=&#8221;row&#8221; use_row_as_full_screen_section=&#8221;no&#8221; type=&#8221;grid&#8221; angled_section=&#8221;no&#8221; text_align=&#8221;left&#8221; background_image_as_pattern=&#8221;without_pattern&#8221; z_index=&#8221;&#8221;][vc_column offset=&#8221;vc_hidden-xs&#8221;][qode_elements_holder number_of_columns=&#8221;two_columns&#8221;][qode_elements_holder_item cover=&#8221;yes&#8221; advanced_animations=&#8221;no&#8221; background_image=&#8221;1133&#8243;][vc_empty_space height=&#8221;400px&#8221;][\/qode_elements_holder_item][qode_elements_holder_item vertical_alignment=&#8221;top&#8221; advanced_animations=&#8221;no&#8221; item_padding=&#8221;80px 80px 80px 80px&#8221; background_color=&#8221;#bda45d&#8221;][vc_empty_space height=&#8221;30px&#8221;][vc_empty_space height=&#8221;30px&#8221;][vc_column_text]<\/p>\n<h2><span style=\"color: #ffffff;\">Treball pro bono<\/span><\/h2>\n<p>[\/vc_column_text][vc_column_text]<span style=\"color: #ffffff;\">A m\u00e9s, treballem pro bono, entre altres, per a la FUNDACI\u00d3 ARRELS, assessorant en mat\u00e8ria de drets d\u2019autor i llic\u00e8ncies en els seus projectes Homeless Commons i Homeless Fonts, aix\u00ed com en altres iniciatives liter\u00e0ries o art\u00edstiques. Les fotografies utilitzades en els apartats \u201cCauses solid\u00e0ries\u201d, \u201cTreball pro bono\u201d i la de cap\u00e7alera d\u2019aquesta p\u00e0gina s\u00f3n del projecte Homeless Commons.<\/span>[\/vc_column_text][vc_empty_space height=&#8221;30px&#8221;][vc_empty_space height=&#8221;30px&#8221;][\/qode_elements_holder_item][\/qode_elements_holder][\/vc_column][\/vc_row][vc_row css_animation=&#8221;&#8221; row_type=&#8221;row&#8221; use_row_as_full_screen_section=&#8221;no&#8221; type=&#8221;full_width&#8221; angled_section=&#8221;no&#8221; text_align=&#8221;left&#8221; background_image_as_pattern=&#8221;without_pattern&#8221;][vc_column][vc_empty_space height=&#8221;65px&#8221;][\/vc_column][\/vc_row][vc_row css_animation=&#8221;&#8221; row_type=&#8221;row&#8221; use_row_as_full_screen_section=&#8221;no&#8221; type=&#8221;full_width&#8221; angled_section=&#8221;no&#8221; text_align=&#8221;left&#8221; background_image_as_pattern=&#8221;without_pattern&#8221; z_index=&#8221;&#8221; css=&#8221;.vc_custom_1663751269720{margin-right: 15px !important;margin-left: 15px !important;}&#8221;][vc_column css=&#8221;.vc_custom_1663752179476{background-color: #5a7288 !important;}&#8221; offset=&#8221;vc_hidden-lg vc_hidden-md vc_hidden-sm&#8221;][vc_single_image image=&#8221;1131&#8243; img_size=&#8221;full&#8221; qode_css_animation=&#8221;&#8221;][vc_empty_space height=&#8221;10&#8243;][vc_empty_space height=&#8221;10&#8243;][vc_column_text css=&#8221;.vc_custom_1666947914444{padding-left: 20px !important;}&#8221;]<\/p>\n<h2><span style=\"color: #ffffff;\">Medi ambient i sostenibilitat<\/span><\/h2>\n<p>[\/vc_column_text][vc_column_text css=&#8221;.vc_custom_1667383616768{padding-left: 20px !important;}&#8221;]<span style=\"color: #ffffff;\">Mirem de contribuir a la preservaci\u00f3 del medi ambient mitjan\u00e7ant conductes sostenibles d\u2019estalvi energ\u00e8tic, reutilitzaci\u00f3 i reciclatge, promovent pr\u00e0ctiques de residu zero amb l\u2019\u00fas de materials biodegradables i la conversi\u00f3 al model d\u2019oficina sense paper, que ha comportat una reducci\u00f3 substancial en el consum de paper, tinta i altres consumibles d\u2019impressora.<\/span><br \/>\n<span style=\"color: #ffffff;\">Des del 2017 estem rebent el certificat d\u2019empresa sostenible de l\u2019Ajuntament de Barcelona, en reconeixement d\u2019aquest comprom\u00eds per impulsar la consolidaci\u00f3 de pol\u00edtiques sostenibles i la reducci\u00f3 de la nostra petjada ambiental.<\/span>[\/vc_column_text][vc_empty_space height=&#8221;35px&#8221;][\/vc_column][\/vc_row][vc_row css_animation=&#8221;&#8221; row_type=&#8221;row&#8221; use_row_as_full_screen_section=&#8221;no&#8221; type=&#8221;grid&#8221; angled_section=&#8221;no&#8221; text_align=&#8221;left&#8221; background_image_as_pattern=&#8221;without_pattern&#8221; z_index=&#8221;&#8221;][vc_column offset=&#8221;vc_hidden-xs&#8221;][qode_elements_holder number_of_columns=&#8221;two_columns&#8221;][qode_elements_holder_item vertical_alignment=&#8221;top&#8221; advanced_animations=&#8221;no&#8221; item_padding=&#8221;60px 80px 60px 60px&#8221; background_color=&#8221;#5a7288&#8243;][vc_column_text]<\/p>\n<h2><span style=\"color: #ffffff;\">Medi ambient i sostenibilitat<\/span><\/h2>\n<p>[\/vc_column_text][vc_column_text]<span style=\"color: #ffffff;\">Mirem de contribuir a la preservaci\u00f3 del medi ambient mitjan\u00e7ant conductes sostenibles d\u2019estalvi energ\u00e8tic, reutilitzaci\u00f3 i reciclatge, promovent pr\u00e0ctiques de residu zero amb l\u2019\u00fas de materials biodegradables i la conversi\u00f3 al model d\u2019oficina sense paper, que ha comportat una reducci\u00f3 substancial en el consum de paper, tinta i altres consumibles d\u2019impressora.<\/span><br \/>\n<span style=\"color: #ffffff;\">Des del 2017 estem rebent el certificat d\u2019empresa sostenible de l\u2019Ajuntament de Barcelona, en reconeixement d\u2019aquest comprom\u00eds per impulsar la consolidaci\u00f3 de pol\u00edtiques sostenibles i la reducci\u00f3 de la nostra petjada ambiental.<\/span>[\/vc_column_text][\/qode_elements_holder_item][qode_elements_holder_item cover=&#8221;yes&#8221; advanced_animations=&#8221;no&#8221; background_image=&#8221;1131&#8243;][vc_empty_space height=&#8221;400px&#8221;][\/qode_elements_holder_item][\/qode_elements_holder][\/vc_column][\/vc_row][vc_row css_animation=&#8221;&#8221; row_type=&#8221;row&#8221; use_row_as_full_screen_section=&#8221;no&#8221; type=&#8221;full_width&#8221; angled_section=&#8221;no&#8221; text_align=&#8221;left&#8221; background_image_as_pattern=&#8221;without_pattern&#8221;][vc_column][vc_empty_space height=&#8221;110px&#8221;][\/vc_column][\/vc_row]<\/p>\n<\/div>","protected":false},"excerpt":{"rendered":"<p>[vc_row css_animation=&#8221;&#8221; row_type=&#8221;row&#8221; use_row_as_full_screen_section=&#8221;no&#8221; type=&#8221;full_width&#8221; angled_section=&#8221;no&#8221; text_align=&#8221;left&#8221; background_image_as_pattern=&#8221;without_pattern&#8221; css=&#8221;.vc_custom_1663170360019{background-image: url(https:\/\/curell.com\/wp-content\/uploads\/2022\/09\/estacio.jpg?id=1773) !important;background-position: center !important;background-repeat: no-repeat !important;background-size: cover !important;}&#8221; z_index=&#8221;&#8221;][vc_column][vc_empty_space height=&#8221;150&#8243;][vc_column_text] Responsabilitat social corporativa [\/vc_column_text][vc_empty_space height=&#8221;20&#8243;][vc_column_text] Estem compromesos amb\u2026 [\/vc_column_text][vc_empty_space height=&#8221;150&#8243;][\/vc_column][\/vc_row][vc_row css_animation=&#8221;&#8221; row_type=&#8221;row&#8221; use_row_as_full_screen_section=&#8221;no&#8221; type=&#8221;full_width&#8221; angled_section=&#8221;no&#8221; text_align=&#8221;left&#8221; background_image_as_pattern=&#8221;without_pattern&#8221;][vc_column offset=&#8221;vc_hidden-xs&#8221;][vc_empty_space height=&#8221;50px&#8221;][\/vc_column][\/vc_row][vc_row css_animation=&#8221;&#8221; row_type=&#8221;row&#8221; use_row_as_full_screen_section=&#8221;no&#8221; type=&#8221;full_width&#8221; angled_section=&#8221;no&#8221; text_align=&#8221;left&#8221; background_image_as_pattern=&#8221;without_pattern&#8221;][vc_column][vc_empty_space&#8230;<\/p>\n","protected":false},"author":2,"featured_media":2875,"parent":0,"menu_order":0,"comment_status":"closed","ping_status":"closed","template":"full_width.php","meta":{"footnotes":""},"class_list":["post-3824","page","type-page","status-publish","has-post-thumbnail","hentry"],"yoast_head":"<!-- This site is optimized with the Yoast SEO plugin v27.1.1 - https:\/\/yoast.com\/product\/yoast-seo-wordpress\/ -->\n<title>Responsabilitat social corporativa | Curell Su\u00f1ol<\/title>\n<meta name=\"robots\" content=\"index, follow, max-snippet:-1, max-image-preview:large, max-video-preview:-1\" \/>\n<link rel=\"canonical\" href=\"https:\/\/curell.com\/ca\/responsabilitat-social-corporativa\/\" \/>\n<meta property=\"og:locale\" content=\"ca_ES\" \/>\n<meta property=\"og:type\" content=\"article\" \/>\n<meta property=\"og:title\" content=\"Responsabilitat social corporativa | Curell Su\u00f1ol\" \/>\n<meta property=\"og:description\" content=\"[vc_row css_animation=&#8221;&#8221; row_type=&#8221;row&#8221; use_row_as_full_screen_section=&#8221;no&#8221; type=&#8221;full_width&#8221; angled_section=&#8221;no&#8221; text_align=&#8221;left&#8221; background_image_as_pattern=&#8221;without_pattern&#8221; css=&#8221;.vc_custom_1663170360019{background-image: url(https:\/\/curell.com\/wp-content\/uploads\/2022\/09\/estacio.jpg?id=1773) !important;background-position: center !important;background-repeat: no-repeat !important;background-size: cover !important;}&#8221; z_index=&#8221;&#8221;][vc_column][vc_empty_space height=&#8221;150&#8243;][vc_column_text] Responsabilitat social corporativa [\/vc_column_text][vc_empty_space height=&#8221;20&#8243;][vc_column_text] Estem compromesos amb\u2026 [\/vc_column_text][vc_empty_space height=&#8221;150&#8243;][\/vc_column][\/vc_row][vc_row css_animation=&#8221;&#8221; row_type=&#8221;row&#8221; use_row_as_full_screen_section=&#8221;no&#8221; type=&#8221;full_width&#8221; angled_section=&#8221;no&#8221; text_align=&#8221;left&#8221; background_image_as_pattern=&#8221;without_pattern&#8221;][vc_column offset=&#8221;vc_hidden-xs&#8221;][vc_empty_space height=&#8221;50px&#8221;][\/vc_column][\/vc_row][vc_row css_animation=&#8221;&#8221; row_type=&#8221;row&#8221; use_row_as_full_screen_section=&#8221;no&#8221; type=&#8221;full_width&#8221; angled_section=&#8221;no&#8221; text_align=&#8221;left&#8221; background_image_as_pattern=&#8221;without_pattern&#8221;][vc_column][vc_empty_space...\" \/>\n<meta property=\"og:url\" content=\"https:\/\/curell.com\/ca\/responsabilitat-social-corporativa\/\" \/>\n<meta property=\"og:site_name\" content=\"Curell Su\u00f1ol\" \/>\n<meta property=\"article:modified_time\" content=\"2024-04-26T09:51:41+00:00\" \/>\n<meta property=\"og:image\" content=\"https:\/\/curell.com\/wp-content\/uploads\/2022\/09\/responsabilidad.jpg\" \/>\n\t<meta property=\"og:image:width\" content=\"2000\" \/>\n\t<meta property=\"og:image:height\" content=\"865\" \/>\n\t<meta property=\"og:image:type\" content=\"image\/jpeg\" \/>\n<meta name=\"twitter:card\" content=\"summary_large_image\" \/>\n<meta name=\"twitter:label1\" content=\"Temps estimat de lectura\" \/>\n\t<meta name=\"twitter:data1\" content=\"7 minuts\" \/>\n<script type=\"application\/ld+json\" class=\"yoast-schema-graph\">{\"@context\":\"https:\/\/schema.org\",\"@graph\":[{\"@type\":\"WebPage\",\"@id\":\"https:\/\/curell.com\/ca\/responsabilitat-social-corporativa\/\",\"url\":\"https:\/\/curell.com\/ca\/responsabilitat-social-corporativa\/\",\"name\":\"Responsabilitat social corporativa | Curell Su\u00f1ol\",\"isPartOf\":{\"@id\":\"https:\/\/curell.com\/#website\"},\"primaryImageOfPage\":{\"@id\":\"https:\/\/curell.com\/ca\/responsabilitat-social-corporativa\/#primaryimage\"},\"image\":{\"@id\":\"https:\/\/curell.com\/ca\/responsabilitat-social-corporativa\/#primaryimage\"},\"thumbnailUrl\":\"https:\/\/curell.com\/wp-content\/uploads\/2022\/09\/responsabilidad.jpg\",\"datePublished\":\"2022-01-27T19:46:12+00:00\",\"dateModified\":\"2024-04-26T09:51:41+00:00\",\"breadcrumb\":{\"@id\":\"https:\/\/curell.com\/ca\/responsabilitat-social-corporativa\/#breadcrumb\"},\"inLanguage\":\"ca\",\"potentialAction\":[{\"@type\":\"ReadAction\",\"target\":[\"https:\/\/curell.com\/ca\/responsabilitat-social-corporativa\/\"]}]},{\"@type\":\"ImageObject\",\"inLanguage\":\"ca\",\"@id\":\"https:\/\/curell.com\/ca\/responsabilitat-social-corporativa\/#primaryimage\",\"url\":\"https:\/\/curell.com\/wp-content\/uploads\/2022\/09\/responsabilidad.jpg\",\"contentUrl\":\"https:\/\/curell.com\/wp-content\/uploads\/2022\/09\/responsabilidad.jpg\",\"width\":2000,\"height\":865},{\"@type\":\"BreadcrumbList\",\"@id\":\"https:\/\/curell.com\/ca\/responsabilitat-social-corporativa\/#breadcrumb\",\"itemListElement\":[{\"@type\":\"ListItem\",\"position\":1,\"name\":\"Portada\",\"item\":\"https:\/\/curell.com\/ca\/\"},{\"@type\":\"ListItem\",\"position\":2,\"name\":\"Responsabilitat social corporativa\"}]},{\"@type\":\"WebSite\",\"@id\":\"https:\/\/curell.com\/#website\",\"url\":\"https:\/\/curell.com\/\",\"name\":\"Curell Su\u00f1ol\",\"description\":\"Patentes, Marcas y Dise\u00f1os desde 1946\",\"publisher\":{\"@id\":\"https:\/\/curell.com\/#organization\"},\"potentialAction\":[{\"@type\":\"SearchAction\",\"target\":{\"@type\":\"EntryPoint\",\"urlTemplate\":\"https:\/\/curell.com\/?s={search_term_string}\"},\"query-input\":{\"@type\":\"PropertyValueSpecification\",\"valueRequired\":true,\"valueName\":\"search_term_string\"}}],\"inLanguage\":\"ca\"},{\"@type\":\"Organization\",\"@id\":\"https:\/\/curell.com\/#organization\",\"name\":\"Curell Su\u00f1ol\",\"url\":\"https:\/\/curell.com\/\",\"logo\":{\"@type\":\"ImageObject\",\"inLanguage\":\"ca\",\"@id\":\"https:\/\/curell.com\/#\/schema\/logo\/image\/\",\"url\":\"https:\/\/curell.com\/wp-content\/uploads\/2022\/10\/curell-3.png\",\"contentUrl\":\"https:\/\/curell.com\/wp-content\/uploads\/2022\/10\/curell-3.png\",\"width\":300,\"height\":70,\"caption\":\"Curell Su\u00f1ol\"},\"image\":{\"@id\":\"https:\/\/curell.com\/#\/schema\/logo\/image\/\"},\"sameAs\":[\"https:\/\/es.linkedin.com\/company\/curell-su-ol\",\"https:\/\/www.instagram.com\/curell.sunol\/\"]}]}<\/script>\n<!-- \/ Yoast SEO plugin. -->","yoast_head_json":{"title":"Responsabilitat social corporativa | Curell Su\u00f1ol","robots":{"index":"index","follow":"follow","max-snippet":"max-snippet:-1","max-image-preview":"max-image-preview:large","max-video-preview":"max-video-preview:-1"},"canonical":"https:\/\/curell.com\/ca\/responsabilitat-social-corporativa\/","og_locale":"ca_ES","og_type":"article","og_title":"Responsabilitat social corporativa | Curell Su\u00f1ol","og_description":"[vc_row css_animation=&#8221;&#8221; row_type=&#8221;row&#8221; use_row_as_full_screen_section=&#8221;no&#8221; type=&#8221;full_width&#8221; angled_section=&#8221;no&#8221; text_align=&#8221;left&#8221; background_image_as_pattern=&#8221;without_pattern&#8221; css=&#8221;.vc_custom_1663170360019{background-image: url(https:\/\/curell.com\/wp-content\/uploads\/2022\/09\/estacio.jpg?id=1773) !important;background-position: center !important;background-repeat: no-repeat !important;background-size: cover !important;}&#8221; z_index=&#8221;&#8221;][vc_column][vc_empty_space height=&#8221;150&#8243;][vc_column_text] Responsabilitat social corporativa [\/vc_column_text][vc_empty_space height=&#8221;20&#8243;][vc_column_text] Estem compromesos amb\u2026 [\/vc_column_text][vc_empty_space height=&#8221;150&#8243;][\/vc_column][\/vc_row][vc_row css_animation=&#8221;&#8221; row_type=&#8221;row&#8221; use_row_as_full_screen_section=&#8221;no&#8221; type=&#8221;full_width&#8221; angled_section=&#8221;no&#8221; text_align=&#8221;left&#8221; background_image_as_pattern=&#8221;without_pattern&#8221;][vc_column offset=&#8221;vc_hidden-xs&#8221;][vc_empty_space height=&#8221;50px&#8221;][\/vc_column][\/vc_row][vc_row css_animation=&#8221;&#8221; row_type=&#8221;row&#8221; use_row_as_full_screen_section=&#8221;no&#8221; type=&#8221;full_width&#8221; angled_section=&#8221;no&#8221; text_align=&#8221;left&#8221; background_image_as_pattern=&#8221;without_pattern&#8221;][vc_column][vc_empty_space...","og_url":"https:\/\/curell.com\/ca\/responsabilitat-social-corporativa\/","og_site_name":"Curell Su\u00f1ol","article_modified_time":"2024-04-26T09:51:41+00:00","og_image":[{"width":2000,"height":865,"url":"https:\/\/curell.com\/wp-content\/uploads\/2022\/09\/responsabilidad.jpg","type":"image\/jpeg"}],"twitter_card":"summary_large_image","twitter_misc":{"Temps estimat de lectura":"7 minuts"},"schema":{"@context":"https:\/\/schema.org","@graph":[{"@type":"WebPage","@id":"https:\/\/curell.com\/ca\/responsabilitat-social-corporativa\/","url":"https:\/\/curell.com\/ca\/responsabilitat-social-corporativa\/","name":"Responsabilitat social corporativa | Curell Su\u00f1ol","isPartOf":{"@id":"https:\/\/curell.com\/#website"},"primaryImageOfPage":{"@id":"https:\/\/curell.com\/ca\/responsabilitat-social-corporativa\/#primaryimage"},"image":{"@id":"https:\/\/curell.com\/ca\/responsabilitat-social-corporativa\/#primaryimage"},"thumbnailUrl":"https:\/\/curell.com\/wp-content\/uploads\/2022\/09\/responsabilidad.jpg","datePublished":"2022-01-27T19:46:12+00:00","dateModified":"2024-04-26T09:51:41+00:00","breadcrumb":{"@id":"https:\/\/curell.com\/ca\/responsabilitat-social-corporativa\/#breadcrumb"},"inLanguage":"ca","potentialAction":[{"@type":"ReadAction","target":["https:\/\/curell.com\/ca\/responsabilitat-social-corporativa\/"]}]},{"@type":"ImageObject","inLanguage":"ca","@id":"https:\/\/curell.com\/ca\/responsabilitat-social-corporativa\/#primaryimage","url":"https:\/\/curell.com\/wp-content\/uploads\/2022\/09\/responsabilidad.jpg","contentUrl":"https:\/\/curell.com\/wp-content\/uploads\/2022\/09\/responsabilidad.jpg","width":2000,"height":865},{"@type":"BreadcrumbList","@id":"https:\/\/curell.com\/ca\/responsabilitat-social-corporativa\/#breadcrumb","itemListElement":[{"@type":"ListItem","position":1,"name":"Portada","item":"https:\/\/curell.com\/ca\/"},{"@type":"ListItem","position":2,"name":"Responsabilitat social corporativa"}]},{"@type":"WebSite","@id":"https:\/\/curell.com\/#website","url":"https:\/\/curell.com\/","name":"Curell Su\u00f1ol","description":"Patentes, Marcas y Dise\u00f1os desde 1946","publisher":{"@id":"https:\/\/curell.com\/#organization"},"potentialAction":[{"@type":"SearchAction","target":{"@type":"EntryPoint","urlTemplate":"https:\/\/curell.com\/?s={search_term_string}"},"query-input":{"@type":"PropertyValueSpecification","valueRequired":true,"valueName":"search_term_string"}}],"inLanguage":"ca"},{"@type":"Organization","@id":"https:\/\/curell.com\/#organization","name":"Curell Su\u00f1ol","url":"https:\/\/curell.com\/","logo":{"@type":"ImageObject","inLanguage":"ca","@id":"https:\/\/curell.com\/#\/schema\/logo\/image\/","url":"https:\/\/curell.com\/wp-content\/uploads\/2022\/10\/curell-3.png","contentUrl":"https:\/\/curell.com\/wp-content\/uploads\/2022\/10\/curell-3.png","width":300,"height":70,"caption":"Curell Su\u00f1ol"},"image":{"@id":"https:\/\/curell.com\/#\/schema\/logo\/image\/"},"sameAs":["https:\/\/es.linkedin.com\/company\/curell-su-ol","https:\/\/www.instagram.com\/curell.sunol\/"]}]}},"_links":{"self":[{"href":"https:\/\/curell.com\/ca\/wp-json\/wp\/v2\/pages\/3824","targetHints":{"allow":["GET"]}}],"collection":[{"href":"https:\/\/curell.com\/ca\/wp-json\/wp\/v2\/pages"}],"about":[{"href":"https:\/\/curell.com\/ca\/wp-json\/wp\/v2\/types\/page"}],"author":[{"embeddable":true,"href":"https:\/\/curell.com\/ca\/wp-json\/wp\/v2\/users\/2"}],"replies":[{"embeddable":true,"href":"https:\/\/curell.com\/ca\/wp-json\/wp\/v2\/comments?post=3824"}],"version-history":[{"count":10,"href":"https:\/\/curell.com\/ca\/wp-json\/wp\/v2\/pages\/3824\/revisions"}],"predecessor-version":[{"id":8944,"href":"https:\/\/curell.com\/ca\/wp-json\/wp\/v2\/pages\/3824\/revisions\/8944"}],"wp:featuredmedia":[{"embeddable":true,"href":"https:\/\/curell.com\/ca\/wp-json\/wp\/v2\/media\/2875"}],"wp:attachment":[{"href":"https:\/\/curell.com\/ca\/wp-json\/wp\/v2\/media?parent=3824"}],"curies":[{"name":"wp","href":"https:\/\/api.w.org\/{rel}","templated":true}]}}