{"id":4003,"date":"2022-09-12T08:06:28","date_gmt":"2022-09-12T08:06:28","guid":{"rendered":"https:\/\/curell.com\/?page_id=4003"},"modified":"2023-06-26T09:15:27","modified_gmt":"2023-06-26T09:15:27","slug":"marques-i-noms-comercials","status":"publish","type":"page","link":"https:\/\/curell.com\/ca\/estrategia-de-proteccio\/marques-i-noms-comercials\/","title":{"rendered":"Marques i noms comercials"},"content":{"rendered":"<div class=\"wpb-content-wrapper\"><p>[vc_row css_animation=&#8221;&#8221; row_type=&#8221;row&#8221; use_row_as_full_screen_section=&#8221;no&#8221; type=&#8221;full_width&#8221; angled_section=&#8221;no&#8221; text_align=&#8221;left&#8221; background_image_as_pattern=&#8221;without_pattern&#8221; css=&#8221;.vc_custom_1663019007900{background-image: url(https:\/\/curell.com\/wp-content\/uploads\/2022\/07\/marcas.jpg?id=869) !important;background-position: center !important;background-repeat: no-repeat !important;background-size: cover !important;}&#8221; z_index=&#8221;&#8221;][vc_column offset=&#8221;vc_hidden-xs&#8221;][vc_empty_space height=&#8221;170&#8243;][vc_column_text]<\/p>\n<h1 style=\"text-align: center;\"><span style=\"color: #ffffff;\">Marques i noms comercials<\/span><\/h1>\n<p>[\/vc_column_text][vc_empty_space height=&#8221;160&#8243;][\/vc_column][\/vc_row][vc_row css_animation=&#8221;&#8221; row_type=&#8221;row&#8221; use_row_as_full_screen_section=&#8221;no&#8221; type=&#8221;full_width&#8221; angled_section=&#8221;no&#8221; text_align=&#8221;left&#8221; background_image_as_pattern=&#8221;without_pattern&#8221; css=&#8221;.vc_custom_1662984304136{background-image: url(https:\/\/curell.com\/wp-content\/uploads\/2022\/08\/marcas2.jpg?id=1120) !important;background-position: center !important;background-repeat: no-repeat !important;background-size: cover !important;}&#8221; z_index=&#8221;&#8221;][vc_column offset=&#8221;vc_hidden-lg vc_hidden-md vc_hidden-sm&#8221;][vc_empty_space height=&#8221;100&#8243;][vc_column_text]<\/p>\n<h1 style=\"text-align: center;\">Marques i noms comercials<\/h1>\n<p>[\/vc_column_text][vc_empty_space height=&#8221;90&#8243;][\/vc_column][\/vc_row][vc_row css_animation=&#8221;&#8221; row_type=&#8221;row&#8221; use_row_as_full_screen_section=&#8221;no&#8221; type=&#8221;full_width&#8221; angled_section=&#8221;no&#8221; text_align=&#8221;left&#8221; background_image_as_pattern=&#8221;without_pattern&#8221;][vc_column][vc_empty_space height=&#8221;70px&#8221;][\/vc_column][\/vc_row][vc_row css_animation=&#8221;&#8221; row_type=&#8221;row&#8221; use_row_as_full_screen_section=&#8221;no&#8221; type=&#8221;grid&#8221; angled_section=&#8221;no&#8221; text_align=&#8221;left&#8221; background_image_as_pattern=&#8221;without_pattern&#8221; z_index=&#8221;&#8221;][vc_column][vc_column_text]<\/p>\n<h2>Qu\u00e8 s\u00f3n les marques?<\/h2>\n<p>Una marca pot ser qualsevol paraula, frase, s\u00edmbol, dibuix o combinaci\u00f3 d&#8217;aquests elements que identifiqui uns determinats productes o serveis. Tamb\u00e9 poden constituir marca les formes tridimensionals, entre les quals s&#8217;inclouen els embolcalls, envasos i la forma del producte, els sons, els hologrames, els colors, etc. sempre que siguin susceptibles de representaci\u00f3 d&#8217;una forma clara i precisa.<\/p>\n<p>La marca \u00e9s el mitj\u00e0 que permet que els consumidors reconeguin en el mercat el producte o servei d&#8217;una empresa i el distingeixin dels d&#8217;altres empreses.<\/p>\n<p>El registre de la marca confereix uns drets d&#8217;exclusiva sobre el signe i permet al seu titular defensar-se enfront d&#8217;imitacions o falsificacions. No obstant aix\u00f2, el registre de la marca no confereix drets absoluts sobre el signe, sin\u00f3 que ho fa en relaci\u00f3 amb uns productes o serveis espec\u00edfics. A m\u00e9s, la protecci\u00f3 conferida \u00e9s territorial: una marca nacional espanyola cobreix el territori d&#8217;Espanya (incloses les Illes Balears, les Illes Can\u00e0ries, Ceuta i Melilla) i una marca de la Uni\u00f3 Europea cobreix els 27 pa\u00efsos d&#8217;aquesta. Pot sol\u00b7licitar-se protecci\u00f3 pa\u00eds per pa\u00eds o de manera unit\u00e0ria en aquelles regions que disposen d&#8217;un reglament com\u00fa; tamb\u00e9 existeix la marca internacional que compr\u00e8n m\u00e9s de 125 pa\u00efsos.<\/p>\n<p>Per tal que un signe sigui apte per al seu registre com a marca ha de ser distintiu, \u00e9s a dir que no ha d&#8217;estar format exclusivament per indicacions descriptives o gen\u00e8riques i ha de diferenciar-se de marques anteriors per a productes o serveis id\u00e8ntics o similars. Les marques amb un alt grau de creativitat s\u00f3n m\u00e9s eficaces i m\u00e9s f\u00e0cils de protegir que les marques al\u00b7lusives.<\/p>\n<p>El registre \u00e9s la via normal d&#8217;adquirir la protecci\u00f3 sobre una marca. No ho \u00e9s el simple \u00fas, excepte en el cas de signes que tinguin renom.<\/p>\n<p>El nom comercial tamb\u00e9 pot ser objecte de registre davant l&#8217;Oficina Espanyola de Patents i Marques. No t\u00e9 per qu\u00e8 coincidir amb el nom del seu titular i protegeix les activitats d&#8217;aquest.<\/p>\n<p>Tant les sol\u00b7licituds de registre de marca com les de nom comercial hauran de referir- se a productes i\/o serveis ordenats segons la Classificaci\u00f3 Internacional de Ni\u00e7a que cont\u00e9 45 Classes.<\/p>\n<p>Abans d&#8217;adoptar i sol\u00b7licitar el registre d&#8217;una marca o nom comercial \u00e9s important dur a terme una recerca d&#8217;anterioritats per a descartar que no hagi estat registrada, en forma id\u00e8ntica o similar, per un tercer. Cal l\u2019acc\u00e9s a bases de dades, p\u00fabiques i\/o privades, per a dur a terme aquestes recerques. Nosaltres tenim subscripcions a les m\u00e9s acurades, amb gran abast.<\/p>\n<p>Quan una marca est\u00e0 registrada, es pot utilitzar el s\u00edmbol \u00ae o \u201cmarca reg.\u201d per informar els tercers sobre la seva protecci\u00f3 registral i advertir-los de les conseq\u00fc\u00e8ncies que pot tenir infringir-la.[\/vc_column_text][\/vc_column][\/vc_row][vc_row css_animation=&#8221;&#8221; row_type=&#8221;row&#8221; use_row_as_full_screen_section=&#8221;no&#8221; type=&#8221;full_width&#8221; angled_section=&#8221;no&#8221; text_align=&#8221;left&#8221; background_image_as_pattern=&#8221;without_pattern&#8221;][vc_column][vc_empty_space height=&#8221;70px&#8221;][\/vc_column][\/vc_row][vc_row css_animation=&#8221;&#8221; row_type=&#8221;row&#8221; use_row_as_full_screen_section=&#8221;no&#8221; type=&#8221;grid&#8221; angled_section=&#8221;no&#8221; text_align=&#8221;left&#8221; background_image_as_pattern=&#8221;without_pattern&#8221; z_index=&#8221;&#8221;][vc_column offset=&#8221;vc_hidden-xs&#8221;][vc_row_inner row_type=&#8221;row&#8221; type=&#8221;full_width&#8221; text_align=&#8221;left&#8221; css_animation=&#8221;&#8221;][vc_column_inner width=&#8221;2\/3&#8243;][vc_column_text]<\/p>\n<h2 style=\"text-align: left;\">Com us podem ajudar?<\/h2>\n<p>[\/vc_column_text][\/vc_column_inner][vc_column_inner width=&#8221;1\/3&#8243;][\/vc_column_inner][\/vc_row_inner][vc_empty_space height=&#8221;30&#8243;][vc_row_inner row_type=&#8221;row&#8221; type=&#8221;full_width&#8221; text_align=&#8221;left&#8221; css_animation=&#8221;&#8221;][vc_column_inner width=&#8221;1\/2&#8243; css=&#8221;.vc_custom_1662395458687{border-top-width: 20px !important;border-right-width: 20px !important;border-bottom-width: 20px !important;border-left-width: 20px !important;padding-right: 40px !important;padding-left: 40px !important;background-color: #506378 !important;border-left-color: #ffffff !important;border-left-style: solid !important;border-right-color: #ffffff !important;border-right-style: solid !important;border-top-color: #ffffff !important;border-top-style: solid !important;border-bottom-color: #ffffff !important;border-bottom-style: solid !important;}&#8221;][vc_column_text]<\/p>\n<h6 style=\"text-align: left;\"><span style=\"color: #ffffff;\">Abans<\/span><\/h6>\n<p>[\/vc_column_text][vc_empty_space height=&#8221;10&#8243;][vc_column_text]<\/p>\n<ul>\n<li>Avaluaci\u00f3 de la idone\u00eftat del signe<\/li>\n<li>Recerca d\u2019anterioritats<\/li>\n<li>Assessorament previ d\u2019estrat\u00e8gia registral<\/li>\n<li>Estudi i redacci\u00f3 de la llista de productes i serveis<\/li>\n<\/ul>\n<p>[\/vc_column_text][vc_empty_space height=&#8221;40&#8243;][\/vc_column_inner][vc_column_inner width=&#8221;1\/2&#8243; css=&#8221;.vc_custom_1662395725435{border-top-width: 20px !important;border-right-width: 20px !important;border-bottom-width: 20px !important;border-left-width: 20px !important;padding-right: 40px !important;padding-left: 40px !important;background-color: #9298a7 !important;border-left-color: #ffffff !important;border-left-style: solid !important;border-right-color: #ffffff !important;border-right-style: solid !important;border-top-color: #ffffff !important;border-top-style: solid !important;border-bottom-color: #ffffff !important;border-bottom-style: solid !important;}&#8221;][vc_column_text]<\/p>\n<h6 style=\"text-align: left;\"><span style=\"color: #ffffff;\">Durant<\/span><\/h6>\n<p>[\/vc_column_text][vc_empty_space height=&#8221;10&#8243;][vc_column_text]<\/p>\n<ul>\n<li>Preparaci\u00f3 i presentaci\u00f3 de la sol\u00b7licitud de registre de marca o nom comercial<\/li>\n<li>Vigil\u00e0ncia de la tramitaci\u00f3<\/li>\n<li>En cas d\u2019objeccions o oposicions de tercers, estudi i defensa de la sol\u00b7licitud<\/li>\n<li>Obtenci\u00f3 del certificat de registre<\/li>\n<\/ul>\n<p>[\/vc_column_text][vc_empty_space height=&#8221;40&#8243;][\/vc_column_inner][\/vc_row_inner][\/vc_column][\/vc_row][vc_row css_animation=&#8221;&#8221; row_type=&#8221;row&#8221; use_row_as_full_screen_section=&#8221;no&#8221; type=&#8221;grid&#8221; angled_section=&#8221;no&#8221; text_align=&#8221;left&#8221; background_image_as_pattern=&#8221;without_pattern&#8221; z_index=&#8221;&#8221;][vc_column css=&#8221;.vc_custom_1662479933583{border-top-width: 20px !important;border-right-width: 20px !important;border-bottom-width: 20px !important;border-left-width: 20px !important;background-color: #bda45d !important;border-left-color: #ffffff !important;border-left-style: solid !important;border-right-color: #ffffff !important;border-right-style: solid !important;border-top-color: #ffffff !important;border-top-style: solid !important;border-bottom-color: #ffffff !important;border-bottom-style: solid !important;}&#8221; offset=&#8221;vc_hidden-xs&#8221;][vc_column_text css=&#8221;.vc_custom_1666783287503{padding-top: -10px !important;padding-left: 24px !important;}&#8221;]<\/p>\n<h6 style=\"text-align: left;\"><span style=\"color: #ffffff;\">Despr\u00e9s<\/span><\/h6>\n<p>[\/vc_column_text][vc_empty_space height=&#8221;10&#8243;][vc_row_inner row_type=&#8221;row&#8221; type=&#8221;full_width&#8221; text_align=&#8221;left&#8221; css_animation=&#8221;&#8221; css=&#8221;.vc_custom_1662396439791{margin-top: -32px !important;}&#8221;][vc_column_inner width=&#8221;1\/2&#8243; css=&#8221;.vc_custom_1662395934189{padding: 40px !important;}&#8221;][vc_column_text]<\/p>\n<ul>\n<li>Extensi\u00f3 internacional de la protecci\u00f3 de la marca<\/li>\n<li>Vigil\u00e0ncia de noves sol\u00b7licituds publicades<\/li>\n<li>Presentaci\u00f3 d\u2019oposici\u00f3 contra aquestes si perjudiquen els drets i interessos del client<\/li>\n<li>Vigil\u00e0ncia de la vida legal i enviament de recordatoris de renovaci\u00f3<\/li>\n<li>Preparaci\u00f3 de contractes de llic\u00e8ncia, cessi\u00f3 o altres<\/li>\n<li>Inscripci\u00f3 de contractes davant les autoritats corresponents<\/li>\n<\/ul>\n<p>[\/vc_column_text][\/vc_column_inner][vc_column_inner width=&#8221;1\/2&#8243; css=&#8221;.vc_custom_1662395982847{padding: 40px !important;}&#8221;][vc_column_text]<\/p>\n<ul>\n<li>Assessorament enfront de conductes infractores de tercers<\/li>\n<li>Enviament de requeriments i negociaci\u00f3 prejudicial<\/li>\n<li>Presentaci\u00f3 d\u2019accions de nul\u00b7litat i de caducitat administratives<\/li>\n<li>Direcci\u00f3 lletrada en litigis<\/li>\n<li>Peritatges judicials<\/li>\n<li>Avaluaci\u00f3 de carteres de marques<\/li>\n<\/ul>\n<p>[\/vc_column_text][\/vc_column_inner][\/vc_row_inner][\/vc_column][\/vc_row][vc_row css_animation=&#8221;&#8221; row_type=&#8221;row&#8221; use_row_as_full_screen_section=&#8221;no&#8221; type=&#8221;grid&#8221; angled_section=&#8221;no&#8221; text_align=&#8221;left&#8221; background_image_as_pattern=&#8221;without_pattern&#8221; z_index=&#8221;&#8221;][vc_column offset=&#8221;vc_hidden-lg vc_hidden-md vc_hidden-sm&#8221;][vc_column_text]<\/p>\n<h2 style=\"text-align: left;\">Com us podem ajudar?<\/h2>\n<p>[\/vc_column_text][vc_empty_space height=&#8221;60px&#8221;][\/vc_column][\/vc_row][vc_row css_animation=&#8221;&#8221; row_type=&#8221;row&#8221; use_row_as_full_screen_section=&#8221;no&#8221; type=&#8221;grid&#8221; angled_section=&#8221;no&#8221; text_align=&#8221;left&#8221; background_image_as_pattern=&#8221;without_pattern&#8221; z_index=&#8221;&#8221;][vc_column css=&#8221;.vc_custom_1662470634713{background-color: #506378 !important;}&#8221; offset=&#8221;vc_hidden-lg vc_hidden-md vc_hidden-sm&#8221;][vc_column_text css=&#8221;.vc_custom_1666783297584{margin-top: -10px !important;padding-left: 35px !important;}&#8221;]<\/p>\n<h6 style=\"text-align: left;\"><span style=\"color: #ffffff;\">Abans<\/span><\/h6>\n<p>[\/vc_column_text][vc_empty_space height=&#8221;10&#8243;][vc_column_text]<\/p>\n<ul>\n<li>Avaluaci\u00f3 de la idone\u00eftat del signe<\/li>\n<li>Recerca d\u2019anterioritats<\/li>\n<li>Assessorament previ d\u2019estrat\u00e8gia registral<\/li>\n<li>Estudi i redacci\u00f3 de la llista de productes i serveis<\/li>\n<\/ul>\n<p>[\/vc_column_text][vc_empty_space height=&#8221;35px&#8221;][\/vc_column][\/vc_row][vc_row css_animation=&#8221;&#8221; row_type=&#8221;row&#8221; use_row_as_full_screen_section=&#8221;no&#8221; type=&#8221;grid&#8221; angled_section=&#8221;no&#8221; text_align=&#8221;left&#8221; background_image_as_pattern=&#8221;without_pattern&#8221; z_index=&#8221;&#8221;][vc_column css=&#8221;.vc_custom_1662479405473{background-color: #9298a7 !important;}&#8221; offset=&#8221;vc_hidden-lg vc_hidden-md vc_hidden-sm&#8221;][vc_column_text css=&#8221;.vc_custom_1666783305008{margin-top: -10px !important;padding-left: 35px !important;}&#8221;]<\/p>\n<h6 style=\"text-align: left;\"><span style=\"color: #ffffff;\">Durant<\/span><\/h6>\n<p>[\/vc_column_text][vc_empty_space height=&#8221;10&#8243;][vc_column_text]<\/p>\n<ul>\n<li>Preparaci\u00f3 i presentaci\u00f3 de la sol\u00b7licitud de registre de marca o nom comercial<\/li>\n<li>Vigil\u00e0ncia de la tramitaci\u00f3<\/li>\n<li>En cas d\u2019objeccions o oposicions de tercers, estudi i defensa de la sol\u00b7licitud<\/li>\n<li>Obtenci\u00f3 del certificat de registre<\/li>\n<\/ul>\n<p>[\/vc_column_text][vc_empty_space height=&#8221;35px&#8221;][\/vc_column][\/vc_row][vc_row css_animation=&#8221;&#8221; row_type=&#8221;row&#8221; use_row_as_full_screen_section=&#8221;no&#8221; type=&#8221;grid&#8221; angled_section=&#8221;no&#8221; text_align=&#8221;left&#8221; background_image_as_pattern=&#8221;without_pattern&#8221; z_index=&#8221;&#8221;][vc_column css=&#8221;.vc_custom_1662479431802{background-color: #bda45d !important;}&#8221; offset=&#8221;vc_hidden-lg vc_hidden-md vc_hidden-sm&#8221;][vc_column_text css=&#8221;.vc_custom_1666783325619{margin-top: -10px !important;padding-left: 35px !important;}&#8221;]<\/p>\n<h6 style=\"text-align: left;\"><span style=\"color: #ffffff;\">Despr\u00e9s<\/span><\/h6>\n<p>[\/vc_column_text][vc_empty_space height=&#8221;10&#8243;][vc_column_text]<\/p>\n<ul>\n<li>Extensi\u00f3 internacional de la protecci\u00f3 de la marca<\/li>\n<li>Vigil\u00e0ncia de noves sol\u00b7licituds publicades<\/li>\n<li>Presentaci\u00f3 d\u2019oposici\u00f3 contra aquestes si perjudiquen els drets i interessos del client<\/li>\n<li>Vigil\u00e0ncia de la vida legal i enviament de recordatoris de renovaci\u00f3<\/li>\n<li>Preparaci\u00f3 de contractes de llic\u00e8ncia, cessi\u00f3 o altres<\/li>\n<li>Inscripci\u00f3 de contractes davant les autoritats corresponents<\/li>\n<li>Assessorament enfront de conductes infractores de tercers<\/li>\n<li>Enviament de requeriments i negociaci\u00f3 prejudicial<\/li>\n<li>Presentaci\u00f3 d\u2019accions de nul\u00b7litat i de caducitat administratives<\/li>\n<li>Direcci\u00f3 lletrada en litigis<\/li>\n<li>Peritatges judicials<\/li>\n<li>Avaluaci\u00f3 de carteres de marques<\/li>\n<\/ul>\n<p>[\/vc_column_text][vc_empty_space height=&#8221;35px&#8221;][\/vc_column][\/vc_row][vc_row css_animation=&#8221;&#8221; row_type=&#8221;row&#8221; use_row_as_full_screen_section=&#8221;no&#8221; type=&#8221;full_width&#8221; angled_section=&#8221;no&#8221; text_align=&#8221;left&#8221; background_image_as_pattern=&#8221;without_pattern&#8221;][vc_column][vc_empty_space height=&#8221;70px&#8221;][\/vc_column][\/vc_row][vc_row css_animation=&#8221;&#8221; row_type=&#8221;row&#8221; use_row_as_full_screen_section=&#8221;no&#8221; type=&#8221;full_width&#8221; angled_section=&#8221;no&#8221; text_align=&#8221;center&#8221; background_image_as_pattern=&#8221;without_pattern&#8221; css=&#8221;.vc_custom_1664528013061{background-color: #506378 !important;}&#8221; z_index=&#8221;&#8221;][vc_column][vc_empty_space height=&#8221;35px&#8221;][vc_column_text]<\/p>\n<h2 style=\"text-align: center;\"><span style=\"color: #ffffff;\">Envieu la vostra consulta i us respondrem el m\u00e9s aviat possible.<\/span><\/h2>\n<p>[\/vc_column_text][vc_empty_space height=&#8221;20px&#8221;][vc_column_text]<\/p>\n<h4 style=\"text-align: center;\"><span style=\"color: #ffffff;\">Sabem com acompanyar-vos en aquest proc\u00e9s.<\/span><\/h4>\n<p>[\/vc_column_text][vc_empty_space height=&#8221;35px&#8221;]<a  itemprop=\"url\" href=\"https:\/\/curell.com\/ca\/contacte\/\" target=\"_self\" data-hover-background-color=\"#ffffff\" data-hover-border-color=\"#ffffff\" data-hover-color=\"#bda45d\" class=\"qbutton  default\" style=\"color: #ffffff; border-color: #ffffff; background-color:#9298a7;\">CONTACTAR<\/a>[vc_empty_space height=&#8221;35px&#8221;][\/vc_column][\/vc_row][vc_row css_animation=&#8221;&#8221; row_type=&#8221;row&#8221; use_row_as_full_screen_section=&#8221;no&#8221; type=&#8221;full_width&#8221; angled_section=&#8221;no&#8221; text_align=&#8221;left&#8221; background_image_as_pattern=&#8221;without_pattern&#8221;][vc_column css=&#8221;.vc_custom_1663327194926{background-color: rgba(153,167,181,0.21) !important;*background-color: rgb(153,167,181) !important;}&#8221; offset=&#8221;vc_hidden-xs&#8221;][vc_empty_space height=&#8221;35px&#8221;][vc_column_text]<\/p>\n<h2 style=\"text-align: center;\">Serveis relacionats<\/h2>\n<p>[\/vc_column_text][vc_empty_space height=&#8221;45px&#8221;][vc_row_inner row_type=&#8221;row&#8221; type=&#8221;full_width&#8221; text_align=&#8221;center&#8221; css_animation=&#8221;&#8221; css=&#8221;.vc_custom_1663232531699{padding-right: 20% !important;padding-left: 20% !important;}&#8221;][vc_column_inner width=&#8221;1\/2&#8243;][vc_single_image image=&#8221;1116&#8243; img_size=&#8221;full&#8221; onclick=&#8221;custom_link&#8221; qode_css_animation=&#8221;&#8221; qode_hover_animation=&#8221;zoom_in&#8221; link=&#8221;https:\/\/curell.com\/ca\/estrategia-de-proteccio\/drets-dautor\/&#8221;][vc_empty_space height=&#8221;15&#8243;][vc_column_text]<\/p>\n<h3 style=\"text-align: center;\"><a href=\"https:\/\/curell.com\/ca\/estrategia-de-proteccio\/drets-dautor\/\">Drets d&#8217;Autor<\/a><\/h3>\n<p>[\/vc_column_text][\/vc_column_inner][vc_column_inner width=&#8221;1\/2&#8243;][vc_single_image image=&#8221;1156&#8243; img_size=&#8221;full&#8221; onclick=&#8221;custom_link&#8221; qode_css_animation=&#8221;&#8221; qode_hover_animation=&#8221;zoom_in&#8221; link=&#8221;https:\/\/curell.com\/ca\/defensa-legal\/litigis-arbitratge-i-mediacio\/&#8221;][vc_empty_space height=&#8221;15&#8243;][vc_column_text]<\/p>\n<h3 style=\"text-align: center;\"><a href=\"https:\/\/curell.com\/ca\/defensa-legal\/litigis-arbitratge-i-mediacio\/\">Litigis, arbitratge i mediaci\u00f3<\/a><\/h3>\n<p>[\/vc_column_text][\/vc_column_inner][\/vc_row_inner][vc_empty_space height=&#8221;55&#8243;][\/vc_column][\/vc_row][vc_row css_animation=&#8221;&#8221; row_type=&#8221;row&#8221; use_row_as_full_screen_section=&#8221;no&#8221; type=&#8221;full_width&#8221; angled_section=&#8221;no&#8221; text_align=&#8221;left&#8221; background_image_as_pattern=&#8221;without_pattern&#8221; z_index=&#8221;&#8221; css=&#8221;.vc_custom_1662480760515{padding-right: 40px !important;padding-left: 40px !important;}&#8221;][vc_column offset=&#8221;vc_hidden-lg vc_hidden-md vc_hidden-sm&#8221;][vc_empty_space height=&#8221;85&#8243;][vc_column_text]<\/p>\n<h2 style=\"text-align: center;\">Serveis relacionats<\/h2>\n<p>[\/vc_column_text][vc_empty_space height=&#8221;50&#8243;][vc_single_image image=&#8221;1116&#8243; img_size=&#8221;full&#8221; onclick=&#8221;custom_link&#8221; qode_css_animation=&#8221;&#8221; qode_hover_animation=&#8221;zoom_in&#8221; link=&#8221;https:\/\/curell.com\/ca\/estrategia-de-proteccio\/drets-dautor\/&#8221;][vc_column_text]<\/p>\n<p style=\"text-align: center;\"><strong><a href=\"https:\/\/curell.com\/ca\/estrategia-de-proteccio\/drets-dautor\/\">Drets d&#8217;Autor<\/a><\/strong><\/p>\n<p>[\/vc_column_text][vc_empty_space height=&#8221;50&#8243;][vc_single_image image=&#8221;1156&#8243; img_size=&#8221;full&#8221; onclick=&#8221;custom_link&#8221; qode_css_animation=&#8221;&#8221; qode_hover_animation=&#8221;zoom_in&#8221; link=&#8221;https:\/\/curell.com\/ca\/defensa-legal\/litigis-arbitratge-i-mediacio\/&#8221;][vc_column_text]<\/p>\n<p style=\"text-align: center;\"><strong><a href=\"https:\/\/curell.com\/ca\/defensa-legal\/litigis-arbitratge-i-mediacio\/\">Litigis, arbitratge i mediaci\u00f3<\/a><\/strong><\/p>\n<p>[\/vc_column_text][vc_empty_space height=&#8221;50&#8243;][vc_empty_space height=&#8221;50&#8243;][\/vc_column][\/vc_row][vc_row css_animation=&#8221;&#8221; row_type=&#8221;row&#8221; use_row_as_full_screen_section=&#8221;no&#8221; type=&#8221;grid&#8221; angled_section=&#8221;no&#8221; text_align=&#8221;center&#8221; background_image_as_pattern=&#8221;without_pattern&#8221; z_index=&#8221;&#8221;][vc_column][vc_empty_space height=&#8221;35px&#8221;][vc_column_text]<\/p>\n<h2 style=\"text-align: center;\">Not\u00edcies relacionades<\/h2>\n<p>[\/vc_column_text][vc_empty_space height=&#8221;45px&#8221;]\n<div class='latest_post_holder boxes two_columns one_row' >\n    <ul>\n    \n        <li class=\"clearfix\">\n            <div class=\"boxes_image\">\n                                <a itemprop=\"url\" href=\"https:\/\/curell.com\/ca\/la-proteccio-marcaria-taylors-version\/\"><img loading=\"lazy\" decoding=\"async\" width=\"539\" height=\"303\" src=\"https:\/\/curell.com\/wp-content\/uploads\/2024\/10\/propiedad-intelectual-taylor-swift-539x303.png\" class=\"attachment-latest_post_boxes size-latest_post_boxes wp-post-image\" alt=\"\" \/><\/a>\n            <\/div>\n            <div class=\"latest_post\"  >\n                <div class=\"latest_post_text\">\n                    <div class=\"latest_post_inner\">\n                        <div class=\"latest_post_text_inner\">\n                            <h4 itemprop=\"name\" class=\"latest_post_title entry_title\"><a itemprop=\"url\" href=\"https:\/\/curell.com\/ca\/la-proteccio-marcaria-taylors-version\/\">La protecci\u00f3 marcaria (Taylor\u2019s version)<\/a><\/h4>\n                            \n                            <span class=\"post_infos\">\n                                                                                                \n                                \n                                                            <\/span>\n                        <\/div>\n                    <\/div>\n                <\/div>\n            <\/div>\n        <\/li>\n    \n        <li class=\"clearfix\">\n            <div class=\"boxes_image\">\n                                <a itemprop=\"url\" href=\"https:\/\/curell.com\/ca\/topada-de-banyes-cabro-v-el-cabron\/\"><img loading=\"lazy\" decoding=\"async\" width=\"539\" height=\"303\" src=\"https:\/\/curell.com\/wp-content\/uploads\/2024\/10\/caso-marca-cabron-cabro-539x303.png\" class=\"attachment-latest_post_boxes size-latest_post_boxes wp-post-image\" alt=\"\" \/><\/a>\n            <\/div>\n            <div class=\"latest_post\"  >\n                <div class=\"latest_post_text\">\n                    <div class=\"latest_post_inner\">\n                        <div class=\"latest_post_text_inner\">\n                            <h4 itemprop=\"name\" class=\"latest_post_title entry_title\"><a itemprop=\"url\" href=\"https:\/\/curell.com\/ca\/topada-de-banyes-cabro-v-el-cabron\/\">Topada de banyes: CABR\u00d3 v. EL CABR\u00d3N<\/a><\/h4>\n                            \n                            <span class=\"post_infos\">\n                                                                                                \n                                \n                                                            <\/span>\n                        <\/div>\n                    <\/div>\n                <\/div>\n            <\/div>\n        <\/li>\n        <\/ul>\n<\/div>[vc_empty_space height=&#8221;45px&#8221;][vc_empty_space height=&#8221;55&#8243;][\/vc_column][\/vc_row][vc_row css_animation=&#8221;&#8221; row_type=&#8221;row&#8221; use_row_as_full_screen_section=&#8221;no&#8221; type=&#8221;grid&#8221; angled_section=&#8221;no&#8221; text_align=&#8221;center&#8221; background_image_as_pattern=&#8221;without_pattern&#8221; z_index=&#8221;&#8221;][vc_column css=&#8221;.vc_custom_1685616307532{background-color: rgba(255,255,255,0.21) !important;*background-color: rgb(255,255,255) !important;}&#8221; offset=&#8221;vc_hidden-lg vc_hidden-md vc_hidden-sm&#8221;][vc_empty_space height=&#8221;20px&#8221;][vc_column_text]<\/p>\n<h2 style=\"text-align: center;\">Not\u00edcies relacionades<\/h2>\n<p>[\/vc_column_text][vc_empty_space height=&#8221;45px&#8221;]\n<div class='latest_post_holder boxes two_columns one_row' >\n    <ul>\n    \n        <li class=\"clearfix\">\n            <div class=\"boxes_image\">\n                                <a itemprop=\"url\" href=\"https:\/\/curell.com\/ca\/la-proteccio-marcaria-taylors-version\/\"><img loading=\"lazy\" decoding=\"async\" width=\"539\" height=\"303\" src=\"https:\/\/curell.com\/wp-content\/uploads\/2024\/10\/propiedad-intelectual-taylor-swift-539x303.png\" class=\"attachment-latest_post_boxes size-latest_post_boxes wp-post-image\" alt=\"\" \/><\/a>\n            <\/div>\n            <div class=\"latest_post\"  >\n                <div class=\"latest_post_text\">\n                    <div class=\"latest_post_inner\">\n                        <div class=\"latest_post_text_inner\">\n                            <h4 itemprop=\"name\" class=\"latest_post_title entry_title\"><a itemprop=\"url\" href=\"https:\/\/curell.com\/ca\/la-proteccio-marcaria-taylors-version\/\">La protecci\u00f3 marcaria (Taylor\u2019s version)<\/a><\/h4>\n                            \n                            <span class=\"post_infos\">\n                                                                    <span class=\"date_hour_holder\">\n                                        <span itemprop=\"dateCreated\" class=\"date entry_date updated\">11 octubre, 2024 <meta itemprop=\"interactionCount\" content=\"UserComments: 0\"\/><\/span>\n                                    <\/span>\n                                                                                                \n                                \n                                                            <\/span>\n                        <\/div>\n                    <\/div>\n                <\/div>\n            <\/div>\n        <\/li>\n    \n        <li class=\"clearfix\">\n            <div class=\"boxes_image\">\n                                <a itemprop=\"url\" href=\"https:\/\/curell.com\/ca\/topada-de-banyes-cabro-v-el-cabron\/\"><img loading=\"lazy\" decoding=\"async\" width=\"539\" height=\"303\" src=\"https:\/\/curell.com\/wp-content\/uploads\/2024\/10\/caso-marca-cabron-cabro-539x303.png\" class=\"attachment-latest_post_boxes size-latest_post_boxes wp-post-image\" alt=\"\" \/><\/a>\n            <\/div>\n            <div class=\"latest_post\"  >\n                <div class=\"latest_post_text\">\n                    <div class=\"latest_post_inner\">\n                        <div class=\"latest_post_text_inner\">\n                            <h4 itemprop=\"name\" class=\"latest_post_title entry_title\"><a itemprop=\"url\" href=\"https:\/\/curell.com\/ca\/topada-de-banyes-cabro-v-el-cabron\/\">Topada de banyes: CABR\u00d3 v. EL CABR\u00d3N<\/a><\/h4>\n                            \n                            <span class=\"post_infos\">\n                                                                    <span class=\"date_hour_holder\">\n                                        <span itemprop=\"dateCreated\" class=\"date entry_date updated\">03 octubre, 2024 <meta itemprop=\"interactionCount\" content=\"UserComments: 0\"\/><\/span>\n                                    <\/span>\n                                                                                                \n                                \n                                                            <\/span>\n                        <\/div>\n                    <\/div>\n                <\/div>\n            <\/div>\n        <\/li>\n        <\/ul>\n<\/div>[vc_empty_space height=&#8221;45px&#8221;][vc_empty_space height=&#8221;20&#8243;][\/vc_column][\/vc_row]<\/p>\n<\/div>","protected":false},"excerpt":{"rendered":"<p>[vc_row css_animation=&#8221;&#8221; row_type=&#8221;row&#8221; use_row_as_full_screen_section=&#8221;no&#8221; type=&#8221;full_width&#8221; angled_section=&#8221;no&#8221; text_align=&#8221;left&#8221; background_image_as_pattern=&#8221;without_pattern&#8221; css=&#8221;.vc_custom_1663019007900{background-image: url(https:\/\/curell.com\/wp-content\/uploads\/2022\/07\/marcas.jpg?id=869) !important;background-position: center !important;background-repeat: no-repeat !important;background-size: cover !important;}&#8221; z_index=&#8221;&#8221;][vc_column offset=&#8221;vc_hidden-xs&#8221;][vc_empty_space height=&#8221;170&#8243;][vc_column_text] Marques i noms comercials [\/vc_column_text][vc_empty_space height=&#8221;160&#8243;][\/vc_column][\/vc_row][vc_row css_animation=&#8221;&#8221; row_type=&#8221;row&#8221; use_row_as_full_screen_section=&#8221;no&#8221; type=&#8221;full_width&#8221; angled_section=&#8221;no&#8221; text_align=&#8221;left&#8221; background_image_as_pattern=&#8221;without_pattern&#8221; css=&#8221;.vc_custom_1662984304136{background-image: url(https:\/\/curell.com\/wp-content\/uploads\/2022\/08\/marcas2.jpg?id=1120) !important;background-position: center !important;background-repeat: no-repeat !important;background-size: cover !important;}&#8221; z_index=&#8221;&#8221;][vc_column offset=&#8221;vc_hidden-lg vc_hidden-md&#8230;<\/p>\n","protected":false},"author":2,"featured_media":2603,"parent":3991,"menu_order":0,"comment_status":"closed","ping_status":"closed","template":"full_width.php","meta":{"footnotes":""},"class_list":["post-4003","page","type-page","status-publish","has-post-thumbnail","hentry"],"yoast_head":"<!-- This site is optimized with the Yoast SEO plugin v27.1.1 - https:\/\/yoast.com\/product\/yoast-seo-wordpress\/ -->\n<title>Marques i noms comercials | Curell Su\u00f1ol<\/title>\n<meta name=\"robots\" content=\"index, follow, max-snippet:-1, max-image-preview:large, max-video-preview:-1\" \/>\n<link rel=\"canonical\" href=\"https:\/\/curell.com\/ca\/estrategia-de-proteccio\/marques-i-noms-comercials\/\" \/>\n<meta property=\"og:locale\" content=\"ca_ES\" \/>\n<meta property=\"og:type\" content=\"article\" \/>\n<meta property=\"og:title\" content=\"Marques i noms comercials | Curell Su\u00f1ol\" \/>\n<meta property=\"og:description\" content=\"[vc_row css_animation=&#8221;&#8221; row_type=&#8221;row&#8221; use_row_as_full_screen_section=&#8221;no&#8221; type=&#8221;full_width&#8221; angled_section=&#8221;no&#8221; text_align=&#8221;left&#8221; background_image_as_pattern=&#8221;without_pattern&#8221; css=&#8221;.vc_custom_1663019007900{background-image: url(https:\/\/curell.com\/wp-content\/uploads\/2022\/07\/marcas.jpg?id=869) !important;background-position: center !important;background-repeat: no-repeat !important;background-size: cover !important;}&#8221; z_index=&#8221;&#8221;][vc_column offset=&#8221;vc_hidden-xs&#8221;][vc_empty_space height=&#8221;170&#8243;][vc_column_text] Marques i noms comercials [\/vc_column_text][vc_empty_space height=&#8221;160&#8243;][\/vc_column][\/vc_row][vc_row css_animation=&#8221;&#8221; row_type=&#8221;row&#8221; use_row_as_full_screen_section=&#8221;no&#8221; type=&#8221;full_width&#8221; angled_section=&#8221;no&#8221; text_align=&#8221;left&#8221; background_image_as_pattern=&#8221;without_pattern&#8221; css=&#8221;.vc_custom_1662984304136{background-image: url(https:\/\/curell.com\/wp-content\/uploads\/2022\/08\/marcas2.jpg?id=1120) !important;background-position: center !important;background-repeat: no-repeat !important;background-size: cover !important;}&#8221; z_index=&#8221;&#8221;][vc_column offset=&#8221;vc_hidden-lg vc_hidden-md...\" \/>\n<meta property=\"og:url\" content=\"https:\/\/curell.com\/ca\/estrategia-de-proteccio\/marques-i-noms-comercials\/\" \/>\n<meta property=\"og:site_name\" content=\"Curell Su\u00f1ol\" \/>\n<meta property=\"article:modified_time\" content=\"2023-06-26T09:15:27+00:00\" \/>\n<meta property=\"og:image\" content=\"https:\/\/curell.com\/wp-content\/uploads\/2022\/07\/marcas.jpg\" \/>\n\t<meta property=\"og:image:width\" content=\"800\" \/>\n\t<meta property=\"og:image:height\" content=\"533\" \/>\n\t<meta property=\"og:image:type\" content=\"image\/jpeg\" \/>\n<meta name=\"twitter:card\" content=\"summary_large_image\" \/>\n<meta name=\"twitter:label1\" content=\"Temps estimat de lectura\" \/>\n\t<meta name=\"twitter:data1\" content=\"6 minuts\" \/>\n<script type=\"application\/ld+json\" class=\"yoast-schema-graph\">{\"@context\":\"https:\/\/schema.org\",\"@graph\":[{\"@type\":\"WebPage\",\"@id\":\"https:\/\/curell.com\/ca\/estrategia-de-proteccio\/marques-i-noms-comercials\/\",\"url\":\"https:\/\/curell.com\/ca\/estrategia-de-proteccio\/marques-i-noms-comercials\/\",\"name\":\"Marques i noms comercials | Curell Su\u00f1ol\",\"isPartOf\":{\"@id\":\"https:\/\/curell.com\/#website\"},\"primaryImageOfPage\":{\"@id\":\"https:\/\/curell.com\/ca\/estrategia-de-proteccio\/marques-i-noms-comercials\/#primaryimage\"},\"image\":{\"@id\":\"https:\/\/curell.com\/ca\/estrategia-de-proteccio\/marques-i-noms-comercials\/#primaryimage\"},\"thumbnailUrl\":\"https:\/\/curell.com\/wp-content\/uploads\/2022\/07\/marcas.jpg\",\"datePublished\":\"2022-09-12T08:06:28+00:00\",\"dateModified\":\"2023-06-26T09:15:27+00:00\",\"breadcrumb\":{\"@id\":\"https:\/\/curell.com\/ca\/estrategia-de-proteccio\/marques-i-noms-comercials\/#breadcrumb\"},\"inLanguage\":\"ca\",\"potentialAction\":[{\"@type\":\"ReadAction\",\"target\":[\"https:\/\/curell.com\/ca\/estrategia-de-proteccio\/marques-i-noms-comercials\/\"]}]},{\"@type\":\"ImageObject\",\"inLanguage\":\"ca\",\"@id\":\"https:\/\/curell.com\/ca\/estrategia-de-proteccio\/marques-i-noms-comercials\/#primaryimage\",\"url\":\"https:\/\/curell.com\/wp-content\/uploads\/2022\/07\/marcas.jpg\",\"contentUrl\":\"https:\/\/curell.com\/wp-content\/uploads\/2022\/07\/marcas.jpg\",\"width\":800,\"height\":533,\"caption\":\"Test tubes closeup.medical glassware\"},{\"@type\":\"BreadcrumbList\",\"@id\":\"https:\/\/curell.com\/ca\/estrategia-de-proteccio\/marques-i-noms-comercials\/#breadcrumb\",\"itemListElement\":[{\"@type\":\"ListItem\",\"position\":1,\"name\":\"Portada\",\"item\":\"https:\/\/curell.com\/ca\/\"},{\"@type\":\"ListItem\",\"position\":2,\"name\":\"Estrat\u00e8gia de protecci\u00f3\",\"item\":\"https:\/\/curell.com\/ca\/estrategia-de-proteccio\/\"},{\"@type\":\"ListItem\",\"position\":3,\"name\":\"Marques i noms comercials\"}]},{\"@type\":\"WebSite\",\"@id\":\"https:\/\/curell.com\/#website\",\"url\":\"https:\/\/curell.com\/\",\"name\":\"Curell Su\u00f1ol\",\"description\":\"Patentes, Marcas y Dise\u00f1os desde 1946\",\"publisher\":{\"@id\":\"https:\/\/curell.com\/#organization\"},\"potentialAction\":[{\"@type\":\"SearchAction\",\"target\":{\"@type\":\"EntryPoint\",\"urlTemplate\":\"https:\/\/curell.com\/?s={search_term_string}\"},\"query-input\":{\"@type\":\"PropertyValueSpecification\",\"valueRequired\":true,\"valueName\":\"search_term_string\"}}],\"inLanguage\":\"ca\"},{\"@type\":\"Organization\",\"@id\":\"https:\/\/curell.com\/#organization\",\"name\":\"Curell Su\u00f1ol\",\"url\":\"https:\/\/curell.com\/\",\"logo\":{\"@type\":\"ImageObject\",\"inLanguage\":\"ca\",\"@id\":\"https:\/\/curell.com\/#\/schema\/logo\/image\/\",\"url\":\"https:\/\/curell.com\/wp-content\/uploads\/2022\/10\/curell-3.png\",\"contentUrl\":\"https:\/\/curell.com\/wp-content\/uploads\/2022\/10\/curell-3.png\",\"width\":300,\"height\":70,\"caption\":\"Curell Su\u00f1ol\"},\"image\":{\"@id\":\"https:\/\/curell.com\/#\/schema\/logo\/image\/\"},\"sameAs\":[\"https:\/\/es.linkedin.com\/company\/curell-su-ol\",\"https:\/\/www.instagram.com\/curell.sunol\/\"]}]}<\/script>\n<!-- \/ Yoast SEO plugin. -->","yoast_head_json":{"title":"Marques i noms comercials | Curell Su\u00f1ol","robots":{"index":"index","follow":"follow","max-snippet":"max-snippet:-1","max-image-preview":"max-image-preview:large","max-video-preview":"max-video-preview:-1"},"canonical":"https:\/\/curell.com\/ca\/estrategia-de-proteccio\/marques-i-noms-comercials\/","og_locale":"ca_ES","og_type":"article","og_title":"Marques i noms comercials | Curell Su\u00f1ol","og_description":"[vc_row css_animation=&#8221;&#8221; row_type=&#8221;row&#8221; use_row_as_full_screen_section=&#8221;no&#8221; type=&#8221;full_width&#8221; angled_section=&#8221;no&#8221; text_align=&#8221;left&#8221; background_image_as_pattern=&#8221;without_pattern&#8221; css=&#8221;.vc_custom_1663019007900{background-image: url(https:\/\/curell.com\/wp-content\/uploads\/2022\/07\/marcas.jpg?id=869) !important;background-position: center !important;background-repeat: no-repeat !important;background-size: cover !important;}&#8221; z_index=&#8221;&#8221;][vc_column offset=&#8221;vc_hidden-xs&#8221;][vc_empty_space height=&#8221;170&#8243;][vc_column_text] Marques i noms comercials [\/vc_column_text][vc_empty_space height=&#8221;160&#8243;][\/vc_column][\/vc_row][vc_row css_animation=&#8221;&#8221; row_type=&#8221;row&#8221; use_row_as_full_screen_section=&#8221;no&#8221; type=&#8221;full_width&#8221; angled_section=&#8221;no&#8221; text_align=&#8221;left&#8221; background_image_as_pattern=&#8221;without_pattern&#8221; css=&#8221;.vc_custom_1662984304136{background-image: url(https:\/\/curell.com\/wp-content\/uploads\/2022\/08\/marcas2.jpg?id=1120) !important;background-position: center !important;background-repeat: no-repeat !important;background-size: cover !important;}&#8221; z_index=&#8221;&#8221;][vc_column offset=&#8221;vc_hidden-lg vc_hidden-md...","og_url":"https:\/\/curell.com\/ca\/estrategia-de-proteccio\/marques-i-noms-comercials\/","og_site_name":"Curell Su\u00f1ol","article_modified_time":"2023-06-26T09:15:27+00:00","og_image":[{"width":800,"height":533,"url":"https:\/\/curell.com\/wp-content\/uploads\/2022\/07\/marcas.jpg","type":"image\/jpeg"}],"twitter_card":"summary_large_image","twitter_misc":{"Temps estimat de lectura":"6 minuts"},"schema":{"@context":"https:\/\/schema.org","@graph":[{"@type":"WebPage","@id":"https:\/\/curell.com\/ca\/estrategia-de-proteccio\/marques-i-noms-comercials\/","url":"https:\/\/curell.com\/ca\/estrategia-de-proteccio\/marques-i-noms-comercials\/","name":"Marques i noms comercials | Curell Su\u00f1ol","isPartOf":{"@id":"https:\/\/curell.com\/#website"},"primaryImageOfPage":{"@id":"https:\/\/curell.com\/ca\/estrategia-de-proteccio\/marques-i-noms-comercials\/#primaryimage"},"image":{"@id":"https:\/\/curell.com\/ca\/estrategia-de-proteccio\/marques-i-noms-comercials\/#primaryimage"},"thumbnailUrl":"https:\/\/curell.com\/wp-content\/uploads\/2022\/07\/marcas.jpg","datePublished":"2022-09-12T08:06:28+00:00","dateModified":"2023-06-26T09:15:27+00:00","breadcrumb":{"@id":"https:\/\/curell.com\/ca\/estrategia-de-proteccio\/marques-i-noms-comercials\/#breadcrumb"},"inLanguage":"ca","potentialAction":[{"@type":"ReadAction","target":["https:\/\/curell.com\/ca\/estrategia-de-proteccio\/marques-i-noms-comercials\/"]}]},{"@type":"ImageObject","inLanguage":"ca","@id":"https:\/\/curell.com\/ca\/estrategia-de-proteccio\/marques-i-noms-comercials\/#primaryimage","url":"https:\/\/curell.com\/wp-content\/uploads\/2022\/07\/marcas.jpg","contentUrl":"https:\/\/curell.com\/wp-content\/uploads\/2022\/07\/marcas.jpg","width":800,"height":533,"caption":"Test tubes closeup.medical glassware"},{"@type":"BreadcrumbList","@id":"https:\/\/curell.com\/ca\/estrategia-de-proteccio\/marques-i-noms-comercials\/#breadcrumb","itemListElement":[{"@type":"ListItem","position":1,"name":"Portada","item":"https:\/\/curell.com\/ca\/"},{"@type":"ListItem","position":2,"name":"Estrat\u00e8gia de protecci\u00f3","item":"https:\/\/curell.com\/ca\/estrategia-de-proteccio\/"},{"@type":"ListItem","position":3,"name":"Marques i noms comercials"}]},{"@type":"WebSite","@id":"https:\/\/curell.com\/#website","url":"https:\/\/curell.com\/","name":"Curell Su\u00f1ol","description":"Patentes, Marcas y Dise\u00f1os desde 1946","publisher":{"@id":"https:\/\/curell.com\/#organization"},"potentialAction":[{"@type":"SearchAction","target":{"@type":"EntryPoint","urlTemplate":"https:\/\/curell.com\/?s={search_term_string}"},"query-input":{"@type":"PropertyValueSpecification","valueRequired":true,"valueName":"search_term_string"}}],"inLanguage":"ca"},{"@type":"Organization","@id":"https:\/\/curell.com\/#organization","name":"Curell Su\u00f1ol","url":"https:\/\/curell.com\/","logo":{"@type":"ImageObject","inLanguage":"ca","@id":"https:\/\/curell.com\/#\/schema\/logo\/image\/","url":"https:\/\/curell.com\/wp-content\/uploads\/2022\/10\/curell-3.png","contentUrl":"https:\/\/curell.com\/wp-content\/uploads\/2022\/10\/curell-3.png","width":300,"height":70,"caption":"Curell Su\u00f1ol"},"image":{"@id":"https:\/\/curell.com\/#\/schema\/logo\/image\/"},"sameAs":["https:\/\/es.linkedin.com\/company\/curell-su-ol","https:\/\/www.instagram.com\/curell.sunol\/"]}]}},"_links":{"self":[{"href":"https:\/\/curell.com\/ca\/wp-json\/wp\/v2\/pages\/4003","targetHints":{"allow":["GET"]}}],"collection":[{"href":"https:\/\/curell.com\/ca\/wp-json\/wp\/v2\/pages"}],"about":[{"href":"https:\/\/curell.com\/ca\/wp-json\/wp\/v2\/types\/page"}],"author":[{"embeddable":true,"href":"https:\/\/curell.com\/ca\/wp-json\/wp\/v2\/users\/2"}],"replies":[{"embeddable":true,"href":"https:\/\/curell.com\/ca\/wp-json\/wp\/v2\/comments?post=4003"}],"version-history":[{"count":13,"href":"https:\/\/curell.com\/ca\/wp-json\/wp\/v2\/pages\/4003\/revisions"}],"predecessor-version":[{"id":7199,"href":"https:\/\/curell.com\/ca\/wp-json\/wp\/v2\/pages\/4003\/revisions\/7199"}],"up":[{"embeddable":true,"href":"https:\/\/curell.com\/ca\/wp-json\/wp\/v2\/pages\/3991"}],"wp:featuredmedia":[{"embeddable":true,"href":"https:\/\/curell.com\/ca\/wp-json\/wp\/v2\/media\/2603"}],"wp:attachment":[{"href":"https:\/\/curell.com\/ca\/wp-json\/wp\/v2\/media?parent=4003"}],"curies":[{"name":"wp","href":"https:\/\/api.w.org\/{rel}","templated":true}]}}