{"id":4427,"date":"2022-10-26T16:43:03","date_gmt":"2022-10-26T16:43:03","guid":{"rendered":"https:\/\/curell.com\/?page_id=4427"},"modified":"2022-10-27T12:02:16","modified_gmt":"2022-10-27T12:02:16","slug":"politica-de-cookies","status":"publish","type":"page","link":"https:\/\/curell.com\/ca\/politica-de-cookies\/","title":{"rendered":"Pol\u00edtica de Cookies"},"content":{"rendered":"<div class=\"wpb-content-wrapper\"><p>[vc_row css_animation=&#8221;&#8221; row_type=&#8221;row&#8221; use_row_as_full_screen_section=&#8221;no&#8221; type=&#8221;full_width&#8221; angled_section=&#8221;no&#8221; text_align=&#8221;left&#8221; background_image_as_pattern=&#8221;without_pattern&#8221;][vc_column][vc_column_text]<strong>CURELL\u00a0SU\u00d1OL, S.L.P.<\/strong> utilitza en el seu lloc web <a href=\"https:\/\/curell.com\/\">www.curell.com<\/a> (el \u201cLloc web\u201d) una tecnologia denominada \u201ccookies\u201d amb la finalitat de poder recaptar informaci\u00f3 sobre l&#8217;\u00fas del Lloc web. L&#8217;acc\u00e9s i la navegaci\u00f3 en el Lloc web, o l&#8217;\u00fas dels serveis d&#8217;aquest, impliquen l&#8217;acceptaci\u00f3 dels termes inclosos en l&#8217;Av\u00eds Legal, la Pol\u00edtica de Privacitat i la Pol\u00edtica de Cookies. Si us plau, llegeixi-les atentamente.la present pol\u00edtica t\u00e9 per objecte informar-lo sobre les cookies que s&#8217;utilitzen en aquest Lloc web. En navegar o utilitzar els nostres serveis vost\u00e8 accepta l&#8217;\u00fas que fem de les cookies. Vost\u00e8 t\u00e9 l&#8217;opci\u00f3 d&#8217;eliminar les cookies mitjan\u00e7ant la selecci\u00f3 de la corresponent opci\u00f3 en el seu navegador. En cas de bloquejar l&#8217;\u00fas de \u2018cookies\u2019 en el seu navegador \u00e9s possible que alguns serveis o funcionalitats de la p\u00e0gina web no estiguin disponibles.Informaci\u00f3 sobre cookies.<\/p>\n<p><strong>Qu\u00e8 \u00e9s una cookie?<\/strong><\/p>\n<p>Una cookie \u00e9s un petit arxiu de text que s&#8217;emmagatzemen en el dispositiu que utilitzi per a navegar a trav\u00e9s d&#8217;Internet amb informaci\u00f3 sobre la seva navegaci\u00f3 en aquest lloc web. En accedir al Lloc web, les cookies ens permeten facilitar la navegaci\u00f3, fer-la m\u00e9s c\u00f2moda i millorar la qualitat d&#8217;aquesta.<\/p>\n<p><strong>Quines cookies en concret utilitza aquest lloc web?<\/strong><\/p>\n<p>Aquest lloc web utilitza cookies t\u00e8cniques, de personalitzaci\u00f3 i d&#8217;an\u00e0lisi.<\/p>\n<p>A continuaci\u00f3 facilitem una taula amb les cookies que s&#8217;utilitzen en aquest lloc web, juntament amb una breu explicaci\u00f3 de la finalitat que persegueix cadascuna d&#8217;elles.<\/p>\n<table style=\"height: 1737px;\" border=\"1\" width=\"1023\" cellspacing=\"0\" cellpadding=\"0\">\n<tbody>\n<tr>\n<td colspan=\"3\" valign=\"top\" width=\"576\"><strong>Cookies t\u00e8cniques:<\/strong><\/p>\n<p>Permeten a l&#8217;usuari la navegaci\u00f3 a trav\u00e9s d&#8217;una p\u00e0gina web, plataforma o aplicaci\u00f3 i la utilitzaci\u00f3 de les diferents opcions o serveis que en ella existeixin com, per exemple, controlar el tr\u00e0nsit i la comunicaci\u00f3 de dades, identificar la sessi\u00f3, accedir a parts d&#8217;acc\u00e9s restringit, recordar els elements que integren una comanda, realitzar el proc\u00e9s de compra d&#8217;una comanda, realitzar la sol\u00b7licitud d&#8217;inscripci\u00f3 o participaci\u00f3 en un esdeveniment, utilitzar elements de seguretat durant la navegaci\u00f3, emmagatzemar continguts per a la difusi\u00f3 de v\u00eddeos o so o compartir continguts a trav\u00e9s de xarxes socials.<\/td>\n<\/tr>\n<tr>\n<td valign=\"top\" width=\"254\"><b>Nom de la cookie<\/b><\/td>\n<td colspan=\"2\" valign=\"top\" width=\"323\"><strong>Descripci\u00f3<\/strong><\/td>\n<\/tr>\n<tr>\n<td valign=\"top\" width=\"254\">CFID<\/td>\n<td colspan=\"2\" valign=\"top\" width=\"323\">Identificador de sessi\u00f3<\/td>\n<\/tr>\n<tr>\n<td valign=\"top\" width=\"254\">CFTOKEN<\/td>\n<td colspan=\"2\" valign=\"top\" width=\"323\">Identificador de sessi\u00f3<\/td>\n<\/tr>\n<tr>\n<td valign=\"top\" width=\"254\">Conexi\u00f3n<\/td>\n<td colspan=\"2\" valign=\"top\" width=\"323\">Estableix la conexi\u00f3<\/td>\n<\/tr>\n<tr>\n<td valign=\"top\" width=\"254\">ErrELI<\/td>\n<td colspan=\"2\" valign=\"top\" width=\"323\">Indica si s&#8217;ha produ\u00eft un error en l&#8217;aplicaci\u00f3<\/td>\n<\/tr>\n<tr>\n<td valign=\"top\" width=\"254\">p_home_tpl<\/td>\n<td colspan=\"2\" valign=\"top\" width=\"323\">Cookie de la plantilla activa en el web<\/td>\n<\/tr>\n<tr>\n<td valign=\"top\" width=\"254\">defecto_tpl<\/td>\n<td colspan=\"2\" valign=\"top\" width=\"323\">Cookie de la plantilla activa en el web<\/td>\n<\/tr>\n<tr>\n<td valign=\"top\" width=\"254\">lanzaaplicacion_tpl<\/td>\n<td colspan=\"2\" valign=\"top\" width=\"323\">Cookie de la plantilla activa en el web<\/td>\n<\/tr>\n<tr>\n<td valign=\"top\" width=\"254\">5d8a912d4af8135ac1c6f87c3271d25e<\/td>\n<td colspan=\"2\" valign=\"top\" width=\"323\">Sessi\u00f3 de l&#8217;usuari<\/td>\n<\/tr>\n<tr>\n<td valign=\"top\" width=\"254\">uid<\/td>\n<td colspan=\"2\" valign=\"top\" width=\"323\">Cookie del servei Addthis<\/td>\n<\/tr>\n<tr>\n<td valign=\"top\" width=\"254\">__atuvc<\/td>\n<td colspan=\"2\" valign=\"top\" width=\"323\">Cookie del servei Addthis<\/td>\n<\/tr>\n<tr>\n<td valign=\"top\" width=\"254\">loc<\/td>\n<td colspan=\"2\" valign=\"top\" width=\"323\">Cookie del servei Addthis<\/td>\n<\/tr>\n<tr>\n<td valign=\"top\" width=\"254\"><\/td>\n<td colspan=\"2\" valign=\"top\" width=\"323\"><\/td>\n<\/tr>\n<tr>\n<td colspan=\"3\" valign=\"top\" width=\"576\"><strong>Cookies de personalitzaci\u00f3:<\/strong><\/p>\n<p>Permeten a l&#8217;usuari per exemple triar l&#8217;idioma.Serveixen perqu\u00e8 l&#8217;usuari pugui accedir al servei amb algunes caracter\u00edstiques de car\u00e0cter general predefinides com ara l&#8217;idioma, el tipus de navegador a trav\u00e9s del qual accedeix al servei, la configuraci\u00f3 regional des d&#8217;on accedeix al servei, etc.<\/td>\n<\/tr>\n<tr>\n<td valign=\"top\" width=\"254\"><b>Denominaci\u00f3 de les cookies<\/b><\/td>\n<td colspan=\"2\" valign=\"top\" width=\"323\"><b>Nom t\u00e8cnic de les cookies<\/b><\/td>\n<\/tr>\n<tr>\n<td valign=\"top\" width=\"254\">IDM<\/td>\n<td colspan=\"2\" valign=\"top\" width=\"323\">Idioma de la sessi\u00f3<\/td>\n<\/tr>\n<tr>\n<td valign=\"top\" width=\"254\">Idm<\/td>\n<td colspan=\"2\" valign=\"top\" width=\"323\">Idioma de la sessi\u00f3<\/td>\n<\/tr>\n<tr>\n<td valign=\"top\" width=\"254\">condicionesMantenimiento<\/td>\n<td colspan=\"2\" valign=\"top\" width=\"323\">Indica si s&#8217;han acceptat les condicions de manteniment<\/td>\n<\/tr>\n<tr>\n<td valign=\"top\" width=\"254\">style<\/td>\n<td colspan=\"2\" valign=\"top\" width=\"323\">Cookie de la plantilla, estil actiu.<\/td>\n<\/tr>\n<tr>\n<td valign=\"top\" width=\"254\"><\/td>\n<td colspan=\"2\" valign=\"top\" width=\"323\"><\/td>\n<\/tr>\n<tr>\n<td colspan=\"3\" valign=\"top\" width=\"576\"><strong>Cookies de an\u00e1lisis:<\/strong><\/p>\n<p>Permeten al responsable d&#8217;aquestes, el seguiment i an\u00e0lisi del comportament dels usuaris dels llocs web als quals estan vinculades. La informaci\u00f3 recollida mitjan\u00e7ant aquesta mena de cookies s&#8217;utilitza en el mesurament de l&#8217;activitat dels llocs web, aplicaci\u00f3 o plataforma i per a l&#8217;elaboraci\u00f3 de perfils de navegaci\u00f3 dels usuaris d&#8217;aquests llocs, aplicacions i plataformes, amb la finalitat d&#8217;introduir millores en funci\u00f3 de l&#8217;an\u00e0lisi de les dades d&#8217;\u00fas que fan els usuaris del servei. (ex. Google\u00a0Analytics).<\/td>\n<\/tr>\n<tr>\n<td valign=\"top\" width=\"254\"><b>Denominaci\u00f3 de les cookies<\/b><\/td>\n<td valign=\"top\" width=\"163\"><b>Nom t\u00e8cnic de les cookies<\/b><\/td>\n<td valign=\"top\" width=\"159\"><b>Finalitat<\/b><\/td>\n<\/tr>\n<tr>\n<td valign=\"top\" width=\"254\">Google Analytics<\/p>\n<p>(cookie de tercero)<\/td>\n<td valign=\"top\" width=\"163\">__utma, __utmb, __utmc, __utmd, __utmv, __utmz<\/td>\n<td valign=\"top\" width=\"159\">En el lloc web de Google es pot consultar la descripci\u00f3 de les cookies utilitzades pel sistema Google Analytics i el seu periode de caducitat. <a href=\"https:\/\/developers.google.com\/analytics\/devguides\/collection\/analyticsjs\/cookie-usage?hl=es\">Clicar aqu\u00ed<\/a>.<\/td>\n<\/tr>\n<tr>\n<td colspan=\"3\" valign=\"top\" width=\"576\"><strong>Cookies Pr\u00f2pies:<\/strong><\/p>\n<p><strong>CURELL SU\u00d1OL, S.L.P<\/strong>. utilitza en el seu lloc web cookies pr\u00f2pies que s&#8217;envien a l&#8217;equip terminal de l&#8217;usuari des d&#8217;un equip o domini gestionat per<strong>\u00a0CURELL\u00a0SU\u00d1OL, S.L.P<\/strong>. i des del qual es presta el servei sol\u00b7licitat per l&#8217;usuari.<\/td>\n<\/tr>\n<tr>\n<td colspan=\"3\" valign=\"top\" width=\"576\"><strong>Cookies de Tercers:<\/strong><\/p>\n<p><strong>CURELL SU\u00d1OL, S.L.P<\/strong>. utilitza en el seu lloc web cookies de tercers.<\/td>\n<\/tr>\n<\/tbody>\n<\/table>\n<p><strong>Per a qu\u00e8 s&#8217;usen les cookies en aquest lloc web?<\/strong><\/p>\n<p>Els principals objectius de les nostres cookies s\u00f3n millorar la seva experi\u00e8ncia de navegaci\u00f3 permetent identificar-li i facilitar el seu acc\u00e9s a la informaci\u00f3 del seu inter\u00e8s.En cap cas utilitzem les cookies amb finalitats publicitaris, ni pr\u00f2pies ni de tercers.<\/p>\n<p><strong>Qui utilitza la informaci\u00f3 emmagatzemada en les cookies?<\/strong><\/p>\n<p>La informaci\u00f3 emmagatzemada en les cookies en el Lloc web \u00e9s usada exclusivament per\u00a0<strong>CURELL\u00a0SU\u00d1OL, S.L.P<\/strong>., a excepci\u00f3 de la de Google\u00a0Analytics, que \u00e9s usada i gestionada per Google i per\u00a0<strong>CURELL\u00a0SU\u00d1OL, S.L.P<\/strong> amb finalitats estad\u00edstics.<\/p>\n<p><strong>Com pots configurar o deshabilitar les teves cookies?<\/strong><\/p>\n<p>Vost\u00e8 pot restringir, bloquejar o esborrar les cookies d&#8217;aquest lloc web en qualsevol moment, modificant la configuraci\u00f3 del seu navegador d&#8217;Internet. En cas que Vost\u00e8 no permeti la instal\u00b7laci\u00f3 de cookies en el seu navegador \u00e9s possible que no pugui accedir a alguns dels serveis i que la seva experi\u00e8ncia en el Lloc web pugui resultar menys satisfact\u00f2ria.<\/p>\n<p>En els seg\u00fcents enlla\u00e7os t\u00e9 a la seva disposici\u00f3 tota la informaci\u00f3 per a configurar o deshabilitar les teves cookies en cada navegador:<\/p>\n<p>&nbsp;<\/p>\n<ul>\n<li><a href=\"https:\/\/support.google.com\/chrome\/answer\/95647?hl=es\">Google Chrome<\/a><\/li>\n<li><a href=\"https:\/\/support.mozilla.org\/es\/kb\/habilitar-y-deshabilitar-cookies-sitios-web-rastrear-preferencias?redirectslug=habilitar-y-deshabilitar-cookies-que-los-sitios-we&amp;redirectlocale=es\">Mozilla\u00a0Firefox<\/a><\/li>\n<li><a href=\"http:\/\/windows.microsoft.com\/es-es\/windows-vista\/block-or-allow-cookies\">Internet Explorer<\/a><\/li>\n<li><a href=\"http:\/\/support.apple.com\/kb\/ph5042?viewlocale=es_es\">Safari<\/a><\/li>\n<li><a href=\"http:\/\/support.apple.com\/kb\/ht1677?viewlocale=es_es\">Safari per IOS<\/a>\u00a0(iPhone y iPad)<\/li>\n<li><a href=\"http:\/\/support.google.com\/chrome\/answer\/2392971?hl=es\">Chrome para Android<\/a><\/li>\n<\/ul>\n<p><strong>Consentiment<\/strong><\/p>\n<p>En\u00a0<strong>CURELL\u00a0SU\u00d1OL, S.L.P<\/strong>., mai guardem les dades personals dels nostres usuaris, a excepci\u00f3 de l&#8217;adre\u00e7a IP, tret que Vost\u00e8 vulgui registrar-se, de manera volunt\u00e0ria amb la finalitat de realitzar compres dels productes i serveis que posem a la seva disposici\u00f3 o de rebre informaci\u00f3 sobre articles, not\u00edcies i continguts del seu inter\u00e8s.<\/p>\n<p>En navegar i continuar en la nostra web ens indica que est\u00e0 consentint l&#8217;\u00fas de les cookies abans enunciades, i en les condicions contingudes en la present Pol\u00edtica de Cookies.<\/p>\n<p><strong>Revisions d&#8217;aquesta pol\u00edtica<\/strong><\/p>\n<p>La present Pol\u00edtica de Cookies pot ser objecte de revisions puntuals. Per aquest motiu li convidem a consultar aquesta pol\u00edtica per a con\u00e8ixer de manera suficient quines cookies utilitzem, com i per a qu\u00e8 usem les cookies.<\/p>\n<p><strong>M\u00e9s informaci\u00f3 i enlla\u00e7os d&#8217;inter\u00e8s<\/strong><\/p>\n<p><a href=\"http:\/\/www.allaboutcookies.org\">http:\/\/www.allaboutcookies.org<\/a>[\/vc_column_text][vc_empty_space height=&#8221;75px&#8221;][\/vc_column][\/vc_row]<\/p>\n<\/div>","protected":false},"excerpt":{"rendered":"<p>[vc_row css_animation=&#8221;&#8221; row_type=&#8221;row&#8221; use_row_as_full_screen_section=&#8221;no&#8221; type=&#8221;full_width&#8221; angled_section=&#8221;no&#8221; text_align=&#8221;left&#8221; background_image_as_pattern=&#8221;without_pattern&#8221;][vc_column][vc_column_text]CURELL\u00a0SU\u00d1OL, S.L.P. utilitza en el seu lloc web www.curell.com (el \u201cLloc web\u201d) una tecnologia denominada \u201ccookies\u201d amb la finalitat de poder recaptar informaci\u00f3 sobre l&#8217;\u00fas del Lloc web. L&#8217;acc\u00e9s i la navegaci\u00f3 en el Lloc web, o l&#8217;\u00fas&#8230;<\/p>\n","protected":false},"author":2,"featured_media":0,"parent":0,"menu_order":0,"comment_status":"closed","ping_status":"closed","template":"","meta":{"footnotes":""},"class_list":["post-4427","page","type-page","status-publish","hentry"],"yoast_head":"<!-- This site is optimized with the Yoast SEO plugin v27.1.1 - https:\/\/yoast.com\/product\/yoast-seo-wordpress\/ -->\n<title>Pol\u00edtica de Cookies | Curell Su\u00f1ol<\/title>\n<meta name=\"robots\" content=\"index, follow, max-snippet:-1, max-image-preview:large, max-video-preview:-1\" \/>\n<link rel=\"canonical\" href=\"https:\/\/curell.com\/ca\/politica-de-cookies\/\" \/>\n<meta property=\"og:locale\" content=\"ca_ES\" \/>\n<meta property=\"og:type\" content=\"article\" \/>\n<meta property=\"og:title\" content=\"Pol\u00edtica de Cookies | Curell Su\u00f1ol\" \/>\n<meta property=\"og:description\" content=\"[vc_row css_animation=&#8221;&#8221; row_type=&#8221;row&#8221; use_row_as_full_screen_section=&#8221;no&#8221; type=&#8221;full_width&#8221; angled_section=&#8221;no&#8221; text_align=&#8221;left&#8221; background_image_as_pattern=&#8221;without_pattern&#8221;][vc_column][vc_column_text]CURELL\u00a0SU\u00d1OL, S.L.P. utilitza en el seu lloc web www.curell.com (el \u201cLloc web\u201d) una tecnologia denominada \u201ccookies\u201d amb la finalitat de poder recaptar informaci\u00f3 sobre l&#8217;\u00fas del Lloc web. L&#8217;acc\u00e9s i la navegaci\u00f3 en el Lloc web, o l&#8217;\u00fas...\" \/>\n<meta property=\"og:url\" content=\"https:\/\/curell.com\/ca\/politica-de-cookies\/\" \/>\n<meta property=\"og:site_name\" content=\"Curell Su\u00f1ol\" \/>\n<meta property=\"article:modified_time\" content=\"2022-10-27T12:02:16+00:00\" \/>\n<meta name=\"twitter:card\" content=\"summary_large_image\" \/>\n<meta name=\"twitter:label1\" content=\"Temps estimat de lectura\" \/>\n\t<meta name=\"twitter:data1\" content=\"5 minuts\" \/>\n<script type=\"application\/ld+json\" class=\"yoast-schema-graph\">{\"@context\":\"https:\/\/schema.org\",\"@graph\":[{\"@type\":\"WebPage\",\"@id\":\"https:\/\/curell.com\/ca\/politica-de-cookies\/\",\"url\":\"https:\/\/curell.com\/ca\/politica-de-cookies\/\",\"name\":\"Pol\u00edtica de Cookies | Curell Su\u00f1ol\",\"isPartOf\":{\"@id\":\"https:\/\/curell.com\/#website\"},\"datePublished\":\"2022-10-26T16:43:03+00:00\",\"dateModified\":\"2022-10-27T12:02:16+00:00\",\"breadcrumb\":{\"@id\":\"https:\/\/curell.com\/ca\/politica-de-cookies\/#breadcrumb\"},\"inLanguage\":\"ca\",\"potentialAction\":[{\"@type\":\"ReadAction\",\"target\":[\"https:\/\/curell.com\/ca\/politica-de-cookies\/\"]}]},{\"@type\":\"BreadcrumbList\",\"@id\":\"https:\/\/curell.com\/ca\/politica-de-cookies\/#breadcrumb\",\"itemListElement\":[{\"@type\":\"ListItem\",\"position\":1,\"name\":\"Portada\",\"item\":\"https:\/\/curell.com\/ca\/\"},{\"@type\":\"ListItem\",\"position\":2,\"name\":\"Pol\u00edtica de Cookies\"}]},{\"@type\":\"WebSite\",\"@id\":\"https:\/\/curell.com\/#website\",\"url\":\"https:\/\/curell.com\/\",\"name\":\"Curell Su\u00f1ol\",\"description\":\"Patentes, Marcas y Dise\u00f1os desde 1946\",\"publisher\":{\"@id\":\"https:\/\/curell.com\/#organization\"},\"potentialAction\":[{\"@type\":\"SearchAction\",\"target\":{\"@type\":\"EntryPoint\",\"urlTemplate\":\"https:\/\/curell.com\/?s={search_term_string}\"},\"query-input\":{\"@type\":\"PropertyValueSpecification\",\"valueRequired\":true,\"valueName\":\"search_term_string\"}}],\"inLanguage\":\"ca\"},{\"@type\":\"Organization\",\"@id\":\"https:\/\/curell.com\/#organization\",\"name\":\"Curell Su\u00f1ol\",\"url\":\"https:\/\/curell.com\/\",\"logo\":{\"@type\":\"ImageObject\",\"inLanguage\":\"ca\",\"@id\":\"https:\/\/curell.com\/#\/schema\/logo\/image\/\",\"url\":\"https:\/\/curell.com\/wp-content\/uploads\/2022\/10\/curell-3.png\",\"contentUrl\":\"https:\/\/curell.com\/wp-content\/uploads\/2022\/10\/curell-3.png\",\"width\":300,\"height\":70,\"caption\":\"Curell Su\u00f1ol\"},\"image\":{\"@id\":\"https:\/\/curell.com\/#\/schema\/logo\/image\/\"},\"sameAs\":[\"https:\/\/es.linkedin.com\/company\/curell-su-ol\",\"https:\/\/www.instagram.com\/curell.sunol\/\"]}]}<\/script>\n<!-- \/ Yoast SEO plugin. -->","yoast_head_json":{"title":"Pol\u00edtica de Cookies | Curell Su\u00f1ol","robots":{"index":"index","follow":"follow","max-snippet":"max-snippet:-1","max-image-preview":"max-image-preview:large","max-video-preview":"max-video-preview:-1"},"canonical":"https:\/\/curell.com\/ca\/politica-de-cookies\/","og_locale":"ca_ES","og_type":"article","og_title":"Pol\u00edtica de Cookies | Curell Su\u00f1ol","og_description":"[vc_row css_animation=&#8221;&#8221; row_type=&#8221;row&#8221; use_row_as_full_screen_section=&#8221;no&#8221; type=&#8221;full_width&#8221; angled_section=&#8221;no&#8221; text_align=&#8221;left&#8221; background_image_as_pattern=&#8221;without_pattern&#8221;][vc_column][vc_column_text]CURELL\u00a0SU\u00d1OL, S.L.P. utilitza en el seu lloc web www.curell.com (el \u201cLloc web\u201d) una tecnologia denominada \u201ccookies\u201d amb la finalitat de poder recaptar informaci\u00f3 sobre l&#8217;\u00fas del Lloc web. L&#8217;acc\u00e9s i la navegaci\u00f3 en el Lloc web, o l&#8217;\u00fas...","og_url":"https:\/\/curell.com\/ca\/politica-de-cookies\/","og_site_name":"Curell Su\u00f1ol","article_modified_time":"2022-10-27T12:02:16+00:00","twitter_card":"summary_large_image","twitter_misc":{"Temps estimat de lectura":"5 minuts"},"schema":{"@context":"https:\/\/schema.org","@graph":[{"@type":"WebPage","@id":"https:\/\/curell.com\/ca\/politica-de-cookies\/","url":"https:\/\/curell.com\/ca\/politica-de-cookies\/","name":"Pol\u00edtica de Cookies | Curell Su\u00f1ol","isPartOf":{"@id":"https:\/\/curell.com\/#website"},"datePublished":"2022-10-26T16:43:03+00:00","dateModified":"2022-10-27T12:02:16+00:00","breadcrumb":{"@id":"https:\/\/curell.com\/ca\/politica-de-cookies\/#breadcrumb"},"inLanguage":"ca","potentialAction":[{"@type":"ReadAction","target":["https:\/\/curell.com\/ca\/politica-de-cookies\/"]}]},{"@type":"BreadcrumbList","@id":"https:\/\/curell.com\/ca\/politica-de-cookies\/#breadcrumb","itemListElement":[{"@type":"ListItem","position":1,"name":"Portada","item":"https:\/\/curell.com\/ca\/"},{"@type":"ListItem","position":2,"name":"Pol\u00edtica de Cookies"}]},{"@type":"WebSite","@id":"https:\/\/curell.com\/#website","url":"https:\/\/curell.com\/","name":"Curell Su\u00f1ol","description":"Patentes, Marcas y Dise\u00f1os desde 1946","publisher":{"@id":"https:\/\/curell.com\/#organization"},"potentialAction":[{"@type":"SearchAction","target":{"@type":"EntryPoint","urlTemplate":"https:\/\/curell.com\/?s={search_term_string}"},"query-input":{"@type":"PropertyValueSpecification","valueRequired":true,"valueName":"search_term_string"}}],"inLanguage":"ca"},{"@type":"Organization","@id":"https:\/\/curell.com\/#organization","name":"Curell Su\u00f1ol","url":"https:\/\/curell.com\/","logo":{"@type":"ImageObject","inLanguage":"ca","@id":"https:\/\/curell.com\/#\/schema\/logo\/image\/","url":"https:\/\/curell.com\/wp-content\/uploads\/2022\/10\/curell-3.png","contentUrl":"https:\/\/curell.com\/wp-content\/uploads\/2022\/10\/curell-3.png","width":300,"height":70,"caption":"Curell Su\u00f1ol"},"image":{"@id":"https:\/\/curell.com\/#\/schema\/logo\/image\/"},"sameAs":["https:\/\/es.linkedin.com\/company\/curell-su-ol","https:\/\/www.instagram.com\/curell.sunol\/"]}]}},"_links":{"self":[{"href":"https:\/\/curell.com\/ca\/wp-json\/wp\/v2\/pages\/4427","targetHints":{"allow":["GET"]}}],"collection":[{"href":"https:\/\/curell.com\/ca\/wp-json\/wp\/v2\/pages"}],"about":[{"href":"https:\/\/curell.com\/ca\/wp-json\/wp\/v2\/types\/page"}],"author":[{"embeddable":true,"href":"https:\/\/curell.com\/ca\/wp-json\/wp\/v2\/users\/2"}],"replies":[{"embeddable":true,"href":"https:\/\/curell.com\/ca\/wp-json\/wp\/v2\/comments?post=4427"}],"version-history":[{"count":4,"href":"https:\/\/curell.com\/ca\/wp-json\/wp\/v2\/pages\/4427\/revisions"}],"predecessor-version":[{"id":4533,"href":"https:\/\/curell.com\/ca\/wp-json\/wp\/v2\/pages\/4427\/revisions\/4533"}],"wp:attachment":[{"href":"https:\/\/curell.com\/ca\/wp-json\/wp\/v2\/media?parent=4427"}],"curies":[{"name":"wp","href":"https:\/\/api.w.org\/{rel}","templated":true}]}}