{"id":4060,"date":"2022-01-07T11:18:37","date_gmt":"2022-01-07T11:18:37","guid":{"rendered":"https:\/\/curell.com\/?post_type=portfolio_page&#038;p=4060"},"modified":"2026-01-15T08:28:15","modified_gmt":"2026-01-15T08:28:15","slug":"emil-edissonov-kirilov","status":"publish","type":"portfolio_page","link":"https:\/\/curell.com\/ca\/equipo\/emil-edissonov-kirilov\/","title":{"rendered":"Emil Edissonov Kirilov"},"content":{"rendered":"<div class=\"wpb-content-wrapper\"><p>[vc_row css_animation=&#8221;&#8221; row_type=&#8221;row&#8221; use_row_as_full_screen_section=&#8221;no&#8221; type=&#8221;full_width&#8221; angled_section=&#8221;no&#8221; text_align=&#8221;left&#8221; background_image_as_pattern=&#8221;without_pattern&#8221;][vc_column][vc_empty_space height=&#8221;55px&#8221;][\/vc_column][\/vc_row][vc_row css_animation=&#8221;&#8221; row_type=&#8221;row&#8221; use_row_as_full_screen_section=&#8221;no&#8221; type=&#8221;grid&#8221; angled_section=&#8221;no&#8221; text_align=&#8221;left&#8221; background_image_as_pattern=&#8221;without_pattern&#8221; z_index=&#8221;&#8221;][vc_column width=&#8221;1\/3&#8243;][vc_single_image source=&#8221;featured_image&#8221; img_size=&#8221;full&#8221; style=&#8221;vc_box_rounded&#8221; qode_css_animation=&#8221;element_from_fade&#8221;][vc_empty_space][\/vc_column][vc_column width=&#8221;2\/3&#8243;][vc_column_text]<\/p>\n<h6>Emil Edissonov Kirilov<\/h6>\n<p>[\/vc_column_text][vc_separator type=&#8221;normal&#8221; color=&#8221;#bda25b&#8221; thickness=&#8221;3&#8243;][vc_column_text css=&#8221;&#8221;]<strong>Soci<\/strong><\/p>\n<ul>\n<li>Advocat en exercici<\/li>\n<li>Representant professional inscrit davant l\u2019EUIPO<\/li>\n<\/ul>\n<p>Emil es va incorporar a CURELL SU\u00d1OL el 2010. Les seves \u00e0rees de pr\u00e0ctica s\u00f3n marques, dissenys, drets d\u2019autor, patents, compet\u00e8ncia deslleial, noms de domini i dret de l\u2019esport. Representa a clients davant els Tribunals espanyols, el Tribunal de Just\u00edcia de la UE, organismes nacionals i internacionals i en negociacions d\u2019acords extrajudicials.<\/p>\n<p>Del 2008 a 2010 va treballar al despatx de propietat industrial Roland &amp; Douglas.<\/p>\n<p>Emil \u00e9s president de la Secci\u00f3 de Dret de la Compet\u00e8ncia i de la Propietat Industrial de l\u2019Il\u00b7lustre Col\u00b7legi de l\u2019Advocacia de Barcelona (ICAB). Durant el per\u00edode 2022 \u2013 2025 hi va ser secretari.<\/p>\n<p class=\"x_MsoNormal\">\u00c9s professor al Curs sobre Compet\u00e8ncia Deslleial i al Curs de Dret de Marques, Patents i Dissenys de l\u2019ICAB.<\/p>\n<p>El 2024-2025, Emil va ser un dels auditors a la iniciativa d\u2019auditoria d\u2019EUIPO dels grups externs de control de qualitat de les parts interessades (\u201cSQAP\u201d). Actualment, n&#8217;\u00e9s auditor suplent.<\/p>\n<p><span style=\"text-decoration: underline;\">Formaci\u00f3:<\/span><\/p>\n<ul>\n<li>Llicenciatura en Dret per la Universitat de Barcelona (2008) [amb un semestre a la Universitat de Sheffield, Regne Unit, sota el programa d\u2019Educaci\u00f3 Cont\u00ednua de la Comissi\u00f3 Europea]<\/li>\n<li>M\u00e0ster en Dret de la Propietat Intel\u00b7lectual i de la Societat de la Informaci\u00f3 per ESADE (2011)<\/li>\n<li>M\u00e0ster en Dret Esportiu per la Universitat de Val\u00e8ncia (2020)<\/li>\n<li>M\u00e1ster en Dret Internacional del Futbol per Sports Law Institute (2021)<\/li>\n<li>Cursos complementaris destacables: \u201cCurs Especial sobre Dret dels E-sports\u201d (Universitat Complutense de Madrid); \u201cDret Farmac\u00e8utic\u201d, \u201cDret de la Compet\u00e8ncia, Compet\u00e8ncia Deslleial i Publicitat\u201d, \u201cDret i Moda: Fashion Law\u201d (ICAB); \u201cAdvanced Course on Electronic Commerce and Intellectual Property\u201d (Acad\u00e8mia d\u2019OMPI)<\/li>\n<\/ul>\n<p><span style=\"text-decoration: underline;\">\u00c9s membre de:<\/span><\/p>\n<ul>\n<li>Il\u00b7lustre Col\u00b7legi de l\u2019Advocacia de Barcelona (ICAB)<\/li>\n<li>International Trademark Association (INTA)<\/li>\n<li class=\"x_MsoNormal\"><span lang=\"EN-US\" data-olk-copy-source=\"MessageBody\">European Community Trademark Association (ECTA), secretari del Comit\u00e9 de \u201cCopyright\u201d<\/span><\/li>\n<li>Associaci\u00f3 Internacional per a la Protecci\u00f3 de la Propietat Industrial i Intel\u00b7lectual (AIPPI)<\/li>\n<li>Associaci\u00f3 Espanyola de Dret Esportiu (AEDD)<\/li>\n<\/ul>\n<p><span style=\"text-decoration: underline;\">Reconeixements:<\/span><\/p>\n<ul>\n<li class=\"x_MsoNormal\"><span lang=\"EN-US\" data-olk-copy-source=\"MessageBody\">Managing Intellectual Property IP Stars \u201cRising Star\u201d (2020 \u2013 2025)<\/span><\/li>\n<li class=\"x_MsoNormal\"><span lang=\"EN-US\">Best Lawyers\u00ae 2024 \u2013 2026, practice area \u201cIntellectual Property Law\u201d<\/span><\/li>\n<li>INTA Rising Star 2022\/2023<\/li>\n<li>Leaders League \u2013 rankings \u201cSpain \u2013 Best Law Firms for Trademark Litigation\u201d &amp; \u201cSpain \u2013 Best Law Firms for Copyrights\u201d<\/li>\n<\/ul>\n<p><span style=\"text-decoration: underline;\">Publicacions principals:<\/span><\/p>\n<ul>\n<li>\u201cCopying Fifty Pages from Another Lawyer\u2019s Writ Is Copyright Infringement, Confirms Spanish Court\u201d, ECTA Bulletin, June 2024, Issue XXIX<\/li>\n<li>\u201cMetaverse and IP Rights, Spain\u201d, in \u201cSport, Fashion &amp; Design &#8211; Trends and Legal issues\u201d, Proceedings of the Venice Conference of 31 March 2023, AIPPI, The Skill Press, Vol. 38, July 2023<\/li>\n<li>\u201cEuropean Union: Slogans Seen Only as Promotional Formula Cannot Be EU Trademark\u201d, INTA Bulletin, April 5, 2023 | Vol. 78 Issue 14, Section Law &amp; Practice<\/li>\n<li>\u201cEuropean Union: Warning Letters Do Not End Acquiescence\u201d, INTA Bulletin, July 13, 2022 | Vol. 77 Issue 26, Section Law &amp; Practice<\/li>\n<li>\u201cCopyright Aspects of E-sports\u201d, ECTA Bulletin, March 2021, Issue XIX<\/li>\n<li>\u201cLos deportistas profesionales tienen derecho a la indemnizaci\u00f3n prevista en el art. 49.1.c) ET por la extinci\u00f3n de sus contratos de trabajo por expiraci\u00f3n del tiempo convenido: cr\u00f3nica y valoraci\u00f3n de la doctrina del TS\u201d, Revista Aranzadi de Derecho de Deporte y Entretenimiento (ISSN 2171-5556), n\u00ba 70 (enero-marzo), 2021<\/li>\n<li>\u201cLa sentencia del TGUE sobre la marca \u2018EL CL\u00c1SICO\u2019\u201d, Iusport, 25\/02\/2021<\/li>\n<li>\u201cLas \u2018sustancias de abuso\u2019 en el anteproyecto de la nueva Ley antidopaje\u201d, Iusport, 13\/10\/2020<\/li>\n<li>\u201cEuropean Union: \u2018Addresses\u2019 Does Not Cover Email, Telephone, or Internet Address\u201d, INTA Bulletin, August 5, 2020 | Vol. 75 Issue 17, Section Law &amp; Practice<\/li>\n<li>\u201cLa competencia territorial en litigios de propiedad industrial\u201d, Diario LA LEY (ISSN 1989-6913), n\u00ba 9664, Secci\u00f3n Doctrina, 01\/07\/2020, Wolters Kluwer<\/li>\n<li>\u201cKoton vs. EUIPO \u2013 You act in bad faith when you try to undermine a third party\u2019s interests or have no intention to use your mark\u201d, ECTA Bulletin, March 2020, Issue XVI<\/li>\n<\/ul>\n<p><span style=\"text-decoration: underline;\">Participaci\u00f3 recent i propera en confer\u00e8ncies i programes docents:<\/span><\/p>\n<ul>\n<li>\u201cPropietat industrial en metaversos i NFTs. Protecci\u00f3 registral adequada i actuacions contra infraccions\u201d, Professor, Curs de Dret de Marques, Patents i Dissenys, ICAB, 21\/03\/24<\/li>\n<li>\u201cLa Superliga tras la sentencia del TJUE de 21 de diciembre de 2023 (C-333\/21)\u201d, Matinal IP &amp; Competencia, Barcelona, ICAB, 24\/01\/2024<\/li>\n<li>\u201cC\u00f3mo Proteger tu Dise\u00f1o en el Mundo F\u00edsico y Virtual\u201d, Taula rodona, Barcelona Design Week 2023, ICAB, 24\/10\/2023<\/li>\n<li>&#8220;Dise\u00f1os registrados: la exclusi\u00f3n de formas con funci\u00f3n t\u00e9cnica\u201d, Matinal IP &amp; Compet\u00e8ncia, Barcelona, ICAB, 05\/07\/2023<\/li>\n<li>\u201cViolaci\u00f3n de normas, actos de discriminaci\u00f3n y dependencia econ\u00f3mica, la venta a p\u00e9rdida\u201d, Professor, Curs sobre Compet\u00e8ncia Deslleial, Barcelona, ICAB, 08\/06\/2023<\/li>\n<li>\u201cFighting Meta-Squatting Trademark Applications: Real-World Goods\/Services v. Virtual Goods\/Services\u201d, Table Topic, Confer\u00e8ncia anual d\u2019INTA 2023, Singapur, 17\/05\/2023<\/li>\n<li>\u201cMetaverse and IP Rights &#8211; Spain\u201d, AIPPI Trilateral Meeting (IT-FR-ES) \u201cSports, Fashion &amp; Design\u201d, Confer\u00e8ncia, Ven\u00e8cia, Italia, 31\/03\/2023<\/li>\n<li>\u201cEscritos preventivos y medidas cautelares urgentes: qu\u00e9 hacer y qu\u00e9 evitar \u2013 Protocolo de actuaci\u00f3n r\u00e1pida de los Juzgados Mercantiles para el Mobile World Congress Barcelona 2023\u201d, Taula rodona, ICAB, 26\/01\/2023<\/li>\n<li>\u201cDerechos del titular del dise\u00f1o y acciones contra copias\u201d, Confer\u00e8ncia \u201cC\u00f3mo Proteger tu Dise\u00f1o en el Mundo F\u00edsico y Digital\u201d, Barcelona Design Week 2022, Barcelona, 21\/06\/2022<\/li>\n<\/ul>\n<p>Idiomes : espanyol, angl\u00e8s, b\u00falgar i catal\u00e0.[\/vc_column_text][vc_empty_space]<div id=\"modal-trg-txt-wrap-7191\" class=\"ult-modal-input-wrapper ult-adjust-bottom-margin    \" data-keypress-control=\"keypress-control-enable\" data-overlay-control=\"overlay-control-enable\"><style>\n\t\t\t\t\t.btn-modal.btn-id-69ef6cf7086a53-20712192:hover {\n\t\t\t\t\t\tbackground-color: #5b7388 !important;\n\t\t\t\t\t}\n\t\t\t\t\t<\/style><button  data-ultimate-target='#modal-trg-txt-wrap-7191 .btn-modal'  data-responsive-json-new='{\"font-size\":\"desktop:16px;\",\"line-height\":\"desktop:16px;\"}'  style=\"background:#bda45d;border-color:#bda45d;color:#ffffff; font-family:&#039;Montserrat&#039;;font-weight:600;\" data-class-id=\"content-69ef6cf7086a53-20712192\" class=\"btn-modal ult-responsive btn-primary btn-modal-lg overlay-show ult-align-left btn-id-69ef6cf7086a53-20712192\" data-overlay-class=\"overlay-fade\">Contactar<\/button><\/div>\n<div class=\"ult-overlay content-69ef6cf7086a53-20712192 \" data-class=\"content-69ef6cf7086a53-20712192\" id=\"button-click-overlay\" style=\"background:rgba(5,26,63,0.8); display:none;\">\n\t<div class=\"ult_modal ult-fade ult-medium\">\n\t\t<div id=\"ult-modal-wrap-9367\" class=\"ult_modal-content ult-hide\" style=\"border-style:solid;border-width:2px;border-radius:0px;border-color:#333333;\">\n\t\t\t<div class=\"ult_modal-header\" style=\"background:#bda45d;color:#ffffff;font-family:&#039;Montserrat&#039;;font-weight:600;border-color:#333333;\">\n\t\t\t\t<h3  data-ultimate-target='#ult-modal-wrap-9367 .ult_modal-title'  data-responsive-json-new='{\"font-size\":\"\",\"line-height\":\"\"}'  class=\"ult_modal-title ult-responsive\">Envieu la vostra consulta i us respondrem el m\u00e9s aviat possible.<\/h3>\n\t\t\t<\/div>\n\t\t\t<div  data-ultimate-target='#ult-modal-wrap-9367 .ult_modal-body'  data-responsive-json-new='{\"font-size\":\"\",\"line-height\":\"\"}'  class=\"ult_modal-body ult-responsive ult-html\" style=\"background:rgba(255,255,255,0.76);font-family:&#039;Montserrat&#039;;font-weight:600;\">\n\t\t\t\n<div class=\"wpcf7 no-js\" id=\"wpcf7-f4035-o1\" lang=\"es-ES\" dir=\"ltr\" data-wpcf7-id=\"4035\">\n<div class=\"screen-reader-response\"><p role=\"status\" aria-live=\"polite\" aria-atomic=\"true\"><\/p> <ul><\/ul><\/div>\n<form action=\"\/ca\/wp-json\/wp\/v2\/portfolio_page\/4060#wpcf7-f4035-o1\" method=\"post\" class=\"wpcf7-form init\" aria-label=\"Formulario de contacto\" enctype=\"multipart\/form-data\" novalidate=\"novalidate\" data-status=\"init\">\n<fieldset class=\"hidden-fields-container\"><input type=\"hidden\" name=\"_wpcf7\" value=\"4035\" \/><input type=\"hidden\" name=\"_wpcf7_version\" value=\"6.1.5\" \/><input type=\"hidden\" name=\"_wpcf7_locale\" value=\"es_ES\" \/><input type=\"hidden\" name=\"_wpcf7_unit_tag\" value=\"wpcf7-f4035-o1\" \/><input type=\"hidden\" name=\"_wpcf7_container_post\" value=\"0\" \/><input type=\"hidden\" name=\"_wpcf7_posted_data_hash\" value=\"\" \/><input type=\"hidden\" name=\"_wpcf7_recaptcha_response\" value=\"\" \/>\n<\/fieldset>\n<p><label> Nom i Cognoms<br \/>\n<span class=\"wpcf7-form-control-wrap\" data-name=\"your-name\"><input size=\"40\" maxlength=\"400\" class=\"wpcf7-form-control wpcf7-text wpcf7-validates-as-required\" aria-required=\"true\" aria-invalid=\"false\" value=\"\" type=\"text\" name=\"your-name\" \/><\/span> <\/label>\n<\/p>\n<p><label> El seu correu electr\u00f2nic<br \/>\n<span class=\"wpcf7-form-control-wrap\" data-name=\"your-email\"><input size=\"40\" maxlength=\"400\" class=\"wpcf7-form-control wpcf7-email wpcf7-validates-as-required wpcf7-text wpcf7-validates-as-email\" aria-required=\"true\" aria-invalid=\"false\" value=\"\" type=\"email\" name=\"your-email\" \/><\/span> <\/label>\n<\/p>\n<p><label> Assumpte<br \/>\n<span class=\"wpcf7-form-control-wrap\" data-name=\"your-subject\"><input size=\"40\" maxlength=\"400\" class=\"wpcf7-form-control wpcf7-text wpcf7-validates-as-required\" aria-required=\"true\" aria-invalid=\"false\" value=\"\" type=\"text\" name=\"your-subject\" \/><\/span> <\/label>\n<\/p>\n<p><label> Missatge<br \/>\n<span class=\"wpcf7-form-control-wrap\" data-name=\"your-message\"><textarea cols=\"40\" rows=\"10\" maxlength=\"2000\" class=\"wpcf7-form-control wpcf7-textarea\" aria-invalid=\"false\" name=\"your-message\"><\/textarea><\/span> <\/label>\n<\/p>\n<p>Adjuntar PDF;<br \/>\n<span class=\"wpcf7-form-control-wrap\" data-name=\"file-927\"><input size=\"40\" class=\"wpcf7-form-control wpcf7-file\" accept=\".pdf,.txt\" aria-invalid=\"false\" type=\"file\" name=\"file-927\" \/><\/span>\n<\/p>\n<p><span class=\"wpcf7-form-control-wrap\" data-name=\"acceptance-322\"><span class=\"wpcf7-form-control wpcf7-acceptance\"><span class=\"wpcf7-list-item\"><input type=\"checkbox\" name=\"acceptance-322\" value=\"1\" aria-invalid=\"false\" \/><\/span><\/span><\/span> Accepto la <a href=\"https:\/\/curell.com\/ca\/avis-legal\/\">pol\u00edtica de privacitat<\/a>\n<\/p>\n<p><input class=\"wpcf7-form-control wpcf7-submit has-spinner\" type=\"submit\" value=\"Enviar\" \/>\n<\/p><div class=\"wpcf7-response-output\" aria-hidden=\"true\"><\/div>\n<\/form>\n<\/div>\n\n\t\t\t<\/div>\n\t<\/div>\n\t<\/div>\n\t<div class=\"ult-overlay-close top-right\" style=\"width:40px;height:40px; \"><div class=\"ult-overlay-close-inside\">Close<\/div><\/div>\n<\/div>[vc_empty_space height=&#8221;20px&#8221;][\/vc_column][\/vc_row][vc_row css_animation=&#8221;&#8221; row_type=&#8221;row&#8221; use_row_as_full_screen_section=&#8221;no&#8221; type=&#8221;full_width&#8221; angled_section=&#8221;no&#8221; text_align=&#8221;left&#8221; background_image_as_pattern=&#8221;without_pattern&#8221;][vc_column offset=&#8221;vc_hidden-lg vc_hidden-md vc_hidden-sm&#8221;][vc_empty_space height=&#8221;50px&#8221;][\/vc_column][\/vc_row][vc_row css_animation=&#8221;&#8221; row_type=&#8221;row&#8221; use_row_as_full_screen_section=&#8221;no&#8221; type=&#8221;full_width&#8221; angled_section=&#8221;no&#8221; text_align=&#8221;left&#8221; background_image_as_pattern=&#8221;without_pattern&#8221;][vc_column offset=&#8221;vc_hidden-xs&#8221;][vc_empty_space height=&#8221;20px&#8221;][vc_empty_space height=&#8221;20px&#8221;][vc_empty_space height=&#8221;20px&#8221;][\/vc_column][\/vc_row][vc_row css_animation=&#8221;&#8221; row_type=&#8221;row&#8221; use_row_as_full_screen_section=&#8221;no&#8221; type=&#8221;full_width&#8221; angled_section=&#8221;no&#8221; text_align=&#8221;left&#8221; background_image_as_pattern=&#8221;without_pattern&#8221;][vc_column offset=&#8221;vc_hidden-lg vc_hidden-md vc_hidden-sm&#8221;][vc_empty_space height=&#8221;70px&#8221;][\/vc_column][\/vc_row][vc_row css_animation=&#8221;&#8221; row_type=&#8221;row&#8221; use_row_as_full_screen_section=&#8221;no&#8221; type=&#8221;grid&#8221; angled_section=&#8221;no&#8221; text_align=&#8221;left&#8221; background_image_as_pattern=&#8221;without_pattern&#8221; z_index=&#8221;&#8221;][vc_column][vc_column_text]<\/p>\n<h3>Altres membres<\/h3>\n<p>[\/vc_column_text][vc_separator type=&#8221;normal&#8221; color=&#8221;#bda25b&#8221; thickness=&#8221;3&#8243;][vc_empty_space]<div class='projects_holder_outer v4 portfolio_with_space portfolio_standard'>\n        <div class='projects_holder portfolio_main_holder clearfix v4 standard portfolio_full_image portfolio_one_by_one'>\n        \n        <article class='mix portfolio_category_68 default' style=''>\n    \n    \n    \n    \n            <div class=\"item_holder slow_zoom\">\n\n                <div class=\"text_holder\">\n    <div class=\"text_holder_outer\">\n        <div class=\"text_holder_inner\">\n            \n        <\/div>\n    <\/div>\n<\/div>\n    <div class=\"icons_holder\">\n        \n        \n            <\/div>\n\n                                    <a itemprop=\"url\" class=\"portfolio_link_class\" title=\"Xavier Caball\u00e9 Noguera\" href=\"https:\/\/curell.com\/ca\/equipo\/xavier-caballe-noguera\/\"><\/a>\n                \n                <div style=\"background-color: rgba(89,114,136,0.48)\" class=\"portfolio_shader\"><\/div>\n                <div class=\"image_holder\">\n                    \n<span class='image'><img loading=\"lazy\" decoding=\"async\" width=\"534\" height=\"800\" src=\"https:\/\/curell.com\/wp-content\/uploads\/2022\/02\/xavier.png\" class=\"attachment-full size-full wp-post-image\" alt=\"\" srcset=\"https:\/\/curell.com\/wp-content\/uploads\/2022\/02\/xavier.png 534w, https:\/\/curell.com\/wp-content\/uploads\/2022\/02\/xavier-200x300.png 200w\" sizes=\"auto, (max-width: 534px) 100vw, 534px\" \/><\/span>                <\/div>\n            <\/div>\n\n                <div class='portfolio_description text_align_center' style=background-color:#ffffff;'>\n\n        \n    <h4 itemprop=\"name\" class=\"portfolio_title entry_title\"><a itemprop=\"url\" href=\"https:\/\/curell.com\/ca\/equipo\/xavier-caballe-noguera\/\" style=\"color: #5b748a;font-size: 20pxpx\" target=\"_self\"> Xavier Caball\u00e9 Noguera<\/a><\/h4>\n\n\n        \n            <span class=\"project_category\" style=\"color: #5b748a\" >\n    IT    <\/span>\n\n    <\/div>\n\n        \n<\/article>\n<article class='mix portfolio_category_71 default' style=''>\n    \n    \n    \n    \n            <div class=\"item_holder slow_zoom\">\n\n                <div class=\"text_holder\">\n    <div class=\"text_holder_outer\">\n        <div class=\"text_holder_inner\">\n            \n        <\/div>\n    <\/div>\n<\/div>\n    <div class=\"icons_holder\">\n        \n        \n            <\/div>\n\n                                    <a itemprop=\"url\" class=\"portfolio_link_class\" title=\"Sonia Jimeno Ram\u00edrez\" href=\"https:\/\/curell.com\/ca\/equipo\/sonia-jimeno-ramirez\/\"><\/a>\n                \n                <div style=\"background-color: rgba(89,114,136,0.48)\" class=\"portfolio_shader\"><\/div>\n                <div class=\"image_holder\">\n                    \n<span class='image'><img loading=\"lazy\" decoding=\"async\" width=\"534\" height=\"800\" src=\"https:\/\/curell.com\/wp-content\/uploads\/2022\/02\/sonia.png\" class=\"attachment-full size-full wp-post-image\" alt=\"\" srcset=\"https:\/\/curell.com\/wp-content\/uploads\/2022\/02\/sonia.png 534w, https:\/\/curell.com\/wp-content\/uploads\/2022\/02\/sonia-200x300.png 200w\" sizes=\"auto, (max-width: 534px) 100vw, 534px\" \/><\/span>                <\/div>\n            <\/div>\n\n                <div class='portfolio_description text_align_center' style=background-color:#ffffff;'>\n\n        \n    <h4 itemprop=\"name\" class=\"portfolio_title entry_title\"><a itemprop=\"url\" href=\"https:\/\/curell.com\/ca\/equipo\/sonia-jimeno-ramirez\/\" style=\"color: #5b748a;font-size: 20pxpx\" target=\"_self\"> Sonia Jimeno Ram\u00edrez<\/a><\/h4>\n\n\n        \n            <span class=\"project_category\" style=\"color: #5b748a\" >\n    Patents    <\/span>\n\n    <\/div>\n\n        \n<\/article>\n<article class='mix portfolio_category_64 portfolio_category_69 portfolio_category_70 default' style=''>\n    \n    \n    \n    \n            <div class=\"item_holder slow_zoom\">\n\n                <div class=\"text_holder\">\n    <div class=\"text_holder_outer\">\n        <div class=\"text_holder_inner\">\n            \n        <\/div>\n    <\/div>\n<\/div>\n    <div class=\"icons_holder\">\n        \n        \n            <\/div>\n\n                                    <a itemprop=\"url\" class=\"portfolio_link_class\" title=\"S\u00edlvia Oliver Codina\" href=\"https:\/\/curell.com\/ca\/equipo\/silvia-oliver-codina\/\"><\/a>\n                \n                <div style=\"background-color: rgba(89,114,136,0.48)\" class=\"portfolio_shader\"><\/div>\n                <div class=\"image_holder\">\n                    \n<span class='image'><img loading=\"lazy\" decoding=\"async\" width=\"534\" height=\"800\" src=\"https:\/\/curell.com\/wp-content\/uploads\/2022\/01\/silvia.png\" class=\"attachment-full size-full wp-post-image\" alt=\"\" srcset=\"https:\/\/curell.com\/wp-content\/uploads\/2022\/01\/silvia.png 534w, https:\/\/curell.com\/wp-content\/uploads\/2022\/01\/silvia-200x300.png 200w\" sizes=\"auto, (max-width: 534px) 100vw, 534px\" \/><\/span>                <\/div>\n            <\/div>\n\n                <div class='portfolio_description text_align_center' style=background-color:#ffffff;'>\n\n        \n    <h4 itemprop=\"name\" class=\"portfolio_title entry_title\"><a itemprop=\"url\" href=\"https:\/\/curell.com\/ca\/equipo\/silvia-oliver-codina\/\" style=\"color: #5b748a;font-size: 20pxpx\" target=\"_self\"> S\u00edlvia Oliver Codina<\/a><\/h4>\n\n\n        \n            <span class=\"project_category\" style=\"color: #5b748a\" >\n    Associat\/da, Legal, Marques    <\/span>\n\n    <\/div>\n\n        \n<\/article>\n<article class='mix portfolio_category_70 portfolio_category_67 default' style=''>\n    \n    \n    \n    \n            <div class=\"item_holder slow_zoom\">\n\n                <div class=\"text_holder\">\n    <div class=\"text_holder_outer\">\n        <div class=\"text_holder_inner\">\n            \n        <\/div>\n    <\/div>\n<\/div>\n    <div class=\"icons_holder\">\n        \n        \n            <\/div>\n\n                                    <a itemprop=\"url\" class=\"portfolio_link_class\" title=\"Sara Juez Arrazola\" href=\"https:\/\/curell.com\/ca\/equipo\/sara-juez-arrazola\/\"><\/a>\n                \n                <div style=\"background-color: rgba(89,114,136,0.48)\" class=\"portfolio_shader\"><\/div>\n                <div class=\"image_holder\">\n                    \n<span class='image'><img loading=\"lazy\" decoding=\"async\" width=\"534\" height=\"800\" src=\"https:\/\/curell.com\/wp-content\/uploads\/2022\/02\/sara.png\" class=\"attachment-full size-full wp-post-image\" alt=\"\" srcset=\"https:\/\/curell.com\/wp-content\/uploads\/2022\/02\/sara.png 534w, https:\/\/curell.com\/wp-content\/uploads\/2022\/02\/sara-200x300.png 200w\" sizes=\"auto, (max-width: 534px) 100vw, 534px\" \/><\/span>                <\/div>\n            <\/div>\n\n                <div class='portfolio_description text_align_center' style=background-color:#ffffff;'>\n\n        \n    <h4 itemprop=\"name\" class=\"portfolio_title entry_title\"><a itemprop=\"url\" href=\"https:\/\/curell.com\/ca\/equipo\/sara-juez-arrazola\/\" style=\"color: #5b748a;font-size: 20pxpx\" target=\"_self\"> Sara Juez Arrazola<\/a><\/h4>\n\n\n        \n            <span class=\"project_category\" style=\"color: #5b748a\" >\n    Marques, Renovacions    <\/span>\n\n    <\/div>\n\n        \n<\/article>\n        <div class='filler'><\/div>\n            <div class='filler'><\/div>\n            <div class='filler'><\/div>\n            <div class='filler'><\/div>\n        <\/div>\n\n    \n    <\/div>[\/vc_column][\/vc_row][vc_row css_animation=&#8221;&#8221; row_type=&#8221;row&#8221; use_row_as_full_screen_section=&#8221;no&#8221; type=&#8221;full_width&#8221; angled_section=&#8221;no&#8221; text_align=&#8221;center&#8221; background_image_as_pattern=&#8221;without_pattern&#8221; css=&#8221;.vc_custom_1643197808703{background-color: #5b748a !important;}&#8221; z_index=&#8221;&#8221;][vc_column][vc_empty_space height=&#8221;35px&#8221;][vc_column_text]<\/p>\n<h2 style=\"text-align: center;\"><span style=\"color: #ffffff;\">Si teniu alguna consulta, estarem encantats d&#8217;ajudar-vos.<\/span><\/h2>\n<p>[\/vc_column_text][vc_empty_space height=&#8221;35px&#8221;]<a  itemprop=\"url\" href=\"https:\/\/curell.com\/ca\/contacte\/\" target=\"_self\"  class=\"qbutton  white default\" style=\"\">CONTACTAR<\/a>[vc_empty_space height=&#8221;35px&#8221;][\/vc_column][\/vc_row]<\/p>\n<\/div>","protected":false},"excerpt":{"rendered":"<p>[vc_row css_animation=&#8221;&#8221; row_type=&#8221;row&#8221; use_row_as_full_screen_section=&#8221;no&#8221; type=&#8221;full_width&#8221; angled_section=&#8221;no&#8221; text_align=&#8221;left&#8221; background_image_as_pattern=&#8221;without_pattern&#8221;][vc_column][vc_empty_space height=&#8221;55px&#8221;][\/vc_column][\/vc_row][vc_row css_animation=&#8221;&#8221; row_type=&#8221;row&#8221; use_row_as_full_screen_section=&#8221;no&#8221; type=&#8221;grid&#8221; angled_section=&#8221;no&#8221; text_align=&#8221;left&#8221; background_image_as_pattern=&#8221;without_pattern&#8221; z_index=&#8221;&#8221;][vc_column width=&#8221;1\/3&#8243;][vc_single_image source=&#8221;featured_image&#8221; img_size=&#8221;full&#8221; style=&#8221;vc_box_rounded&#8221; qode_css_animation=&#8221;element_from_fade&#8221;][vc_empty_space][\/vc_column][vc_column width=&#8221;2\/3&#8243;][vc_column_text] Emil Edissonov Kirilov [\/vc_column_text][vc_separator type=&#8221;normal&#8221; color=&#8221;#bda25b&#8221; thickness=&#8221;3&#8243;][vc_column_text css=&#8221;&#8221;]Soci Advocat en exercici Representant professional inscrit davant l\u2019EUIPO Emil es va incorporar a CURELL&#8230;<\/p>\n","protected":false},"author":2,"featured_media":75655,"menu_order":0,"comment_status":"open","ping_status":"closed","template":"","portfolio_category":[69,70,66],"portfolio_tag":[],"class_list":["post-4060","portfolio_page","type-portfolio_page","status-publish","has-post-thumbnail","hentry","portfolio_category-legal-ca","portfolio_category-marques","portfolio_category-soci-a"],"yoast_head":"<!-- This site is optimized with the Yoast SEO plugin v27.1.1 - https:\/\/yoast.com\/product\/yoast-seo-wordpress\/ -->\n<title>Emil Edissonov Kirilov | Curell Su\u00f1ol<\/title>\n<meta name=\"robots\" content=\"index, follow, max-snippet:-1, max-image-preview:large, max-video-preview:-1\" \/>\n<link rel=\"canonical\" href=\"https:\/\/curell.com\/ca\/equipo\/emil-edissonov-kirilov\/\" \/>\n<meta property=\"og:locale\" content=\"ca_ES\" \/>\n<meta property=\"og:type\" content=\"article\" \/>\n<meta property=\"og:title\" content=\"Emil Edissonov Kirilov | Curell Su\u00f1ol\" \/>\n<meta property=\"og:description\" content=\"[vc_row css_animation=&#8221;&#8221; row_type=&#8221;row&#8221; use_row_as_full_screen_section=&#8221;no&#8221; type=&#8221;full_width&#8221; angled_section=&#8221;no&#8221; text_align=&#8221;left&#8221; background_image_as_pattern=&#8221;without_pattern&#8221;][vc_column][vc_empty_space height=&#8221;55px&#8221;][\/vc_column][\/vc_row][vc_row css_animation=&#8221;&#8221; row_type=&#8221;row&#8221; use_row_as_full_screen_section=&#8221;no&#8221; type=&#8221;grid&#8221; angled_section=&#8221;no&#8221; text_align=&#8221;left&#8221; background_image_as_pattern=&#8221;without_pattern&#8221; z_index=&#8221;&#8221;][vc_column width=&#8221;1\/3&#8243;][vc_single_image source=&#8221;featured_image&#8221; img_size=&#8221;full&#8221; style=&#8221;vc_box_rounded&#8221; qode_css_animation=&#8221;element_from_fade&#8221;][vc_empty_space][\/vc_column][vc_column width=&#8221;2\/3&#8243;][vc_column_text] Emil Edissonov Kirilov [\/vc_column_text][vc_separator type=&#8221;normal&#8221; color=&#8221;#bda25b&#8221; thickness=&#8221;3&#8243;][vc_column_text css=&#8221;&#8221;]Soci Advocat en exercici Representant professional inscrit davant l\u2019EUIPO Emil es va incorporar a CURELL...\" \/>\n<meta property=\"og:url\" content=\"https:\/\/curell.com\/ca\/equipo\/emil-edissonov-kirilov\/\" \/>\n<meta property=\"og:site_name\" content=\"Curell Su\u00f1ol\" \/>\n<meta property=\"article:modified_time\" content=\"2026-01-15T08:28:15+00:00\" \/>\n<meta property=\"og:image\" content=\"https:\/\/curell.com\/wp-content\/uploads\/2022\/01\/emil.png\" \/>\n\t<meta property=\"og:image:width\" content=\"534\" \/>\n\t<meta property=\"og:image:height\" content=\"800\" \/>\n\t<meta property=\"og:image:type\" content=\"image\/png\" \/>\n<meta name=\"twitter:card\" content=\"summary_large_image\" \/>\n<meta name=\"twitter:label1\" content=\"Temps estimat de lectura\" \/>\n\t<meta name=\"twitter:data1\" content=\"5 minuts\" \/>\n<script type=\"application\/ld+json\" class=\"yoast-schema-graph\">{\"@context\":\"https:\/\/schema.org\",\"@graph\":[{\"@type\":\"WebPage\",\"@id\":\"https:\/\/curell.com\/ca\/equipo\/emil-edissonov-kirilov\/\",\"url\":\"https:\/\/curell.com\/ca\/equipo\/emil-edissonov-kirilov\/\",\"name\":\"Emil Edissonov Kirilov | Curell Su\u00f1ol\",\"isPartOf\":{\"@id\":\"https:\/\/curell.com\/#website\"},\"primaryImageOfPage\":{\"@id\":\"https:\/\/curell.com\/ca\/equipo\/emil-edissonov-kirilov\/#primaryimage\"},\"image\":{\"@id\":\"https:\/\/curell.com\/ca\/equipo\/emil-edissonov-kirilov\/#primaryimage\"},\"thumbnailUrl\":\"https:\/\/curell.com\/wp-content\/uploads\/2022\/01\/emil.png\",\"datePublished\":\"2022-01-07T11:18:37+00:00\",\"dateModified\":\"2026-01-15T08:28:15+00:00\",\"breadcrumb\":{\"@id\":\"https:\/\/curell.com\/ca\/equipo\/emil-edissonov-kirilov\/#breadcrumb\"},\"inLanguage\":\"ca\",\"potentialAction\":[{\"@type\":\"ReadAction\",\"target\":[\"https:\/\/curell.com\/ca\/equipo\/emil-edissonov-kirilov\/\"]}]},{\"@type\":\"ImageObject\",\"inLanguage\":\"ca\",\"@id\":\"https:\/\/curell.com\/ca\/equipo\/emil-edissonov-kirilov\/#primaryimage\",\"url\":\"https:\/\/curell.com\/wp-content\/uploads\/2022\/01\/emil.png\",\"contentUrl\":\"https:\/\/curell.com\/wp-content\/uploads\/2022\/01\/emil.png\",\"width\":534,\"height\":800},{\"@type\":\"BreadcrumbList\",\"@id\":\"https:\/\/curell.com\/ca\/equipo\/emil-edissonov-kirilov\/#breadcrumb\",\"itemListElement\":[{\"@type\":\"ListItem\",\"position\":1,\"name\":\"Portada\",\"item\":\"https:\/\/curell.com\/ca\/\"},{\"@type\":\"ListItem\",\"position\":2,\"name\":\"Portfolio\",\"item\":\"https:\/\/curell.com\/equipo\/\"},{\"@type\":\"ListItem\",\"position\":3,\"name\":\"Emil Edissonov Kirilov\"}]},{\"@type\":\"WebSite\",\"@id\":\"https:\/\/curell.com\/#website\",\"url\":\"https:\/\/curell.com\/\",\"name\":\"Curell Su\u00f1ol\",\"description\":\"Patentes, Marcas y Dise\u00f1os desde 1946\",\"publisher\":{\"@id\":\"https:\/\/curell.com\/#organization\"},\"potentialAction\":[{\"@type\":\"SearchAction\",\"target\":{\"@type\":\"EntryPoint\",\"urlTemplate\":\"https:\/\/curell.com\/?s={search_term_string}\"},\"query-input\":{\"@type\":\"PropertyValueSpecification\",\"valueRequired\":true,\"valueName\":\"search_term_string\"}}],\"inLanguage\":\"ca\"},{\"@type\":\"Organization\",\"@id\":\"https:\/\/curell.com\/#organization\",\"name\":\"Curell Su\u00f1ol\",\"url\":\"https:\/\/curell.com\/\",\"logo\":{\"@type\":\"ImageObject\",\"inLanguage\":\"ca\",\"@id\":\"https:\/\/curell.com\/#\/schema\/logo\/image\/\",\"url\":\"https:\/\/curell.com\/wp-content\/uploads\/2022\/10\/curell-3.png\",\"contentUrl\":\"https:\/\/curell.com\/wp-content\/uploads\/2022\/10\/curell-3.png\",\"width\":300,\"height\":70,\"caption\":\"Curell Su\u00f1ol\"},\"image\":{\"@id\":\"https:\/\/curell.com\/#\/schema\/logo\/image\/\"},\"sameAs\":[\"https:\/\/es.linkedin.com\/company\/curell-su-ol\",\"https:\/\/www.instagram.com\/curell.sunol\/\"]}]}<\/script>\n<!-- \/ Yoast SEO plugin. -->","yoast_head_json":{"title":"Emil Edissonov Kirilov | Curell Su\u00f1ol","robots":{"index":"index","follow":"follow","max-snippet":"max-snippet:-1","max-image-preview":"max-image-preview:large","max-video-preview":"max-video-preview:-1"},"canonical":"https:\/\/curell.com\/ca\/equipo\/emil-edissonov-kirilov\/","og_locale":"ca_ES","og_type":"article","og_title":"Emil Edissonov Kirilov | Curell Su\u00f1ol","og_description":"[vc_row css_animation=&#8221;&#8221; row_type=&#8221;row&#8221; use_row_as_full_screen_section=&#8221;no&#8221; type=&#8221;full_width&#8221; angled_section=&#8221;no&#8221; text_align=&#8221;left&#8221; background_image_as_pattern=&#8221;without_pattern&#8221;][vc_column][vc_empty_space height=&#8221;55px&#8221;][\/vc_column][\/vc_row][vc_row css_animation=&#8221;&#8221; row_type=&#8221;row&#8221; use_row_as_full_screen_section=&#8221;no&#8221; type=&#8221;grid&#8221; angled_section=&#8221;no&#8221; text_align=&#8221;left&#8221; background_image_as_pattern=&#8221;without_pattern&#8221; z_index=&#8221;&#8221;][vc_column width=&#8221;1\/3&#8243;][vc_single_image source=&#8221;featured_image&#8221; img_size=&#8221;full&#8221; style=&#8221;vc_box_rounded&#8221; qode_css_animation=&#8221;element_from_fade&#8221;][vc_empty_space][\/vc_column][vc_column width=&#8221;2\/3&#8243;][vc_column_text] Emil Edissonov Kirilov [\/vc_column_text][vc_separator type=&#8221;normal&#8221; color=&#8221;#bda25b&#8221; thickness=&#8221;3&#8243;][vc_column_text css=&#8221;&#8221;]Soci Advocat en exercici Representant professional inscrit davant l\u2019EUIPO Emil es va incorporar a CURELL...","og_url":"https:\/\/curell.com\/ca\/equipo\/emil-edissonov-kirilov\/","og_site_name":"Curell Su\u00f1ol","article_modified_time":"2026-01-15T08:28:15+00:00","og_image":[{"width":534,"height":800,"url":"https:\/\/curell.com\/wp-content\/uploads\/2022\/01\/emil.png","type":"image\/png"}],"twitter_card":"summary_large_image","twitter_misc":{"Temps estimat de lectura":"5 minuts"},"schema":{"@context":"https:\/\/schema.org","@graph":[{"@type":"WebPage","@id":"https:\/\/curell.com\/ca\/equipo\/emil-edissonov-kirilov\/","url":"https:\/\/curell.com\/ca\/equipo\/emil-edissonov-kirilov\/","name":"Emil Edissonov Kirilov | Curell Su\u00f1ol","isPartOf":{"@id":"https:\/\/curell.com\/#website"},"primaryImageOfPage":{"@id":"https:\/\/curell.com\/ca\/equipo\/emil-edissonov-kirilov\/#primaryimage"},"image":{"@id":"https:\/\/curell.com\/ca\/equipo\/emil-edissonov-kirilov\/#primaryimage"},"thumbnailUrl":"https:\/\/curell.com\/wp-content\/uploads\/2022\/01\/emil.png","datePublished":"2022-01-07T11:18:37+00:00","dateModified":"2026-01-15T08:28:15+00:00","breadcrumb":{"@id":"https:\/\/curell.com\/ca\/equipo\/emil-edissonov-kirilov\/#breadcrumb"},"inLanguage":"ca","potentialAction":[{"@type":"ReadAction","target":["https:\/\/curell.com\/ca\/equipo\/emil-edissonov-kirilov\/"]}]},{"@type":"ImageObject","inLanguage":"ca","@id":"https:\/\/curell.com\/ca\/equipo\/emil-edissonov-kirilov\/#primaryimage","url":"https:\/\/curell.com\/wp-content\/uploads\/2022\/01\/emil.png","contentUrl":"https:\/\/curell.com\/wp-content\/uploads\/2022\/01\/emil.png","width":534,"height":800},{"@type":"BreadcrumbList","@id":"https:\/\/curell.com\/ca\/equipo\/emil-edissonov-kirilov\/#breadcrumb","itemListElement":[{"@type":"ListItem","position":1,"name":"Portada","item":"https:\/\/curell.com\/ca\/"},{"@type":"ListItem","position":2,"name":"Portfolio","item":"https:\/\/curell.com\/equipo\/"},{"@type":"ListItem","position":3,"name":"Emil Edissonov Kirilov"}]},{"@type":"WebSite","@id":"https:\/\/curell.com\/#website","url":"https:\/\/curell.com\/","name":"Curell Su\u00f1ol","description":"Patentes, Marcas y Dise\u00f1os desde 1946","publisher":{"@id":"https:\/\/curell.com\/#organization"},"potentialAction":[{"@type":"SearchAction","target":{"@type":"EntryPoint","urlTemplate":"https:\/\/curell.com\/?s={search_term_string}"},"query-input":{"@type":"PropertyValueSpecification","valueRequired":true,"valueName":"search_term_string"}}],"inLanguage":"ca"},{"@type":"Organization","@id":"https:\/\/curell.com\/#organization","name":"Curell Su\u00f1ol","url":"https:\/\/curell.com\/","logo":{"@type":"ImageObject","inLanguage":"ca","@id":"https:\/\/curell.com\/#\/schema\/logo\/image\/","url":"https:\/\/curell.com\/wp-content\/uploads\/2022\/10\/curell-3.png","contentUrl":"https:\/\/curell.com\/wp-content\/uploads\/2022\/10\/curell-3.png","width":300,"height":70,"caption":"Curell Su\u00f1ol"},"image":{"@id":"https:\/\/curell.com\/#\/schema\/logo\/image\/"},"sameAs":["https:\/\/es.linkedin.com\/company\/curell-su-ol","https:\/\/www.instagram.com\/curell.sunol\/"]}]}},"_links":{"self":[{"href":"https:\/\/curell.com\/ca\/wp-json\/wp\/v2\/portfolio_page\/4060","targetHints":{"allow":["GET"]}}],"collection":[{"href":"https:\/\/curell.com\/ca\/wp-json\/wp\/v2\/portfolio_page"}],"about":[{"href":"https:\/\/curell.com\/ca\/wp-json\/wp\/v2\/types\/portfolio_page"}],"author":[{"embeddable":true,"href":"https:\/\/curell.com\/ca\/wp-json\/wp\/v2\/users\/2"}],"replies":[{"embeddable":true,"href":"https:\/\/curell.com\/ca\/wp-json\/wp\/v2\/comments?post=4060"}],"wp:featuredmedia":[{"embeddable":true,"href":"https:\/\/curell.com\/ca\/wp-json\/wp\/v2\/media\/75655"}],"wp:attachment":[{"href":"https:\/\/curell.com\/ca\/wp-json\/wp\/v2\/media?parent=4060"}],"wp:term":[{"taxonomy":"portfolio_category","embeddable":true,"href":"https:\/\/curell.com\/ca\/wp-json\/wp\/v2\/portfolio_category?post=4060"},{"taxonomy":"portfolio_tag","embeddable":true,"href":"https:\/\/curell.com\/ca\/wp-json\/wp\/v2\/portfolio_tag?post=4060"}],"curies":[{"name":"wp","href":"https:\/\/api.w.org\/{rel}","templated":true}]}}