{"id":3285,"date":"2022-01-28T11:44:45","date_gmt":"2022-01-28T11:44:45","guid":{"rendered":"https:\/\/curell.com\/?page_id=3285"},"modified":"2026-03-10T11:15:57","modified_gmt":"2026-03-10T11:15:57","slug":"rankings","status":"publish","type":"page","link":"https:\/\/curell.com\/en\/rankings\/","title":{"rendered":"Recognition"},"content":{"rendered":"<div class=\"wpb-content-wrapper\"><p>[vc_row css_animation=&#8221;&#8221; row_type=&#8221;row&#8221; use_row_as_full_screen_section=&#8221;no&#8221; type=&#8221;full_width&#8221; angled_section=&#8221;no&#8221; text_align=&#8221;left&#8221; background_image_as_pattern=&#8221;without_pattern&#8221; background_image=&#8221;370&#8243; css=&#8221;.vc_custom_1659696313888{background-image: url(https:\/\/curell.com\/wp-content\/uploads\/2022\/08\/reconocimientos-header.jpg?id=1137) !important;background-position: center !important;background-repeat: no-repeat !important;background-size: cover !important;}&#8221; z_index=&#8221;&#8221;][vc_column offset=&#8221;vc_hidden-xs&#8221;][vc_empty_space height=&#8221;150&#8243;][vc_column_text]<\/p>\n<h1 style=\"text-align: center;\"><span style=\"color: #ffffff;\">Recognition<\/span><\/h1>\n<p>[\/vc_column_text][vc_empty_space height=&#8221;20&#8243;][vc_column_text]<\/p>\n<h2 style=\"text-align: center;\"><span style=\"color: #ffffff;\">Curell Su\u00f1ol<\/span><\/h2>\n<p>[\/vc_column_text][vc_empty_space height=&#8221;150&#8243;][\/vc_column][\/vc_row][vc_row css_animation=&#8221;&#8221; row_type=&#8221;row&#8221; use_row_as_full_screen_section=&#8221;no&#8221; type=&#8221;full_width&#8221; angled_section=&#8221;no&#8221; text_align=&#8221;left&#8221; background_image_as_pattern=&#8221;without_pattern&#8221; background_image=&#8221;370&#8243; css=&#8221;.vc_custom_1659696313888{background-image: url(https:\/\/curell.com\/wp-content\/uploads\/2022\/08\/reconocimientos-header.jpg?id=1137) !important;background-position: center !important;background-repeat: no-repeat !important;background-size: cover !important;}&#8221; z_index=&#8221;&#8221;][vc_column offset=&#8221;vc_hidden-lg vc_hidden-md vc_hidden-sm&#8221;][vc_empty_space height=&#8221;120&#8243;][vc_column_text]<\/p>\n<h1 style=\"text-align: center;\"><span style=\"color: #ffffff;\">Recognition<\/span><\/h1>\n<p>[\/vc_column_text][vc_empty_space height=&#8221;20&#8243;][vc_column_text]<\/p>\n<h2 style=\"text-align: center;\"><span style=\"color: #ffffff;\">Curell Su\u00f1ol<\/span><\/h2>\n<p>[\/vc_column_text][vc_empty_space height=&#8221;90&#8243;][\/vc_column][\/vc_row][vc_row css_animation=&#8221;&#8221; row_type=&#8221;row&#8221; use_row_as_full_screen_section=&#8221;no&#8221; type=&#8221;full_width&#8221; angled_section=&#8221;no&#8221; text_align=&#8221;left&#8221; background_image_as_pattern=&#8221;without_pattern&#8221;][vc_column][vc_empty_space height=&#8221;80px&#8221;][\/vc_column][\/vc_row][vc_row css_animation=&#8221;&#8221; row_type=&#8221;row&#8221; use_row_as_full_screen_section=&#8221;no&#8221; type=&#8221;full_width&#8221; angled_section=&#8221;no&#8221; text_align=&#8221;left&#8221; background_image_as_pattern=&#8221;without_pattern&#8221;][vc_column width=&#8221;1\/4&#8243;][\/vc_column][vc_column width=&#8221;1\/2&#8243;][vc_column_text]<\/p>\n<h3 style=\"text-align: center;\">We do not work for awards, but we are committed to our work and value the recognition of our clients and colleagues.<\/h3>\n<p>[\/vc_column_text][\/vc_column][vc_column width=&#8221;1\/4&#8243;][\/vc_column][\/vc_row][vc_row css_animation=&#8221;&#8221; row_type=&#8221;row&#8221; use_row_as_full_screen_section=&#8221;no&#8221; type=&#8221;full_width&#8221; angled_section=&#8221;no&#8221; text_align=&#8221;left&#8221; background_image_as_pattern=&#8221;without_pattern&#8221;][vc_column][vc_empty_space height=&#8221;80px&#8221;][\/vc_column][\/vc_row][vc_row css_animation=&#8221;&#8221; row_type=&#8221;row&#8221; use_row_as_full_screen_section=&#8221;no&#8221; type=&#8221;full_width&#8221; angled_section=&#8221;no&#8221; text_align=&#8221;left&#8221; background_image_as_pattern=&#8221;without_pattern&#8221;][vc_column][vc_row_inner row_type=&#8221;row&#8221; type=&#8221;grid&#8221; text_align=&#8221;left&#8221; css_animation=&#8221;&#8221;][vc_column_inner width=&#8221;1\/3&#8243;][vc_single_image image=&#8221;34191&#8243; img_size=&#8221;full&#8221; alignment=&#8221;center&#8221; css=&#8221;&#8221; qode_css_animation=&#8221;&#8221;][vc_empty_space height=&#8221;20px&#8221;][\/vc_column_inner][vc_column_inner width=&#8221;2\/3&#8243;][vc_column_text css=&#8221;&#8221;]<\/p>\n<div class=\"wpb_text_column wpb_content_element \">\n<div class=\"wpb_wrapper\">\n<div class=\"wpb_text_column wpb_content_element \">\n<div class=\"wpb_wrapper\">\n<div class=\"wpb_text_column wpb_content_element \">\n<div class=\"wpb_wrapper\">\n<div class=\"wpb_text_column wpb_content_element \">\n<div class=\"wpb_wrapper\">\n<div class=\"wpb_text_column wpb_content_element \">\n<div class=\"wpb_wrapper\">\n<div class=\"wpb_text_column wpb_content_element \">\n<div class=\"wpb_wrapper\">\n<div class=\"wpb_text_column wpb_content_element \">\n<div class=\"wpb_wrapper\">\n<div class=\"wpb_text_column wpb_content_element \">\n<div class=\"wpb_wrapper\">\n<div class=\"wpb_text_column wpb_content_element \">\n<div class=\"wpb_wrapper\">\n<div class=\"wpb_text_column wpb_content_element \">\n<div class=\"wpb_wrapper\">\n<div class=\"wpb_text_column wpb_content_element \">\n<div class=\"wpb_wrapper\">\n<div class=\"wpb_text_column wpb_content_element \">\n<div class=\"wpb_wrapper\">\n<h2>Women\u2019s IP World Annual Ranking 2026<\/h2>\n<\/div>\n<\/div>\n<\/div>\n<\/div>\n<\/div>\n<\/div>\n<\/div>\n<\/div>\n<\/div>\n<\/div>\n<\/div>\n<\/div>\n<\/div>\n<\/div>\n<div class=\"wpb_text_column wpb_content_element \">\n<div class=\"wpb_wrapper\">\n<div class=\"vc_row wpb_row section vc_row-fluid \">\n<div class=\" full_section_inner clearfix\">\n<div class=\"wpb_column vc_column_container vc_col-sm-12\">\n<div class=\"vc_column-inner\">\n<div class=\"wpb_wrapper\">\n<div class=\"vc_row wpb_row section vc_row-fluid vc_inner grid_section\">\n<div class=\" section_inner clearfix\">\n<div class=\"section_inner_margin clearfix\">\n<div class=\"wpb_column vc_column_container vc_col-sm-8\">\n<div class=\"vc_column-inner\">\n<div class=\"wpb_wrapper\">\n<div class=\"wpb_text_column wpb_content_element \">\n<div class=\"wpb_wrapper\">\n<div class=\"wpb_text_column wpb_content_element \">\n<div class=\"wpb_wrapper\">\n<div class=\"wpb_text_column wpb_content_element \">\n<div class=\"wpb_wrapper\">\n<div class=\"wpb_text_column wpb_content_element \">\n<div class=\"wpb_wrapper\">\n<p>We are pleased to announce that our partner, <strong>Mar\u00eda Ceballos<\/strong>, has once again been recognised in the 2026 ranking of Women&#8217;s IP World.<\/p>\n<p><a href=\"https:\/\/www.womensipworld.com\/ranking-2026-results\/excellence-in-ip-management-for-emerging-markets\" target=\"_blank\" rel=\"noopener\">More information<\/a><\/p>\n<\/div>\n<\/div>\n<\/div>\n<\/div>\n<\/div>\n<\/div>\n<\/div>\n<\/div>\n<\/div>\n<\/div>\n<\/div>\n<\/div>\n<\/div>\n<\/div>\n<\/div>\n<\/div>\n<\/div>\n<\/div>\n<\/div>\n<\/div>\n<\/div>\n<\/div>\n<\/div>\n<\/div>\n<\/div>\n<\/div>\n<\/div>\n<\/div>\n<\/div>\n<\/div>\n<\/div>\n<p>[\/vc_column_text][vc_column_text][\/vc_column_text][\/vc_column_inner][\/vc_row_inner][\/vc_column][\/vc_row][vc_row css_animation=&#8221;&#8221; row_type=&#8221;row&#8221; use_row_as_full_screen_section=&#8221;no&#8221; type=&#8221;grid&#8221; angled_section=&#8221;no&#8221; text_align=&#8221;left&#8221; background_image_as_pattern=&#8221;without_pattern&#8221; css=&#8221;.vc_custom_1643370279143{background-color: #ffffff !important;}&#8221; z_index=&#8221;&#8221;][vc_column][vc_empty_space height=&#8221;20px&#8221;][vc_separator type=&#8221;normal&#8221; color=&#8221;#bda45d&#8221; thickness=&#8221;3&#8243;][vc_empty_space height=&#8221;30px&#8221;][\/vc_column][\/vc_row][vc_row css_animation=&#8221;&#8221; row_type=&#8221;row&#8221; use_row_as_full_screen_section=&#8221;no&#8221; type=&#8221;full_width&#8221; angled_section=&#8221;no&#8221; text_align=&#8221;left&#8221; background_image_as_pattern=&#8221;without_pattern&#8221;][vc_column][vc_row_inner row_type=&#8221;row&#8221; type=&#8221;grid&#8221; text_align=&#8221;left&#8221; css_animation=&#8221;&#8221;][vc_column_inner width=&#8221;1\/3&#8243;][vc_single_image image=&#8221;75240&#8243; img_size=&#8221;full&#8221; alignment=&#8221;center&#8221; css=&#8221;&#8221; qode_css_animation=&#8221;&#8221;][vc_empty_space height=&#8221;20px&#8221;][\/vc_column_inner][vc_column_inner width=&#8221;2\/3&#8243;][vc_column_text css=&#8221;&#8221;]<\/p>\n<div class=\"wpb_text_column wpb_content_element \">\n<div class=\"wpb_wrapper\">\n<div class=\"wpb_text_column wpb_content_element \">\n<div class=\"wpb_wrapper\">\n<div class=\"wpb_text_column wpb_content_element \">\n<div class=\"wpb_wrapper\">\n<div class=\"wpb_text_column wpb_content_element \">\n<div class=\"wpb_wrapper\">\n<div class=\"wpb_text_column wpb_content_element \">\n<div class=\"wpb_wrapper\">\n<h2>The Best Lawyers in Spain (2026 Edition)<\/h2>\n<\/div>\n<\/div>\n<\/div>\n<\/div>\n<\/div>\n<\/div>\n<\/div>\n<\/div>\n<\/div>\n<\/div>\n<div class=\"wpb_text_column wpb_content_element \">\n<div class=\"wpb_wrapper\">\n<div class=\"vc_row wpb_row section vc_row-fluid \">\n<div class=\" full_section_inner clearfix\">\n<div class=\"wpb_column vc_column_container vc_col-sm-12\">\n<div class=\"vc_column-inner\">\n<div class=\"wpb_wrapper\">\n<div class=\"vc_row wpb_row section vc_row-fluid vc_inner grid_section\">\n<div class=\" section_inner clearfix\">\n<div class=\"section_inner_margin clearfix\">\n<div class=\"wpb_column vc_column_container vc_col-sm-8\">\n<div class=\"vc_column-inner\">\n<div class=\"wpb_wrapper\">\n<div class=\"wpb_text_column wpb_content_element \">\n<div class=\"wpb_wrapper\">\n<div class=\"wpb_text_column wpb_content_element \">\n<div class=\"wpb_wrapper\">\n<div class=\"wpb_text_column wpb_content_element \">\n<div class=\"wpb_wrapper\">\n<div class=\"wpb_text_column wpb_content_element \">\n<div class=\"wpb_wrapper\">\n<p>Our partners <strong>Mar\u00eda Ceballos, Merc\u00e8 Hern\u00e1ndez<\/strong> and <strong>Emil Edissonov<\/strong> have been included in the <em>Best Lawyers 2026 ranking<\/em>, a distinction awarded entirely through peer review.<\/p>\n<\/div>\n<\/div>\n<\/div>\n<\/div>\n<\/div>\n<\/div>\n<\/div>\n<\/div>\n<div class=\"wpb_text_column wpb_content_element \">\n<div class=\"wpb_wrapper\"><\/div>\n<\/div>\n<\/div>\n<\/div>\n<\/div>\n<\/div>\n<\/div>\n<\/div>\n<\/div>\n<\/div>\n<\/div>\n<\/div>\n<\/div>\n<div class=\"vc_row wpb_row section vc_row-fluid vc_custom_1643370279143 grid_section\">\n<div class=\" section_inner clearfix\">\n<div class=\"section_inner_margin clearfix\">\n<div class=\"wpb_column vc_column_container vc_col-sm-12\">\n<div class=\"vc_column-inner\">\n<div class=\"wpb_wrapper\">\n<div class=\"vc_empty_space\"><\/div>\n<\/div>\n<\/div>\n<\/div>\n<\/div>\n<\/div>\n<\/div>\n<\/div>\n<\/div>\n<p>[\/vc_column_text][vc_column_text][\/vc_column_text][\/vc_column_inner][\/vc_row_inner][\/vc_column][\/vc_row][vc_row css_animation=&#8221;&#8221; row_type=&#8221;row&#8221; use_row_as_full_screen_section=&#8221;no&#8221; type=&#8221;grid&#8221; angled_section=&#8221;no&#8221; text_align=&#8221;left&#8221; background_image_as_pattern=&#8221;without_pattern&#8221; css=&#8221;.vc_custom_1643370279143{background-color: #ffffff !important;}&#8221; z_index=&#8221;&#8221;][vc_column][vc_empty_space height=&#8221;20px&#8221;][vc_separator type=&#8221;normal&#8221; color=&#8221;#bda45d&#8221; thickness=&#8221;3&#8243;][vc_empty_space height=&#8221;30px&#8221;][\/vc_column][\/vc_row][vc_row css_animation=&#8221;&#8221; row_type=&#8221;row&#8221; use_row_as_full_screen_section=&#8221;no&#8221; type=&#8221;full_width&#8221; angled_section=&#8221;no&#8221; text_align=&#8221;left&#8221; background_image_as_pattern=&#8221;without_pattern&#8221;][vc_column][vc_row_inner row_type=&#8221;row&#8221; type=&#8221;grid&#8221; text_align=&#8221;left&#8221; css_animation=&#8221;&#8221;][vc_column_inner width=&#8221;1\/3&#8243;][vc_single_image image=&#8221;41196&#8243; img_size=&#8221;full&#8221; alignment=&#8221;center&#8221; css=&#8221;&#8221; qode_css_animation=&#8221;&#8221;][vc_empty_space height=&#8221;20px&#8221;][\/vc_column_inner][vc_column_inner width=&#8221;2\/3&#8243;][vc_column_text css=&#8221;&#8221;]<\/p>\n<div class=\"wpb_text_column wpb_content_element \">\n<div class=\"wpb_wrapper\">\n<div class=\"wpb_text_column wpb_content_element \">\n<div class=\"wpb_wrapper\">\n<div class=\"wpb_text_column wpb_content_element \">\n<div class=\"wpb_wrapper\">\n<div class=\"wpb_text_column wpb_content_element \">\n<div class=\"wpb_wrapper\">\n<div class=\"wpb_text_column wpb_content_element \">\n<div class=\"wpb_wrapper\">\n<div class=\"wpb_text_column wpb_content_element \">\n<div class=\"wpb_wrapper\">\n<div class=\"wpb_text_column wpb_content_element \">\n<div class=\"wpb_wrapper\">\n<h2>WTR 1000 \u2013 2026<\/h2>\n<\/div>\n<\/div>\n<\/div>\n<\/div>\n<\/div>\n<\/div>\n<\/div>\n<\/div>\n<\/div>\n<\/div>\n<div class=\"wpb_text_column wpb_content_element \">\n<div class=\"wpb_wrapper\">\n<p>We are pleased to announce that WTR 1000 has once again ranked CURELL SU\u00d1OL as a Silver Band IP Law firm.<\/p>\n<p>Our honorary president, <strong>Mireia Curell Aguil\u00e0<\/strong>, and our partners, <strong>Mar\u00eda Ceballos<\/strong> and <strong>Isabela Robledo McClymont<\/strong>, have also been recognised in the lists of recommended professionals.<\/p>\n<\/div>\n<\/div>\n<\/div>\n<\/div>\n<\/div>\n<\/div>\n<p>[\/vc_column_text][vc_column_text][\/vc_column_text][\/vc_column_inner][\/vc_row_inner][\/vc_column][\/vc_row][vc_row css_animation=&#8221;&#8221; row_type=&#8221;row&#8221; use_row_as_full_screen_section=&#8221;no&#8221; type=&#8221;grid&#8221; angled_section=&#8221;no&#8221; text_align=&#8221;left&#8221; background_image_as_pattern=&#8221;without_pattern&#8221; css=&#8221;.vc_custom_1643370279143{background-color: #ffffff !important;}&#8221; z_index=&#8221;&#8221;][vc_column][vc_empty_space height=&#8221;20px&#8221;][vc_separator type=&#8221;normal&#8221; color=&#8221;#bda45d&#8221; thickness=&#8221;3&#8243;][vc_empty_space height=&#8221;30px&#8221;][\/vc_column][\/vc_row][vc_row css_animation=&#8221;&#8221; row_type=&#8221;row&#8221; use_row_as_full_screen_section=&#8221;no&#8221; type=&#8221;full_width&#8221; angled_section=&#8221;no&#8221; text_align=&#8221;left&#8221; background_image_as_pattern=&#8221;without_pattern&#8221;][vc_column][vc_row_inner row_type=&#8221;row&#8221; type=&#8221;grid&#8221; text_align=&#8221;left&#8221; css_animation=&#8221;&#8221;][vc_column_inner width=&#8221;1\/3&#8243;][vc_single_image image=&#8221;34191&#8243; img_size=&#8221;full&#8221; alignment=&#8221;center&#8221; css=&#8221;&#8221; qode_css_animation=&#8221;&#8221;][vc_empty_space height=&#8221;20px&#8221;][\/vc_column_inner][vc_column_inner width=&#8221;2\/3&#8243;][vc_column_text css=&#8221;&#8221;]<\/p>\n<div class=\"wpb_text_column wpb_content_element \">\n<div class=\"wpb_wrapper\">\n<div class=\"wpb_text_column wpb_content_element \">\n<div class=\"wpb_wrapper\">\n<h2>Women&#8217;s IP World Annual Ranking 2025<\/h2>\n<\/div>\n<\/div>\n<\/div>\n<\/div>\n<div class=\"wpb_text_column wpb_content_element \">\n<div class=\"wpb_wrapper\">\n<p>We are pleased to share that our partners, <a href=\"https:\/\/curell.com\/en\/equipo\/maria-ceballos-rodriguez\/\"><strong>Mar\u00eda Ceballos<\/strong><\/a>, <a href=\"https:\/\/curell.com\/en\/equipo\/isabela-robledo-mcclymont\/\"><strong>Isabela Robledo McClymont<\/strong><\/a>, and <a href=\"https:\/\/curell.com\/en\/equipo\/merce-hernandez-gazquez\/\"><strong>Merc\u00e8 Hern\u00e1ndez G\u00e1zquez<\/strong><\/a>, have been nominated in the The Women&#8217;s IP World Annual Ranking 2025, a prestigious publication that celebrates the fundamental role of women in intellectual property and global innovation.<\/p>\n<p>This ranking honors the 100 most influential women in intellectual property law, recognizing their leadership, innovation, and global impact. In this edition, our Curell Su\u00f1ol partners have been acknowledged in the following categories:<\/p>\n<ul>\n<li><strong>Leadership and Vision<\/strong><\/li>\n<li><strong>Mentorship and Community Building<\/strong><\/li>\n<\/ul>\n<p>&nbsp;<\/p>\n<\/div>\n<\/div>\n<p>[\/vc_column_text][vc_column_text][\/vc_column_text][\/vc_column_inner][\/vc_row_inner][\/vc_column][\/vc_row][vc_row css_animation=&#8221;&#8221; row_type=&#8221;row&#8221; use_row_as_full_screen_section=&#8221;no&#8221; type=&#8221;grid&#8221; angled_section=&#8221;no&#8221; text_align=&#8221;left&#8221; background_image_as_pattern=&#8221;without_pattern&#8221; css=&#8221;.vc_custom_1643370279143{background-color: #ffffff !important;}&#8221; z_index=&#8221;&#8221;][vc_column][vc_empty_space height=&#8221;20px&#8221;][vc_separator type=&#8221;normal&#8221; color=&#8221;#bda45d&#8221; thickness=&#8221;3&#8243;][vc_empty_space height=&#8221;30px&#8221;][\/vc_column][\/vc_row][vc_row css_animation=&#8221;&#8221; row_type=&#8221;row&#8221; use_row_as_full_screen_section=&#8221;no&#8221; type=&#8221;full_width&#8221; angled_section=&#8221;no&#8221; text_align=&#8221;left&#8221; background_image_as_pattern=&#8221;without_pattern&#8221;][vc_column][vc_row_inner row_type=&#8221;row&#8221; type=&#8221;grid&#8221; text_align=&#8221;left&#8221; css_animation=&#8221;&#8221;][vc_column_inner width=&#8221;1\/3&#8243;][vc_single_image image=&#8221;75603&#8243; img_size=&#8221;full&#8221; alignment=&#8221;center&#8221; css=&#8221;&#8221; qode_css_animation=&#8221;&#8221;][vc_empty_space height=&#8221;20px&#8221;][\/vc_column_inner][vc_column_inner width=&#8221;2\/3&#8243;][vc_column_text css=&#8221;&#8221;]<\/p>\n<div class=\"wpb_text_column wpb_content_element \">\n<div class=\"wpb_wrapper\">\n<div class=\"wpb_text_column wpb_content_element \">\n<div class=\"wpb_wrapper\">\n<div class=\"wpb_text_column wpb_content_element \">\n<div class=\"wpb_wrapper\">\n<div class=\"wpb_text_column wpb_content_element \">\n<div class=\"wpb_wrapper\">\n<h2>Top Ranked Legal 2025<\/h2>\n<\/div>\n<\/div>\n<\/div>\n<\/div>\n<div class=\"wpb_text_column wpb_content_element \">\n<div class=\"wpb_wrapper\">\n<p>According to Top Ranked Legal, CURELL SU\u00d1OL is ranked:<\/p>\n<ul>\n<li class=\"x_MsoNormal\"><span lang=\"EN-GB\">Band One in the category\u00a0<a href=\"https:\/\/www.toprankedlegal.com\/location\/es\/?pa=ip\">General IP<\/a><\/span><span lang=\"EN-GB\">\u00a0<\/span><\/li>\n<li class=\"x_MsoNormal\"><span lang=\"EN-GB\">Band One in the category\u00a0<a href=\"https:\/\/www.toprankedlegal.com\/location\/es\/?pa=ip_patent_trademark_agents\">IP-Patent and Trademark Agents<\/a><\/span><span lang=\"EN-GB\">\u00a0<\/span><\/li>\n<li class=\"x_MsoNormal\"><span lang=\"EN-GB\">Band One in the category\u00a0<a href=\"https:\/\/www.toprankedlegal.com\/location\/es\/?pa=ip_patents\">IP-Patents<\/a><\/span><\/li>\n<li class=\"x_MsoNormal\"><span lang=\"EN-GB\">Band One in the category\u00a0<a href=\"https:\/\/www.toprankedlegal.com\/location\/es\/?pa=ip_trademarks\">IP-Trademarks<\/a><\/span><\/li>\n<li class=\"x_MsoNormal\"><span lang=\"EN-GB\">Band One in the category\u00a0<a href=\"https:\/\/www.toprankedlegal.com\/location\/es\/?pa=ip_tradenarks_prosecution\">IP-Trademarks Prosecution<\/a><\/span><\/li>\n<li class=\"x_MsoNormal\"><span lang=\"EN-GB\">Band Two in the category\u00a0<a href=\"https:\/\/www.toprankedlegal.com\/location\/es\/?pa=ip_patents_prosecution\">IP-Patents Prosecution<\/a><\/span><\/li>\n<li class=\"x_MsoNormal\"><span lang=\"EN-GB\">Band Two in the category\u00a0<a href=\"https:\/\/www.toprankedlegal.com\/location\/es\/?pa=ip_trademarks_contentious\">IP-Trademarks Contentious<\/a><\/span><\/li>\n<\/ul>\n<\/div>\n<\/div>\n<\/div>\n<\/div>\n<\/div>\n<\/div>\n<p>[\/vc_column_text][vc_column_text][\/vc_column_text][\/vc_column_inner][\/vc_row_inner][\/vc_column][\/vc_row][vc_row css_animation=&#8221;&#8221; row_type=&#8221;row&#8221; use_row_as_full_screen_section=&#8221;no&#8221; type=&#8221;grid&#8221; angled_section=&#8221;no&#8221; text_align=&#8221;left&#8221; background_image_as_pattern=&#8221;without_pattern&#8221; css=&#8221;.vc_custom_1643370279143{background-color: #ffffff !important;}&#8221; z_index=&#8221;&#8221;][vc_column][vc_empty_space height=&#8221;20px&#8221;][vc_separator type=&#8221;normal&#8221; color=&#8221;#bda45d&#8221; thickness=&#8221;3&#8243;][vc_empty_space height=&#8221;30px&#8221;][\/vc_column][\/vc_row][vc_row css_animation=&#8221;&#8221; row_type=&#8221;row&#8221; use_row_as_full_screen_section=&#8221;no&#8221; type=&#8221;full_width&#8221; angled_section=&#8221;no&#8221; text_align=&#8221;left&#8221; background_image_as_pattern=&#8221;without_pattern&#8221;][vc_column][vc_row_inner row_type=&#8221;row&#8221; type=&#8221;grid&#8221; text_align=&#8221;left&#8221; css_animation=&#8221;&#8221;][vc_column_inner width=&#8221;1\/3&#8243;][vc_single_image image=&#8221;75472&#8243; img_size=&#8221;full&#8221; alignment=&#8221;center&#8221; css=&#8221;&#8221; qode_css_animation=&#8221;&#8221;][vc_empty_space height=&#8221;20px&#8221;][\/vc_column_inner][vc_column_inner width=&#8221;2\/3&#8243;][vc_column_text css=&#8221;&#8221;]<\/p>\n<div class=\"wpb_text_column wpb_content_element \">\n<div class=\"wpb_wrapper\">\n<div class=\"wpb_text_column wpb_content_element \">\n<div class=\"wpb_wrapper\">\n<h2>Leaders League \u2013 2025 Edition<\/h2>\n<p>CURELL SU\u00d1OL has been ranked this year in 4 categories:<\/p>\n<p><strong>Excellent in Patent Prosecution<\/strong>, with special mention of <strong>Santiago Jord\u00e1, N\u00e8stor Corominas, Robert Roser <\/strong>and<strong> Carles Molina<\/strong><\/p>\n<p><strong>Excellent in Trademark Prosecution<\/strong>, with special mention to <strong>Mar\u00eda Ceballos <\/strong>and<strong> Merc\u00e8 Hern\u00e1ndez<\/strong><\/p>\n<p><strong>Recommended in Trademark Litigation<\/strong>, with special mention to <strong>Mar\u00eda Ceballos, Isabela Robledo, Emil Edissonov <\/strong>and<strong> Merc\u00e8 Hern\u00e1ndez<\/strong><\/p>\n<p><strong>Recommended in Copyright Law<\/strong>, with special mention to <strong>Mar\u00eda Ceballos, Isabela Robledo, Emil Edissonov <\/strong>and<strong> Merc\u00e8 Hern\u00e1ndez<\/strong><\/p>\n<p>&nbsp;<\/p>\n<\/div>\n<\/div>\n<\/div>\n<\/div>\n<p>[\/vc_column_text][vc_column_text][\/vc_column_text][\/vc_column_inner][\/vc_row_inner][\/vc_column][\/vc_row][vc_row css_animation=&#8221;&#8221; row_type=&#8221;row&#8221; use_row_as_full_screen_section=&#8221;no&#8221; type=&#8221;grid&#8221; angled_section=&#8221;no&#8221; text_align=&#8221;left&#8221; background_image_as_pattern=&#8221;without_pattern&#8221; css=&#8221;.vc_custom_1643370279143{background-color: #ffffff !important;}&#8221; z_index=&#8221;&#8221;][vc_column][vc_empty_space height=&#8221;20px&#8221;][vc_separator type=&#8221;normal&#8221; color=&#8221;#bda45d&#8221; thickness=&#8221;3&#8243;][vc_empty_space height=&#8221;30px&#8221;][\/vc_column][\/vc_row][vc_row css_animation=&#8221;&#8221; row_type=&#8221;row&#8221; use_row_as_full_screen_section=&#8221;no&#8221; type=&#8221;full_width&#8221; angled_section=&#8221;no&#8221; text_align=&#8221;left&#8221; background_image_as_pattern=&#8221;without_pattern&#8221;][vc_column][vc_row_inner row_type=&#8221;row&#8221; type=&#8221;grid&#8221; text_align=&#8221;left&#8221; css_animation=&#8221;&#8221;][vc_column_inner width=&#8221;1\/3&#8243;][vc_single_image image=&#8221;20038&#8243; img_size=&#8221;full&#8221; alignment=&#8221;center&#8221; css=&#8221;&#8221; qode_css_animation=&#8221;&#8221;][vc_empty_space height=&#8221;20px&#8221;][\/vc_column_inner][vc_column_inner width=&#8221;2\/3&#8243;][vc_column_text css=&#8221;&#8221;]<\/p>\n<div class=\"wpb_text_column wpb_content_element \">\n<div class=\"wpb_wrapper\">\n<div class=\"wpb_text_column wpb_content_element \">\n<div class=\"wpb_wrapper\">\n<h2>IAM 1000 \u2013 2025 Edition<\/h2>\n<p>We are proud to announce that Curell Su\u00f1ol SLP has been ranked Silver in the 2025 edition of IAM Patent 1000: The Top Patent Prosecution Firms.<\/p>\n<p>As highlighted by the publication:<\/p>\n<p>\u00abWith a rich legacy spanning over 75 years, IP boutique Curell Su\u00f1ol has solidified its position as a reliable provider of patent services. The firm\u2019s thorough and client-centric approach seamlessly blends decades of experience with cutting-edge practices, ensuring a cost-effective service. Heading up the patent department is\u00a0<a href=\"https:\/\/curell.com\/en\/equipo\/santiago-jorda-petersen\/\"><strong>Santiago Jord\u00e1<\/strong><\/a>, a seasoned expert who leverages profound patent experience. His background as a research engineer allows him to seamlessly integrate technical knowledge with a deep understanding of legal complexities, showcasing his facility for drafting sophisticated patents and handling complex licensing agreements. Another standout professional is\u00a0<strong><a href=\"https:\/\/curell.com\/en\/equipo\/robert-roser-galard\/\">Robert Roser<\/a><\/strong>, whose expertise encompasses managing proceedings associated with patents registered in both Spain and internationally. He particularly excels when addressing patent infringement and validity issues, showcasing a thorough understanding of the nuances involved. As head of the design department,\u00a0<strong><a href=\"https:\/\/curell.com\/en\/equipo\/nestor-corominas-macias\/\">N\u00e8stor Corominas<\/a><\/strong>\u00a0has a strong focus on patent matters in his practice. Notably, he is instrumental in the meticulous preparation of patent design applications in Spain, as well as providing accurate assessments and advice to his following on patent protection matters.\u00bb<\/p>\n<\/div>\n<\/div>\n<\/div>\n<\/div>\n<p>[\/vc_column_text][vc_column_text][\/vc_column_text][\/vc_column_inner][\/vc_row_inner][\/vc_column][\/vc_row][vc_row css_animation=&#8221;&#8221; row_type=&#8221;row&#8221; use_row_as_full_screen_section=&#8221;no&#8221; type=&#8221;grid&#8221; angled_section=&#8221;no&#8221; text_align=&#8221;left&#8221; background_image_as_pattern=&#8221;without_pattern&#8221; css=&#8221;.vc_custom_1643370279143{background-color: #ffffff !important;}&#8221; z_index=&#8221;&#8221;][vc_column][vc_empty_space height=&#8221;20px&#8221;][vc_separator type=&#8221;normal&#8221; color=&#8221;#bda45d&#8221; thickness=&#8221;3&#8243;][vc_empty_space height=&#8221;30px&#8221;][\/vc_column][\/vc_row][vc_row css_animation=&#8221;&#8221; row_type=&#8221;row&#8221; use_row_as_full_screen_section=&#8221;no&#8221; type=&#8221;full_width&#8221; angled_section=&#8221;no&#8221; text_align=&#8221;left&#8221; background_image_as_pattern=&#8221;without_pattern&#8221;][vc_column][vc_row_inner row_type=&#8221;row&#8221; type=&#8221;grid&#8221; text_align=&#8221;left&#8221; css_animation=&#8221;&#8221;][vc_column_inner width=&#8221;1\/3&#8243;][vc_single_image image=&#8221;75240&#8243; img_size=&#8221;full&#8221; alignment=&#8221;center&#8221; css=&#8221;&#8221; qode_css_animation=&#8221;&#8221;][vc_empty_space height=&#8221;20px&#8221;][\/vc_column_inner][vc_column_inner width=&#8221;2\/3&#8243;][vc_column_text css=&#8221;&#8221;]<\/p>\n<div class=\"wpb_text_column wpb_content_element \">\n<div class=\"wpb_wrapper\">\n<div class=\"wpb_text_column wpb_content_element \">\n<div class=\"wpb_wrapper\">\n<div class=\"wpb_text_column wpb_content_element \">\n<div class=\"wpb_wrapper\">\n<div class=\"wpb_text_column wpb_content_element \">\n<div class=\"wpb_wrapper\">\n<h2>Best Lawyers 2025 \u2013 18th Edition \u2013 <span data-olk-copy-source=\"MessageBody\">The Best Lawyers in Spain\u2122<\/span><\/h2>\n<\/div>\n<\/div>\n<\/div>\n<\/div>\n<p>We are pleased to announce that our partners\u00a0<a href=\"https:\/\/curell.com\/equipo\/maria-ceballos-rodriguez\/\"><strong>Mar\u00eda<\/strong>\u00a0<strong>Ceballos<\/strong><\/a>\u00a0and\u00a0<a href=\"https:\/\/curell.com\/equipo\/emil-edissonov\/\"><strong>Emil<\/strong>\u00a0<strong>Edissonov<\/strong><\/a> have been featured in the prestigious ranking Best Lawyers 2025, which is based entirely on peer review.<\/p>\n<\/div>\n<\/div>\n<\/div>\n<\/div>\n<p>[\/vc_column_text][vc_column_text][\/vc_column_text][\/vc_column_inner][\/vc_row_inner][\/vc_column][\/vc_row][vc_row css_animation=&#8221;&#8221; row_type=&#8221;row&#8221; use_row_as_full_screen_section=&#8221;no&#8221; type=&#8221;grid&#8221; angled_section=&#8221;no&#8221; text_align=&#8221;left&#8221; background_image_as_pattern=&#8221;without_pattern&#8221; css=&#8221;.vc_custom_1643370279143{background-color: #ffffff !important;}&#8221; z_index=&#8221;&#8221;][vc_column][vc_empty_space height=&#8221;20px&#8221;][vc_separator type=&#8221;normal&#8221; color=&#8221;#bda45d&#8221; thickness=&#8221;3&#8243;][vc_empty_space height=&#8221;30px&#8221;][\/vc_column][\/vc_row][vc_row css_animation=&#8221;&#8221; row_type=&#8221;row&#8221; use_row_as_full_screen_section=&#8221;no&#8221; type=&#8221;full_width&#8221; angled_section=&#8221;no&#8221; text_align=&#8221;left&#8221; background_image_as_pattern=&#8221;without_pattern&#8221;][vc_column][vc_row_inner row_type=&#8221;row&#8221; type=&#8221;grid&#8221; text_align=&#8221;left&#8221; css_animation=&#8221;&#8221;][vc_column_inner width=&#8221;1\/3&#8243;][vc_single_image image=&#8221;75237&#8243; img_size=&#8221;full&#8221; alignment=&#8221;center&#8221; css=&#8221;&#8221; qode_css_animation=&#8221;&#8221;][vc_empty_space height=&#8221;20px&#8221;][\/vc_column_inner][vc_column_inner width=&#8221;2\/3&#8243;][vc_column_text css=&#8221;&#8221;]<\/p>\n<div class=\"wpb_text_column wpb_content_element \">\n<div class=\"wpb_wrapper\">\n<div class=\"wpb_text_column wpb_content_element \">\n<div class=\"wpb_wrapper\">\n<div class=\"wpb_text_column wpb_content_element \">\n<div class=\"wpb_wrapper\">\n<div class=\"wpb_text_column wpb_content_element \">\n<div class=\"wpb_wrapper\">\n<div class=\"wpb_text_column wpb_content_element \">\n<div class=\"wpb_wrapper\">\n<div class=\"wpb_text_column wpb_content_element \">\n<div class=\"wpb_wrapper\">\n<h2>Patent Stars \u2013 2025<\/h2>\n<\/div>\n<\/div>\n<\/div>\n<\/div>\n<p>We\u2019re thrilled to announce that our partners <a href=\"https:\/\/curell.com\/en\/equipo\/santiago-jorda-petersen\/\">Santiago Jord\u00e1<\/a>, <a href=\"https:\/\/curell.com\/en\/equipo\/nestor-corominas-macias\/\">N\u00e8stor Corominas<\/a>, and <a href=\"https:\/\/curell.com\/en\/equipo\/robert-roser-galard\/\">Robert Roser<\/a> have been recognized as Patent Stars by Managing Intellectual Property in its 2025 edition.<\/p>\n<p>Their expertise and dedication in the field of patents continue to set a benchmark of distinction.<\/p>\n<\/div>\n<\/div>\n<\/div>\n<\/div>\n<\/div>\n<\/div>\n<\/div>\n<\/div>\n<p>[\/vc_column_text][vc_column_text][\/vc_column_text][\/vc_column_inner][\/vc_row_inner][\/vc_column][\/vc_row][vc_row css_animation=&#8221;&#8221; row_type=&#8221;row&#8221; use_row_as_full_screen_section=&#8221;no&#8221; type=&#8221;grid&#8221; angled_section=&#8221;no&#8221; text_align=&#8221;left&#8221; background_image_as_pattern=&#8221;without_pattern&#8221; css=&#8221;.vc_custom_1643370279143{background-color: #ffffff !important;}&#8221; z_index=&#8221;&#8221;][vc_column][vc_empty_space height=&#8221;20px&#8221;][vc_separator type=&#8221;normal&#8221; color=&#8221;#bda45d&#8221; thickness=&#8221;3&#8243;][vc_empty_space height=&#8221;30px&#8221;][\/vc_column][\/vc_row][vc_row css_animation=&#8221;&#8221; row_type=&#8221;row&#8221; use_row_as_full_screen_section=&#8221;no&#8221; type=&#8221;full_width&#8221; angled_section=&#8221;no&#8221; text_align=&#8221;left&#8221; background_image_as_pattern=&#8221;without_pattern&#8221;][vc_column][vc_row_inner row_type=&#8221;row&#8221; type=&#8221;grid&#8221; text_align=&#8221;left&#8221; css_animation=&#8221;&#8221;][vc_column_inner width=&#8221;1\/3&#8243;][vc_single_image image=&#8221;75237&#8243; img_size=&#8221;full&#8221; alignment=&#8221;center&#8221; css=&#8221;&#8221; qode_css_animation=&#8221;&#8221;][vc_empty_space height=&#8221;20px&#8221;][\/vc_column_inner][vc_column_inner width=&#8221;2\/3&#8243;][vc_column_text css=&#8221;&#8221;]<\/p>\n<div class=\"wpb_text_column wpb_content_element \">\n<div class=\"wpb_wrapper\">\n<div class=\"wpb_text_column wpb_content_element \">\n<div class=\"wpb_wrapper\">\n<div class=\"wpb_text_column wpb_content_element \">\n<div class=\"wpb_wrapper\">\n<div class=\"wpb_text_column wpb_content_element \">\n<div class=\"wpb_wrapper\">\n<h2>Rising Stars \u2013 2025<\/h2>\n<\/div>\n<\/div>\n<\/div>\n<\/div>\n<p>We are proud to announce that\u00a0<a href=\"https:\/\/curell.com\/en\/equipo\/maria-ceballos-rodriguez\/\"><strong>Mar\u00eda Ceballos<\/strong><\/a>\u00a0and\u00a0<strong><a href=\"https:\/\/curell.com\/en\/equipo\/emil-edissonov\/\">Emil Edissonov<\/a><\/strong>, lawyers and partners at CURELL SU\u00d1OL, have once again been recognized as Rising Stars in Intellectual Property by the prestigious publication Managing Intellectual Property in its 2025 edition.<\/p>\n<p>Congratulations to both for their exceptional work and continued excellence!<\/p>\n<\/div>\n<\/div>\n<\/div>\n<\/div>\n<p>[\/vc_column_text][vc_column_text][\/vc_column_text][\/vc_column_inner][\/vc_row_inner][\/vc_column][\/vc_row][vc_row css_animation=&#8221;&#8221; row_type=&#8221;row&#8221; use_row_as_full_screen_section=&#8221;no&#8221; type=&#8221;grid&#8221; angled_section=&#8221;no&#8221; text_align=&#8221;left&#8221; background_image_as_pattern=&#8221;without_pattern&#8221; css=&#8221;.vc_custom_1643370279143{background-color: #ffffff !important;}&#8221; z_index=&#8221;&#8221;][vc_column][vc_empty_space height=&#8221;20px&#8221;][vc_separator type=&#8221;normal&#8221; color=&#8221;#bda45d&#8221; thickness=&#8221;3&#8243;][vc_empty_space height=&#8221;30px&#8221;][\/vc_column][\/vc_row][vc_row css_animation=&#8221;&#8221; row_type=&#8221;row&#8221; use_row_as_full_screen_section=&#8221;no&#8221; type=&#8221;full_width&#8221; angled_section=&#8221;no&#8221; text_align=&#8221;left&#8221; background_image_as_pattern=&#8221;without_pattern&#8221;][vc_column][vc_row_inner row_type=&#8221;row&#8221; type=&#8221;grid&#8221; text_align=&#8221;left&#8221; css_animation=&#8221;&#8221;][vc_column_inner width=&#8221;1\/3&#8243;][vc_single_image image=&#8221;41196&#8243; img_size=&#8221;full&#8221; alignment=&#8221;center&#8221; css=&#8221;&#8221; qode_css_animation=&#8221;&#8221;][vc_empty_space height=&#8221;20px&#8221;][\/vc_column_inner][vc_column_inner width=&#8221;2\/3&#8243;][vc_column_text css=&#8221;&#8221;]<\/p>\n<div class=\"wpb_text_column wpb_content_element \">\n<div class=\"wpb_wrapper\">\n<div class=\"wpb_text_column wpb_content_element \">\n<div class=\"wpb_wrapper\">\n<div class=\"wpb_text_column wpb_content_element \">\n<div class=\"wpb_wrapper\">\n<div class=\"wpb_text_column wpb_content_element \">\n<div class=\"wpb_wrapper\">\n<h2>WTR 1000 &#8211; 2025<\/h2>\n<\/div>\n<\/div>\n<\/div>\n<\/div>\n<p>We are pleased to announce that WTR 1000 has once again ranked CURELL SU\u00d1OL as a Silver Band IP Law firm:<\/p>\n<p>\u00abCURELL SU\u00d1OL is a name quickly spreading its influence in the IP space, both in the Spanish market and beyond. Patrons celebrate the firm\u2019s team of professionals as \u201ctotally trustworthy, commercially aware and understanding of clients\u2019 needs\u201d.<b>\u00a0Mireia Curell<\/b><b>\u00a0<\/b>forms the very cornerstone of the firm, a polyglot with infinite expertise across legal, technical and academic fields. She is a cherished member of the European IP community, currently serving as a Member of Honour of ECTA.<b>\u00a0Maria Ceballos\u200b\u00a0<\/b>marks 20 years as a lawyer, having developed a concrete track record of robust trademark provisions centred around devising protective IP strategy. Debutant of the WTR,\u00a0<b>Isabela R McClymont\u00a0<\/b>is the firm\u2019s go-to for contentious trademark matters, deftly managing the complexities of enforcement proceedings before the SPTO and EUIPO. McClymont also is expanding the firm\u2019s anti-counterfeiting practice, working alongside authorities to conduct operations such as customs surveillance.\u00bb<\/p>\n<\/div>\n<\/div>\n<\/div>\n<\/div>\n<p>[\/vc_column_text][vc_column_text][\/vc_column_text][\/vc_column_inner][\/vc_row_inner][\/vc_column][\/vc_row][vc_row css_animation=&#8221;&#8221; row_type=&#8221;row&#8221; use_row_as_full_screen_section=&#8221;no&#8221; type=&#8221;grid&#8221; angled_section=&#8221;no&#8221; text_align=&#8221;left&#8221; background_image_as_pattern=&#8221;without_pattern&#8221; css=&#8221;.vc_custom_1643370279143{background-color: #ffffff !important;}&#8221; z_index=&#8221;&#8221;][vc_column][vc_empty_space height=&#8221;20px&#8221;][vc_separator type=&#8221;normal&#8221; color=&#8221;#bda45d&#8221; thickness=&#8221;3&#8243;][vc_empty_space height=&#8221;30px&#8221;][\/vc_column][\/vc_row][vc_row css_animation=&#8221;&#8221; row_type=&#8221;row&#8221; use_row_as_full_screen_section=&#8221;no&#8221; type=&#8221;full_width&#8221; angled_section=&#8221;no&#8221; text_align=&#8221;left&#8221; background_image_as_pattern=&#8221;without_pattern&#8221;][vc_column][vc_row_inner row_type=&#8221;row&#8221; type=&#8221;grid&#8221; text_align=&#8221;left&#8221; css_animation=&#8221;&#8221;][vc_column_inner width=&#8221;1\/3&#8243;][vc_single_image image=&#8221;75240&#8243; img_size=&#8221;full&#8221; alignment=&#8221;center&#8221; css=&#8221;&#8221; qode_css_animation=&#8221;&#8221;][vc_empty_space height=&#8221;20px&#8221;][\/vc_column_inner][vc_column_inner width=&#8221;2\/3&#8243;][vc_column_text css=&#8221;&#8221;]<\/p>\n<div class=\"wpb_text_column wpb_content_element \">\n<div class=\"wpb_wrapper\">\n<div class=\"wpb_text_column wpb_content_element \">\n<div class=\"wpb_wrapper\">\n<div class=\"wpb_text_column wpb_content_element \">\n<div class=\"wpb_wrapper\">\n<div class=\"wpb_text_column wpb_content_element \">\n<div class=\"wpb_wrapper\">\n<h2>Best Lawyers 2024 \u2013 17th Edition \u2013 <span data-olk-copy-source=\"MessageBody\">The Best Lawyers in Spain\u2122<\/span><\/h2>\n<\/div>\n<\/div>\n<\/div>\n<\/div>\n<p>We are pleased to announce that our partners <a href=\"https:\/\/curell.com\/equipo\/maria-ceballos-rodriguez\/\"><strong>Mar\u00eda<\/strong> <strong>Ceballos<\/strong><\/a> and <a href=\"https:\/\/curell.com\/equipo\/emil-edissonov\/\"><strong>Emil<\/strong> <strong>Edissonov<\/strong><\/a> have been featured in the prestigious ranking Best Lawyers 2024, which is based entirely on peer review.<\/p>\n<\/div>\n<\/div>\n<\/div>\n<\/div>\n<p>[\/vc_column_text][vc_column_text][\/vc_column_text][\/vc_column_inner][\/vc_row_inner][\/vc_column][\/vc_row][vc_row css_animation=&#8221;&#8221; row_type=&#8221;row&#8221; use_row_as_full_screen_section=&#8221;no&#8221; type=&#8221;grid&#8221; angled_section=&#8221;no&#8221; text_align=&#8221;left&#8221; background_image_as_pattern=&#8221;without_pattern&#8221; css=&#8221;.vc_custom_1643370279143{background-color: #ffffff !important;}&#8221; z_index=&#8221;&#8221;][vc_column][vc_empty_space height=&#8221;20px&#8221;][vc_separator type=&#8221;normal&#8221; color=&#8221;#bda45d&#8221; thickness=&#8221;3&#8243;][vc_empty_space height=&#8221;30px&#8221;][\/vc_column][\/vc_row][vc_row css_animation=&#8221;&#8221; row_type=&#8221;row&#8221; use_row_as_full_screen_section=&#8221;no&#8221; type=&#8221;full_width&#8221; angled_section=&#8221;no&#8221; text_align=&#8221;left&#8221; background_image_as_pattern=&#8221;without_pattern&#8221;][vc_column][vc_row_inner row_type=&#8221;row&#8221; type=&#8221;grid&#8221; text_align=&#8221;left&#8221; css_animation=&#8221;&#8221;][vc_column_inner width=&#8221;1\/3&#8243;][vc_single_image image=&#8221;75237&#8243; img_size=&#8221;full&#8221; alignment=&#8221;center&#8221; css=&#8221;&#8221; qode_css_animation=&#8221;&#8221;][vc_empty_space height=&#8221;20px&#8221;][\/vc_column_inner][vc_column_inner width=&#8221;2\/3&#8243;][vc_column_text]<\/p>\n<div class=\"wpb_text_column wpb_content_element \">\n<div class=\"wpb_wrapper\">\n<div class=\"wpb_text_column wpb_content_element \">\n<div class=\"wpb_wrapper\">\n<div class=\"wpb_text_column wpb_content_element \">\n<div class=\"wpb_wrapper\">\n<div class=\"wpb_text_column wpb_content_element \">\n<div class=\"wpb_wrapper\">\n<h2>Rising Stars \u2013 2024<\/h2>\n<\/div>\n<\/div>\n<\/div>\n<\/div>\n<p><a href=\"https:\/\/curell.com\/equipo\/maria-ceballos-rodriguez\/\"><strong>Mar\u00eda Ceballos<\/strong><\/a> and <strong><a href=\"https:\/\/curell.com\/equipo\/emil-edissonov\/\">Emil Edissonov<\/a><\/strong>, lawyers and partners at CURELL SU\u00d1OL, have been honored once again as Rising Stars in Intellectual Property by the esteemed publication Managing Intellectual Property in its 2024 edition.<\/p>\n<p>We are proud to have them on our team and extend our heartfelt congratulations for their outstanding contributions!<\/p>\n<\/div>\n<\/div>\n<\/div>\n<\/div>\n<p>[\/vc_column_text][vc_column_text][\/vc_column_text][\/vc_column_inner][\/vc_row_inner][\/vc_column][\/vc_row][vc_row css_animation=&#8221;&#8221; row_type=&#8221;row&#8221; use_row_as_full_screen_section=&#8221;no&#8221; type=&#8221;grid&#8221; angled_section=&#8221;no&#8221; text_align=&#8221;left&#8221; background_image_as_pattern=&#8221;without_pattern&#8221; css=&#8221;.vc_custom_1643370279143{background-color: #ffffff !important;}&#8221; z_index=&#8221;&#8221;][vc_column][vc_empty_space height=&#8221;20px&#8221;][vc_separator type=&#8221;normal&#8221; color=&#8221;#bda45d&#8221; thickness=&#8221;3&#8243;][vc_empty_space height=&#8221;30px&#8221;][\/vc_column][\/vc_row][vc_row css_animation=&#8221;&#8221; row_type=&#8221;row&#8221; use_row_as_full_screen_section=&#8221;no&#8221; type=&#8221;full_width&#8221; angled_section=&#8221;no&#8221; text_align=&#8221;left&#8221; background_image_as_pattern=&#8221;without_pattern&#8221;][vc_column][vc_row_inner row_type=&#8221;row&#8221; type=&#8221;grid&#8221; text_align=&#8221;left&#8221; css_animation=&#8221;&#8221;][vc_column_inner width=&#8221;1\/3&#8243;][vc_single_image image=&#8221;20038&#8243; img_size=&#8221;full&#8221; alignment=&#8221;center&#8221; css=&#8221;&#8221; qode_css_animation=&#8221;&#8221;][vc_empty_space height=&#8221;20px&#8221;][\/vc_column_inner][vc_column_inner width=&#8221;2\/3&#8243;][vc_column_text]<\/p>\n<div class=\"wpb_text_column wpb_content_element \">\n<div class=\"wpb_wrapper\">\n<div class=\"wpb_text_column wpb_content_element \">\n<div class=\"wpb_wrapper\">\n<h2>IAM 1000 \u2013 2024 Edition<\/h2>\n<p>In the 2024 edition of IAM Patent 1000: The Top Patent Prosecution Firms, Curell Su\u00f1ol SLP has been ranked as Silver.<\/p>\n<p>According to this magazine:<\/p>\n<p>&#8220;With a rich legacy spanning over 75 years, IP boutique Curell Su\u00f1ol has solidified its position as a reliable provider of patent services. The firm\u2019s thorough and client-centric approach seamlessly blends decades of experience with cutting-edge practices, ensuring a cost-effective service. Heading up the patent department is <b><a href=\"https:\/\/curell.com\/en\/equipo\/santiago-jorda-petersen\/\"><strong>Santiago Jord\u00e1<\/strong><\/a><\/b>, a seasoned expert who leverages profound patent experience. His background as a research engineer allows him to seamlessly integrate technical knowledge with a deep understanding of legal complexities, showcasing his facility for drafting sophisticated patents and handling complex licensing agreements. Another standout professional is\u00a0<b>\u00a0<a href=\"https:\/\/curell.com\/en\/equipo\/robert-roser-galard\/\"><strong>Robert Roser<\/strong><\/a><\/b>, whose expertise encompasses managing proceedings associated with patents registered in both Spain and internationally. He particularly excels when addressing patent infringement and validity issues, showcasing a thorough understanding of the nuances involved. As head of the design department, <a href=\"https:\/\/curell.com\/en\/equipo\/nestor-corominas-macias\/\"><strong>N\u00e8stor Corominas<\/strong><\/a>\u00a0 has a strong focus on patent matters in his practice. Notably, he is instrumental in the meticulous preparation of patent design applications in Spain, as well as providing accurate assessments and advice to his following on patent protection matters.&#8221;<\/p>\n<\/div>\n<\/div>\n<\/div>\n<\/div>\n<p>[\/vc_column_text][vc_column_text][\/vc_column_text][\/vc_column_inner][\/vc_row_inner][\/vc_column][\/vc_row][vc_row css_animation=&#8221;&#8221; row_type=&#8221;row&#8221; use_row_as_full_screen_section=&#8221;no&#8221; type=&#8221;grid&#8221; angled_section=&#8221;no&#8221; text_align=&#8221;left&#8221; background_image_as_pattern=&#8221;without_pattern&#8221; css=&#8221;.vc_custom_1643370279143{background-color: #ffffff !important;}&#8221; z_index=&#8221;&#8221;][vc_column][vc_empty_space height=&#8221;20px&#8221;][vc_separator type=&#8221;normal&#8221; color=&#8221;#bda45d&#8221; thickness=&#8221;3&#8243;][vc_empty_space height=&#8221;30px&#8221;][\/vc_column][\/vc_row][vc_row css_animation=&#8221;&#8221; row_type=&#8221;row&#8221; use_row_as_full_screen_section=&#8221;no&#8221; type=&#8221;full_width&#8221; angled_section=&#8221;no&#8221; text_align=&#8221;left&#8221; background_image_as_pattern=&#8221;without_pattern&#8221;][vc_column][vc_row_inner row_type=&#8221;row&#8221; type=&#8221;grid&#8221; text_align=&#8221;left&#8221; css_animation=&#8221;&#8221;][vc_column_inner width=&#8221;1\/3&#8243;][vc_single_image image=&#8221;20035&#8243; img_size=&#8221;full&#8221; alignment=&#8221;center&#8221; css=&#8221;&#8221; qode_css_animation=&#8221;&#8221;][vc_empty_space height=&#8221;20px&#8221;][\/vc_column_inner][vc_column_inner width=&#8221;2\/3&#8243;][vc_column_text css=&#8221;&#8221;]<\/p>\n<div class=\"wpb_text_column wpb_content_element \">\n<div class=\"wpb_wrapper\">\n<div class=\"wpb_text_column wpb_content_element \">\n<div class=\"wpb_wrapper\">\n<h2>Leaders League \u2013 2024 Edition<\/h2>\n<p>CURELL SU\u00d1OL has been ranked this year in 4 categories:<\/p>\n<p><strong>Excellent in Patent Prosecution,<\/strong> with special mention of Santiago Jord\u00e1, N\u00e8stor Corominas, Robert Roser and Carles Molina<\/p>\n<p><strong>Excellent in Trademark Prosecution<\/strong>, with special mention to Mireia Curell, Oscar P\u00edrez and Mar\u00eda Ceballos<\/p>\n<p><strong>Recommended in Trademark Litigation<\/strong>, with special mention to Mar\u00eda Ceballos, Isabela Robledo, Emil Edissonov and Merc\u00e8 Hern\u00e1ndez<\/p>\n<p><strong>Recommended in Copyright Law<\/strong>, with special mention to Emil Edissonov, Isabela Robledo and S\u00edlvia Oliver<\/p>\n<p><a href=\"https:\/\/www.leadersleague.com\/en\/firm\/curell-sunol\/spain\/industrial-property\">Read more<\/a><\/p>\n<\/div>\n<\/div>\n<\/div>\n<\/div>\n<p>[\/vc_column_text][vc_column_text][\/vc_column_text][\/vc_column_inner][\/vc_row_inner][\/vc_column][\/vc_row][vc_row css_animation=&#8221;&#8221; row_type=&#8221;row&#8221; use_row_as_full_screen_section=&#8221;no&#8221; type=&#8221;grid&#8221; angled_section=&#8221;no&#8221; text_align=&#8221;left&#8221; background_image_as_pattern=&#8221;without_pattern&#8221; css=&#8221;.vc_custom_1643370279143{background-color: #ffffff !important;}&#8221; z_index=&#8221;&#8221;][vc_column][vc_empty_space height=&#8221;20px&#8221;][vc_separator type=&#8221;normal&#8221; color=&#8221;#bda45d&#8221; thickness=&#8221;3&#8243;][vc_empty_space height=&#8221;30px&#8221;][\/vc_column][\/vc_row][vc_row css_animation=&#8221;&#8221; row_type=&#8221;row&#8221; use_row_as_full_screen_section=&#8221;no&#8221; type=&#8221;full_width&#8221; angled_section=&#8221;no&#8221; text_align=&#8221;left&#8221; background_image_as_pattern=&#8221;without_pattern&#8221;][vc_column][vc_row_inner row_type=&#8221;row&#8221; type=&#8221;grid&#8221; text_align=&#8221;left&#8221; css_animation=&#8221;&#8221;][vc_column_inner width=&#8221;1\/3&#8243;][vc_single_image image=&#8221;75245&#8243; img_size=&#8221;full&#8221; alignment=&#8221;center&#8221; css=&#8221;&#8221; qode_css_animation=&#8221;&#8221;][vc_empty_space height=&#8221;20px&#8221;][\/vc_column_inner][vc_column_inner width=&#8221;2\/3&#8243;][vc_column_text]<\/p>\n<div class=\"wpb_text_column wpb_content_element \">\n<div class=\"wpb_wrapper\">\n<div class=\"wpb_text_column wpb_content_element \">\n<div class=\"wpb_wrapper\">\n<h2>Financial Times\u2019 Europe\u2019s Leading Patent Law Firms 2024 ranking<\/h2>\n<p>We are very pleased to announce that Curell Su\u00f1ol has once again been listed among Europe&#8217;s Leading Patent Law Firms for 2024 by the Financial Times.<\/p>\n<p>This ranking is based on recommendations from clients and peers, so we extend our heartfelt thanks to all who trust and support us, and we congratulate our Patent Team!<\/p>\n<p>You can see the full list <a href=\"https:\/\/www.ft.com\/content\/9ea901c9-e3db-4864-9ab5-c92c4c90a787\">here<\/a>.<\/p>\n<\/div>\n<\/div>\n<\/div>\n<\/div>\n<div class=\"wpb_text_column wpb_content_element \"><\/div>\n<p>[\/vc_column_text][vc_column_text][\/vc_column_text][\/vc_column_inner][\/vc_row_inner][\/vc_column][\/vc_row][vc_row css_animation=&#8221;&#8221; row_type=&#8221;row&#8221; use_row_as_full_screen_section=&#8221;no&#8221; type=&#8221;grid&#8221; angled_section=&#8221;no&#8221; text_align=&#8221;left&#8221; background_image_as_pattern=&#8221;without_pattern&#8221; css=&#8221;.vc_custom_1643370279143{background-color: #ffffff !important;}&#8221; z_index=&#8221;&#8221;][vc_column][vc_empty_space height=&#8221;20px&#8221;][vc_separator type=&#8221;normal&#8221; color=&#8221;#bda45d&#8221; thickness=&#8221;3&#8243;][vc_empty_space height=&#8221;30px&#8221;][\/vc_column][\/vc_row][vc_row css_animation=&#8221;&#8221; row_type=&#8221;row&#8221; use_row_as_full_screen_section=&#8221;no&#8221; type=&#8221;full_width&#8221; angled_section=&#8221;no&#8221; text_align=&#8221;left&#8221; background_image_as_pattern=&#8221;without_pattern&#8221;][vc_column][vc_row_inner row_type=&#8221;row&#8221; type=&#8221;grid&#8221; text_align=&#8221;left&#8221; css_animation=&#8221;&#8221;][vc_column_inner width=&#8221;1\/3&#8243;][vc_single_image image=&#8221;75237&#8243; img_size=&#8221;full&#8221; alignment=&#8221;center&#8221; css=&#8221;&#8221; qode_css_animation=&#8221;&#8221;][vc_empty_space height=&#8221;20px&#8221;][\/vc_column_inner][vc_column_inner width=&#8221;2\/3&#8243;][vc_column_text]<\/p>\n<div class=\"wpb_text_column wpb_content_element \">\n<div class=\"wpb_wrapper\">\n<div class=\"wpb_text_column wpb_content_element \">\n<div class=\"wpb_wrapper\">\n<h2>IP Stars 2024<\/h2>\n<p>We are pleased to announce that our partners Mireia Curell Aguil\u00e0 and Santiago Jord\u00e0 have once again been included as an IP Star for Spain in 2024.<\/p>\n<p><a href=\"https:\/\/www.ipstars.com\/Firm\/Curell-Sunol\/Profile\/101761#lawyers\">https:\/\/www.ipstars.com\/Firm\/Curell-Sunol\/Profile\/101761#lawyers<\/a><\/p>\n<\/div>\n<\/div>\n<\/div>\n<\/div>\n<div class=\"wpb_text_column wpb_content_element \"><\/div>\n<p>[\/vc_column_text][vc_column_text][\/vc_column_text][\/vc_column_inner][\/vc_row_inner][\/vc_column][\/vc_row][vc_row css_animation=&#8221;&#8221; row_type=&#8221;row&#8221; use_row_as_full_screen_section=&#8221;no&#8221; type=&#8221;grid&#8221; angled_section=&#8221;no&#8221; text_align=&#8221;left&#8221; background_image_as_pattern=&#8221;without_pattern&#8221; css=&#8221;.vc_custom_1643370279143{background-color: #ffffff !important;}&#8221; z_index=&#8221;&#8221;][vc_column][vc_empty_space height=&#8221;20px&#8221;][vc_separator type=&#8221;normal&#8221; color=&#8221;#bda45d&#8221; thickness=&#8221;3&#8243;][vc_empty_space height=&#8221;30px&#8221;][\/vc_column][\/vc_row][vc_row css_animation=&#8221;&#8221; row_type=&#8221;row&#8221; use_row_as_full_screen_section=&#8221;no&#8221; type=&#8221;full_width&#8221; angled_section=&#8221;no&#8221; text_align=&#8221;left&#8221; background_image_as_pattern=&#8221;without_pattern&#8221;][vc_column][vc_row_inner row_type=&#8221;row&#8221; type=&#8221;grid&#8221; text_align=&#8221;left&#8221; css_animation=&#8221;&#8221;][vc_column_inner width=&#8221;1\/3&#8243;][vc_single_image image=&#8221;75237&#8243; img_size=&#8221;full&#8221; alignment=&#8221;center&#8221; css=&#8221;&#8221; qode_css_animation=&#8221;&#8221;][vc_empty_space height=&#8221;20px&#8221;][\/vc_column_inner][vc_column_inner width=&#8221;2\/3&#8243;][vc_column_text]<\/p>\n<div class=\"wpb_text_column wpb_content_element \">\n<div class=\"wpb_wrapper\">\n<h2>Managing Intellectual Property 2024<\/h2>\n<\/div>\n<\/div>\n<div class=\"wpb_text_column wpb_content_element \">\n<div class=\"wpb_wrapper\"><\/div>\n<\/div>\n<p>[\/vc_column_text][vc_column_text]<\/p>\n<div class=\"wpb_text_column wpb_content_element \">\n<div class=\"wpb_wrapper\">\n<p>We are most pleased to inform you that, once again, in the 2024 World Survey <strong>IPStars<\/strong> of <em>Managing Intellectual Property<\/em>, CURELL SU\u00d1OL has been ranked Tier One in Trademark Prosecution and Tier Two in Patent Prosecution.<\/p>\n<p>Thanks to our great team and also to our clients and colleagues for trusting our Firm.<\/p>\n<\/div>\n<\/div>\n<p><a href=\"https:\/\/www.ipstars.com\/Firm\/Curell-Sunol\/Profile\/101761#profile\">https:\/\/www.ipstars.com\/Firm\/Curell-Sunol\/Profile\/101761#profile<\/a>[\/vc_column_text][\/vc_column_inner][\/vc_row_inner][\/vc_column][\/vc_row][vc_row css_animation=&#8221;&#8221; row_type=&#8221;row&#8221; use_row_as_full_screen_section=&#8221;no&#8221; type=&#8221;grid&#8221; angled_section=&#8221;no&#8221; text_align=&#8221;left&#8221; background_image_as_pattern=&#8221;without_pattern&#8221; css=&#8221;.vc_custom_1643370279143{background-color: #ffffff !important;}&#8221; z_index=&#8221;&#8221;][vc_column][vc_empty_space height=&#8221;20px&#8221;][vc_separator type=&#8221;normal&#8221; color=&#8221;#bda45d&#8221; thickness=&#8221;3&#8243;][vc_empty_space height=&#8221;30px&#8221;][\/vc_column][\/vc_row][vc_row css_animation=&#8221;&#8221; row_type=&#8221;row&#8221; use_row_as_full_screen_section=&#8221;no&#8221; type=&#8221;full_width&#8221; angled_section=&#8221;no&#8221; text_align=&#8221;left&#8221; background_image_as_pattern=&#8221;without_pattern&#8221;][vc_column][vc_row_inner row_type=&#8221;row&#8221; type=&#8221;grid&#8221; text_align=&#8221;left&#8221; css_animation=&#8221;&#8221;][vc_column_inner width=&#8221;1\/3&#8243;][vc_single_image image=&#8221;20048&#8243; img_size=&#8221;&#8221; alignment=&#8221;center&#8221; css=&#8221;&#8221; qode_css_animation=&#8221;&#8221;][vc_empty_space height=&#8221;20px&#8221;][\/vc_column_inner][vc_column_inner width=&#8221;2\/3&#8243;][vc_column_text]<\/p>\n<div class=\"wpb_text_column wpb_content_element \">\n<div class=\"wpb_wrapper\">\n<h2>WTR \u2013 2024<\/h2>\n<\/div>\n<\/div>\n<p>[\/vc_column_text][vc_column_text]We are pleased to announce that WTR 1000 has once again ranked CURELL SU\u00d1OL as a Silver Band IP Law firm:<\/p>\n<p>\u201cThe team at Curell Su\u00f1ol prides itself on its continuous availability to the client, on any matter, at any time, and on its up-to-the-minute know-how on issues, both perennial and cutting edge. Leveraging a comprehensive approach to intellectual property grounded in wide-ranging technical and legal acumen, there are few things with which the group is unfamiliar. Managing partner Mireia Curell is a renowned face on the Spanish market, with an internationally ranging clientele that calls on her for penetrating insight into domestic trademark law. Joining her on the WTR 1000 this year is Mar\u00eda Ceballos, who boasts almost 20 years\u2019 experience in the IP field. One facet of Ceballos\u2019s diverse practice is a skilful and thoughtful approach to EUIPO files. She prosecutes trademarks and fights oppositions on behalf of BIMBO DONUTS IBERIA SA.&#8221;<\/p>\n<p>We thank colleagues and clients for trusting us.[\/vc_column_text][\/vc_column_inner][\/vc_row_inner][\/vc_column][\/vc_row][vc_row css_animation=&#8221;&#8221; row_type=&#8221;row&#8221; use_row_as_full_screen_section=&#8221;no&#8221; type=&#8221;grid&#8221; angled_section=&#8221;no&#8221; text_align=&#8221;left&#8221; background_image_as_pattern=&#8221;without_pattern&#8221; css=&#8221;.vc_custom_1643370279143{background-color: #ffffff !important;}&#8221; z_index=&#8221;&#8221;][vc_column][vc_empty_space height=&#8221;20px&#8221;][vc_separator type=&#8221;normal&#8221; color=&#8221;#bda45d&#8221; thickness=&#8221;3&#8243;][vc_empty_space height=&#8221;30px&#8221;][\/vc_column][\/vc_row][vc_row css_animation=&#8221;&#8221; row_type=&#8221;row&#8221; use_row_as_full_screen_section=&#8221;no&#8221; type=&#8221;full_width&#8221; angled_section=&#8221;no&#8221; text_align=&#8221;left&#8221; background_image_as_pattern=&#8221;without_pattern&#8221;][vc_column][vc_row_inner row_type=&#8221;row&#8221; type=&#8221;grid&#8221; text_align=&#8221;left&#8221; css_animation=&#8221;&#8221;][vc_column_inner width=&#8221;1\/3&#8243;][vc_single_image image=&#8221;20309&#8243; img_size=&#8221;&#8221; alignment=&#8221;center&#8221; css=&#8221;&#8221; qode_css_animation=&#8221;&#8221;][vc_empty_space height=&#8221;20px&#8221;][\/vc_column_inner][vc_column_inner width=&#8221;2\/3&#8243;][vc_column_text]<\/p>\n<div class=\"wpb_text_column wpb_content_element \">\n<div class=\"wpb_wrapper\">\n<h2>Rising Stars \u2013 2023<\/h2>\n<\/div>\n<\/div>\n<p>[\/vc_column_text][vc_column_text]The lawyers and partners of CURELL SU\u00d1OL Mar\u00eda Ceballos and Emil Edissonov have once again received the distinction of Rising Star in IP from the prestigious publication Managing Intellectual Property in the 2023 Edition of this recognition.<u><\/u><u><\/u><\/p>\n<p>We are very happy to have them on the team and congratulate them for their great work![\/vc_column_text][\/vc_column_inner][\/vc_row_inner][\/vc_column][\/vc_row][vc_row css_animation=&#8221;&#8221; row_type=&#8221;row&#8221; use_row_as_full_screen_section=&#8221;no&#8221; type=&#8221;grid&#8221; angled_section=&#8221;no&#8221; text_align=&#8221;left&#8221; background_image_as_pattern=&#8221;without_pattern&#8221; css=&#8221;.vc_custom_1643370279143{background-color: #ffffff !important;}&#8221; z_index=&#8221;&#8221;][vc_column][vc_empty_space height=&#8221;20px&#8221;][vc_separator type=&#8221;normal&#8221; color=&#8221;#bda45d&#8221; thickness=&#8221;3&#8243;][vc_empty_space height=&#8221;30px&#8221;][\/vc_column][\/vc_row][vc_row css_animation=&#8221;&#8221; row_type=&#8221;row&#8221; use_row_as_full_screen_section=&#8221;no&#8221; type=&#8221;full_width&#8221; angled_section=&#8221;no&#8221; text_align=&#8221;left&#8221; background_image_as_pattern=&#8221;without_pattern&#8221;][vc_column][vc_row_inner row_type=&#8221;row&#8221; type=&#8221;grid&#8221; text_align=&#8221;left&#8221; css_animation=&#8221;&#8221;][vc_column_inner width=&#8221;1\/3&#8243;][vc_single_image image=&#8221;20042&#8243; img_size=&#8221;&#8221; alignment=&#8221;center&#8221; css=&#8221;&#8221; qode_css_animation=&#8221;&#8221;][vc_empty_space height=&#8221;20px&#8221;][\/vc_column_inner][vc_column_inner width=&#8221;2\/3&#8243;][vc_column_text]<\/p>\n<h2>Leaders League \u2013 2023 Edition<\/h2>\n<p>[\/vc_column_text][vc_column_text css=&#8221;&#8221;]CURELL SU\u00d1OL has been ranked <span lang=\"EN-GB\">this year in 4 categories:<\/span><\/p>\n<p><b><span lang=\"EN-GB\">Excellent in Patent Prosecution<\/span><\/b><span lang=\"EN-GB\">, with special mention of Santiago Jord\u00e1, N\u00e8stor Corominas and Robert Roser<\/span><\/p>\n<p><b><span lang=\"EN-GB\">Excellent in Trademark Prosecution<\/span><\/b><span lang=\"EN-GB\">, with special mention to Mireia Curell, Oscar P\u00edrez and Mar\u00eda Ceballos<\/span><\/p>\n<p><b><span lang=\"EN-GB\">Recommended in Trademark Litigation<\/span><\/b><span lang=\"EN-GB\">, with special mention to Mar\u00eda Ceballos, Isabela Robledo, Emil Edissonov and Merc\u00e8 Hern\u00e1ndez<\/span><\/p>\n<p><b><span lang=\"EN-GB\">Recommended in Copyright Law<\/span><\/b><span lang=\"EN-GB\">, with special mention to Emil Edissonov, Isabela Robledo and S\u00edlvia Oliver<\/span><\/p>\n<p><a href=\"https:\/\/www.leadersleague.com\/en\/firm\/curell-sunol\/\" target=\"_blank\" rel=\"noopener\">Read more<\/a>[\/vc_column_text][\/vc_column_inner][\/vc_row_inner][\/vc_column][\/vc_row][vc_row css_animation=&#8221;&#8221; row_type=&#8221;row&#8221; use_row_as_full_screen_section=&#8221;no&#8221; type=&#8221;grid&#8221; angled_section=&#8221;no&#8221; text_align=&#8221;left&#8221; background_image_as_pattern=&#8221;without_pattern&#8221; css=&#8221;.vc_custom_1643370279143{background-color: #ffffff !important;}&#8221; z_index=&#8221;&#8221;][vc_column][vc_empty_space height=&#8221;20px&#8221;][vc_separator type=&#8221;normal&#8221; color=&#8221;#bda45d&#8221; thickness=&#8221;3&#8243;][vc_empty_space height=&#8221;30px&#8221;][\/vc_column][\/vc_row][vc_row css_animation=&#8221;&#8221; row_type=&#8221;row&#8221; use_row_as_full_screen_section=&#8221;no&#8221; type=&#8221;full_width&#8221; angled_section=&#8221;no&#8221; text_align=&#8221;left&#8221; background_image_as_pattern=&#8221;without_pattern&#8221;][vc_column][vc_row_inner row_type=&#8221;row&#8221; type=&#8221;grid&#8221; text_align=&#8221;left&#8221; css_animation=&#8221;&#8221;][vc_column_inner width=&#8221;1\/3&#8243;][vc_single_image image=&#8221;20038&#8243; img_size=&#8221;full&#8221; alignment=&#8221;center&#8221; css=&#8221;&#8221; qode_css_animation=&#8221;&#8221;][vc_empty_space height=&#8221;20px&#8221;][\/vc_column_inner][vc_column_inner width=&#8221;2\/3&#8243;][vc_column_text]<\/p>\n<h2>IAM Patent 1000 \u2013 2023 Edition<\/h2>\n<p>[\/vc_column_text][vc_column_text]In the 2023 edition of IAM Patent 1000: The Top Patent Professionals, Curell Su\u00f1ol SLP has been ranked Recommended in Prosecution.<\/p>\n<p>According to this magazine:<\/p>\n<p>A client-oriented approach forms the backbone of Curell Su\u00f1ol\u2019s service. A long-standing presence on the Spanish market, the boutique is solidly established as a repository of trust for all patent instructions. Head of the patent department <a href=\"https:\/\/curell.com\/en\/equipo\/santiago-jorda-petersen\/\"><strong>Santiago Jord\u00e1<\/strong><\/a> draws on two decades of legal experience and rich industry knowledge to create well-designed patent applications and sees them through to successful grant. <a href=\"https:\/\/curell.com\/en\/equipo\/robert-roser-galard\/\"><strong>Robert Roser<\/strong><\/a> enters the IAM Patent 1000 this year on a wave of positive praise: \u201cRobert delivers timely advice of an exceptional quality, especially when it comes to patent infringement and validity. His communication is clear, accurate and relevant. Robert clarifies the issues, sets out the options, and addresses the pros and cons before providing his recommendations. He leaves no stone unturned.\u201d <a href=\"https:\/\/curell.com\/en\/equipo\/nestor-corominas-macias\/\"><strong>Nestor Corominas<\/strong><\/a> also makes his first appearance in the guide this year and gardeners commendation alongside Roser: \u201cRobert and Nestor are real patent experts with an eye for business, which allows them to deliver a high-quality work product. They are appreciated for the personal relationships that they build with customers, and admired for the care that they show for others\u201d.[\/vc_column_text][\/vc_column_inner][\/vc_row_inner][\/vc_column][\/vc_row][vc_row css_animation=&#8221;&#8221; row_type=&#8221;row&#8221; use_row_as_full_screen_section=&#8221;no&#8221; type=&#8221;grid&#8221; angled_section=&#8221;no&#8221; text_align=&#8221;left&#8221; background_image_as_pattern=&#8221;without_pattern&#8221; css=&#8221;.vc_custom_1643370279143{background-color: #ffffff !important;}&#8221; z_index=&#8221;&#8221;][vc_column][vc_empty_space height=&#8221;20px&#8221;][vc_separator type=&#8221;normal&#8221; color=&#8221;#bda45d&#8221; thickness=&#8221;3&#8243;][vc_empty_space height=&#8221;30px&#8221;][\/vc_column][\/vc_row][vc_row css_animation=&#8221;&#8221; row_type=&#8221;row&#8221; use_row_as_full_screen_section=&#8221;no&#8221; type=&#8221;full_width&#8221; angled_section=&#8221;no&#8221; text_align=&#8221;left&#8221; background_image_as_pattern=&#8221;without_pattern&#8221;][vc_column][vc_row_inner row_type=&#8221;row&#8221; type=&#8221;grid&#8221; text_align=&#8221;left&#8221; css_animation=&#8221;&#8221;][vc_column_inner width=&#8221;1\/3&#8243;][vc_single_image image=&#8221;20323&#8243; img_size=&#8221;300&#215;200&#8243; alignment=&#8221;center&#8221; css=&#8221;&#8221; qode_css_animation=&#8221;&#8221;][vc_empty_space height=&#8221;20px&#8221;][\/vc_column_inner][vc_column_inner width=&#8221;2\/3&#8243;][vc_column_text]<\/p>\n<h2>Best Firm of the Year 2023, Spain &#8211; Trademark Prosecution \u2013 MIP Awards<\/h2>\n<p>[\/vc_column_text][vc_column_text]We are thrilled to announce CURELL SU\u00d1OL has won the award Best Firm of the Year, Spain, in the category Firm of the Year \u2013 Trademark Prosecution (Patent &amp; Trademark Attorney Firms) at the prestigious Managing Intellectual Property Awards 2023. On behalf of our entire team, Mar\u00eda Ceballos, Isabela Robledo McClymont, Emil Edissonov and Merc\u00e8 Hern\u00e1ndez had the honour to receive the award at a splendid ceremony in London yesterday, 21 June 2023.<\/p>\n<p>This prize recognises our team\u2019s wonderful effort and work, particularly our trademark department. Congratulations to all and everyone at CURELL SU\u00d1OL! We also wish to express our gratitude to our clients and colleagues for their trust.[\/vc_column_text][\/vc_column_inner][\/vc_row_inner][\/vc_column][\/vc_row][vc_row css_animation=&#8221;&#8221; row_type=&#8221;row&#8221; use_row_as_full_screen_section=&#8221;no&#8221; type=&#8221;grid&#8221; angled_section=&#8221;no&#8221; text_align=&#8221;left&#8221; background_image_as_pattern=&#8221;without_pattern&#8221; css=&#8221;.vc_custom_1643370279143{background-color: #ffffff !important;}&#8221; z_index=&#8221;&#8221;][vc_column][vc_empty_space height=&#8221;20px&#8221;][vc_separator type=&#8221;normal&#8221; color=&#8221;#bda45d&#8221; thickness=&#8221;3&#8243;][vc_empty_space height=&#8221;30px&#8221;][\/vc_column][\/vc_row][vc_row css_animation=&#8221;&#8221; row_type=&#8221;row&#8221; use_row_as_full_screen_section=&#8221;no&#8221; type=&#8221;full_width&#8221; angled_section=&#8221;no&#8221; text_align=&#8221;left&#8221; background_image_as_pattern=&#8221;without_pattern&#8221;][vc_column][vc_row_inner row_type=&#8221;row&#8221; type=&#8221;grid&#8221; text_align=&#8221;left&#8221; css_animation=&#8221;&#8221;][vc_column_inner width=&#8221;1\/3&#8243;][vc_single_image image=&#8221;75245&#8243; img_size=&#8221;300&#215;200&#8243; alignment=&#8221;center&#8221; css=&#8221;&#8221; qode_css_animation=&#8221;&#8221;][vc_empty_space height=&#8221;20px&#8221;][\/vc_column_inner][vc_column_inner width=&#8221;2\/3&#8243;][vc_column_text]<\/p>\n<h2>Financial Times\u2019 Europe\u2019s Leading Patent Law Firms 2023 ranking<\/h2>\n<p>[\/vc_column_text][vc_column_text]We are very pleased to announce that once again Curell Su\u00f1ol has been listed in the Europe\u2019s Leading Patent Law Firms of 2023 by the Financial Times.<\/p>\n<p>This ranking is based on recommendations by clients and peers, so we thank all of them for trusting and supporting us and congratulate our Patent Team![\/vc_column_text][\/vc_column_inner][\/vc_row_inner][\/vc_column][\/vc_row][vc_row css_animation=&#8221;&#8221; row_type=&#8221;row&#8221; use_row_as_full_screen_section=&#8221;no&#8221; type=&#8221;grid&#8221; angled_section=&#8221;no&#8221; text_align=&#8221;left&#8221; background_image_as_pattern=&#8221;without_pattern&#8221; css=&#8221;.vc_custom_1643370279143{background-color: #ffffff !important;}&#8221; z_index=&#8221;&#8221;][vc_column][vc_empty_space height=&#8221;20px&#8221;][vc_separator type=&#8221;normal&#8221; color=&#8221;#bda45d&#8221; thickness=&#8221;3&#8243;][vc_empty_space height=&#8221;30px&#8221;][\/vc_column][\/vc_row][vc_row css_animation=&#8221;&#8221; row_type=&#8221;row&#8221; use_row_as_full_screen_section=&#8221;no&#8221; type=&#8221;full_width&#8221; angled_section=&#8221;no&#8221; text_align=&#8221;left&#8221; background_image_as_pattern=&#8221;without_pattern&#8221;][vc_column][vc_row_inner row_type=&#8221;row&#8221; type=&#8221;grid&#8221; text_align=&#8221;left&#8221; css_animation=&#8221;&#8221;][vc_column_inner width=&#8221;1\/3&#8243;][vc_single_image image=&#8221;20326&#8243; img_size=&#8221;full&#8221; alignment=&#8221;center&#8221; css=&#8221;&#8221; qode_css_animation=&#8221;&#8221;][vc_empty_space height=&#8221;20px&#8221;][\/vc_column_inner][vc_column_inner width=&#8221;2\/3&#8243;][vc_column_text]<\/p>\n<div class=\"wpb_text_column wpb_content_element \">\n<div class=\"wpb_wrapper\">\n<h2>TOP 250 Women in IP<\/h2>\n<\/div>\n<\/div>\n<div class=\"wpb_text_column wpb_content_element \">\n<div class=\"wpb_wrapper\"><\/div>\n<\/div>\n<p>[\/vc_column_text][vc_column_text]<\/p>\n<div>\n<p class=\"x_MsoNormal\"><span class=\"x_xelementtoproof\"><span lang=\"EN-GB\">We are pleased to announce that our managing partner <a href=\"https:\/\/curell.com\/en\/equipo\/mireia-curell-aguila\/\">Mireia Curell Aguil\u00e0<\/a> has been selected as one of the Top 250 Women in IP 2023 by IP Stars.<\/span><\/span><\/p>\n<p class=\"x_MsoNormal\"><span lang=\"EN-GB\">Her reaction has been: \u201cMy real achievement has been to get the amazing team I am working with and to have been able to gain the trust of CURELL SU\u00d1OL&#8217;s clients and colleagues&#8221;.<\/span><\/p>\n<\/div>\n<div>\n<p class=\"x_MsoNormal\"><span lang=\"EN-GB\">For more information, please, check out the following link:<\/span><\/p>\n<\/div>\n<div>\n<p class=\"x_MsoNormal\"><a href=\"https:\/\/www.ipstars.com\/SpecialLists\/Top250WomenInIP\" target=\"_blank\" rel=\"noopener noreferrer\" data-auth=\"NotApplicable\" data-safelink=\"true\" data-linkindex=\"8\">https:\/\/www.ipstars.com\/SpecialLists\/Top250WomenInIP<\/a><\/p>\n<\/div>\n<p>[\/vc_column_text][\/vc_column_inner][\/vc_row_inner][\/vc_column][\/vc_row][vc_row css_animation=&#8221;&#8221; row_type=&#8221;row&#8221; use_row_as_full_screen_section=&#8221;no&#8221; type=&#8221;grid&#8221; angled_section=&#8221;no&#8221; text_align=&#8221;left&#8221; background_image_as_pattern=&#8221;without_pattern&#8221; css=&#8221;.vc_custom_1643370279143{background-color: #ffffff !important;}&#8221; z_index=&#8221;&#8221;][vc_column][vc_empty_space height=&#8221;20px&#8221;][vc_separator type=&#8221;normal&#8221; color=&#8221;#bda45d&#8221; thickness=&#8221;3&#8243;][vc_empty_space height=&#8221;30px&#8221;][\/vc_column][\/vc_row][vc_row css_animation=&#8221;&#8221; row_type=&#8221;row&#8221; use_row_as_full_screen_section=&#8221;no&#8221; type=&#8221;full_width&#8221; angled_section=&#8221;no&#8221; text_align=&#8221;left&#8221; background_image_as_pattern=&#8221;without_pattern&#8221;][vc_column][vc_row_inner row_type=&#8221;row&#8221; type=&#8221;grid&#8221; text_align=&#8221;left&#8221; css_animation=&#8221;&#8221;][vc_column_inner width=&#8221;1\/3&#8243;][vc_single_image image=&#8221;20053&#8243; img_size=&#8221;full&#8221; alignment=&#8221;center&#8221; css=&#8221;&#8221; qode_css_animation=&#8221;&#8221;][vc_empty_space height=&#8221;20px&#8221;][\/vc_column_inner][vc_column_inner width=&#8221;2\/3&#8243;][vc_column_text]<\/p>\n<div class=\"wpb_text_column wpb_content_element \">\n<div class=\"wpb_wrapper\">\n<h2>Top Ranked Legal 2023<\/h2>\n<\/div>\n<\/div>\n<div class=\"wpb_text_column wpb_content_element \">\n<div class=\"wpb_wrapper\"><\/div>\n<\/div>\n<p>[\/vc_column_text][vc_column_text]According to Top Ranked Legal, CURELL SU\u00d1OL is ranked:<\/p>\n<ul>\n<li class=\"x_MsoNormal\"><span lang=\"EN-GB\">Band One in the category <a href=\"https:\/\/www.toprankedlegal.com\/location\/es\/?pa=ip\">General IP<\/a><\/span><span lang=\"EN-GB\">\u00a0<\/span><\/li>\n<li class=\"x_MsoNormal\"><span lang=\"EN-GB\">Band One in the category <a href=\"https:\/\/www.toprankedlegal.com\/location\/es\/?pa=ip_patent_trademark_agents\">IP-Patent and Trademark Agents<\/a><\/span><span lang=\"EN-GB\">\u00a0<\/span><\/li>\n<li class=\"x_MsoNormal\"><span lang=\"EN-GB\">Band One in the category <a href=\"https:\/\/www.toprankedlegal.com\/location\/es\/?pa=ip_patents\">IP-Patents<\/a><\/span><\/li>\n<li class=\"x_MsoNormal\"><span lang=\"EN-GB\">Band One in the category <a href=\"https:\/\/www.toprankedlegal.com\/location\/es\/?pa=ip_trademarks\">IP-Trademarks<\/a><\/span><\/li>\n<li class=\"x_MsoNormal\"><span lang=\"EN-GB\">Band One in the category <a href=\"https:\/\/www.toprankedlegal.com\/location\/es\/?pa=ip_tradenarks_prosecution\">IP-Trademarks Prosecution<\/a><\/span><\/li>\n<li class=\"x_MsoNormal\"><span lang=\"EN-GB\">Band Two in the category <a href=\"https:\/\/www.toprankedlegal.com\/location\/es\/?pa=ip_patents_prosecution\">IP-Patents Prosecution<\/a><\/span><\/li>\n<li class=\"x_MsoNormal\"><span lang=\"EN-GB\">Band Two in the category <a href=\"https:\/\/www.toprankedlegal.com\/location\/es\/?pa=ip_trademarks_contentious\">IP-Trademarks Contentious<\/a><\/span><\/li>\n<\/ul>\n<p class=\"x_MsoNormal\"><span lang=\"EN-GB\">\u00a0<\/span><\/p>\n<p>[\/vc_column_text][\/vc_column_inner][\/vc_row_inner][\/vc_column][\/vc_row][vc_row css_animation=&#8221;&#8221; row_type=&#8221;row&#8221; use_row_as_full_screen_section=&#8221;no&#8221; type=&#8221;grid&#8221; angled_section=&#8221;no&#8221; text_align=&#8221;left&#8221; background_image_as_pattern=&#8221;without_pattern&#8221; css=&#8221;.vc_custom_1643370279143{background-color: #ffffff !important;}&#8221; z_index=&#8221;&#8221;][vc_column][vc_empty_space height=&#8221;20px&#8221;][vc_separator type=&#8221;normal&#8221; color=&#8221;#bda45d&#8221; thickness=&#8221;3&#8243;][vc_empty_space height=&#8221;30px&#8221;][\/vc_column][\/vc_row][vc_row css_animation=&#8221;&#8221; row_type=&#8221;row&#8221; use_row_as_full_screen_section=&#8221;no&#8221; type=&#8221;full_width&#8221; angled_section=&#8221;no&#8221; text_align=&#8221;left&#8221; background_image_as_pattern=&#8221;without_pattern&#8221;][vc_column][vc_row_inner row_type=&#8221;row&#8221; type=&#8221;grid&#8221; text_align=&#8221;left&#8221; css_animation=&#8221;&#8221;][vc_column_inner width=&#8221;1\/3&#8243;][vc_single_image image=&#8221;20330&#8243; img_size=&#8221;full&#8221; alignment=&#8221;center&#8221; css=&#8221;&#8221; qode_css_animation=&#8221;&#8221;][vc_empty_space height=&#8221;20px&#8221;][\/vc_column_inner][vc_column_inner width=&#8221;2\/3&#8243;][vc_column_text]<\/p>\n<div class=\"wpb_text_column wpb_content_element \">\n<div class=\"wpb_wrapper\">\n<h2>Managing Intellectual Property 2023<\/h2>\n<\/div>\n<\/div>\n<div class=\"wpb_text_column wpb_content_element \">\n<div class=\"wpb_wrapper\"><\/div>\n<\/div>\n<p>[\/vc_column_text][vc_column_text]<\/p>\n<div class=\"wpb_text_column wpb_content_element \">\n<div class=\"wpb_wrapper\">\n<p>We are most pleased to inform you that, once again, in the 2023 World Survey <strong>#IPStars<\/strong> of <em>Managing Intellectual Property<\/em>, CURELL SU\u00d1OL has been ranked Tier One in Trademark Prosecution and Tier Two in Patent Prosecution.<\/p>\n<p>Thanks to our great team and also to our clients and colleagues for trusting our Firm.<\/p>\n<\/div>\n<\/div>\n<p><a href=\"https:\/\/www.ipstars.com\/Firm\/Curell-Sunol-Spain\/Profile\/101761#rankings\">https:\/\/www.ipstars.com\/Firm\/Curell-Sunol-Spain\/Profile\/101761#rankings<\/a>[\/vc_column_text][\/vc_column_inner][\/vc_row_inner][\/vc_column][\/vc_row][vc_row css_animation=&#8221;&#8221; row_type=&#8221;row&#8221; use_row_as_full_screen_section=&#8221;no&#8221; type=&#8221;grid&#8221; angled_section=&#8221;no&#8221; text_align=&#8221;left&#8221; background_image_as_pattern=&#8221;without_pattern&#8221; css=&#8221;.vc_custom_1643370279143{background-color: #ffffff !important;}&#8221; z_index=&#8221;&#8221;][vc_column][vc_empty_space height=&#8221;20px&#8221;][vc_separator type=&#8221;normal&#8221; color=&#8221;#bda45d&#8221; thickness=&#8221;3&#8243;][vc_empty_space height=&#8221;30px&#8221;][\/vc_column][\/vc_row][vc_row css_animation=&#8221;&#8221; row_type=&#8221;row&#8221; use_row_as_full_screen_section=&#8221;no&#8221; type=&#8221;full_width&#8221; angled_section=&#8221;no&#8221; text_align=&#8221;left&#8221; background_image_as_pattern=&#8221;without_pattern&#8221;][vc_column][vc_row_inner row_type=&#8221;row&#8221; type=&#8221;grid&#8221; text_align=&#8221;left&#8221; css_animation=&#8221;&#8221;][vc_column_inner width=&#8221;1\/3&#8243;][vc_single_image image=&#8221;20056&#8243; img_size=&#8221;&#8221; alignment=&#8221;center&#8221; css=&#8221;&#8221; qode_css_animation=&#8221;&#8221;][vc_empty_space height=&#8221;20px&#8221;][\/vc_column_inner][vc_column_inner width=&#8221;2\/3&#8243;][vc_column_text]<\/p>\n<h2>WTR 2023<\/h2>\n<p>[\/vc_column_text][vc_column_text]We are pleased to announce that WTR 1000 has once again ranked CURELL SU\u00d1OL as a Silver Band IP Law firm: \u201cCurell Su\u00f1ol is one of the best IP boutiques in Spain. It is adaptable, committed to the client, and the team demonstrates impeccable professionalism.\u201d<u><\/u><u><\/u><\/p>\n<p>We thank colleagues and clients for trusting us.<u><\/u><u><\/u><\/p>\n<p><a href=\"https:\/\/www.worldtrademarkreview.com\/rankings\/wtr-1000\/profile\/firm\/curell-sunol-slp\">https:\/\/www.worldtrademarkreview.com\/rankings\/wtr-1000\/profile\/firm\/curell-sunol-slp<\/a>[\/vc_column_text][\/vc_column_inner][\/vc_row_inner][\/vc_column][\/vc_row][vc_row css_animation=&#8221;&#8221; row_type=&#8221;row&#8221; use_row_as_full_screen_section=&#8221;no&#8221; type=&#8221;grid&#8221; angled_section=&#8221;no&#8221; text_align=&#8221;left&#8221; background_image_as_pattern=&#8221;without_pattern&#8221; css=&#8221;.vc_custom_1643370279143{background-color: #ffffff !important;}&#8221; z_index=&#8221;&#8221;][vc_column][vc_empty_space height=&#8221;20px&#8221;][vc_separator type=&#8221;normal&#8221; color=&#8221;#bda45d&#8221; thickness=&#8221;3&#8243;][vc_empty_space height=&#8221;30px&#8221;][\/vc_column][\/vc_row][vc_row css_animation=&#8221;&#8221; row_type=&#8221;row&#8221; use_row_as_full_screen_section=&#8221;no&#8221; type=&#8221;full_width&#8221; angled_section=&#8221;no&#8221; text_align=&#8221;left&#8221; background_image_as_pattern=&#8221;without_pattern&#8221;][vc_column][vc_row_inner row_type=&#8221;row&#8221; type=&#8221;grid&#8221; text_align=&#8221;left&#8221; css_animation=&#8221;&#8221;][vc_column_inner width=&#8221;1\/3&#8243;][vc_single_image image=&#8221;20059&#8243; img_size=&#8221;full&#8221; alignment=&#8221;center&#8221; css=&#8221;&#8221; qode_css_animation=&#8221;&#8221;][vc_empty_space height=&#8221;20px&#8221;][\/vc_column_inner][vc_column_inner width=&#8221;2\/3&#8243;][vc_column_text]<\/p>\n<h2>WTR 2022<\/h2>\n<p>[\/vc_column_text][vc_column_text]We are pleased to share with you that WTR 1000 has once again ranked CURELL SU\u00d1OL as a Silver Band IP Law firm: \u201cFor over 70 years, Curell Su\u00f1ol has been developing and executing ironclad trademark strategies; and its diversely trained lawyers and technical specialists have a flair for solving complicated branding problems across a variety of industries.\u201d<u><\/u><u><\/u><\/p>\n<p>We thank colleagues and clients for trusting us.<u><\/u><u><\/u><\/p>\n<p><a href=\"https:\/\/www.worldtrademarkreview.com\/rankings\/wtr-1000\/country\/spain\" target=\"_blank\" rel=\"noopener\" data-saferedirecturl=\"https:\/\/www.google.com\/url?q=https:\/\/www.worldtrademarkreview.com\/rankings\/wtr-1000\/country\/spain&amp;source=gmail&amp;ust=1666976861095000&amp;usg=AOvVaw2c2idtpPT3Dj5vCwhq5SQJ\">https:\/\/www.<wbr \/>worldtrademarkreview.com\/<wbr \/>rankings\/wtr-1000\/country\/<wbr \/>spain<\/a><u><\/u><u><\/u>[\/vc_column_text][\/vc_column_inner][\/vc_row_inner][\/vc_column][\/vc_row][vc_row css_animation=&#8221;&#8221; row_type=&#8221;row&#8221; use_row_as_full_screen_section=&#8221;no&#8221; type=&#8221;grid&#8221; angled_section=&#8221;no&#8221; text_align=&#8221;left&#8221; background_image_as_pattern=&#8221;without_pattern&#8221; css=&#8221;.vc_custom_1643370279143{background-color: #ffffff !important;}&#8221; z_index=&#8221;&#8221;][vc_column][vc_empty_space height=&#8221;20px&#8221;][vc_separator type=&#8221;normal&#8221; color=&#8221;#bda45d&#8221; thickness=&#8221;3&#8243;][vc_empty_space height=&#8221;30px&#8221;][\/vc_column][\/vc_row][vc_row css_animation=&#8221;&#8221; row_type=&#8221;row&#8221; use_row_as_full_screen_section=&#8221;no&#8221; type=&#8221;full_width&#8221; angled_section=&#8221;no&#8221; text_align=&#8221;left&#8221; background_image_as_pattern=&#8221;without_pattern&#8221;][vc_column][vc_row_inner row_type=&#8221;row&#8221; type=&#8221;grid&#8221; text_align=&#8221;left&#8221; css_animation=&#8221;&#8221;][vc_column_inner width=&#8221;1\/3&#8243;][vc_single_image image=&#8221;20334&#8243; img_size=&#8221;full&#8221; alignment=&#8221;center&#8221; css=&#8221;&#8221; qode_css_animation=&#8221;&#8221;][vc_empty_space height=&#8221;20px&#8221;][\/vc_column_inner][vc_column_inner width=&#8221;2\/3&#8243;][vc_column_text]<\/p>\n<h2>RISING STARS<\/h2>\n<p>[\/vc_column_text][vc_column_text]The lawyers of CURELL SU\u00d1OL Mar\u00eda Ceballos and Emil Edissonov have once again received the distinction of Rising Star in IP from the prestigious publication Managing Intellectual Property in the 2022 Edition of this recognition.<u><\/u><u><\/u><\/p>\n<p>We congratulate them for their great work![\/vc_column_text][\/vc_column_inner][\/vc_row_inner][\/vc_column][\/vc_row][vc_row css_animation=&#8221;&#8221; row_type=&#8221;row&#8221; use_row_as_full_screen_section=&#8221;no&#8221; type=&#8221;grid&#8221; angled_section=&#8221;no&#8221; text_align=&#8221;left&#8221; background_image_as_pattern=&#8221;without_pattern&#8221; css=&#8221;.vc_custom_1643370279143{background-color: #ffffff !important;}&#8221; z_index=&#8221;&#8221;][vc_column][vc_empty_space height=&#8221;20px&#8221;][vc_separator type=&#8221;normal&#8221; color=&#8221;#bda45d&#8221; thickness=&#8221;3&#8243;][vc_empty_space height=&#8221;30px&#8221;][\/vc_column][\/vc_row][vc_row css_animation=&#8221;&#8221; row_type=&#8221;row&#8221; use_row_as_full_screen_section=&#8221;no&#8221; type=&#8221;full_width&#8221; angled_section=&#8221;no&#8221; text_align=&#8221;left&#8221; background_image_as_pattern=&#8221;without_pattern&#8221;][vc_column][vc_row_inner row_type=&#8221;row&#8221; type=&#8221;grid&#8221; text_align=&#8221;left&#8221; css_animation=&#8221;&#8221;][vc_column_inner width=&#8221;1\/3&#8243;][vc_single_image image=&#8221;20062&#8243; img_size=&#8221;full&#8221; alignment=&#8221;center&#8221; css=&#8221;&#8221; qode_css_animation=&#8221;&#8221;][vc_empty_space height=&#8221;20px&#8221;][\/vc_column_inner][vc_column_inner width=&#8221;2\/3&#8243;][vc_column_text]<\/p>\n<h2>TOP RANKED LEGAL 2022<\/h2>\n<p>[\/vc_column_text][vc_column_text]<\/p>\n<p style=\"font-weight: 400;\">According to Top Ranked Legal, CURELL SU\u00d1OL is ranked in BAND ONE for General IP Patent and Trademark Agents in Spain in 2022.<\/p>\n<p>[\/vc_column_text][\/vc_column_inner][\/vc_row_inner][\/vc_column][\/vc_row][vc_row css_animation=&#8221;&#8221; row_type=&#8221;row&#8221; use_row_as_full_screen_section=&#8221;no&#8221; type=&#8221;grid&#8221; angled_section=&#8221;no&#8221; text_align=&#8221;left&#8221; background_image_as_pattern=&#8221;without_pattern&#8221; css=&#8221;.vc_custom_1643370279143{background-color: #ffffff !important;}&#8221; z_index=&#8221;&#8221;][vc_column][vc_empty_space height=&#8221;20px&#8221;][vc_separator type=&#8221;normal&#8221; color=&#8221;#bda45d&#8221; thickness=&#8221;3&#8243;][vc_empty_space height=&#8221;30px&#8221;][\/vc_column][\/vc_row][vc_row css_animation=&#8221;&#8221; row_type=&#8221;row&#8221; use_row_as_full_screen_section=&#8221;no&#8221; type=&#8221;full_width&#8221; angled_section=&#8221;no&#8221; text_align=&#8221;left&#8221; background_image_as_pattern=&#8221;without_pattern&#8221;][vc_column][vc_row_inner row_type=&#8221;row&#8221; type=&#8221;grid&#8221; text_align=&#8221;left&#8221; css_animation=&#8221;&#8221;][vc_column_inner width=&#8221;1\/3&#8243;][vc_single_image image=&#8221;20065&#8243; img_size=&#8221;full&#8221; alignment=&#8221;center&#8221; css=&#8221;&#8221; qode_css_animation=&#8221;&#8221;][vc_empty_space height=&#8221;20px&#8221;][\/vc_column_inner][vc_column_inner width=&#8221;2\/3&#8243;][vc_column_text]<\/p>\n<h2>5th Edition of the Innovation &amp; IP Forum and Awards (INIFA) 2022<\/h2>\n<p>[\/vc_column_text][vc_column_text css=&#8221;&#8221;]On 31 May 2022 Leaders League hosted the 5th Edition of the Innovation &amp; IP Forum and Awards (INIFA) in Paris, where the Best IP Advisors were chosen from over the world with 12 categories.<br \/>\nCUREL SU\u00d1OL was the winner of the category Best IP Advisors in Spain 2022.<\/p>\n<p><a href=\"https:\/\/www.linkedin.com\/feed\/update\/urn:li:activity:6940582214166302720\/\" target=\"_blank\" rel=\"noopener\">Read more<\/a>[\/vc_column_text][\/vc_column_inner][\/vc_row_inner][\/vc_column][\/vc_row][vc_row css_animation=&#8221;&#8221; row_type=&#8221;row&#8221; use_row_as_full_screen_section=&#8221;no&#8221; type=&#8221;grid&#8221; angled_section=&#8221;no&#8221; text_align=&#8221;left&#8221; background_image_as_pattern=&#8221;without_pattern&#8221; css=&#8221;.vc_custom_1643370279143{background-color: #ffffff !important;}&#8221; z_index=&#8221;&#8221;][vc_column][vc_empty_space height=&#8221;20px&#8221;][vc_separator type=&#8221;normal&#8221; color=&#8221;#bda45d&#8221; thickness=&#8221;3&#8243;][vc_empty_space height=&#8221;30px&#8221;][\/vc_column][\/vc_row][vc_row css_animation=&#8221;&#8221; row_type=&#8221;row&#8221; use_row_as_full_screen_section=&#8221;no&#8221; type=&#8221;full_width&#8221; angled_section=&#8221;no&#8221; text_align=&#8221;left&#8221; background_image_as_pattern=&#8221;without_pattern&#8221;][vc_column][vc_row_inner row_type=&#8221;row&#8221; type=&#8221;grid&#8221; text_align=&#8221;left&#8221; css_animation=&#8221;&#8221;][vc_column_inner width=&#8221;1\/3&#8243;][vc_single_image image=&#8221;75608&#8243; img_size=&#8221;300&#215;200&#8243; alignment=&#8221;center&#8221; css=&#8221;&#8221; qode_css_animation=&#8221;&#8221;][vc_empty_space height=&#8221;20px&#8221;][\/vc_column_inner][vc_column_inner width=&#8221;2\/3&#8243;][vc_column_text]<\/p>\n<h2>Financial Times\u2019 Europe\u2019s Leading Patent Law Firms 2022 ranking<\/h2>\n<p>[\/vc_column_text][vc_column_text css=&#8221;&#8221;]CURELL SU\u00d1OL has been recommended in the Financial Times\u2019 Europe\u2019s Leading Patent Law Firms 2022 ranking.<br \/>\nClients and peers feed into research of the Europe\u2019s Leading Patent Law Firms to create the latest listing of the continent\u2019s top intellectual property firms. We appreciate their trust and congratulate our Patent team.<\/p>\n<p><a href=\"https:\/\/www.ft.com\/content\/cc1b6ac3-490f-4119-b98c-059d685d853c\" target=\"_blank\" rel=\"noopener\">Read more<\/a>[\/vc_column_text][\/vc_column_inner][\/vc_row_inner][\/vc_column][\/vc_row][vc_row css_animation=&#8221;&#8221; row_type=&#8221;row&#8221; use_row_as_full_screen_section=&#8221;no&#8221; type=&#8221;grid&#8221; angled_section=&#8221;no&#8221; text_align=&#8221;left&#8221; background_image_as_pattern=&#8221;without_pattern&#8221; css=&#8221;.vc_custom_1643370279143{background-color: #ffffff !important;}&#8221; z_index=&#8221;&#8221;][vc_column][vc_empty_space height=&#8221;20px&#8221;][vc_separator type=&#8221;normal&#8221; color=&#8221;#bda45d&#8221; thickness=&#8221;3&#8243;][vc_empty_space height=&#8221;30px&#8221;][\/vc_column][\/vc_row][vc_row css_animation=&#8221;&#8221; row_type=&#8221;row&#8221; use_row_as_full_screen_section=&#8221;no&#8221; type=&#8221;full_width&#8221; angled_section=&#8221;no&#8221; text_align=&#8221;left&#8221; background_image_as_pattern=&#8221;without_pattern&#8221;][vc_column][vc_row_inner row_type=&#8221;row&#8221; type=&#8221;grid&#8221; text_align=&#8221;left&#8221; css_animation=&#8221;&#8221;][vc_column_inner width=&#8221;1\/3&#8243;][vc_single_image image=&#8221;20068&#8243; img_size=&#8221;full&#8221; alignment=&#8221;center&#8221; css=&#8221;&#8221; qode_css_animation=&#8221;&#8221;][vc_empty_space height=&#8221;20px&#8221;][\/vc_column_inner][vc_column_inner width=&#8221;2\/3&#8243;][vc_column_text]<\/p>\n<h2>Leaders League \u2013 2022 Edition<\/h2>\n<p>[\/vc_column_text][vc_column_text css=&#8221;&#8221;]CURELL SU\u00d1OL has been ranked Excellent in Patent and Trademark Prosecution, and Recommended in Copyright and Designs Protection, as well as in Trademark Litigation, with Mireia Curell, Oscar P\u00edrez, Santiago Jord\u00e1, Mar\u00eda Ceballos, N\u00e8stor Corominas and Robert Roser as key figures of the firm in the Leaders League Ranking of 2022.<\/p>\n<p><a href=\"https:\/\/www.leadersleague.com\/es\/firm\/curell-sunol\/espana\/propiedad-industrial?subtopic=derechos-de-autor\" target=\"_blank\" rel=\"noopener\">Read more<\/a>[\/vc_column_text][\/vc_column_inner][\/vc_row_inner][\/vc_column][\/vc_row][vc_row css_animation=&#8221;&#8221; row_type=&#8221;row&#8221; use_row_as_full_screen_section=&#8221;no&#8221; type=&#8221;grid&#8221; angled_section=&#8221;no&#8221; text_align=&#8221;left&#8221; background_image_as_pattern=&#8221;without_pattern&#8221; css=&#8221;.vc_custom_1643370279143{background-color: #ffffff !important;}&#8221; z_index=&#8221;&#8221;][vc_column][vc_empty_space height=&#8221;20px&#8221;][vc_separator type=&#8221;normal&#8221; color=&#8221;#bda45d&#8221; thickness=&#8221;3&#8243;][vc_empty_space height=&#8221;30px&#8221;][\/vc_column][\/vc_row][vc_row css_animation=&#8221;&#8221; row_type=&#8221;row&#8221; use_row_as_full_screen_section=&#8221;no&#8221; type=&#8221;full_width&#8221; angled_section=&#8221;no&#8221; text_align=&#8221;left&#8221; background_image_as_pattern=&#8221;without_pattern&#8221;][vc_column][vc_row_inner row_type=&#8221;row&#8221; type=&#8221;grid&#8221; text_align=&#8221;left&#8221; css_animation=&#8221;&#8221;][vc_column_inner width=&#8221;1\/3&#8243;][vc_single_image image=&#8221;20038&#8243; img_size=&#8221;full&#8221; alignment=&#8221;center&#8221; css=&#8221;&#8221; qode_css_animation=&#8221;&#8221;][vc_empty_space height=&#8221;20px&#8221;][\/vc_column_inner][vc_column_inner width=&#8221;2\/3&#8243;][vc_column_text]<\/p>\n<h2>IAM Patent 1000 \u2013 2022 Edition<\/h2>\n<p>[\/vc_column_text][vc_column_text]In the 2022 edition of IAM Patent 1000: The Top Patent Professionals, Curell Su\u00f1ol SLP has been ranked Recommended in Prosecution.<br \/>\nAccording to this magazine:<br \/>\nIn Barcelona Curell Su\u00f1ol leverages seven decades of experience to draft meticulous applications that can withstand the test of time, devise cost-effective IP strategies, and look for commercialisation opportunities along the way. Under the leadership of Santiago Jord\u00e1, the group puts in solid performances in the telecommunications, electronic and mechanical sectors, and has earned a loyal following as a result. Jord\u00e1 has an engineering and metallurgy background, and acquits himself with distinction when drafting sophisticated patents and in navigating complex licensing agreements.[\/vc_column_text][\/vc_column_inner][\/vc_row_inner][\/vc_column][\/vc_row][vc_row css_animation=&#8221;&#8221; row_type=&#8221;row&#8221; use_row_as_full_screen_section=&#8221;no&#8221; type=&#8221;grid&#8221; angled_section=&#8221;no&#8221; text_align=&#8221;left&#8221; background_image_as_pattern=&#8221;without_pattern&#8221; css=&#8221;.vc_custom_1643370279143{background-color: #ffffff !important;}&#8221; z_index=&#8221;&#8221;][vc_column][vc_empty_space height=&#8221;20px&#8221;][vc_separator type=&#8221;normal&#8221; color=&#8221;#bda45d&#8221; thickness=&#8221;3&#8243;][vc_empty_space height=&#8221;30px&#8221;][\/vc_column][\/vc_row][vc_row css_animation=&#8221;&#8221; row_type=&#8221;row&#8221; use_row_as_full_screen_section=&#8221;no&#8221; type=&#8221;full_width&#8221; angled_section=&#8221;no&#8221; text_align=&#8221;left&#8221; background_image_as_pattern=&#8221;without_pattern&#8221;][vc_column][vc_row_inner row_type=&#8221;row&#8221; type=&#8221;grid&#8221; text_align=&#8221;left&#8221; css_animation=&#8221;&#8221;][vc_column_inner width=&#8221;1\/3&#8243;][vc_single_image image=&#8221;20338&#8243; img_size=&#8221;full&#8221; alignment=&#8221;center&#8221; css=&#8221;&#8221; qode_css_animation=&#8221;&#8221;][vc_empty_space height=&#8221;20px&#8221;][\/vc_column_inner][vc_column_inner width=&#8221;2\/3&#8243;][vc_column_text]<\/p>\n<h2>Managing Intellectual Property 2022<\/h2>\n<p>[\/vc_column_text][vc_column_text]We are most pleased to inform you that, once again, in the 2022 World Survey\u00a0<strong>#IPStars<\/strong>\u00a0of the magazine\u00a0<em>Managing Intellectual Property<\/em>, CURELL SU\u00d1OL has been ranked Tier One in Trademark Prosecution.<\/p>\n<p>Thanks to our great team and also to our clients and colleagues for trusting our Firm.[\/vc_column_text][\/vc_column_inner][\/vc_row_inner][\/vc_column][\/vc_row][vc_row css_animation=&#8221;&#8221; row_type=&#8221;row&#8221; use_row_as_full_screen_section=&#8221;no&#8221; type=&#8221;grid&#8221; angled_section=&#8221;no&#8221; text_align=&#8221;left&#8221; background_image_as_pattern=&#8221;without_pattern&#8221; css=&#8221;.vc_custom_1643370279143{background-color: #ffffff !important;}&#8221; z_index=&#8221;&#8221;][vc_column][vc_empty_space height=&#8221;20px&#8221;][vc_separator type=&#8221;normal&#8221; color=&#8221;#bda45d&#8221; thickness=&#8221;3&#8243;][vc_empty_space height=&#8221;30px&#8221;][\/vc_column][\/vc_row][vc_row css_animation=&#8221;&#8221; row_type=&#8221;row&#8221; use_row_as_full_screen_section=&#8221;no&#8221; type=&#8221;full_width&#8221; angled_section=&#8221;no&#8221; text_align=&#8221;left&#8221; background_image_as_pattern=&#8221;without_pattern&#8221;][vc_column][vc_row_inner row_type=&#8221;row&#8221; type=&#8221;grid&#8221; text_align=&#8221;left&#8221; css_animation=&#8221;&#8221;][vc_column_inner width=&#8221;1\/3&#8243;][vc_single_image image=&#8221;20071&#8243; img_size=&#8221;full&#8221; alignment=&#8221;center&#8221; css=&#8221;&#8221; qode_css_animation=&#8221;&#8221;][vc_empty_space height=&#8221;20px&#8221;][\/vc_column_inner][vc_column_inner width=&#8221;2\/3&#8243;][vc_column_text]<\/p>\n<h2>Leaders League \u2013 2021 Edition<\/h2>\n<p>[\/vc_column_text][vc_column_text]CURELL SU\u00d1OL has been ranked Excellent in Patent, Trademark and Design Prosecution, and Highly Recommended in Trademark Litigation, with Santiago Jord\u00e1, Mireia Curell, Mar\u00eda Ceballos, Isabela Robledo and Emil Edissonov as key figures of the firm in the Leaders League Ranking of 2021.[\/vc_column_text][\/vc_column_inner][\/vc_row_inner][\/vc_column][\/vc_row][vc_row css_animation=&#8221;&#8221; row_type=&#8221;row&#8221; use_row_as_full_screen_section=&#8221;no&#8221; type=&#8221;grid&#8221; angled_section=&#8221;no&#8221; text_align=&#8221;left&#8221; background_image_as_pattern=&#8221;without_pattern&#8221; css=&#8221;.vc_custom_1643370279143{background-color: #ffffff !important;}&#8221; z_index=&#8221;&#8221;][vc_column][vc_empty_space height=&#8221;20px&#8221;][vc_separator type=&#8221;normal&#8221; color=&#8221;#bda45d&#8221; thickness=&#8221;3&#8243;][vc_empty_space height=&#8221;30px&#8221;][\/vc_column][\/vc_row][vc_row css_animation=&#8221;&#8221; row_type=&#8221;row&#8221; use_row_as_full_screen_section=&#8221;no&#8221; type=&#8221;full_width&#8221; angled_section=&#8221;no&#8221; text_align=&#8221;left&#8221; background_image_as_pattern=&#8221;without_pattern&#8221;][vc_column][vc_row_inner row_type=&#8221;row&#8221; type=&#8221;grid&#8221; text_align=&#8221;left&#8221; css_animation=&#8221;&#8221;][vc_column_inner width=&#8221;1\/3&#8243;][vc_single_image image=&#8221;20074&#8243; img_size=&#8221;full&#8221; alignment=&#8221;center&#8221; css=&#8221;&#8221; qode_css_animation=&#8221;&#8221;][vc_empty_space height=&#8221;20px&#8221;][\/vc_column_inner][vc_column_inner width=&#8221;2\/3&#8243;][vc_column_text]<\/p>\n<h2>Word Trademark Review 2021<\/h2>\n<p>[\/vc_column_text][vc_column_text]In the 2021 edition of Word Trademark Review:\u00a0<em>The World\u2019s Leading Trademark Professionals,\u00a0<\/em>Curell Su\u00f1ol SLP has been ranked\u00a0<em>Silver band\u00a0<\/em>in Prosecution &amp; Strategy.<\/p>\n<p><strong>According to this magazine:<\/strong><\/p>\n<p>Curell Su\u00f1ol has been resolutely focused on procuring and defending intangible assets for over half a century. Its practitioners are steeped in knowledge, but are always willing to learn more and keep pace with emerging trends to ensure their counsel is on point and up to the minute. Prosecution is its true metier, although the esteemed boutique packs a punch in disputes too. Seasoned managing partner Mireia Curell is a multilingual European trademark and design attorney with valuable in-house credentials. She is the first port of call for those seeking robust international protection strategies.[\/vc_column_text][\/vc_column_inner][\/vc_row_inner][\/vc_column][\/vc_row][vc_row css_animation=&#8221;&#8221; row_type=&#8221;row&#8221; use_row_as_full_screen_section=&#8221;no&#8221; type=&#8221;grid&#8221; angled_section=&#8221;no&#8221; text_align=&#8221;left&#8221; background_image_as_pattern=&#8221;without_pattern&#8221; css=&#8221;.vc_custom_1643370279143{background-color: #ffffff !important;}&#8221; z_index=&#8221;&#8221;][vc_column][vc_empty_space height=&#8221;20px&#8221;][vc_separator type=&#8221;normal&#8221; color=&#8221;#bda45d&#8221; thickness=&#8221;3&#8243;][vc_empty_space height=&#8221;30px&#8221;][\/vc_column][\/vc_row][vc_row css_animation=&#8221;&#8221; row_type=&#8221;row&#8221; use_row_as_full_screen_section=&#8221;no&#8221; type=&#8221;full_width&#8221; angled_section=&#8221;no&#8221; text_align=&#8221;left&#8221; background_image_as_pattern=&#8221;without_pattern&#8221;][vc_column][vc_row_inner row_type=&#8221;row&#8221; type=&#8221;grid&#8221; text_align=&#8221;left&#8221; css_animation=&#8221;&#8221;][vc_column_inner width=&#8221;1\/3&#8243;][vc_single_image image=&#8221;20038&#8243; img_size=&#8221;full&#8221; alignment=&#8221;center&#8221; css=&#8221;&#8221; qode_css_animation=&#8221;&#8221;][vc_empty_space height=&#8221;20px&#8221;][\/vc_column_inner][vc_column_inner width=&#8221;2\/3&#8243;][vc_column_text]<\/p>\n<h2>IAM Patent 1000<\/h2>\n<p>[\/vc_column_text][vc_column_text]In the 2021 edition of IAM Patent 1000: The Top Patent Professionals<em>,\u00a0<\/em>Curell Su\u00f1ol SLP has been ranked\u00a0<em>Recommended\u00a0<\/em>in Prosecution.<\/p>\n<p><strong>According to this magazine:<\/strong><\/p>\n<p>Curell Su\u00f1ol has spent more than 70 years drafting and filing watertight applications for innovators in the telecommunications, electrical and mechanical industries, and getting them through to grant. Its European patent attorneys and lawyers are fully committed to the cause and keep up to date with the latest technological advancements, which makes for a well-rounded, future-focused offering. Division spearhead Santiago Jord\u00e1 blends a complete command of engineering and material sciences with valuable in-house insight from stints as a research engineer at a metallurgical company and a product manager at SEAT to deliver advice that goes right to the heart of each matter[\/vc_column_text][\/vc_column_inner][\/vc_row_inner][\/vc_column][\/vc_row][vc_row css_animation=&#8221;&#8221; row_type=&#8221;row&#8221; use_row_as_full_screen_section=&#8221;no&#8221; type=&#8221;grid&#8221; angled_section=&#8221;no&#8221; text_align=&#8221;left&#8221; background_image_as_pattern=&#8221;without_pattern&#8221; css=&#8221;.vc_custom_1643370279143{background-color: #ffffff !important;}&#8221; z_index=&#8221;&#8221;][vc_column][vc_empty_space height=&#8221;20px&#8221;][vc_separator type=&#8221;normal&#8221; color=&#8221;#bda45d&#8221; thickness=&#8221;3&#8243;][vc_empty_space height=&#8221;30px&#8221;][\/vc_column][\/vc_row][vc_row css_animation=&#8221;&#8221; row_type=&#8221;row&#8221; use_row_as_full_screen_section=&#8221;no&#8221; type=&#8221;full_width&#8221; angled_section=&#8221;no&#8221; text_align=&#8221;left&#8221; background_image_as_pattern=&#8221;without_pattern&#8221;][vc_column][vc_row_inner row_type=&#8221;row&#8221; type=&#8221;grid&#8221; text_align=&#8221;left&#8221; css_animation=&#8221;&#8221;][vc_column_inner width=&#8221;1\/3&#8243;][vc_single_image image=&#8221;20342&#8243; img_size=&#8221;full&#8221; alignment=&#8221;center&#8221; css=&#8221;&#8221; qode_css_animation=&#8221;&#8221;][vc_empty_space height=&#8221;20px&#8221;][\/vc_column_inner][vc_column_inner width=&#8221;2\/3&#8243;][vc_column_text]<\/p>\n<h2>Managing Intellectual Property 2021<\/h2>\n<p>[\/vc_column_text][vc_column_text]In the 2021 World IP Survey of the magazine Managing Intellectual Property, CURELL SU\u00d1OL has been ranked Tier One in Trademark Prosecution.<\/p>\n<p>[\/vc_column_text][\/vc_column_inner][\/vc_row_inner][\/vc_column][\/vc_row][vc_row css_animation=&#8221;&#8221; row_type=&#8221;row&#8221; use_row_as_full_screen_section=&#8221;no&#8221; type=&#8221;grid&#8221; angled_section=&#8221;no&#8221; text_align=&#8221;left&#8221; background_image_as_pattern=&#8221;without_pattern&#8221; css=&#8221;.vc_custom_1643370279143{background-color: #ffffff !important;}&#8221; z_index=&#8221;&#8221;][vc_column][vc_empty_space height=&#8221;20px&#8221;][vc_separator type=&#8221;normal&#8221; color=&#8221;#bda45d&#8221; thickness=&#8221;3&#8243;][vc_empty_space height=&#8221;30px&#8221;][\/vc_column][\/vc_row][vc_row css_animation=&#8221;&#8221; row_type=&#8221;row&#8221; use_row_as_full_screen_section=&#8221;no&#8221; type=&#8221;full_width&#8221; angled_section=&#8221;no&#8221; text_align=&#8221;left&#8221; background_image_as_pattern=&#8221;without_pattern&#8221;][vc_column][vc_row_inner row_type=&#8221;row&#8221; type=&#8221;grid&#8221; text_align=&#8221;left&#8221; css_animation=&#8221;&#8221;][vc_column_inner width=&#8221;1\/3&#8243;][vc_single_image image=&#8221;20077&#8243; img_size=&#8221;full&#8221; alignment=&#8221;center&#8221; css=&#8221;&#8221; qode_css_animation=&#8221;&#8221;][vc_empty_space height=&#8221;20px&#8221;][\/vc_column_inner][vc_column_inner width=&#8221;2\/3&#8243;][vc_column_text]<\/p>\n<h2>Best Lawyers 2021 \u2013 13th Edition \u2013 Intellectual Property Law<\/h2>\n<p>[\/vc_column_text][vc_column_text]We are pleased to announce that our Partner Mireia Curell and our associate Maria Ceballos have been featured in the prestigious ranking Best Lawyers 2021, which is based entirely on peer review.[\/vc_column_text][\/vc_column_inner][\/vc_row_inner][\/vc_column][\/vc_row][vc_row css_animation=&#8221;&#8221; row_type=&#8221;row&#8221; use_row_as_full_screen_section=&#8221;no&#8221; type=&#8221;grid&#8221; angled_section=&#8221;no&#8221; text_align=&#8221;left&#8221; background_image_as_pattern=&#8221;without_pattern&#8221; css=&#8221;.vc_custom_1643370279143{background-color: #ffffff !important;}&#8221; z_index=&#8221;&#8221;][vc_column][vc_empty_space height=&#8221;20px&#8221;][vc_separator type=&#8221;normal&#8221; color=&#8221;#bda45d&#8221; thickness=&#8221;3&#8243;][vc_empty_space height=&#8221;30px&#8221;][\/vc_column][\/vc_row][vc_row css_animation=&#8221;&#8221; row_type=&#8221;row&#8221; use_row_as_full_screen_section=&#8221;no&#8221; type=&#8221;full_width&#8221; angled_section=&#8221;no&#8221; text_align=&#8221;left&#8221; background_image_as_pattern=&#8221;without_pattern&#8221;][vc_column][vc_row_inner row_type=&#8221;row&#8221; type=&#8221;grid&#8221; text_align=&#8221;left&#8221; css_animation=&#8221;&#8221;][vc_column_inner width=&#8221;1\/3&#8243;][vc_single_image image=&#8221;20097&#8243; img_size=&#8221;full&#8221; alignment=&#8221;center&#8221; css=&#8221;&#8221; qode_css_animation=&#8221;&#8221;][vc_empty_space height=&#8221;20px&#8221;][\/vc_column_inner][vc_column_inner width=&#8221;2\/3&#8243;][vc_column_text]<\/p>\n<h2>Innovation &amp; IP Forum and Awards \u2013 2020 \u2013 Silver Award<\/h2>\n<p>[\/vc_column_text][vc_column_text]The 3rd edition of the Innovation &amp; IP Forum and Awards was held in Paris on January 28th, 2020. 400+ participants \u2013 IP directors, chief digital officer, general counsel, directors of R&amp;D and head of data protection\u2013 gathered for this major international summit on Intellectual Property and Innovation including 2 prestigious ceremonies rewarding the best IP Departments and the best IP Advisors.<\/p>\n<p>We are proud to announce that Curell Su\u00f1ol won the Silver Award in the Best IP Advisor Spain category.[\/vc_column_text][\/vc_column_inner][\/vc_row_inner][\/vc_column][\/vc_row][vc_row css_animation=&#8221;&#8221; row_type=&#8221;row&#8221; use_row_as_full_screen_section=&#8221;no&#8221; type=&#8221;grid&#8221; angled_section=&#8221;no&#8221; text_align=&#8221;left&#8221; background_image_as_pattern=&#8221;without_pattern&#8221; css=&#8221;.vc_custom_1643370279143{background-color: #ffffff !important;}&#8221; z_index=&#8221;&#8221;][vc_column][vc_empty_space height=&#8221;20px&#8221;][vc_separator type=&#8221;normal&#8221; color=&#8221;#bda45d&#8221; thickness=&#8221;3&#8243;][vc_empty_space height=&#8221;30px&#8221;][\/vc_column][\/vc_row][vc_row css_animation=&#8221;&#8221; row_type=&#8221;row&#8221; use_row_as_full_screen_section=&#8221;no&#8221; type=&#8221;full_width&#8221; angled_section=&#8221;no&#8221; text_align=&#8221;left&#8221; background_image_as_pattern=&#8221;without_pattern&#8221;][vc_column][vc_row_inner row_type=&#8221;row&#8221; type=&#8221;grid&#8221; text_align=&#8221;left&#8221; css_animation=&#8221;&#8221;][vc_column_inner width=&#8221;1\/3&#8243;][vc_single_image image=&#8221;20346&#8243; img_size=&#8221;full&#8221; alignment=&#8221;center&#8221; css=&#8221;&#8221; qode_css_animation=&#8221;&#8221;][vc_empty_space height=&#8221;20px&#8221;][\/vc_column_inner][vc_column_inner width=&#8221;2\/3&#8243;][vc_column_text]<\/p>\n<h2>Managing Intellectual Property \u2013 IP Rising Stars 2020\/21<\/h2>\n<p>[\/vc_column_text][vc_column_text]We are pleased to announce that our associates Emil Edissonov and Maria Ceballos have been ranked IP Rising Stars 2020\/21 by the prestigious Managing IP magazine.<\/p>\n<p>[\/vc_column_text][\/vc_column_inner][\/vc_row_inner][\/vc_column][\/vc_row][vc_row css_animation=&#8221;&#8221; row_type=&#8221;row&#8221; use_row_as_full_screen_section=&#8221;no&#8221; type=&#8221;grid&#8221; angled_section=&#8221;no&#8221; text_align=&#8221;left&#8221; background_image_as_pattern=&#8221;without_pattern&#8221; css=&#8221;.vc_custom_1643370279143{background-color: #ffffff !important;}&#8221; z_index=&#8221;&#8221;][vc_column][vc_empty_space height=&#8221;20px&#8221;][vc_separator type=&#8221;normal&#8221; color=&#8221;#bda45d&#8221; thickness=&#8221;3&#8243;][vc_empty_space height=&#8221;30px&#8221;][\/vc_column][\/vc_row][vc_row css_animation=&#8221;&#8221; row_type=&#8221;row&#8221; use_row_as_full_screen_section=&#8221;no&#8221; type=&#8221;full_width&#8221; angled_section=&#8221;no&#8221; text_align=&#8221;left&#8221; background_image_as_pattern=&#8221;without_pattern&#8221;][vc_column][vc_row_inner row_type=&#8221;row&#8221; type=&#8221;grid&#8221; text_align=&#8221;left&#8221; css_animation=&#8221;&#8221;][vc_column_inner width=&#8221;1\/3&#8243;][vc_single_image image=&#8221;20094&#8243; img_size=&#8221;full&#8221; alignment=&#8221;center&#8221; css=&#8221;&#8221; qode_css_animation=&#8221;&#8221;][vc_empty_space height=&#8221;20px&#8221;][\/vc_column_inner][vc_column_inner width=&#8221;2\/3&#8243;][vc_column_text]<\/p>\n<h2>IP Stars \u2013 The Top 250 Women in IP 2020<\/h2>\n<p>[\/vc_column_text][vc_column_text]Mireia Curell has been ranked one of the Top 250 Women in IP 2020.<\/p>\n<p>This special publication recognises some of the senior female IP practitioners in private practice who have performed exceptionally for their clients and firms in the past year.[\/vc_column_text][\/vc_column_inner][\/vc_row_inner][\/vc_column][\/vc_row][vc_row css_animation=&#8221;&#8221; row_type=&#8221;row&#8221; use_row_as_full_screen_section=&#8221;no&#8221; type=&#8221;grid&#8221; angled_section=&#8221;no&#8221; text_align=&#8221;left&#8221; background_image_as_pattern=&#8221;without_pattern&#8221; css=&#8221;.vc_custom_1643370279143{background-color: #ffffff !important;}&#8221; z_index=&#8221;&#8221;][vc_column][vc_empty_space height=&#8221;20px&#8221;][vc_separator type=&#8221;normal&#8221; color=&#8221;#bda45d&#8221; thickness=&#8221;3&#8243;][vc_empty_space height=&#8221;30px&#8221;][\/vc_column][\/vc_row][vc_row css_animation=&#8221;&#8221; row_type=&#8221;row&#8221; use_row_as_full_screen_section=&#8221;no&#8221; type=&#8221;full_width&#8221; angled_section=&#8221;no&#8221; text_align=&#8221;left&#8221; background_image_as_pattern=&#8221;without_pattern&#8221;][vc_column][vc_row_inner row_type=&#8221;row&#8221; type=&#8221;grid&#8221; text_align=&#8221;left&#8221; css_animation=&#8221;&#8221;][vc_column_inner width=&#8221;1\/3&#8243;][vc_single_image image=&#8221;20090&#8243; img_size=&#8221;&#8221; alignment=&#8221;center&#8221; css=&#8221;&#8221; qode_css_animation=&#8221;&#8221;][vc_empty_space height=&#8221;20px&#8221;][\/vc_column_inner][vc_column_inner width=&#8221;2\/3&#8243;][vc_column_text]<\/p>\n<h2>Leaders League \u2013 2020 Edition<\/h2>\n<p>[\/vc_column_text][vc_column_text]Curell Su\u00f1ol has been ranked Excellent in Patent, Trademark and Design Prosecution, and Highly Recommended in Trademark Litigation, with Santiago Jord\u00e1, Mireia Curell, Mar\u00eda Ceballos and Emil Edissonov as key figures of the firm.<\/p>\n<p>[\/vc_column_text][\/vc_column_inner][\/vc_row_inner][\/vc_column][\/vc_row][vc_row css_animation=&#8221;&#8221; row_type=&#8221;row&#8221; use_row_as_full_screen_section=&#8221;no&#8221; type=&#8221;grid&#8221; angled_section=&#8221;no&#8221; text_align=&#8221;left&#8221; background_image_as_pattern=&#8221;without_pattern&#8221; css=&#8221;.vc_custom_1643370279143{background-color: #ffffff !important;}&#8221; z_index=&#8221;&#8221;][vc_column][vc_empty_space height=&#8221;20px&#8221;][vc_separator type=&#8221;normal&#8221; color=&#8221;#bda45d&#8221; thickness=&#8221;3&#8243;][vc_empty_space height=&#8221;30px&#8221;][\/vc_column][\/vc_row][vc_row css_animation=&#8221;&#8221; row_type=&#8221;row&#8221; use_row_as_full_screen_section=&#8221;no&#8221; type=&#8221;full_width&#8221; angled_section=&#8221;no&#8221; text_align=&#8221;left&#8221; background_image_as_pattern=&#8221;without_pattern&#8221;][vc_column][vc_row_inner row_type=&#8221;row&#8221; type=&#8221;grid&#8221; text_align=&#8221;left&#8221; css_animation=&#8221;&#8221;][vc_column_inner width=&#8221;1\/3&#8243;][vc_single_image image=&#8221;20038&#8243; img_size=&#8221;full&#8221; alignment=&#8221;center&#8221; css=&#8221;&#8221; qode_css_animation=&#8221;&#8221;][vc_empty_space height=&#8221;20px&#8221;][\/vc_column_inner][vc_column_inner width=&#8221;2\/3&#8243;][vc_column_text]<\/p>\n<h2>IAM Patent 1000 \u2013 2020 edition<\/h2>\n<p>[\/vc_column_text][vc_column_text]Curell Su\u00f1ol has been ranked Recommended in Patent Prosecution.<\/p>\n<p>\u201cA fixture on the Spanish legal landscape, Curell Su\u00f1ol has been filing applications and protecting inventions with panache for over 70 years. Its deep reserves of knowledge in the telecommunications, electrical and mechanical industries are a major boon for innovative companies of all stripes seeking precision protection from first-rate European patent attorneys. Steering the patent and designs department is Santiago Jord\u00e1. With previous experience as a research engineer at a metallurgical company and a product manager for SEAT under his belt, he has an inside perspective on the sectors he navigates and is a first port of call for freedom to operate analyses and patentability opinions.\u201d[\/vc_column_text][\/vc_column_inner][\/vc_row_inner][\/vc_column][\/vc_row][vc_row css_animation=&#8221;&#8221; row_type=&#8221;row&#8221; use_row_as_full_screen_section=&#8221;no&#8221; type=&#8221;grid&#8221; angled_section=&#8221;no&#8221; text_align=&#8221;left&#8221; background_image_as_pattern=&#8221;without_pattern&#8221; css=&#8221;.vc_custom_1643370279143{background-color: #ffffff !important;}&#8221; z_index=&#8221;&#8221;][vc_column][vc_empty_space height=&#8221;20px&#8221;][vc_separator type=&#8221;normal&#8221; color=&#8221;#bda45d&#8221; thickness=&#8221;3&#8243;][vc_empty_space height=&#8221;30px&#8221;][\/vc_column][\/vc_row][vc_row css_animation=&#8221;&#8221; row_type=&#8221;row&#8221; use_row_as_full_screen_section=&#8221;no&#8221; type=&#8221;full_width&#8221; angled_section=&#8221;no&#8221; text_align=&#8221;left&#8221; background_image_as_pattern=&#8221;without_pattern&#8221;][vc_column][vc_row_inner row_type=&#8221;row&#8221; type=&#8221;grid&#8221; text_align=&#8221;left&#8221; css_animation=&#8221;&#8221;][vc_column_inner width=&#8221;1\/3&#8243;][vc_single_image image=&#8221;20086&#8243; img_size=&#8221;&#8221; alignment=&#8221;center&#8221; css=&#8221;&#8221; qode_css_animation=&#8221;&#8221;][vc_empty_space height=&#8221;20px&#8221;][\/vc_column_inner][vc_column_inner width=&#8221;2\/3&#8243;][vc_column_text]<\/p>\n<h2>World Trademark Review 2020<\/h2>\n<p>[\/vc_column_text][vc_column_text]In the 2020 edition of the prestigious World Trademark Review 1000: The World\u2019s Leading Trademark Professionals, CURELL SU\u00d1OL is listed in the silver band in the category \u201cFirms: prosecution and strategy\u201d for Spain.<\/p>\n<p>According to the review of WTR 1000: \u201cCovering all aspects of the trademark lifecycle, Curell Su\u00f1ol has got brands\u2019 backs. From unfair competition matters to handling complex IP transactions, the group is a well-known entity in the market.\u201d<\/p>\n<p>Managing partner Mireia Curell is recognized as Silver Band practitioner for prosecution and strategy.[\/vc_column_text][\/vc_column_inner][\/vc_row_inner][\/vc_column][\/vc_row][vc_row css_animation=&#8221;&#8221; row_type=&#8221;row&#8221; use_row_as_full_screen_section=&#8221;no&#8221; type=&#8221;grid&#8221; angled_section=&#8221;no&#8221; text_align=&#8221;left&#8221; background_image_as_pattern=&#8221;without_pattern&#8221; css=&#8221;.vc_custom_1643370279143{background-color: #ffffff !important;}&#8221; z_index=&#8221;&#8221;][vc_column][vc_empty_space height=&#8221;20px&#8221;][vc_separator type=&#8221;normal&#8221; color=&#8221;#bda45d&#8221; thickness=&#8221;3&#8243;][vc_empty_space height=&#8221;30px&#8221;][\/vc_column][\/vc_row][vc_row css_animation=&#8221;&#8221; row_type=&#8221;row&#8221; use_row_as_full_screen_section=&#8221;no&#8221; type=&#8221;full_width&#8221; angled_section=&#8221;no&#8221; text_align=&#8221;left&#8221; background_image_as_pattern=&#8221;without_pattern&#8221;][vc_column][vc_row_inner row_type=&#8221;row&#8221; type=&#8221;grid&#8221; text_align=&#8221;left&#8221; css_animation=&#8221;&#8221;][vc_column_inner width=&#8221;1\/3&#8243;][vc_single_image image=&#8221;20032&#8243; img_size=&#8221;full&#8221; alignment=&#8221;center&#8221; css=&#8221;&#8221; qode_css_animation=&#8221;&#8221;][vc_empty_space height=&#8221;20px&#8221;][\/vc_column_inner][vc_column_inner width=&#8221;2\/3&#8243;][vc_column_text]<\/p>\n<h2>Managing Intellectual Property \u2013 IP Stars 2020<\/h2>\n<p>[\/vc_column_text][vc_column_text]CURELL SU\u00d1OL \u00b7 Nine practitioners of our firm feature in the Managing Intellectual Property\u2019s list of IP Stars 2020.<\/p>\n<p>Mireia Curell Aguil\u00e0, Santiago Jord\u00e0, Maria Ceballos, N\u00e8stor Corominas, Emil Edissonov, Merc\u00e8 Hern\u00e1ndez, Oscar P\u00edrez, Isabela Robledo McClymont and Robert Roser have all been included as an IP Star for Spain in the 2020\/21<\/p>\n<p>Managing Partner Mireia Curell is ranked as a Patent Star and a Trade mark Star for Spain, and Partner and Director of the Patent Department of the Firm Santiago Jord\u00e1 is ranked as a Patent Star for Spain.<\/p>\n<p>[\/vc_column_text][\/vc_column_inner][\/vc_row_inner][\/vc_column][\/vc_row][vc_row css_animation=&#8221;&#8221; row_type=&#8221;row&#8221; use_row_as_full_screen_section=&#8221;no&#8221; type=&#8221;grid&#8221; angled_section=&#8221;no&#8221; text_align=&#8221;left&#8221; background_image_as_pattern=&#8221;without_pattern&#8221; css=&#8221;.vc_custom_1643370279143{background-color: #ffffff !important;}&#8221; z_index=&#8221;&#8221;][vc_column][vc_empty_space height=&#8221;20px&#8221;][vc_separator type=&#8221;normal&#8221; color=&#8221;#bda45d&#8221; thickness=&#8221;3&#8243;][vc_empty_space height=&#8221;30px&#8221;][\/vc_column][\/vc_row][vc_row css_animation=&#8221;&#8221; row_type=&#8221;row&#8221; use_row_as_full_screen_section=&#8221;no&#8221; type=&#8221;full_width&#8221; angled_section=&#8221;no&#8221; text_align=&#8221;left&#8221; background_image_as_pattern=&#8221;without_pattern&#8221;][vc_column][vc_row_inner row_type=&#8221;row&#8221; type=&#8221;grid&#8221; text_align=&#8221;left&#8221; css_animation=&#8221;&#8221;][vc_column_inner width=&#8221;1\/3&#8243;][vc_single_image image=&#8221;20305&#8243; img_size=&#8221;full&#8221; alignment=&#8221;center&#8221; css=&#8221;&#8221; qode_css_animation=&#8221;&#8221;][vc_empty_space height=&#8221;20px&#8221;][\/vc_column_inner][vc_column_inner width=&#8221;2\/3&#8243;][vc_column_text]<\/p>\n<h2>Curell Su\u00f1ol wins the \u201cImpact Case of the Year\u201d at the Managing Intellectual Property (MIP) Awards<\/h2>\n<p>[\/vc_column_text][vc_column_text]CURELL SU\u00d1OL is winner of the \u201cImpact Case of the Year\u201d award for Spain at the Managing Intellectual Property EMEA Awards 2020 for the work of its team of lawyers on CJEU Case C-104\/18 P Koton v EUIPO. The Managing Intellectual Property EMEA Awards are presented to firms, individuals and companies behind the most innovative and challenging IP work of the past year, as well as those driving the International IP market. Two of the team of lawyers of CURELL SU\u00d1OL, Emil Edissonov and Isabela Robledo McClymont, collected the award at the fantastic gala dinner which was held in London on 5 March 2020.[\/vc_column_text][\/vc_column_inner][\/vc_row_inner][\/vc_column][\/vc_row][vc_row css_animation=&#8221;&#8221; row_type=&#8221;row&#8221; use_row_as_full_screen_section=&#8221;no&#8221; type=&#8221;grid&#8221; angled_section=&#8221;no&#8221; text_align=&#8221;left&#8221; background_image_as_pattern=&#8221;without_pattern&#8221; css=&#8221;.vc_custom_1643370279143{background-color: #ffffff !important;}&#8221; z_index=&#8221;&#8221;][vc_column][vc_empty_space height=&#8221;20px&#8221;][vc_separator type=&#8221;normal&#8221; color=&#8221;#bda45d&#8221; thickness=&#8221;3&#8243;][vc_empty_space height=&#8221;30px&#8221;][\/vc_column][\/vc_row][vc_row css_animation=&#8221;&#8221; row_type=&#8221;row&#8221; use_row_as_full_screen_section=&#8221;no&#8221; type=&#8221;full_width&#8221; angled_section=&#8221;no&#8221; text_align=&#8221;left&#8221; background_image_as_pattern=&#8221;without_pattern&#8221;][vc_column][vc_row_inner row_type=&#8221;row&#8221; type=&#8221;grid&#8221; text_align=&#8221;left&#8221; css_animation=&#8221;&#8221;][vc_column_inner width=&#8221;1\/3&#8243;][vc_single_image image=&#8221;20105&#8243; img_size=&#8221;&#8221; alignment=&#8221;center&#8221; css=&#8221;&#8221; qode_css_animation=&#8221;&#8221;][vc_empty_space height=&#8221;20px&#8221;][\/vc_column_inner][vc_column_inner width=&#8221;2\/3&#8243;][vc_column_text]<\/p>\n<h2>Managing Intellectual Property 2020<\/h2>\n<p>[\/vc_column_text][vc_column_text]In the 2020 World IP Survey of the magazine Managing Intellectual Property, CURELL SU\u00d1OL has been ranked Tier One in Trademark Prosecution and Tier Two in Patent Prosecution for Spain.<br \/>\n[\/vc_column_text][\/vc_column_inner][\/vc_row_inner][\/vc_column][\/vc_row][vc_row css_animation=&#8221;&#8221; row_type=&#8221;row&#8221; use_row_as_full_screen_section=&#8221;no&#8221; type=&#8221;grid&#8221; angled_section=&#8221;no&#8221; text_align=&#8221;left&#8221; background_image_as_pattern=&#8221;without_pattern&#8221; css=&#8221;.vc_custom_1643370279143{background-color: #ffffff !important;}&#8221; z_index=&#8221;&#8221;][vc_column][vc_empty_space height=&#8221;20px&#8221;][vc_separator type=&#8221;normal&#8221; color=&#8221;#bda45d&#8221; thickness=&#8221;3&#8243;][vc_empty_space height=&#8221;30px&#8221;][\/vc_column][\/vc_row][vc_row css_animation=&#8221;&#8221; row_type=&#8221;row&#8221; use_row_as_full_screen_section=&#8221;no&#8221; type=&#8221;full_width&#8221; angled_section=&#8221;no&#8221; text_align=&#8221;left&#8221; background_image_as_pattern=&#8221;without_pattern&#8221;][vc_column][vc_row_inner row_type=&#8221;row&#8221; type=&#8221;grid&#8221; text_align=&#8221;left&#8221; css_animation=&#8221;&#8221;][vc_column_inner width=&#8221;1\/3&#8243;][vc_single_image image=&#8221;20082&#8243; img_size=&#8221;&#8221; alignment=&#8221;center&#8221; css=&#8221;&#8221; qode_css_animation=&#8221;&#8221;][vc_empty_space height=&#8221;20px&#8221;][\/vc_column_inner][vc_column_inner width=&#8221;2\/3&#8243;][vc_column_text css=&#8221;&#8221;]<\/p>\n<h2>Leaders League \u2013 2019 Edition<\/h2>\n<p>[\/vc_column_text][vc_column_text]INNOVATION: TECHNOLOGY &amp; PATENTS<br \/>\nMARKETING &amp; BRANDS \u2013 TRADEMARKS \u2013 COPYRIGHT<\/p>\n<p>Curell Su\u00f1ol has\u00a0 been ranked\u00a0<em>Excellent<\/em>\u00a0in Patent, Trademark and Design Prosecution, and\u00a0<em>Highly Recommended\u00a0<\/em>in Trademark Litigation, with Santiago Jord\u00e1, Mireia Curell, Mar\u00eda Ceballos and Emil Edissonov as key figures of the firm.[\/vc_column_text][\/vc_column_inner][\/vc_row_inner][\/vc_column][\/vc_row][vc_row css_animation=&#8221;&#8221; row_type=&#8221;row&#8221; use_row_as_full_screen_section=&#8221;no&#8221; type=&#8221;grid&#8221; angled_section=&#8221;no&#8221; text_align=&#8221;left&#8221; background_image_as_pattern=&#8221;without_pattern&#8221; css=&#8221;.vc_custom_1643370279143{background-color: #ffffff !important;}&#8221; z_index=&#8221;&#8221;][vc_column][vc_empty_space height=&#8221;20px&#8221;][vc_separator type=&#8221;normal&#8221; color=&#8221;#bda45d&#8221; thickness=&#8221;3&#8243;][vc_empty_space height=&#8221;30px&#8221;][\/vc_column][\/vc_row][vc_row css_animation=&#8221;&#8221; row_type=&#8221;row&#8221; use_row_as_full_screen_section=&#8221;no&#8221; type=&#8221;full_width&#8221; angled_section=&#8221;no&#8221; text_align=&#8221;left&#8221; background_image_as_pattern=&#8221;without_pattern&#8221;][vc_column][vc_row_inner row_type=&#8221;row&#8221; type=&#8221;grid&#8221; text_align=&#8221;left&#8221; css_animation=&#8221;&#8221;][vc_column_inner width=&#8221;1\/3&#8243;][vc_single_image image=&#8221;20032&#8243; img_size=&#8221;full&#8221; alignment=&#8221;center&#8221; css=&#8221;&#8221; qode_css_animation=&#8221;&#8221;][vc_empty_space height=&#8221;20px&#8221;][\/vc_column_inner][vc_column_inner width=&#8221;2\/3&#8243;][vc_column_text css=&#8221;&#8221;]<\/p>\n<h2>Managing Intellectual Property 2019<\/h2>\n<p>[\/vc_column_text][vc_column_text]TRADE MARK &amp; COPYRIGHT<\/p>\n<p>Curell Su\u00f1ol is one of the well-established Spanish IP firms that is widely revered for its trade mark protection and portfolio management services. Its trademark department is headed by European trade mark attorney Oscar P\u00edrez and Mireia Curell, who is dual qualified as a European trademark and patent attorney. The partners have a sizeable team of junior trademark attorneys and lawyers to support them when dealing with trade mark prosecution and disputes. Mar\u00eda Ceballos and Isabela R McClymont are notable associates in the firm.[\/vc_column_text][\/vc_column_inner][\/vc_row_inner][\/vc_column][\/vc_row][vc_row css_animation=&#8221;&#8221; row_type=&#8221;row&#8221; use_row_as_full_screen_section=&#8221;no&#8221; type=&#8221;grid&#8221; angled_section=&#8221;no&#8221; text_align=&#8221;left&#8221; background_image_as_pattern=&#8221;without_pattern&#8221; css=&#8221;.vc_custom_1643370279143{background-color: #ffffff !important;}&#8221; z_index=&#8221;&#8221;][vc_column][vc_empty_space height=&#8221;20px&#8221;][vc_separator type=&#8221;normal&#8221; color=&#8221;#bda45d&#8221; thickness=&#8221;3&#8243;][vc_empty_space height=&#8221;30px&#8221;][\/vc_column][\/vc_row][vc_row css_animation=&#8221;&#8221; row_type=&#8221;row&#8221; use_row_as_full_screen_section=&#8221;no&#8221; type=&#8221;full_width&#8221; angled_section=&#8221;no&#8221; text_align=&#8221;left&#8221; background_image_as_pattern=&#8221;without_pattern&#8221;][vc_column][vc_empty_space height=&#8221;80px&#8221;][\/vc_column][\/vc_row]<\/p>\n<\/div>","protected":false},"excerpt":{"rendered":"<p>[vc_row css_animation=&#8221;&#8221; row_type=&#8221;row&#8221; use_row_as_full_screen_section=&#8221;no&#8221; type=&#8221;full_width&#8221; angled_section=&#8221;no&#8221; text_align=&#8221;left&#8221; background_image_as_pattern=&#8221;without_pattern&#8221; background_image=&#8221;370&#8243; css=&#8221;.vc_custom_1659696313888{background-image: url(https:\/\/curell.com\/wp-content\/uploads\/2022\/08\/reconocimientos-header.jpg?id=1137) !important;background-position: center !important;background-repeat: no-repeat !important;background-size: cover !important;}&#8221; z_index=&#8221;&#8221;][vc_column offset=&#8221;vc_hidden-xs&#8221;][vc_empty_space height=&#8221;150&#8243;][vc_column_text] Recognition [\/vc_column_text][vc_empty_space height=&#8221;20&#8243;][vc_column_text] Curell Su\u00f1ol [\/vc_column_text][vc_empty_space height=&#8221;150&#8243;][\/vc_column][\/vc_row][vc_row css_animation=&#8221;&#8221; row_type=&#8221;row&#8221; use_row_as_full_screen_section=&#8221;no&#8221; type=&#8221;full_width&#8221; angled_section=&#8221;no&#8221; text_align=&#8221;left&#8221; background_image_as_pattern=&#8221;without_pattern&#8221; background_image=&#8221;370&#8243; css=&#8221;.vc_custom_1659696313888{background-image: url(https:\/\/curell.com\/wp-content\/uploads\/2022\/08\/reconocimientos-header.jpg?id=1137) !important;background-position: center !important;background-repeat: no-repeat !important;background-size: cover !important;}&#8221;&#8230;<\/p>\n","protected":false},"author":2,"featured_media":2658,"parent":0,"menu_order":0,"comment_status":"closed","ping_status":"closed","template":"full_width.php","meta":{"footnotes":""},"class_list":["post-3285","page","type-page","status-publish","has-post-thumbnail","hentry"],"yoast_head":"<!-- This site is optimized with the Yoast SEO plugin v27.1.1 - https:\/\/yoast.com\/product\/yoast-seo-wordpress\/ -->\n<title>Recognition | Curell Su\u00f1ol<\/title>\n<meta name=\"robots\" content=\"index, follow, max-snippet:-1, max-image-preview:large, max-video-preview:-1\" \/>\n<link rel=\"canonical\" href=\"https:\/\/curell.com\/en\/rankings\/\" \/>\n<meta property=\"og:locale\" content=\"en_US\" \/>\n<meta property=\"og:type\" content=\"article\" \/>\n<meta property=\"og:title\" content=\"Recognition | Curell Su\u00f1ol\" \/>\n<meta property=\"og:description\" content=\"[vc_row css_animation=&#8221;&#8221; row_type=&#8221;row&#8221; use_row_as_full_screen_section=&#8221;no&#8221; type=&#8221;full_width&#8221; angled_section=&#8221;no&#8221; text_align=&#8221;left&#8221; background_image_as_pattern=&#8221;without_pattern&#8221; background_image=&#8221;370&#8243; css=&#8221;.vc_custom_1659696313888{background-image: url(https:\/\/curell.com\/wp-content\/uploads\/2022\/08\/reconocimientos-header.jpg?id=1137) !important;background-position: center !important;background-repeat: no-repeat !important;background-size: cover !important;}&#8221; z_index=&#8221;&#8221;][vc_column offset=&#8221;vc_hidden-xs&#8221;][vc_empty_space height=&#8221;150&#8243;][vc_column_text] Recognition [\/vc_column_text][vc_empty_space height=&#8221;20&#8243;][vc_column_text] Curell Su\u00f1ol [\/vc_column_text][vc_empty_space height=&#8221;150&#8243;][\/vc_column][\/vc_row][vc_row css_animation=&#8221;&#8221; row_type=&#8221;row&#8221; use_row_as_full_screen_section=&#8221;no&#8221; type=&#8221;full_width&#8221; angled_section=&#8221;no&#8221; text_align=&#8221;left&#8221; background_image_as_pattern=&#8221;without_pattern&#8221; background_image=&#8221;370&#8243; css=&#8221;.vc_custom_1659696313888{background-image: url(https:\/\/curell.com\/wp-content\/uploads\/2022\/08\/reconocimientos-header.jpg?id=1137) !important;background-position: center !important;background-repeat: no-repeat !important;background-size: cover !important;}&#8221;...\" \/>\n<meta property=\"og:url\" content=\"https:\/\/curell.com\/en\/rankings\/\" \/>\n<meta property=\"og:site_name\" content=\"Curell Su\u00f1ol\" \/>\n<meta property=\"article:modified_time\" content=\"2026-03-10T11:15:57+00:00\" \/>\n<meta property=\"og:image\" content=\"https:\/\/curell.com\/wp-content\/uploads\/2022\/08\/reconocimientos.jpg\" \/>\n\t<meta property=\"og:image:width\" content=\"1000\" \/>\n\t<meta property=\"og:image:height\" content=\"664\" \/>\n\t<meta property=\"og:image:type\" content=\"image\/jpeg\" \/>\n<meta name=\"twitter:card\" content=\"summary_large_image\" \/>\n<meta name=\"twitter:label1\" content=\"Est. reading time\" \/>\n\t<meta name=\"twitter:data1\" content=\"39 minutes\" \/>\n<script type=\"application\/ld+json\" class=\"yoast-schema-graph\">{\"@context\":\"https:\/\/schema.org\",\"@graph\":[{\"@type\":\"WebPage\",\"@id\":\"https:\/\/curell.com\/en\/rankings\/\",\"url\":\"https:\/\/curell.com\/en\/rankings\/\",\"name\":\"Recognition | Curell Su\u00f1ol\",\"isPartOf\":{\"@id\":\"https:\/\/curell.com\/#website\"},\"primaryImageOfPage\":{\"@id\":\"https:\/\/curell.com\/en\/rankings\/#primaryimage\"},\"image\":{\"@id\":\"https:\/\/curell.com\/en\/rankings\/#primaryimage\"},\"thumbnailUrl\":\"https:\/\/curell.com\/wp-content\/uploads\/2022\/08\/reconocimientos.jpg\",\"datePublished\":\"2022-01-28T11:44:45+00:00\",\"dateModified\":\"2026-03-10T11:15:57+00:00\",\"breadcrumb\":{\"@id\":\"https:\/\/curell.com\/en\/rankings\/#breadcrumb\"},\"inLanguage\":\"en-US\",\"potentialAction\":[{\"@type\":\"ReadAction\",\"target\":[\"https:\/\/curell.com\/en\/rankings\/\"]}]},{\"@type\":\"ImageObject\",\"inLanguage\":\"en-US\",\"@id\":\"https:\/\/curell.com\/en\/rankings\/#primaryimage\",\"url\":\"https:\/\/curell.com\/wp-content\/uploads\/2022\/08\/reconocimientos.jpg\",\"contentUrl\":\"https:\/\/curell.com\/wp-content\/uploads\/2022\/08\/reconocimientos.jpg\",\"width\":1000,\"height\":664,\"caption\":\"Black and white photo of female athlete crossing finish line(Motion blurr)\"},{\"@type\":\"BreadcrumbList\",\"@id\":\"https:\/\/curell.com\/en\/rankings\/#breadcrumb\",\"itemListElement\":[{\"@type\":\"ListItem\",\"position\":1,\"name\":\"Portada\",\"item\":\"https:\/\/curell.com\/en\/\"},{\"@type\":\"ListItem\",\"position\":2,\"name\":\"Recognition\"}]},{\"@type\":\"WebSite\",\"@id\":\"https:\/\/curell.com\/#website\",\"url\":\"https:\/\/curell.com\/\",\"name\":\"Curell Su\u00f1ol\",\"description\":\"Patentes, Marcas y Dise\u00f1os desde 1946\",\"publisher\":{\"@id\":\"https:\/\/curell.com\/#organization\"},\"potentialAction\":[{\"@type\":\"SearchAction\",\"target\":{\"@type\":\"EntryPoint\",\"urlTemplate\":\"https:\/\/curell.com\/?s={search_term_string}\"},\"query-input\":{\"@type\":\"PropertyValueSpecification\",\"valueRequired\":true,\"valueName\":\"search_term_string\"}}],\"inLanguage\":\"en-US\"},{\"@type\":\"Organization\",\"@id\":\"https:\/\/curell.com\/#organization\",\"name\":\"Curell Su\u00f1ol\",\"url\":\"https:\/\/curell.com\/\",\"logo\":{\"@type\":\"ImageObject\",\"inLanguage\":\"en-US\",\"@id\":\"https:\/\/curell.com\/#\/schema\/logo\/image\/\",\"url\":\"https:\/\/curell.com\/wp-content\/uploads\/2022\/10\/curell-3.png\",\"contentUrl\":\"https:\/\/curell.com\/wp-content\/uploads\/2022\/10\/curell-3.png\",\"width\":300,\"height\":70,\"caption\":\"Curell Su\u00f1ol\"},\"image\":{\"@id\":\"https:\/\/curell.com\/#\/schema\/logo\/image\/\"},\"sameAs\":[\"https:\/\/es.linkedin.com\/company\/curell-su-ol\",\"https:\/\/www.instagram.com\/curell.sunol\/\"]}]}<\/script>\n<!-- \/ Yoast SEO plugin. -->","yoast_head_json":{"title":"Recognition | Curell Su\u00f1ol","robots":{"index":"index","follow":"follow","max-snippet":"max-snippet:-1","max-image-preview":"max-image-preview:large","max-video-preview":"max-video-preview:-1"},"canonical":"https:\/\/curell.com\/en\/rankings\/","og_locale":"en_US","og_type":"article","og_title":"Recognition | Curell Su\u00f1ol","og_description":"[vc_row css_animation=&#8221;&#8221; row_type=&#8221;row&#8221; use_row_as_full_screen_section=&#8221;no&#8221; type=&#8221;full_width&#8221; angled_section=&#8221;no&#8221; text_align=&#8221;left&#8221; background_image_as_pattern=&#8221;without_pattern&#8221; background_image=&#8221;370&#8243; css=&#8221;.vc_custom_1659696313888{background-image: url(https:\/\/curell.com\/wp-content\/uploads\/2022\/08\/reconocimientos-header.jpg?id=1137) !important;background-position: center !important;background-repeat: no-repeat !important;background-size: cover !important;}&#8221; z_index=&#8221;&#8221;][vc_column offset=&#8221;vc_hidden-xs&#8221;][vc_empty_space height=&#8221;150&#8243;][vc_column_text] Recognition [\/vc_column_text][vc_empty_space height=&#8221;20&#8243;][vc_column_text] Curell Su\u00f1ol [\/vc_column_text][vc_empty_space height=&#8221;150&#8243;][\/vc_column][\/vc_row][vc_row css_animation=&#8221;&#8221; row_type=&#8221;row&#8221; use_row_as_full_screen_section=&#8221;no&#8221; type=&#8221;full_width&#8221; angled_section=&#8221;no&#8221; text_align=&#8221;left&#8221; background_image_as_pattern=&#8221;without_pattern&#8221; background_image=&#8221;370&#8243; css=&#8221;.vc_custom_1659696313888{background-image: url(https:\/\/curell.com\/wp-content\/uploads\/2022\/08\/reconocimientos-header.jpg?id=1137) !important;background-position: center !important;background-repeat: no-repeat !important;background-size: cover !important;}&#8221;...","og_url":"https:\/\/curell.com\/en\/rankings\/","og_site_name":"Curell Su\u00f1ol","article_modified_time":"2026-03-10T11:15:57+00:00","og_image":[{"width":1000,"height":664,"url":"https:\/\/curell.com\/wp-content\/uploads\/2022\/08\/reconocimientos.jpg","type":"image\/jpeg"}],"twitter_card":"summary_large_image","twitter_misc":{"Est. reading time":"39 minutes"},"schema":{"@context":"https:\/\/schema.org","@graph":[{"@type":"WebPage","@id":"https:\/\/curell.com\/en\/rankings\/","url":"https:\/\/curell.com\/en\/rankings\/","name":"Recognition | Curell Su\u00f1ol","isPartOf":{"@id":"https:\/\/curell.com\/#website"},"primaryImageOfPage":{"@id":"https:\/\/curell.com\/en\/rankings\/#primaryimage"},"image":{"@id":"https:\/\/curell.com\/en\/rankings\/#primaryimage"},"thumbnailUrl":"https:\/\/curell.com\/wp-content\/uploads\/2022\/08\/reconocimientos.jpg","datePublished":"2022-01-28T11:44:45+00:00","dateModified":"2026-03-10T11:15:57+00:00","breadcrumb":{"@id":"https:\/\/curell.com\/en\/rankings\/#breadcrumb"},"inLanguage":"en-US","potentialAction":[{"@type":"ReadAction","target":["https:\/\/curell.com\/en\/rankings\/"]}]},{"@type":"ImageObject","inLanguage":"en-US","@id":"https:\/\/curell.com\/en\/rankings\/#primaryimage","url":"https:\/\/curell.com\/wp-content\/uploads\/2022\/08\/reconocimientos.jpg","contentUrl":"https:\/\/curell.com\/wp-content\/uploads\/2022\/08\/reconocimientos.jpg","width":1000,"height":664,"caption":"Black and white photo of female athlete crossing finish line(Motion blurr)"},{"@type":"BreadcrumbList","@id":"https:\/\/curell.com\/en\/rankings\/#breadcrumb","itemListElement":[{"@type":"ListItem","position":1,"name":"Portada","item":"https:\/\/curell.com\/en\/"},{"@type":"ListItem","position":2,"name":"Recognition"}]},{"@type":"WebSite","@id":"https:\/\/curell.com\/#website","url":"https:\/\/curell.com\/","name":"Curell Su\u00f1ol","description":"Patentes, Marcas y Dise\u00f1os desde 1946","publisher":{"@id":"https:\/\/curell.com\/#organization"},"potentialAction":[{"@type":"SearchAction","target":{"@type":"EntryPoint","urlTemplate":"https:\/\/curell.com\/?s={search_term_string}"},"query-input":{"@type":"PropertyValueSpecification","valueRequired":true,"valueName":"search_term_string"}}],"inLanguage":"en-US"},{"@type":"Organization","@id":"https:\/\/curell.com\/#organization","name":"Curell Su\u00f1ol","url":"https:\/\/curell.com\/","logo":{"@type":"ImageObject","inLanguage":"en-US","@id":"https:\/\/curell.com\/#\/schema\/logo\/image\/","url":"https:\/\/curell.com\/wp-content\/uploads\/2022\/10\/curell-3.png","contentUrl":"https:\/\/curell.com\/wp-content\/uploads\/2022\/10\/curell-3.png","width":300,"height":70,"caption":"Curell Su\u00f1ol"},"image":{"@id":"https:\/\/curell.com\/#\/schema\/logo\/image\/"},"sameAs":["https:\/\/es.linkedin.com\/company\/curell-su-ol","https:\/\/www.instagram.com\/curell.sunol\/"]}]}},"_links":{"self":[{"href":"https:\/\/curell.com\/en\/wp-json\/wp\/v2\/pages\/3285","targetHints":{"allow":["GET"]}}],"collection":[{"href":"https:\/\/curell.com\/en\/wp-json\/wp\/v2\/pages"}],"about":[{"href":"https:\/\/curell.com\/en\/wp-json\/wp\/v2\/types\/page"}],"author":[{"embeddable":true,"href":"https:\/\/curell.com\/en\/wp-json\/wp\/v2\/users\/2"}],"replies":[{"embeddable":true,"href":"https:\/\/curell.com\/en\/wp-json\/wp\/v2\/comments?post=3285"}],"version-history":[{"count":56,"href":"https:\/\/curell.com\/en\/wp-json\/wp\/v2\/pages\/3285\/revisions"}],"predecessor-version":[{"id":76849,"href":"https:\/\/curell.com\/en\/wp-json\/wp\/v2\/pages\/3285\/revisions\/76849"}],"wp:featuredmedia":[{"embeddable":true,"href":"https:\/\/curell.com\/en\/wp-json\/wp\/v2\/media\/2658"}],"wp:attachment":[{"href":"https:\/\/curell.com\/en\/wp-json\/wp\/v2\/media?parent=3285"}],"curies":[{"name":"wp","href":"https:\/\/api.w.org\/{rel}","templated":true}]}}