{"id":3556,"date":"2022-01-17T16:53:30","date_gmt":"2022-01-17T16:53:30","guid":{"rendered":"https:\/\/curell.com\/?post_type=portfolio_page&#038;p=3556"},"modified":"2025-10-10T07:00:17","modified_gmt":"2025-10-10T07:00:17","slug":"ricard-valdes-bango-curell","status":"publish","type":"portfolio_page","link":"https:\/\/curell.com\/en\/equipo\/ricard-valdes-bango-curell\/","title":{"rendered":"Ricard Vald\u00e9s-Bango Curell"},"content":{"rendered":"<div class=\"wpb-content-wrapper\"><p>[vc_row css_animation=&#8221;&#8221; row_type=&#8221;row&#8221; use_row_as_full_screen_section=&#8221;no&#8221; type=&#8221;full_width&#8221; angled_section=&#8221;no&#8221; text_align=&#8221;left&#8221; background_image_as_pattern=&#8221;without_pattern&#8221;][vc_column][vc_empty_space height=&#8221;55px&#8221;][\/vc_column][\/vc_row][vc_row css_animation=&#8221;&#8221; row_type=&#8221;row&#8221; use_row_as_full_screen_section=&#8221;no&#8221; type=&#8221;grid&#8221; angled_section=&#8221;no&#8221; text_align=&#8221;left&#8221; background_image_as_pattern=&#8221;without_pattern&#8221; z_index=&#8221;&#8221;][vc_column width=&#8221;1\/3&#8243;][vc_single_image source=&#8221;featured_image&#8221; img_size=&#8221;full&#8221; style=&#8221;vc_box_rounded&#8221; qode_css_animation=&#8221;&#8221;][vc_empty_space height=&#8221;16px&#8221;][vc_empty_space height=&#8221;16px&#8221;][\/vc_column][vc_column width=&#8221;2\/3&#8243;][vc_column_text]<\/p>\n<h6>Ricard Vald\u00e9s-Bango Curell<\/h6>\n<p>[\/vc_column_text][vc_separator type=&#8221;normal&#8221; color=&#8221;#bda25b&#8221; thickness=&#8221;3&#8243;][vc_column_text css=&#8221;&#8221;]<strong>Associate<\/strong><\/p>\n<ul>\n<li>Ph.D. in Biotechnology (2020)<\/li>\n<li>Qualified European Patent Attorney (EQE-2025)<\/li>\n<\/ul>\n<p>He joined CURELL SU\u00d1OL in 2014. His functions in the Firm consist of assessing clients in matters related to patent and design protection, preparation of patent and industrial design applications in Spain, the European Union and worldwide, analyzing freedom to operate and patentability.<\/p>\n<p>Between 2015-2020, while remaining attached to the firm as external consultant, he carried out his doctoral research at the National Institute for Cellular Biotechnology, Dublin City University, Ireland.<\/p>\n<p>As part of the multidisciplinary international consortium eCHO Systems and funded by the prestigious European Commission program Marie-Sk\u0142odowska Curie Actions, his research has focused around miRNA-based genetic switches and their implementation in CHO-cell factories as gene control elements.<\/p>\n<p>B.Sc. in Biotechnology specialized in molecular biotechnology, by the University of Barcelona (UB) in 2012. He carried out his Bachelor thesis at the University of Bayreuth, Germany, on the use of yeast (<em>Pichia<\/em>\u00a0<em>pastoris<\/em>) for the production of recombinant proteins. M. Sc. in Bioengineering by the IQS-School of Engineering, University Ramon Llull, in Barcelona in 2014. His Master thesis at the \u00c9cole Polyt\u00e9chnique F\u00e9d\u00e9rale de Lausanne (EPFL), Switzerland, focused on the development of microcarrier-based bioprocesses using mammalian cells.<\/p>\n<ul>\n<li>Member of the European Patent Institute \u2013 EPI<\/li>\n<\/ul>\n<p>Accredited professional with the European Patent Office (EPO) and the World Intellectual Property Organisation (WIPO).<\/p>\n<p><strong>Languages<\/strong>: Catalan, Spanish, English, French and notions of German and Portuguese.[\/vc_column_text][vc_empty_space]<div id=\"modal-trg-txt-wrap-9687\" class=\"ult-modal-input-wrapper ult-adjust-bottom-margin    \" data-keypress-control=\"keypress-control-enable\" data-overlay-control=\"overlay-control-enable\"><style>\n\t\t\t\t\t.btn-modal.btn-id-69ef5723c66187-50496996:hover {\n\t\t\t\t\t\tbackground-color: #5b7388 !important;\n\t\t\t\t\t}\n\t\t\t\t\t<\/style><button  data-ultimate-target='#modal-trg-txt-wrap-9687 .btn-modal'  data-responsive-json-new='{\"font-size\":\"desktop:16px;\",\"line-height\":\"desktop:16px;\"}'  style=\"background:#bda45d;border-color:#bda45d;color:#ffffff; font-family:&#039;Montserrat&#039;;font-weight:600;\" data-class-id=\"content-69ef5723c66187-50496996\" class=\"btn-modal ult-responsive btn-primary btn-modal-lg overlay-show ult-align-left btn-id-69ef5723c66187-50496996\" data-overlay-class=\"overlay-fade\">Contact<\/button><\/div>\n<div class=\"ult-overlay content-69ef5723c66187-50496996 \" data-class=\"content-69ef5723c66187-50496996\" id=\"button-click-overlay\" style=\"background:rgba(5,26,63,0.8); display:none;\">\n\t<div class=\"ult_modal ult-fade ult-medium\">\n\t\t<div id=\"ult-modal-wrap-1392\" class=\"ult_modal-content ult-hide\" style=\"border-style:solid;border-width:2px;border-radius:0px;border-color:#333333;\">\n\t\t\t<div class=\"ult_modal-header\" style=\"background:#bda45d;color:#ffffff;font-family:&#039;Montserrat&#039;;border-color:#333333;\">\n\t\t\t\t<h3  data-ultimate-target='#ult-modal-wrap-1392 .ult_modal-title'  data-responsive-json-new='{\"font-size\":\"\",\"line-height\":\"\"}'  class=\"ult_modal-title ult-responsive\">Please, send us your query and we will answer you as soon as possible.<\/h3>\n\t\t\t<\/div>\n\t\t\t<div  data-ultimate-target='#ult-modal-wrap-1392 .ult_modal-body'  data-responsive-json-new='{\"font-size\":\"\",\"line-height\":\"\"}'  class=\"ult_modal-body ult-responsive ult-html\" style=\"background:rgba(255,255,255,0.76);font-family:&#039;Montserrat&#039;;font-weight:600;\">\n\t\t\t\n<div class=\"wpcf7 no-js\" id=\"wpcf7-f3591-o1\" lang=\"es-ES\" dir=\"ltr\" data-wpcf7-id=\"3591\">\n<div class=\"screen-reader-response\"><p role=\"status\" aria-live=\"polite\" aria-atomic=\"true\"><\/p> <ul><\/ul><\/div>\n<form action=\"\/en\/wp-json\/wp\/v2\/portfolio_page\/3556#wpcf7-f3591-o1\" method=\"post\" class=\"wpcf7-form init\" aria-label=\"Formulario de contacto\" enctype=\"multipart\/form-data\" novalidate=\"novalidate\" data-status=\"init\">\n<fieldset class=\"hidden-fields-container\"><input type=\"hidden\" name=\"_wpcf7\" value=\"3591\" \/><input type=\"hidden\" name=\"_wpcf7_version\" value=\"6.1.5\" \/><input type=\"hidden\" name=\"_wpcf7_locale\" value=\"es_ES\" \/><input type=\"hidden\" name=\"_wpcf7_unit_tag\" value=\"wpcf7-f3591-o1\" \/><input type=\"hidden\" name=\"_wpcf7_container_post\" value=\"0\" \/><input type=\"hidden\" name=\"_wpcf7_posted_data_hash\" value=\"\" \/><input type=\"hidden\" name=\"_wpcf7_recaptcha_response\" value=\"\" \/>\n<\/fieldset>\n<p><label> Your Name<br \/>\n<span class=\"wpcf7-form-control-wrap\" data-name=\"your-name\"><input size=\"40\" maxlength=\"400\" class=\"wpcf7-form-control wpcf7-text wpcf7-validates-as-required\" aria-required=\"true\" aria-invalid=\"false\" value=\"\" type=\"text\" name=\"your-name\" \/><\/span> <\/label>\n<\/p>\n<p><label> Your e-mail<br \/>\n<span class=\"wpcf7-form-control-wrap\" data-name=\"your-email\"><input size=\"40\" maxlength=\"400\" class=\"wpcf7-form-control wpcf7-email wpcf7-validates-as-required wpcf7-text wpcf7-validates-as-email\" aria-required=\"true\" aria-invalid=\"false\" value=\"\" type=\"email\" name=\"your-email\" \/><\/span> <\/label>\n<\/p>\n<p><label> Subject<br \/>\n<span class=\"wpcf7-form-control-wrap\" data-name=\"your-subject\"><input size=\"40\" maxlength=\"400\" class=\"wpcf7-form-control wpcf7-text wpcf7-validates-as-required\" aria-required=\"true\" aria-invalid=\"false\" value=\"\" type=\"text\" name=\"your-subject\" \/><\/span> <\/label>\n<\/p>\n<p><label> Message<br \/>\n<span class=\"wpcf7-form-control-wrap\" data-name=\"your-message\"><textarea cols=\"40\" rows=\"10\" maxlength=\"2000\" class=\"wpcf7-form-control wpcf7-textarea\" aria-invalid=\"false\" name=\"your-message\"><\/textarea><\/span> <\/label>\n<\/p>\n<p>Attach PDF;<br \/>\n<span class=\"wpcf7-form-control-wrap\" data-name=\"file-927\"><input size=\"40\" class=\"wpcf7-form-control wpcf7-file\" accept=\".pdf,.txt\" aria-invalid=\"false\" type=\"file\" name=\"file-927\" \/><\/span>\n<\/p>\n<p><span class=\"wpcf7-form-control-wrap\" data-name=\"acceptance-321\"><span class=\"wpcf7-form-control wpcf7-acceptance\"><span class=\"wpcf7-list-item\"><input type=\"checkbox\" name=\"acceptance-321\" value=\"1\" aria-invalid=\"false\" \/><\/span><\/span><\/span> I Accept the <a href=\"https:\/\/curell.com\/en\/disclaimer-privacy-policy\/\">privacy policy<\/a>\n<\/p>\n<p><input class=\"wpcf7-form-control wpcf7-submit has-spinner\" type=\"submit\" value=\"Send\" \/>\n<\/p><div class=\"wpcf7-response-output\" aria-hidden=\"true\"><\/div>\n<\/form>\n<\/div>\n\n\t\t\t<\/div>\n\t<\/div>\n\t<\/div>\n\t<div class=\"ult-overlay-close top-right\" style=\"width:40px;height:40px; \"><div class=\"ult-overlay-close-inside\">Close<\/div><\/div>\n<\/div>[vc_empty_space height=&#8221;20px&#8221;][\/vc_column][\/vc_row][vc_row css_animation=&#8221;&#8221; row_type=&#8221;row&#8221; use_row_as_full_screen_section=&#8221;no&#8221; type=&#8221;full_width&#8221; angled_section=&#8221;no&#8221; text_align=&#8221;left&#8221; background_image_as_pattern=&#8221;without_pattern&#8221;][vc_column offset=&#8221;vc_hidden-xs&#8221;][vc_empty_space height=&#8221;20px&#8221;][vc_empty_space height=&#8221;20px&#8221;][vc_empty_space height=&#8221;20px&#8221;][\/vc_column][\/vc_row][vc_row css_animation=&#8221;&#8221; row_type=&#8221;row&#8221; use_row_as_full_screen_section=&#8221;no&#8221; type=&#8221;full_width&#8221; angled_section=&#8221;no&#8221; text_align=&#8221;left&#8221; background_image_as_pattern=&#8221;without_pattern&#8221;][vc_column offset=&#8221;vc_hidden-lg vc_hidden-md vc_hidden-sm&#8221;][vc_empty_space height=&#8221;70px&#8221;][\/vc_column][\/vc_row][vc_row css_animation=&#8221;&#8221; row_type=&#8221;row&#8221; use_row_as_full_screen_section=&#8221;no&#8221; type=&#8221;grid&#8221; angled_section=&#8221;no&#8221; text_align=&#8221;left&#8221; background_image_as_pattern=&#8221;without_pattern&#8221; z_index=&#8221;&#8221;][vc_column][vc_column_text]<\/p>\n<h3>Other members<\/h3>\n<p>[\/vc_column_text][vc_separator type=&#8221;normal&#8221; color=&#8221;#bda25b&#8221; thickness=&#8221;3&#8243;][vc_empty_space]<div class='projects_holder_outer v4 portfolio_with_space portfolio_standard'>\n        <div class='projects_holder portfolio_main_holder clearfix v4 standard portfolio_full_image portfolio_one_by_one'>\n        \n        <article class='mix portfolio_category_54 portfolio_category_53 default' style=''>\n    \n    \n    \n    \n            <div class=\"item_holder slow_zoom\">\n\n                <div class=\"text_holder\">\n    <div class=\"text_holder_outer\">\n        <div class=\"text_holder_inner\">\n            \n        <\/div>\n    <\/div>\n<\/div>\n    <div class=\"icons_holder\">\n        \n        \n            <\/div>\n\n                                    <a itemprop=\"url\" class=\"portfolio_link_class\" title=\"Antoni Picamal Argilaga\" href=\"https:\/\/curell.com\/en\/equipo\/antoni-picamal-argilaga\/\"><\/a>\n                \n                <div style=\"background-color: rgba(89,114,136,0.48)\" class=\"portfolio_shader\"><\/div>\n                <div class=\"image_holder\">\n                    \n<span class='image'><img loading=\"lazy\" decoding=\"async\" width=\"534\" height=\"800\" src=\"https:\/\/curell.com\/wp-content\/uploads\/2022\/03\/toni-1.png\" class=\"attachment-full size-full wp-post-image\" alt=\"\" srcset=\"https:\/\/curell.com\/wp-content\/uploads\/2022\/03\/toni-1.png 534w, https:\/\/curell.com\/wp-content\/uploads\/2022\/03\/toni-1-200x300.png 200w\" sizes=\"auto, (max-width: 534px) 100vw, 534px\" \/><\/span>                <\/div>\n            <\/div>\n\n                <div class='portfolio_description text_align_center' style=background-color:#ffffff;'>\n\n        \n    <h4 itemprop=\"name\" class=\"portfolio_title entry_title\"><a itemprop=\"url\" href=\"https:\/\/curell.com\/en\/equipo\/antoni-picamal-argilaga\/\" style=\"color: #5b748a;font-size: 20pxpx\" target=\"_self\"> Antoni Picamal Argilaga<\/a><\/h4>\n\n\n        \n            <span class=\"project_category\" style=\"color: #5b748a\" >\n    Admin, Patents    <\/span>\n\n    <\/div>\n\n        \n<\/article>\n<article class='mix portfolio_category_53 default' style=''>\n    \n    \n    \n    \n            <div class=\"item_holder slow_zoom\">\n\n                <div class=\"text_holder\">\n    <div class=\"text_holder_outer\">\n        <div class=\"text_holder_inner\">\n            \n        <\/div>\n    <\/div>\n<\/div>\n    <div class=\"icons_holder\">\n        \n        \n            <\/div>\n\n                                    <a itemprop=\"url\" class=\"portfolio_link_class\" title=\"Antonio Amigo \u00c1lvarez\" href=\"https:\/\/curell.com\/en\/equipo\/antonio-amigo-alvarez\/\"><\/a>\n                \n                <div style=\"background-color: rgba(89,114,136,0.48)\" class=\"portfolio_shader\"><\/div>\n                <div class=\"image_holder\">\n                    \n<span class='image'><img loading=\"lazy\" decoding=\"async\" width=\"534\" height=\"800\" src=\"https:\/\/curell.com\/wp-content\/uploads\/2022\/02\/antonio.png\" class=\"attachment-full size-full wp-post-image\" alt=\"\" srcset=\"https:\/\/curell.com\/wp-content\/uploads\/2022\/02\/antonio.png 534w, https:\/\/curell.com\/wp-content\/uploads\/2022\/02\/antonio-200x300.png 200w\" sizes=\"auto, (max-width: 534px) 100vw, 534px\" \/><\/span>                <\/div>\n            <\/div>\n\n                <div class='portfolio_description text_align_center' style=background-color:#ffffff;'>\n\n        \n    <h4 itemprop=\"name\" class=\"portfolio_title entry_title\"><a itemprop=\"url\" href=\"https:\/\/curell.com\/en\/equipo\/antonio-amigo-alvarez\/\" style=\"color: #5b748a;font-size: 20pxpx\" target=\"_self\"> Antonio Amigo \u00c1lvarez<\/a><\/h4>\n\n\n        \n            <span class=\"project_category\" style=\"color: #5b748a\" >\n    Patents    <\/span>\n\n    <\/div>\n\n        \n<\/article>\n<article class='mix portfolio_category_48 portfolio_category_50 portfolio_category_53 default' style=''>\n    \n    \n    \n    \n            <div class=\"item_holder slow_zoom\">\n\n                <div class=\"text_holder\">\n    <div class=\"text_holder_outer\">\n        <div class=\"text_holder_inner\">\n            \n        <\/div>\n    <\/div>\n<\/div>\n    <div class=\"icons_holder\">\n        \n        \n            <\/div>\n\n                                    <a itemprop=\"url\" class=\"portfolio_link_class\" title=\"Carles Molina Mart\u00ednez\" href=\"https:\/\/curell.com\/en\/equipo\/carles-molina-martinez\/\"><\/a>\n                \n                <div style=\"background-color: rgba(89,114,136,0.48)\" class=\"portfolio_shader\"><\/div>\n                <div class=\"image_holder\">\n                    \n<span class='image'><img loading=\"lazy\" decoding=\"async\" width=\"534\" height=\"800\" src=\"https:\/\/curell.com\/wp-content\/uploads\/2022\/01\/carles.png\" class=\"attachment-full size-full wp-post-image\" alt=\"\" srcset=\"https:\/\/curell.com\/wp-content\/uploads\/2022\/01\/carles.png 534w, https:\/\/curell.com\/wp-content\/uploads\/2022\/01\/carles-200x300.png 200w\" sizes=\"auto, (max-width: 534px) 100vw, 534px\" \/><\/span>                <\/div>\n            <\/div>\n\n                <div class='portfolio_description text_align_center' style=background-color:#ffffff;'>\n\n        \n    <h4 itemprop=\"name\" class=\"portfolio_title entry_title\"><a itemprop=\"url\" href=\"https:\/\/curell.com\/en\/equipo\/carles-molina-martinez\/\" style=\"color: #5b748a;font-size: 20pxpx\" target=\"_self\"> Carles Molina Mart\u00ednez<\/a><\/h4>\n\n\n        \n            <span class=\"project_category\" style=\"color: #5b748a\" >\n    Associate, IT, Patents    <\/span>\n\n    <\/div>\n\n        \n<\/article>\n<article class='mix portfolio_category_48 portfolio_category_53 default' style=''>\n    \n    \n    \n    \n            <div class=\"item_holder slow_zoom\">\n\n                <div class=\"text_holder\">\n    <div class=\"text_holder_outer\">\n        <div class=\"text_holder_inner\">\n            \n        <\/div>\n    <\/div>\n<\/div>\n    <div class=\"icons_holder\">\n        \n        \n            <\/div>\n\n                                    <a itemprop=\"url\" class=\"portfolio_link_class\" title=\"Cl\u00e0udia Ribera Cuatrecasas\" href=\"https:\/\/curell.com\/en\/equipo\/claudia-ribera-cuatrecasas\/\"><\/a>\n                \n                <div style=\"background-color: rgba(89,114,136,0.48)\" class=\"portfolio_shader\"><\/div>\n                <div class=\"image_holder\">\n                    \n<span class='image'><img loading=\"lazy\" decoding=\"async\" width=\"534\" height=\"800\" src=\"https:\/\/curell.com\/wp-content\/uploads\/2022\/01\/claudia.png\" class=\"attachment-full size-full wp-post-image\" alt=\"\" srcset=\"https:\/\/curell.com\/wp-content\/uploads\/2022\/01\/claudia.png 534w, https:\/\/curell.com\/wp-content\/uploads\/2022\/01\/claudia-200x300.png 200w\" sizes=\"auto, (max-width: 534px) 100vw, 534px\" \/><\/span>                <\/div>\n            <\/div>\n\n                <div class='portfolio_description text_align_center' style=background-color:#ffffff;'>\n\n        \n    <h4 itemprop=\"name\" class=\"portfolio_title entry_title\"><a itemprop=\"url\" href=\"https:\/\/curell.com\/en\/equipo\/claudia-ribera-cuatrecasas\/\" style=\"color: #5b748a;font-size: 20pxpx\" target=\"_self\"> Cl\u00e0udia Ribera Cuatrecasas<\/a><\/h4>\n\n\n        \n            <span class=\"project_category\" style=\"color: #5b748a\" >\n    Associate, Patents    <\/span>\n\n    <\/div>\n\n        \n<\/article>\n        <div class='filler'><\/div>\n            <div class='filler'><\/div>\n            <div class='filler'><\/div>\n            <div class='filler'><\/div>\n        <\/div>\n\n    \n    <\/div>[vc_empty_space][\/vc_column][\/vc_row][vc_row css_animation=&#8221;&#8221; row_type=&#8221;row&#8221; use_row_as_full_screen_section=&#8221;no&#8221; type=&#8221;full_width&#8221; angled_section=&#8221;no&#8221; text_align=&#8221;center&#8221; background_image_as_pattern=&#8221;without_pattern&#8221; css=&#8221;.vc_custom_1643197808703{background-color: #5b748a !important;}&#8221; z_index=&#8221;&#8221;][vc_column][vc_empty_space height=&#8221;35px&#8221;][vc_column_text]<\/p>\n<h2 style=\"text-align: center;\"><span style=\"color: #ffffff;\">If you have any questions, we will be happy to help you<\/span><\/h2>\n<p>[\/vc_column_text][vc_empty_space height=&#8221;35px&#8221;]<a  itemprop=\"url\" href=\"https:\/\/curell.com\/en\/contact-us\/\" target=\"_self\"  class=\"qbutton  white default\" style=\"\">CONTACT<\/a>[vc_empty_space height=&#8221;35px&#8221;][\/vc_column][\/vc_row]<\/p>\n<\/div>","protected":false},"excerpt":{"rendered":"<p>[vc_row css_animation=&#8221;&#8221; row_type=&#8221;row&#8221; use_row_as_full_screen_section=&#8221;no&#8221; type=&#8221;full_width&#8221; angled_section=&#8221;no&#8221; text_align=&#8221;left&#8221; background_image_as_pattern=&#8221;without_pattern&#8221;][vc_column][vc_empty_space height=&#8221;55px&#8221;][\/vc_column][\/vc_row][vc_row css_animation=&#8221;&#8221; row_type=&#8221;row&#8221; use_row_as_full_screen_section=&#8221;no&#8221; type=&#8221;grid&#8221; angled_section=&#8221;no&#8221; text_align=&#8221;left&#8221; background_image_as_pattern=&#8221;without_pattern&#8221; z_index=&#8221;&#8221;][vc_column width=&#8221;1\/3&#8243;][vc_single_image source=&#8221;featured_image&#8221; img_size=&#8221;full&#8221; style=&#8221;vc_box_rounded&#8221; qode_css_animation=&#8221;&#8221;][vc_empty_space height=&#8221;16px&#8221;][vc_empty_space height=&#8221;16px&#8221;][\/vc_column][vc_column width=&#8221;2\/3&#8243;][vc_column_text] Ricard Vald\u00e9s-Bango Curell [\/vc_column_text][vc_separator type=&#8221;normal&#8221; color=&#8221;#bda25b&#8221; thickness=&#8221;3&#8243;][vc_column_text css=&#8221;&#8221;]Associate Ph.D. in Biotechnology (2020) Qualified European Patent Attorney (EQE-2025) He joined CURELL&#8230;<\/p>\n","protected":false},"author":2,"featured_media":76256,"menu_order":0,"comment_status":"open","ping_status":"closed","template":"","portfolio_category":[48,53],"portfolio_tag":[],"class_list":["post-3556","portfolio_page","type-portfolio_page","status-publish","has-post-thumbnail","hentry","portfolio_category-associatejr","portfolio_category-patents"],"yoast_head":"<!-- This site is optimized with the Yoast SEO plugin v27.1.1 - https:\/\/yoast.com\/product\/yoast-seo-wordpress\/ -->\n<title>Ricard Vald\u00e9s-Bango Curell | Curell Su\u00f1ol<\/title>\n<meta name=\"robots\" content=\"index, follow, max-snippet:-1, max-image-preview:large, max-video-preview:-1\" \/>\n<link rel=\"canonical\" href=\"https:\/\/curell.com\/en\/equipo\/ricard-valdes-bango-curell\/\" \/>\n<meta property=\"og:locale\" content=\"en_US\" \/>\n<meta property=\"og:type\" content=\"article\" \/>\n<meta property=\"og:title\" content=\"Ricard Vald\u00e9s-Bango Curell | Curell Su\u00f1ol\" \/>\n<meta property=\"og:description\" content=\"[vc_row css_animation=&#8221;&#8221; row_type=&#8221;row&#8221; use_row_as_full_screen_section=&#8221;no&#8221; type=&#8221;full_width&#8221; angled_section=&#8221;no&#8221; text_align=&#8221;left&#8221; background_image_as_pattern=&#8221;without_pattern&#8221;][vc_column][vc_empty_space height=&#8221;55px&#8221;][\/vc_column][\/vc_row][vc_row css_animation=&#8221;&#8221; row_type=&#8221;row&#8221; use_row_as_full_screen_section=&#8221;no&#8221; type=&#8221;grid&#8221; angled_section=&#8221;no&#8221; text_align=&#8221;left&#8221; background_image_as_pattern=&#8221;without_pattern&#8221; z_index=&#8221;&#8221;][vc_column width=&#8221;1\/3&#8243;][vc_single_image source=&#8221;featured_image&#8221; img_size=&#8221;full&#8221; style=&#8221;vc_box_rounded&#8221; qode_css_animation=&#8221;&#8221;][vc_empty_space height=&#8221;16px&#8221;][vc_empty_space height=&#8221;16px&#8221;][\/vc_column][vc_column width=&#8221;2\/3&#8243;][vc_column_text] Ricard Vald\u00e9s-Bango Curell [\/vc_column_text][vc_separator type=&#8221;normal&#8221; color=&#8221;#bda25b&#8221; thickness=&#8221;3&#8243;][vc_column_text css=&#8221;&#8221;]Associate Ph.D. in Biotechnology (2020) Qualified European Patent Attorney (EQE-2025) He joined CURELL...\" \/>\n<meta property=\"og:url\" content=\"https:\/\/curell.com\/en\/equipo\/ricard-valdes-bango-curell\/\" \/>\n<meta property=\"og:site_name\" content=\"Curell Su\u00f1ol\" \/>\n<meta property=\"article:modified_time\" content=\"2025-10-10T07:00:17+00:00\" \/>\n<meta property=\"og:image\" content=\"https:\/\/curell.com\/wp-content\/uploads\/2023\/01\/RVB-P.jpg\" \/>\n\t<meta property=\"og:image:width\" content=\"534\" \/>\n\t<meta property=\"og:image:height\" content=\"800\" \/>\n\t<meta property=\"og:image:type\" content=\"image\/jpeg\" \/>\n<meta name=\"twitter:card\" content=\"summary_large_image\" \/>\n<meta name=\"twitter:label1\" content=\"Est. reading time\" \/>\n\t<meta name=\"twitter:data1\" content=\"2 minutes\" \/>\n<script type=\"application\/ld+json\" class=\"yoast-schema-graph\">{\"@context\":\"https:\/\/schema.org\",\"@graph\":[{\"@type\":\"WebPage\",\"@id\":\"https:\/\/curell.com\/en\/equipo\/ricard-valdes-bango-curell\/\",\"url\":\"https:\/\/curell.com\/en\/equipo\/ricard-valdes-bango-curell\/\",\"name\":\"Ricard Vald\u00e9s-Bango Curell | Curell Su\u00f1ol\",\"isPartOf\":{\"@id\":\"https:\/\/curell.com\/#website\"},\"primaryImageOfPage\":{\"@id\":\"https:\/\/curell.com\/en\/equipo\/ricard-valdes-bango-curell\/#primaryimage\"},\"image\":{\"@id\":\"https:\/\/curell.com\/en\/equipo\/ricard-valdes-bango-curell\/#primaryimage\"},\"thumbnailUrl\":\"https:\/\/curell.com\/wp-content\/uploads\/2022\/01\/ricard.png\",\"datePublished\":\"2022-01-17T16:53:30+00:00\",\"dateModified\":\"2025-10-10T07:00:17+00:00\",\"breadcrumb\":{\"@id\":\"https:\/\/curell.com\/en\/equipo\/ricard-valdes-bango-curell\/#breadcrumb\"},\"inLanguage\":\"en-US\",\"potentialAction\":[{\"@type\":\"ReadAction\",\"target\":[\"https:\/\/curell.com\/en\/equipo\/ricard-valdes-bango-curell\/\"]}]},{\"@type\":\"ImageObject\",\"inLanguage\":\"en-US\",\"@id\":\"https:\/\/curell.com\/en\/equipo\/ricard-valdes-bango-curell\/#primaryimage\",\"url\":\"https:\/\/curell.com\/wp-content\/uploads\/2022\/01\/ricard.png\",\"contentUrl\":\"https:\/\/curell.com\/wp-content\/uploads\/2022\/01\/ricard.png\",\"width\":534,\"height\":800},{\"@type\":\"BreadcrumbList\",\"@id\":\"https:\/\/curell.com\/en\/equipo\/ricard-valdes-bango-curell\/#breadcrumb\",\"itemListElement\":[{\"@type\":\"ListItem\",\"position\":1,\"name\":\"Portada\",\"item\":\"https:\/\/curell.com\/en\/\"},{\"@type\":\"ListItem\",\"position\":2,\"name\":\"Portfolio\",\"item\":\"https:\/\/curell.com\/equipo\/\"},{\"@type\":\"ListItem\",\"position\":3,\"name\":\"Ricard Vald\u00e9s-Bango Curell\"}]},{\"@type\":\"WebSite\",\"@id\":\"https:\/\/curell.com\/#website\",\"url\":\"https:\/\/curell.com\/\",\"name\":\"Curell Su\u00f1ol\",\"description\":\"Patentes, Marcas y Dise\u00f1os desde 1946\",\"publisher\":{\"@id\":\"https:\/\/curell.com\/#organization\"},\"potentialAction\":[{\"@type\":\"SearchAction\",\"target\":{\"@type\":\"EntryPoint\",\"urlTemplate\":\"https:\/\/curell.com\/?s={search_term_string}\"},\"query-input\":{\"@type\":\"PropertyValueSpecification\",\"valueRequired\":true,\"valueName\":\"search_term_string\"}}],\"inLanguage\":\"en-US\"},{\"@type\":\"Organization\",\"@id\":\"https:\/\/curell.com\/#organization\",\"name\":\"Curell Su\u00f1ol\",\"url\":\"https:\/\/curell.com\/\",\"logo\":{\"@type\":\"ImageObject\",\"inLanguage\":\"en-US\",\"@id\":\"https:\/\/curell.com\/#\/schema\/logo\/image\/\",\"url\":\"https:\/\/curell.com\/wp-content\/uploads\/2022\/10\/curell-3.png\",\"contentUrl\":\"https:\/\/curell.com\/wp-content\/uploads\/2022\/10\/curell-3.png\",\"width\":300,\"height\":70,\"caption\":\"Curell Su\u00f1ol\"},\"image\":{\"@id\":\"https:\/\/curell.com\/#\/schema\/logo\/image\/\"},\"sameAs\":[\"https:\/\/es.linkedin.com\/company\/curell-su-ol\",\"https:\/\/www.instagram.com\/curell.sunol\/\"]}]}<\/script>\n<!-- \/ Yoast SEO plugin. -->","yoast_head_json":{"title":"Ricard Vald\u00e9s-Bango Curell | Curell Su\u00f1ol","robots":{"index":"index","follow":"follow","max-snippet":"max-snippet:-1","max-image-preview":"max-image-preview:large","max-video-preview":"max-video-preview:-1"},"canonical":"https:\/\/curell.com\/en\/equipo\/ricard-valdes-bango-curell\/","og_locale":"en_US","og_type":"article","og_title":"Ricard Vald\u00e9s-Bango Curell | Curell Su\u00f1ol","og_description":"[vc_row css_animation=&#8221;&#8221; row_type=&#8221;row&#8221; use_row_as_full_screen_section=&#8221;no&#8221; type=&#8221;full_width&#8221; angled_section=&#8221;no&#8221; text_align=&#8221;left&#8221; background_image_as_pattern=&#8221;without_pattern&#8221;][vc_column][vc_empty_space height=&#8221;55px&#8221;][\/vc_column][\/vc_row][vc_row css_animation=&#8221;&#8221; row_type=&#8221;row&#8221; use_row_as_full_screen_section=&#8221;no&#8221; type=&#8221;grid&#8221; angled_section=&#8221;no&#8221; text_align=&#8221;left&#8221; background_image_as_pattern=&#8221;without_pattern&#8221; z_index=&#8221;&#8221;][vc_column width=&#8221;1\/3&#8243;][vc_single_image source=&#8221;featured_image&#8221; img_size=&#8221;full&#8221; style=&#8221;vc_box_rounded&#8221; qode_css_animation=&#8221;&#8221;][vc_empty_space height=&#8221;16px&#8221;][vc_empty_space height=&#8221;16px&#8221;][\/vc_column][vc_column width=&#8221;2\/3&#8243;][vc_column_text] Ricard Vald\u00e9s-Bango Curell [\/vc_column_text][vc_separator type=&#8221;normal&#8221; color=&#8221;#bda25b&#8221; thickness=&#8221;3&#8243;][vc_column_text css=&#8221;&#8221;]Associate Ph.D. in Biotechnology (2020) Qualified European Patent Attorney (EQE-2025) He joined CURELL...","og_url":"https:\/\/curell.com\/en\/equipo\/ricard-valdes-bango-curell\/","og_site_name":"Curell Su\u00f1ol","article_modified_time":"2025-10-10T07:00:17+00:00","og_image":[{"width":534,"height":800,"url":"https:\/\/curell.com\/wp-content\/uploads\/2023\/01\/RVB-P.jpg","type":"image\/jpeg"}],"twitter_card":"summary_large_image","twitter_misc":{"Est. reading time":"2 minutes"},"schema":{"@context":"https:\/\/schema.org","@graph":[{"@type":"WebPage","@id":"https:\/\/curell.com\/en\/equipo\/ricard-valdes-bango-curell\/","url":"https:\/\/curell.com\/en\/equipo\/ricard-valdes-bango-curell\/","name":"Ricard Vald\u00e9s-Bango Curell | Curell Su\u00f1ol","isPartOf":{"@id":"https:\/\/curell.com\/#website"},"primaryImageOfPage":{"@id":"https:\/\/curell.com\/en\/equipo\/ricard-valdes-bango-curell\/#primaryimage"},"image":{"@id":"https:\/\/curell.com\/en\/equipo\/ricard-valdes-bango-curell\/#primaryimage"},"thumbnailUrl":"https:\/\/curell.com\/wp-content\/uploads\/2022\/01\/ricard.png","datePublished":"2022-01-17T16:53:30+00:00","dateModified":"2025-10-10T07:00:17+00:00","breadcrumb":{"@id":"https:\/\/curell.com\/en\/equipo\/ricard-valdes-bango-curell\/#breadcrumb"},"inLanguage":"en-US","potentialAction":[{"@type":"ReadAction","target":["https:\/\/curell.com\/en\/equipo\/ricard-valdes-bango-curell\/"]}]},{"@type":"ImageObject","inLanguage":"en-US","@id":"https:\/\/curell.com\/en\/equipo\/ricard-valdes-bango-curell\/#primaryimage","url":"https:\/\/curell.com\/wp-content\/uploads\/2022\/01\/ricard.png","contentUrl":"https:\/\/curell.com\/wp-content\/uploads\/2022\/01\/ricard.png","width":534,"height":800},{"@type":"BreadcrumbList","@id":"https:\/\/curell.com\/en\/equipo\/ricard-valdes-bango-curell\/#breadcrumb","itemListElement":[{"@type":"ListItem","position":1,"name":"Portada","item":"https:\/\/curell.com\/en\/"},{"@type":"ListItem","position":2,"name":"Portfolio","item":"https:\/\/curell.com\/equipo\/"},{"@type":"ListItem","position":3,"name":"Ricard Vald\u00e9s-Bango Curell"}]},{"@type":"WebSite","@id":"https:\/\/curell.com\/#website","url":"https:\/\/curell.com\/","name":"Curell Su\u00f1ol","description":"Patentes, Marcas y Dise\u00f1os desde 1946","publisher":{"@id":"https:\/\/curell.com\/#organization"},"potentialAction":[{"@type":"SearchAction","target":{"@type":"EntryPoint","urlTemplate":"https:\/\/curell.com\/?s={search_term_string}"},"query-input":{"@type":"PropertyValueSpecification","valueRequired":true,"valueName":"search_term_string"}}],"inLanguage":"en-US"},{"@type":"Organization","@id":"https:\/\/curell.com\/#organization","name":"Curell Su\u00f1ol","url":"https:\/\/curell.com\/","logo":{"@type":"ImageObject","inLanguage":"en-US","@id":"https:\/\/curell.com\/#\/schema\/logo\/image\/","url":"https:\/\/curell.com\/wp-content\/uploads\/2022\/10\/curell-3.png","contentUrl":"https:\/\/curell.com\/wp-content\/uploads\/2022\/10\/curell-3.png","width":300,"height":70,"caption":"Curell Su\u00f1ol"},"image":{"@id":"https:\/\/curell.com\/#\/schema\/logo\/image\/"},"sameAs":["https:\/\/es.linkedin.com\/company\/curell-su-ol","https:\/\/www.instagram.com\/curell.sunol\/"]}]}},"_links":{"self":[{"href":"https:\/\/curell.com\/en\/wp-json\/wp\/v2\/portfolio_page\/3556","targetHints":{"allow":["GET"]}}],"collection":[{"href":"https:\/\/curell.com\/en\/wp-json\/wp\/v2\/portfolio_page"}],"about":[{"href":"https:\/\/curell.com\/en\/wp-json\/wp\/v2\/types\/portfolio_page"}],"author":[{"embeddable":true,"href":"https:\/\/curell.com\/en\/wp-json\/wp\/v2\/users\/2"}],"replies":[{"embeddable":true,"href":"https:\/\/curell.com\/en\/wp-json\/wp\/v2\/comments?post=3556"}],"wp:featuredmedia":[{"embeddable":true,"href":"https:\/\/curell.com\/en\/wp-json\/wp\/v2\/media\/76256"}],"wp:attachment":[{"href":"https:\/\/curell.com\/en\/wp-json\/wp\/v2\/media?parent=3556"}],"wp:term":[{"taxonomy":"portfolio_category","embeddable":true,"href":"https:\/\/curell.com\/en\/wp-json\/wp\/v2\/portfolio_category?post=3556"},{"taxonomy":"portfolio_tag","embeddable":true,"href":"https:\/\/curell.com\/en\/wp-json\/wp\/v2\/portfolio_tag?post=3556"}],"curies":[{"name":"wp","href":"https:\/\/api.w.org\/{rel}","templated":true}]}}